{"id":2598,"date":"2024-09-13T20:25:11","date_gmt":"2024-09-13T18:25:11","guid":{"rendered":"http:\/\/actef.es\/?page_id=2598"},"modified":"2026-02-04T10:31:59","modified_gmt":"2026-02-04T08:31:59","slug":"intensamente-1-nacidos-en-2018-2019","status":"publish","type":"page","link":"https:\/\/actef.es\/web\/intensamente-1-nacidos-en-2018-2019\/","title":{"rendered":"INTENSAMENTE 1: nacidos en 2018-2019"},"content":{"rendered":"\n<figure class=\"wp-block-image size-large is-resized\"><img loading=\"lazy\" decoding=\"async\" width=\"1024\" height=\"576\" src=\"https:\/\/actef.es\/wp-content\/uploads\/2025\/12\/Programa-Actividades-2025-2026-28-1024x576.png\" alt=\"\" class=\"wp-image-5465\" style=\"aspect-ratio:1.777853301022519;width:869px;height:auto\" srcset=\"https:\/\/actef.es\/wp-content\/uploads\/2025\/12\/Programa-Actividades-2025-2026-28-1024x576.png 1024w, https:\/\/actef.es\/wp-content\/uploads\/2025\/12\/Programa-Actividades-2025-2026-28-300x169.png 300w, https:\/\/actef.es\/wp-content\/uploads\/2025\/12\/Programa-Actividades-2025-2026-28-768x432.png 768w, https:\/\/actef.es\/wp-content\/uploads\/2025\/12\/Programa-Actividades-2025-2026-28-1536x864.png 1536w, https:\/\/actef.es\/wp-content\/uploads\/2025\/12\/Programa-Actividades-2025-2026-28.png 1920w\" sizes=\"auto, (max-width: 1024px) 100vw, 1024px\" \/><\/figure>\n\n\n\n<hr class=\"wp-block-separator has-text-color has-vivid-cyan-blue-color has-alpha-channel-opacity has-vivid-cyan-blue-background-color has-background is-style-wide\"\/>\n\n\n<div class=\"wp-block-image\">\n<figure class=\"aligncenter size-large\"><img loading=\"lazy\" decoding=\"async\" width=\"1024\" height=\"264\" src=\"https:\/\/actef.es\/wp-content\/uploads\/2025\/08\/2-E-1024x264.png\" alt=\"\" class=\"wp-image-4046\" srcset=\"https:\/\/actef.es\/wp-content\/uploads\/2025\/08\/2-E-1024x264.png 1024w, https:\/\/actef.es\/wp-content\/uploads\/2025\/08\/2-E-300x77.png 300w, https:\/\/actef.es\/wp-content\/uploads\/2025\/08\/2-E-768x198.png 768w, https:\/\/actef.es\/wp-content\/uploads\/2025\/08\/2-E.png 1455w\" sizes=\"auto, (max-width: 1024px) 100vw, 1024px\" \/><\/figure>\n<\/div>\n\n\n<hr class=\"wp-block-separator has-text-color has-vivid-cyan-blue-color has-alpha-channel-opacity has-vivid-cyan-blue-background-color has-background is-style-wide\"\/>\n\n\n\n<div class=\"wp-block-columns is-layout-flex wp-container-core-columns-is-layout-9d6595d7 wp-block-columns-is-layout-flex\">\n<div class=\"wp-block-column is-layout-flow wp-block-column-is-layout-flow\"><div class=\"wp-block-image\">\n<figure class=\"aligncenter size-full is-resized\"><img loading=\"lazy\" decoding=\"async\" width=\"234\" height=\"44\" src=\"http:\/\/actef.es\/wp-content\/uploads\/2024\/09\/horario.png\" alt=\"\" class=\"wp-image-2625\" style=\"width:181px;height:auto\"\/><\/figure>\n<\/div>\n\n\n<p class=\"has-text-align-center\">Martes de 17:30h a 18.30h <br>Sant Antonio, sede de ACTEF<\/p>\n\n\n\n<p class=\"has-text-align-center\">Jueves de 17:30 a 18:30 <\/p>\n\n\n\n<p class=\"has-text-align-center\">Eivissa, Cas Serres.<\/p>\n\n\n<div class=\"wp-block-image\">\n<figure class=\"aligncenter size-full\"><img loading=\"lazy\" decoding=\"async\" width=\"210\" height=\"38\" src=\"http:\/\/actef.es\/wp-content\/uploads\/2024\/09\/observaciones-1.png\" alt=\"\" class=\"wp-image-2692\"\/><\/figure>\n<\/div>\n\n\n<p class=\"has-text-align-center\"><strong>SOLO A PARTIR DE 2\u00ba CURSO PRIMARIA<\/strong><\/p>\n<\/div>\n\n\n\n<div class=\"wp-block-column is-layout-flow wp-block-column-is-layout-flow\"><div class=\"wp-block-image\">\n<figure class=\"aligncenter size-full is-resized\"><img loading=\"lazy\" decoding=\"async\" width=\"173\" height=\"44\" src=\"http:\/\/actef.es\/wp-content\/uploads\/2024\/09\/profesional.png\" alt=\"\" class=\"wp-image-2627\" style=\"width:134px;height:auto\"\/><\/figure>\n<\/div>\n\n\n<p class=\"has-text-align-center\">&nbsp;Nerea Fern\u00e1ndez <\/p>\n<\/div>\n\n\n\n<div class=\"wp-block-column is-layout-flow wp-block-column-is-layout-flow\"><div class=\"wp-block-image is-style-default\">\n<figure class=\"aligncenter size-large is-resized\"><img decoding=\"async\" src=\"https:\/\/actef.es\/wp-content\/uploads\/2024\/09\/precio-1-e1734353791450.png\" alt=\"\" style=\"width:63px;height:auto\"\/><\/figure>\n<\/div>\n\n\n<p class=\"has-text-align-center\">Consultar en ACTEF<\/p>\n<\/div>\n<\/div>\n\n\n\n<figure class=\"wp-block-image size-full\"><img loading=\"lazy\" decoding=\"async\" width=\"123\" height=\"45\" src=\"http:\/\/actef.es\/wp-content\/uploads\/2024\/09\/que-es.png\" alt=\"\" class=\"wp-image-2618\"\/><\/figure>\n\n\n\n<p>Facilitar un espacio seguro donde los ni\u00f1os y ni\u00f1as puedan tener un lugar donde identificar sus emociones y aprender a gestionarse de mantera adecuada. Con cuyo objeto, se realizar\u00e1n din\u00e1micas de grupo y juegos, favoreciendo el trabajo en equipo y las relaciones sociales. Por lo tanto, se presenta como un espacio dedicado a la promoci\u00f3n del desarrollo de habilidades tanto intelectuals como emocionales, trabajando de forma \u00f3ptima las habilidades sociales, la comunicaci\u00f3n de las emociones, la tolerancia a la frustraci\u00f3n, la paciencia, etc. As\u00ed, se pretende responder a las necesidades colectivas que a menudo presentan los j\u00f3venes dotados de ACI y Dobles Excepcionalidades.<\/p>\n\n\n\n<p><br>A esta actividad se invitar\u00e1 a que ellos sean los protagonistas, tratar de hacer que hablen y se desarrollen hablando de varios temas relacionados con las emociones y su gesti\u00f3n. Tambi\u00e9n es generar\u00e1 un espacio para trabajar otros aspectos personales y sociales como los sentimientos, las emociones y la comunicaci\u00f3n de dificultades, todo esto, gracias a juegos cooperativos y\/o din\u00e1micas de grupo. Por lo tanto, se&nbsp;tractar\u00e1&nbsp;de crear un espacio seguro para garantizar el intercambio de opiniones con respeto,&nbsp;empat\u00eda&nbsp;y asertividad.<\/p>\n\n\n\n<figure class=\"wp-block-image size-full\"><img loading=\"lazy\" decoding=\"async\" width=\"141\" height=\"44\" src=\"http:\/\/actef.es\/wp-content\/uploads\/2024\/09\/objetivos.png\" alt=\"\" class=\"wp-image-2620\"\/><\/figure>\n\n\n\n<ul class=\"wp-block-list\">\n<li>Proporcionar un espacio seguro por los participantes donde puedan desarrollarse con naturalidad. Construyendo un v\u00ednculo de confianza entre el profesional &#8211; alumnado.<\/li>\n\n\n\n<li>Reforzar las habilidades sociales de cada individuo. Dotando de herramientas para la gesti\u00f3n y la comunicaci\u00f3n de las emociones.<\/li>\n\n\n\n<li>Acompa\u00f1ar al alumnado en la identificaci\u00f3n y gesti\u00f3n de las emociones que surjan en las sesiones.&nbsp;<br><br><strong>SOLO A PARTIR DE 2\u00ba CURSO PRIMARIA<\/strong><\/li>\n<\/ul>\n\n\n\n<hr class=\"wp-block-separator has-text-color has-vivid-cyan-blue-color has-alpha-channel-opacity has-vivid-cyan-blue-background-color has-background is-style-wide\"\/>\n\n\n<div class=\"wp-block-image\">\n<figure class=\"aligncenter size-full is-resized\"><a href=\"https:\/\/forms.gle\/GjvUAi9NPFiCBm9J8\"><img loading=\"lazy\" decoding=\"async\" width=\"970\" height=\"250\" src=\"https:\/\/actef.es\/wp-content\/uploads\/2024\/09\/24.png\" alt=\"\" class=\"wp-image-2710\" style=\"width:471px;height:auto\" srcset=\"https:\/\/actef.es\/wp-content\/uploads\/2024\/09\/24.png 970w, https:\/\/actef.es\/wp-content\/uploads\/2024\/09\/24-300x77.png 300w, https:\/\/actef.es\/wp-content\/uploads\/2024\/09\/24-768x198.png 768w\" sizes=\"auto, (max-width: 970px) 100vw, 970px\" \/><\/a><\/figure>\n<\/div>\n\n\n<hr class=\"wp-block-separator has-text-color has-vivid-cyan-blue-color has-alpha-channel-opacity has-vivid-cyan-blue-background-color has-background is-style-wide\"\/>\n\n\n\n<figure class=\"wp-block-image size-full\"><img loading=\"lazy\" decoding=\"async\" width=\"940\" height=\"788\" src=\"https:\/\/actef.es\/wp-content\/uploads\/2026\/02\/Anuncio-talleres.png\" alt=\"\" class=\"wp-image-5902\" srcset=\"https:\/\/actef.es\/wp-content\/uploads\/2026\/02\/Anuncio-talleres.png 940w, https:\/\/actef.es\/wp-content\/uploads\/2026\/02\/Anuncio-talleres-300x251.png 300w, https:\/\/actef.es\/wp-content\/uploads\/2026\/02\/Anuncio-talleres-768x644.png 768w\" sizes=\"auto, (max-width: 940px) 100vw, 940px\" \/><\/figure>\n\n\n\n<div class=\"wp-block-columns is-layout-flex wp-container-core-columns-is-layout-9d6595d7 wp-block-columns-is-layout-flex\">\n<div class=\"wp-block-column is-layout-flow wp-block-column-is-layout-flow\"><div class=\"wp-block-image\">\n<figure class=\"aligncenter size-full is-resized\"><img loading=\"lazy\" decoding=\"async\" width=\"234\" height=\"44\" src=\"http:\/\/actef.es\/wp-content\/uploads\/2024\/09\/horario.png\" alt=\"\" class=\"wp-image-2625\" style=\"width:181px;height:auto\"\/><\/figure>\n<\/div>\n\n\n<p class=\"has-text-align-center\">Martes de 16.30h a 17.30h<br>Sant Antonio, sede de ACTEF<\/p>\n\n\n\n<p class=\"has-text-align-center\">S\u00e1bados de 11:30 a 13:00<\/p>\n\n\n\n<p class=\"has-text-align-center\">Guillem de Montgr\u00ed<\/p>\n<\/div>\n\n\n\n<div class=\"wp-block-column is-layout-flow wp-block-column-is-layout-flow\"><div class=\"wp-block-image\">\n<figure class=\"aligncenter size-full is-resized\"><img loading=\"lazy\" decoding=\"async\" width=\"173\" height=\"44\" src=\"http:\/\/actef.es\/wp-content\/uploads\/2024\/09\/profesional.png\" alt=\"\" class=\"wp-image-2627\" style=\"width:134px;height:auto\"\/><\/figure>\n<\/div>\n\n\n<p class=\"has-text-align-center\">Nicol\u00f2 Napoli <\/p>\n<\/div>\n\n\n\n<div class=\"wp-block-column is-layout-flow wp-block-column-is-layout-flow\"><div class=\"wp-block-image is-style-default\">\n<figure class=\"aligncenter size-large is-resized\"><img decoding=\"async\" src=\"https:\/\/actef.es\/wp-content\/uploads\/2024\/09\/precio-1-e1734353791450.png\" alt=\"\" style=\"width:63px;height:auto\"\/><\/figure>\n<\/div>\n\n\n<p class=\"has-text-align-center\">Consultar en ACTEF<\/p>\n<\/div>\n<\/div>\n\n\n\n<hr class=\"wp-block-separator has-text-color has-vivid-cyan-blue-color has-alpha-channel-opacity has-vivid-cyan-blue-background-color has-background is-style-wide\"\/>\n\n\n<div class=\"wp-block-image\">\n<figure class=\"aligncenter size-full is-resized\"><a href=\"https:\/\/forms.gle\/GjvUAi9NPFiCBm9J8\"><img loading=\"lazy\" decoding=\"async\" width=\"970\" height=\"250\" src=\"https:\/\/actef.es\/wp-content\/uploads\/2024\/09\/24.png\" alt=\"\" class=\"wp-image-2710\" style=\"aspect-ratio:3.880406797116375;width:407px;height:auto\" srcset=\"https:\/\/actef.es\/wp-content\/uploads\/2024\/09\/24.png 970w, https:\/\/actef.es\/wp-content\/uploads\/2024\/09\/24-300x77.png 300w, https:\/\/actef.es\/wp-content\/uploads\/2024\/09\/24-768x198.png 768w\" sizes=\"auto, (max-width: 970px) 100vw, 970px\" \/><\/a><\/figure>\n<\/div>\n\n\n<hr class=\"wp-block-separator has-text-color has-vivid-cyan-blue-color has-alpha-channel-opacity has-vivid-cyan-blue-background-color has-background is-style-wide\"\/>\n\n\n\n<figure class=\"wp-block-image size-full\"><img loading=\"lazy\" decoding=\"async\" width=\"2560\" height=\"1816\" src=\"https:\/\/actef.es\/wp-content\/uploads\/2025\/12\/castellano-int1-2-scaled.png\" alt=\"\" class=\"wp-image-5764\" srcset=\"https:\/\/actef.es\/wp-content\/uploads\/2025\/12\/castellano-int1-2-scaled.png 2560w, https:\/\/actef.es\/wp-content\/uploads\/2025\/12\/castellano-int1-2-300x213.png 300w, https:\/\/actef.es\/wp-content\/uploads\/2025\/12\/castellano-int1-2-1024x726.png 1024w, https:\/\/actef.es\/wp-content\/uploads\/2025\/12\/castellano-int1-2-768x545.png 768w, https:\/\/actef.es\/wp-content\/uploads\/2025\/12\/castellano-int1-2-1536x1090.png 1536w, https:\/\/actef.es\/wp-content\/uploads\/2025\/12\/castellano-int1-2-2048x1453.png 2048w\" sizes=\"auto, (max-width: 2560px) 100vw, 2560px\" \/><\/figure>\n\n\n\n<hr class=\"wp-block-separator has-text-color has-vivid-cyan-blue-color has-alpha-channel-opacity has-vivid-cyan-blue-background-color has-background is-style-wide\"\/>\n\n\n\n<div class=\"wp-block-columns is-layout-flex wp-container-core-columns-is-layout-9d6595d7 wp-block-columns-is-layout-flex\">\n<div class=\"wp-block-column is-layout-flow wp-block-column-is-layout-flow\"><div class=\"wp-block-image\">\n<figure class=\"aligncenter size-full is-resized\"><img loading=\"lazy\" decoding=\"async\" width=\"234\" height=\"44\" src=\"http:\/\/actef.es\/wp-content\/uploads\/2024\/09\/horario.png\" alt=\"\" class=\"wp-image-2625\" style=\"width:181px;height:auto\"\/><\/figure>\n<\/div>\n\n\n<p class=\"has-text-align-center\">S\u00e1bados de 10 a 11:30h.<br>Gullem de Montgr\u00ed<\/p>\n\n\n\n<p class=\"has-text-align-center\"><strong>Fechas 2026:<\/strong><br>10 y 31 de enero<br>14 de febrero<br>7 y 21 de marzo<br>18 de abril<br>9 y 23 de mayo<\/p>\n<\/div>\n\n\n\n<div class=\"wp-block-column is-layout-flow wp-block-column-is-layout-flow\"><div class=\"wp-block-image\">\n<figure class=\"aligncenter size-full is-resized\"><img loading=\"lazy\" decoding=\"async\" width=\"173\" height=\"44\" src=\"http:\/\/actef.es\/wp-content\/uploads\/2024\/09\/profesional.png\" alt=\"\" class=\"wp-image-2627\" style=\"width:134px;height:auto\"\/><\/figure>\n<\/div>\n\n\n<p class=\"has-text-align-center\">\u00d3scar S\u00e1nchez<\/p>\n<\/div>\n\n\n\n<div class=\"wp-block-column is-layout-flow wp-block-column-is-layout-flow\"><div class=\"wp-block-image is-style-default\">\n<figure class=\"aligncenter size-large is-resized\"><img decoding=\"async\" src=\"https:\/\/actef.es\/wp-content\/uploads\/2024\/09\/precio-1-e1734353791450.png\" alt=\"\" style=\"width:63px;height:auto\"\/><\/figure>\n<\/div>\n\n\n<p class=\"has-text-align-center\">Consultar en ACTEF<\/p>\n<\/div>\n<\/div>\n\n\n\n<figure class=\"wp-block-image\" id=\"block-353aa2f9-c0b5-488c-ac9a-a00c426d6ba4\"><img decoding=\"async\" src=\"http:\/\/actef.es\/wp-content\/uploads\/2024\/09\/que-es.png\" alt=\"La imagen tiene un atributo ALT vac\u00edo; su nombre de archivo es que-es.png\"\/><\/figure>\n\n\n\n<p>En este taller trabajar\u00e1n las diferentes disciplinas tanto deportivas como recreativas, descubrir\u00e1n el mundo del teatro a trav\u00e9s de actividades l\u00fadicas e improvisaci\u00f3n y, desarrollar\u00e1n capacidades y habilidades motrices mediante el circo. Durante el curso, las primeras sesiones est\u00e1n enfocadas al trabajo en equipo la cohesi\u00f3n grupal. Durante gran parte de la segunda parte del curso se realizan actividades de trabajo bajo presi\u00f3n en equipo y para finalizar el curso se realizan actividades de todas las disciplinas en cada sesi\u00f3n.<\/p>\n\n\n\n<figure class=\"wp-block-image\" id=\"block-5d66cf7d-0065-407c-9cff-9b6540250027\"><img decoding=\"async\" src=\"http:\/\/actef.es\/wp-content\/uploads\/2024\/09\/objetivos.png\" alt=\"La imagen tiene un atributo ALT vac\u00edo; su nombre de archivo es objetivos.png\"\/><\/figure>\n\n\n\n<ul class=\"wp-block-list\">\n<li>Aprender a interrelacionarse con los compa\u00f1eros, desde una perspectiva creativa y deportiva y saludable.<\/li>\n\n\n\n<li>Fomentar la practica creativo-deportiva a los ni\u00f1os y ni\u00f1as.<\/li>\n\n\n\n<li>Conseguir una expresi\u00f3n creativa a trav\u00e9s de formas dram\u00e1ticas<\/li>\n\n\n\n<li>Fomentar la pertenencia a un grupo<\/li>\n<\/ul>\n\n\n<div class=\"wp-block-image\">\n<figure class=\"aligncenter size-full is-resized\"><a href=\"https:\/\/forms.gle\/GjvUAi9NPFiCBm9J8\"><img loading=\"lazy\" decoding=\"async\" width=\"970\" height=\"250\" src=\"http:\/\/actef.es\/wp-content\/uploads\/2024\/09\/24.png\" alt=\"\" class=\"wp-image-2710\" style=\"aspect-ratio:3.8800523062291963;width:446px;height:auto\" srcset=\"https:\/\/actef.es\/wp-content\/uploads\/2024\/09\/24.png 970w, https:\/\/actef.es\/wp-content\/uploads\/2024\/09\/24-300x77.png 300w, https:\/\/actef.es\/wp-content\/uploads\/2024\/09\/24-768x198.png 768w\" sizes=\"auto, (max-width: 970px) 100vw, 970px\" \/><\/a><\/figure>\n<\/div>\n\n\n<hr class=\"wp-block-separator has-text-color has-vivid-cyan-blue-color has-alpha-channel-opacity has-vivid-cyan-blue-background-color has-background is-style-wide\"\/>\n\n\n\n<figure class=\"wp-block-image size-full\"><img loading=\"lazy\" decoding=\"async\" width=\"970\" height=\"250\" src=\"http:\/\/actef.es\/wp-content\/uploads\/2024\/09\/FRATO-2.png\" alt=\"\" class=\"wp-image-2830\" srcset=\"https:\/\/actef.es\/wp-content\/uploads\/2024\/09\/FRATO-2.png 970w, https:\/\/actef.es\/wp-content\/uploads\/2024\/09\/FRATO-2-300x77.png 300w, https:\/\/actef.es\/wp-content\/uploads\/2024\/09\/FRATO-2-768x198.png 768w\" sizes=\"auto, (max-width: 970px) 100vw, 970px\" \/><\/figure>\n\n\n\n<hr class=\"wp-block-separator has-text-color has-vivid-cyan-blue-color has-alpha-channel-opacity has-vivid-cyan-blue-background-color has-background is-style-wide\"\/>\n\n\n\n<figure class=\"wp-block-image size-large\"><img loading=\"lazy\" decoding=\"async\" width=\"1024\" height=\"726\" src=\"https:\/\/actef.es\/wp-content\/uploads\/2026\/02\/castellano-int1-1024x726.png\" alt=\"\" class=\"wp-image-5919\" srcset=\"https:\/\/actef.es\/wp-content\/uploads\/2026\/02\/castellano-int1-1024x726.png 1024w, https:\/\/actef.es\/wp-content\/uploads\/2026\/02\/castellano-int1-300x213.png 300w, https:\/\/actef.es\/wp-content\/uploads\/2026\/02\/castellano-int1-768x545.png 768w, https:\/\/actef.es\/wp-content\/uploads\/2026\/02\/castellano-int1-1536x1090.png 1536w, https:\/\/actef.es\/wp-content\/uploads\/2026\/02\/castellano-int1.png 1748w\" sizes=\"auto, (max-width: 1024px) 100vw, 1024px\" \/><\/figure>\n\n\n\n<hr class=\"wp-block-separator has-text-color has-vivid-cyan-blue-color has-alpha-channel-opacity has-vivid-cyan-blue-background-color has-background is-style-wide\"\/>\n\n\n\n<div class=\"wp-block-columns is-layout-flex wp-container-core-columns-is-layout-9d6595d7 wp-block-columns-is-layout-flex\">\n<div class=\"wp-block-column is-layout-flow wp-block-column-is-layout-flow\"><div class=\"wp-block-image\">\n<figure class=\"aligncenter size-full is-resized\"><img loading=\"lazy\" decoding=\"async\" width=\"234\" height=\"44\" src=\"http:\/\/actef.es\/wp-content\/uploads\/2024\/09\/horario.png\" alt=\"\" class=\"wp-image-2625\" style=\"width:181px;height:auto\"\/><\/figure>\n<\/div>\n\n\n<p class=\"has-text-align-center\">Jueves de 17.00h a 18.00h<br>Sant Antonio, sede de ACTEF<\/p>\n<\/div>\n\n\n\n<div class=\"wp-block-column is-layout-flow wp-block-column-is-layout-flow\"><div class=\"wp-block-image\">\n<figure class=\"aligncenter size-full is-resized\"><img loading=\"lazy\" decoding=\"async\" width=\"173\" height=\"44\" src=\"http:\/\/actef.es\/wp-content\/uploads\/2024\/09\/profesional.png\" alt=\"\" class=\"wp-image-2627\" style=\"width:134px;height:auto\"\/><\/figure>\n<\/div>\n\n\n<p class=\"has-text-align-center\">Soledad P\u00e9rez Mesas<\/p>\n<\/div>\n\n\n\n<div class=\"wp-block-column is-layout-flow wp-block-column-is-layout-flow\"><div class=\"wp-block-image is-style-default\">\n<figure class=\"aligncenter size-large is-resized\"><img decoding=\"async\" src=\"https:\/\/actef.es\/wp-content\/uploads\/2024\/09\/precio-1-e1734353791450.png\" alt=\"\" style=\"width:63px;height:auto\"\/><\/figure>\n<\/div>\n\n\n<p class=\"has-text-align-center\">Consultar en ACTEF<\/p>\n<\/div>\n<\/div>\n\n\n\n<figure class=\"wp-block-image size-full\"><img loading=\"lazy\" decoding=\"async\" width=\"123\" height=\"45\" src=\"http:\/\/actef.es\/wp-content\/uploads\/2024\/09\/que-es.png\" alt=\"\" class=\"wp-image-2618\"\/><\/figure>\n\n\n<p style=\"text-align: justify;\">(ANTIGUO DESARROLLA TU TALENTO)<\/p>\n<p style=\"text-align: justify;\">Laboratorio Creativo es un taller de trabajo emocional y desarrollo de habilidades sociales a trav\u00e9s de las actividades creativas. Viajaremos en el tiempo para conocer civilizaciones antiguas, descubriremos seres mitol\u00f3gicos, descifraremos enigmas de la naturaleza y muchas cosas m\u00e1s siempre partiendo de nuestra creatividad. El taller busca despertar la curiosidad y el inter\u00e9s de los\\as ni\u00f1os\\as por diversas \u00e1reas del conocimiento y habilidades a trav\u00e9s del juego creativo y la imaginaci\u00f3n.<\/p>\n\n\n<figure class=\"wp-block-image size-full\"><img loading=\"lazy\" decoding=\"async\" width=\"141\" height=\"44\" src=\"http:\/\/actef.es\/wp-content\/uploads\/2024\/09\/objetivos.png\" alt=\"\" class=\"wp-image-2620\"\/><\/figure>\n\n\n\n<ol class=\"wp-block-list\">\n<li>Desarrollar el inter\u00e9s de los ni\u00f1os por aprender sobre temas variados.<\/li>\n\n\n\n<li>Trabajar la gesti\u00f3n de la frustraci\u00f3n.<\/li>\n\n\n\n<li>Promover el desarrollo personal, mejorando la confianza y autoestima de los ni\u00f1os.<\/li>\n\n\n\n<li>Fomentar la interacci\u00f3n social y el trabajo en equipo entre los participantes.<\/li>\n\n\n\n<li>Ofrecer un ambiente divertido y creativo donde los ni\u00f1os\\as puedan expresarse y explorar libremente.<\/li>\n\n\n\n<li>Trabajar la empat\u00eda y el asertividad.<br><br><\/li>\n<\/ol>\n\n\n\n<figure class=\"wp-block-image size-full\"><img loading=\"lazy\" decoding=\"async\" width=\"189\" height=\"40\" src=\"http:\/\/actef.es\/wp-content\/uploads\/2024\/09\/metodologia.png\" alt=\"\" class=\"wp-image-2652\"\/><\/figure>\n\n\n<p style=\"text-align: justify;\">Se realizar\u00e1 un taller semanal con tem\u00e1ticas trimestrales trabajando desde un punto de vista creativo para la consecuci\u00f3n de los objetivos de una forma l\u00fadica y natural.<\/p>\n\n\n<hr class=\"wp-block-separator has-text-color has-vivid-cyan-blue-color has-alpha-channel-opacity has-vivid-cyan-blue-background-color has-background is-style-wide\"\/>\n\n\n<div class=\"wp-block-image\">\n<figure class=\"aligncenter size-full is-resized\"><a href=\"https:\/\/forms.gle\/GjvUAi9NPFiCBm9J8\"><img loading=\"lazy\" decoding=\"async\" width=\"970\" height=\"250\" src=\"http:\/\/actef.es\/wp-content\/uploads\/2024\/09\/24.png\" alt=\"\" class=\"wp-image-2710\" style=\"aspect-ratio:3.8800523062291963;width:446px;height:auto\" srcset=\"https:\/\/actef.es\/wp-content\/uploads\/2024\/09\/24.png 970w, https:\/\/actef.es\/wp-content\/uploads\/2024\/09\/24-300x77.png 300w, https:\/\/actef.es\/wp-content\/uploads\/2024\/09\/24-768x198.png 768w\" sizes=\"auto, (max-width: 970px) 100vw, 970px\" \/><\/a><\/figure>\n<\/div>\n\n\n<hr class=\"wp-block-separator has-text-color has-vivid-cyan-blue-color has-alpha-channel-opacity has-vivid-cyan-blue-background-color has-background is-style-wide\"\/>\n\n\n\n<figure class=\"wp-block-embed is-type-video is-provider-youtube wp-block-embed-youtube wp-embed-aspect-16-9 wp-has-aspect-ratio\"><div class=\"wp-block-embed__wrapper\">\n<iframe loading=\"lazy\" title=\"Laboratorio Creativo 1\" width=\"1200\" height=\"675\" src=\"https:\/\/www.youtube.com\/embed\/Yri4c0cRk1w?feature=oembed\" frameborder=\"0\" allow=\"accelerometer; autoplay; clipboard-write; encrypted-media; gyroscope; picture-in-picture; web-share\" referrerpolicy=\"strict-origin-when-cross-origin\" allowfullscreen><\/iframe>\n<\/div><\/figure>\n\n\n\n<hr class=\"wp-block-separator has-text-color has-vivid-cyan-blue-color has-alpha-channel-opacity has-vivid-cyan-blue-background-color has-background is-style-wide\"\/>\n\n\n\n<figure class=\"wp-block-image size-full\"><img loading=\"lazy\" decoding=\"async\" width=\"970\" height=\"250\" src=\"http:\/\/actef.es\/wp-content\/uploads\/2024\/09\/EINSTEIN-4.png\" alt=\"\" class=\"wp-image-2832\" srcset=\"https:\/\/actef.es\/wp-content\/uploads\/2024\/09\/EINSTEIN-4.png 970w, https:\/\/actef.es\/wp-content\/uploads\/2024\/09\/EINSTEIN-4-300x77.png 300w, https:\/\/actef.es\/wp-content\/uploads\/2024\/09\/EINSTEIN-4-768x198.png 768w\" sizes=\"auto, (max-width: 970px) 100vw, 970px\" \/><\/figure>\n\n\n\n<hr class=\"wp-block-separator has-text-color has-vivid-cyan-blue-color has-alpha-channel-opacity has-vivid-cyan-blue-background-color has-background is-style-wide\"\/>\n\n\n\n<p>Con la colaboraci\u00f3n de:<\/p>\n\n\n\n<figure class=\"wp-block-image size-full\"><img loading=\"lazy\" decoding=\"async\" width=\"875\" height=\"151\" src=\"https:\/\/actef.es\/wp-content\/uploads\/2025\/08\/WhatsApp-Image-2025-08-27-at-10.22.15.jpeg\" alt=\"\" class=\"wp-image-4493\" srcset=\"https:\/\/actef.es\/wp-content\/uploads\/2025\/08\/WhatsApp-Image-2025-08-27-at-10.22.15.jpeg 875w, https:\/\/actef.es\/wp-content\/uploads\/2025\/08\/WhatsApp-Image-2025-08-27-at-10.22.15-300x52.jpeg 300w, https:\/\/actef.es\/wp-content\/uploads\/2025\/08\/WhatsApp-Image-2025-08-27-at-10.22.15-768x133.jpeg 768w\" sizes=\"auto, (max-width: 875px) 100vw, 875px\" \/><\/figure>\n\n\n\n<p><\/p>\n","protected":false},"excerpt":{"rendered":"<p>Martes de 17:30h a 18.30h Sant Antonio, sede de ACTEF Jueves de 17:30 a 18:30 Eivissa, Cas Serres. SOLO A PARTIR DE 2\u00ba CURSO PRIMARIA &nbsp;Nerea Fern\u00e1ndez Consultar en ACTEF Facilitar un espacio seguro donde los ni\u00f1os y ni\u00f1as puedan tener un lugar donde identificar sus emociones y aprender a gestionarse de mantera adecuada. Con &#8230; <a title=\"INTENSAMENTE 1: nacidos en 2018-2019\" class=\"read-more\" href=\"https:\/\/actef.es\/web\/intensamente-1-nacidos-en-2018-2019\/\" aria-label=\"Leer m\u00e1s sobre INTENSAMENTE 1: nacidos en 2018-2019\">Leer m\u00e1s<\/a><\/p>\n","protected":false},"author":2,"featured_media":5719,"parent":0,"menu_order":0,"comment_status":"closed","ping_status":"closed","template":"","meta":{"advgb_blocks_editor_width":"","advgb_blocks_columns_visual_guide":"","footnotes":""},"class_list":["post-2598","page","type-page","status-publish","has-post-thumbnail"],"featured_image_urls_v2":{"full":["https:\/\/actef.es\/wp-content\/uploads\/2025\/12\/cast-1.png",1455,375,false],"thumbnail":["https:\/\/actef.es\/wp-content\/uploads\/2025\/12\/cast-1-150x150.png",150,150,true],"medium":["https:\/\/actef.es\/wp-content\/uploads\/2025\/12\/cast-1-300x77.png",300,77,true],"medium_large":["https:\/\/actef.es\/wp-content\/uploads\/2025\/12\/cast-1-768x198.png",768,198,true],"large":["https:\/\/actef.es\/wp-content\/uploads\/2025\/12\/cast-1-1024x264.png",1024,264,true],"1536x1536":["https:\/\/actef.es\/wp-content\/uploads\/2025\/12\/cast-1.png",1455,375,false],"2048x2048":["https:\/\/actef.es\/wp-content\/uploads\/2025\/12\/cast-1.png",1455,375,false]},"post_excerpt_stackable_v2":"<p>Martes de 17:30h a 18.30h Sant Antonio, sede de ACTEF Jueves de 17:30 a 18:30 Eivissa, Cas Serres. SOLO A PARTIR DE 2\u00ba CURSO PRIMARIA &nbsp;Nerea Fern\u00e1ndez Consultar en ACTEF Facilitar un espacio seguro donde los ni\u00f1os y ni\u00f1as puedan tener un lugar donde identificar sus emociones y aprender a gestionarse de mantera adecuada. Con cuyo objeto, se realizar\u00e1n din\u00e1micas de grupo y juegos, favoreciendo el trabajo en equipo y las relaciones sociales. Por lo tanto, se presenta como un espacio dedicado a la promoci\u00f3n del desarrollo de habilidades tanto intelectuals como emocionales, trabajando de forma \u00f3ptima las habilidades sociales,&hellip;<\/p>\n","category_list_v2":"","author_info_v2":{"name":"Esperanza Marqu\u00e8s","url":"https:\/\/actef.es\/web\/author\/esperanza\/"},"comments_num_v2":"0 comentarios","coauthors":[],"author_meta":{"author_link":"https:\/\/actef.es\/web\/author\/esperanza\/","display_name":"Esperanza Marqu\u00e8s"},"relative_dates":{"created":"Publicado 2 a\u00f1os hace","modified":"Actualizado 3 meses hace"},"absolute_dates":{"created":"Publicado el 13 septiembre 2024","modified":"Actualizado el 4 febrero 2026"},"absolute_dates_time":{"created":"Publicado el 13 septiembre 2024 20:25","modified":"Actualizado el 4 febrero 2026 10:31"},"featured_img_caption":"","featured_img":"https:\/\/actef.es\/wp-content\/uploads\/2025\/12\/cast-1.png","series_order":"","_links":{"self":[{"href":"https:\/\/actef.es\/web\/wp-json\/wp\/v2\/pages\/2598","targetHints":{"allow":["GET"]}}],"collection":[{"href":"https:\/\/actef.es\/web\/wp-json\/wp\/v2\/pages"}],"about":[{"href":"https:\/\/actef.es\/web\/wp-json\/wp\/v2\/types\/page"}],"author":[{"embeddable":true,"href":"https:\/\/actef.es\/web\/wp-json\/wp\/v2\/users\/2"}],"replies":[{"embeddable":true,"href":"https:\/\/actef.es\/web\/wp-json\/wp\/v2\/comments?post=2598"}],"version-history":[{"count":45,"href":"https:\/\/actef.es\/web\/wp-json\/wp\/v2\/pages\/2598\/revisions"}],"predecessor-version":[{"id":5921,"href":"https:\/\/actef.es\/web\/wp-json\/wp\/v2\/pages\/2598\/revisions\/5921"}],"wp:featuredmedia":[{"embeddable":true,"href":"https:\/\/actef.es\/web\/wp-json\/wp\/v2\/media\/5719"}],"wp:attachment":[{"href":"https:\/\/actef.es\/web\/wp-json\/wp\/v2\/media?parent=2598"}],"curies":[{"name":"wp","href":"https:\/\/api.w.org\/{rel}","templated":true}]}}