{"id":2602,"date":"2024-09-13T20:25:40","date_gmt":"2024-09-13T18:25:40","guid":{"rendered":"http:\/\/actef.es\/?page_id=2602"},"modified":"2026-03-09T11:18:37","modified_gmt":"2026-03-09T09:18:37","slug":"intensamente-2-nacidos-en-2016-2017","status":"publish","type":"page","link":"https:\/\/actef.es\/web\/intensamente-2-nacidos-en-2016-2017\/","title":{"rendered":"INTENSAMENTE 2: nacidos en 2016-2017"},"content":{"rendered":"\n<figure class=\"wp-block-image size-large\"><img loading=\"lazy\" decoding=\"async\" width=\"1024\" height=\"576\" src=\"https:\/\/actef.es\/wp-content\/uploads\/2025\/12\/10-1024x576.png\" alt=\"\" class=\"wp-image-5782\" srcset=\"https:\/\/actef.es\/wp-content\/uploads\/2025\/12\/10-1024x576.png 1024w, https:\/\/actef.es\/wp-content\/uploads\/2025\/12\/10-300x169.png 300w, https:\/\/actef.es\/wp-content\/uploads\/2025\/12\/10-768x432.png 768w, https:\/\/actef.es\/wp-content\/uploads\/2025\/12\/10-1536x864.png 1536w, https:\/\/actef.es\/wp-content\/uploads\/2025\/12\/10-2048x1152.png 2048w\" sizes=\"auto, (max-width: 1024px) 100vw, 1024px\" \/><\/figure>\n\n\n\n<figure class=\"wp-block-image size-large\"><img loading=\"lazy\" decoding=\"async\" width=\"1024\" height=\"576\" src=\"https:\/\/actef.es\/wp-content\/uploads\/2025\/12\/Programa-Actividades-2025-2026-1024x576.png\" alt=\"\" class=\"wp-image-5794\" srcset=\"https:\/\/actef.es\/wp-content\/uploads\/2025\/12\/Programa-Actividades-2025-2026-1024x576.png 1024w, https:\/\/actef.es\/wp-content\/uploads\/2025\/12\/Programa-Actividades-2025-2026-300x169.png 300w, https:\/\/actef.es\/wp-content\/uploads\/2025\/12\/Programa-Actividades-2025-2026-768x432.png 768w, https:\/\/actef.es\/wp-content\/uploads\/2025\/12\/Programa-Actividades-2025-2026-1536x864.png 1536w, https:\/\/actef.es\/wp-content\/uploads\/2025\/12\/Programa-Actividades-2025-2026-2048x1152.png 2048w\" sizes=\"auto, (max-width: 1024px) 100vw, 1024px\" \/><\/figure>\n\n\n<div class=\"wp-block-image\">\n<figure class=\"aligncenter size-large is-resized\"><img loading=\"lazy\" decoding=\"async\" width=\"1024\" height=\"1024\" src=\"https:\/\/actef.es\/wp-content\/uploads\/2026\/03\/Cartel-Nerea-2-1024x1024.png\" alt=\"\" class=\"wp-image-6253\" style=\"width:645px;height:auto\" srcset=\"https:\/\/actef.es\/wp-content\/uploads\/2026\/03\/Cartel-Nerea-2-1024x1024.png 1024w, https:\/\/actef.es\/wp-content\/uploads\/2026\/03\/Cartel-Nerea-2-300x300.png 300w, https:\/\/actef.es\/wp-content\/uploads\/2026\/03\/Cartel-Nerea-2-150x150.png 150w, https:\/\/actef.es\/wp-content\/uploads\/2026\/03\/Cartel-Nerea-2-768x768.png 768w, https:\/\/actef.es\/wp-content\/uploads\/2026\/03\/Cartel-Nerea-2-1536x1536.png 1536w, https:\/\/actef.es\/wp-content\/uploads\/2026\/03\/Cartel-Nerea-2.png 1620w\" sizes=\"auto, (max-width: 1024px) 100vw, 1024px\" \/><\/figure>\n<\/div>\n\n\n<hr class=\"wp-block-separator has-text-color has-vivid-cyan-blue-color has-alpha-channel-opacity has-vivid-cyan-blue-background-color has-background is-style-wide\"\/>\n\n\n\n<figure class=\"wp-block-image size-large\" id=\"block-9e1748f7-2b8e-4122-9dac-eba4481a5a9d\"><img loading=\"lazy\" decoding=\"async\" width=\"1024\" height=\"264\" src=\"https:\/\/actef.es\/wp-content\/uploads\/2025\/08\/2-E-1024x264.png\" alt=\"\" class=\"wp-image-4046\" srcset=\"https:\/\/actef.es\/wp-content\/uploads\/2025\/08\/2-E-1024x264.png 1024w, https:\/\/actef.es\/wp-content\/uploads\/2025\/08\/2-E-300x77.png 300w, https:\/\/actef.es\/wp-content\/uploads\/2025\/08\/2-E-768x198.png 768w, https:\/\/actef.es\/wp-content\/uploads\/2025\/08\/2-E.png 1455w\" sizes=\"auto, (max-width: 1024px) 100vw, 1024px\" \/><\/figure>\n\n\n\n<hr class=\"wp-block-separator has-text-color has-vivid-cyan-blue-color has-alpha-channel-opacity has-vivid-cyan-blue-background-color has-background is-style-wide\"\/>\n\n\n\n<div class=\"wp-block-columns is-layout-flex wp-container-core-columns-is-layout-9d6595d7 wp-block-columns-is-layout-flex\">\n<div class=\"wp-block-column is-layout-flow wp-block-column-is-layout-flow\"><div class=\"wp-block-image\">\n<figure class=\"aligncenter size-full is-resized\"><img loading=\"lazy\" decoding=\"async\" width=\"234\" height=\"44\" src=\"http:\/\/actef.es\/wp-content\/uploads\/2024\/09\/horario.png\" alt=\"\" class=\"wp-image-2625\" style=\"width:181px;height:auto\"\/><\/figure>\n<\/div>\n\n\n<p class=\"has-text-align-center\">Martes de 17.30h a 18.30h <br>Local ACTEF San Antonio<\/p>\n\n\n\n<p class=\"has-text-align-center\">Jueves de 17.30h a 18.30h <br>Auditorio de Cas Serres&nbsp;<\/p>\n\n\n\n<p class=\"has-text-align-center\"><\/p>\n<\/div>\n\n\n\n<div class=\"wp-block-column is-layout-flow wp-block-column-is-layout-flow\"><div class=\"wp-block-image\">\n<figure class=\"aligncenter size-full is-resized\"><img loading=\"lazy\" decoding=\"async\" width=\"173\" height=\"44\" src=\"http:\/\/actef.es\/wp-content\/uploads\/2024\/09\/profesional.png\" alt=\"\" class=\"wp-image-2627\" style=\"width:134px;height:auto\"\/><\/figure>\n<\/div>\n\n\n<p class=\"has-text-align-center\">&nbsp;Nerea Fern\u00e1ndez&nbsp;<\/p>\n<\/div>\n\n\n\n<div class=\"wp-block-column is-layout-flow wp-block-column-is-layout-flow\"><div class=\"wp-block-image is-style-default\">\n<figure class=\"aligncenter size-large is-resized\"><img decoding=\"async\" src=\"https:\/\/actef.es\/wp-content\/uploads\/2024\/09\/precio-1-e1734353791450.png\" alt=\"\" style=\"width:63px;height:auto\"\/><\/figure>\n<\/div>\n\n\n<p class=\"has-text-align-center\">Consultar en ACTEF<\/p>\n<\/div>\n<\/div>\n\n\n\n<figure class=\"wp-block-image size-full\"><img loading=\"lazy\" decoding=\"async\" width=\"123\" height=\"45\" src=\"http:\/\/actef.es\/wp-content\/uploads\/2024\/09\/que-es.png\" alt=\"\" class=\"wp-image-2618\"\/><\/figure>\n\n\n\n<p>Facilitar un espacio seguro donde los ni\u00f1os y ni\u00f1as puedan tener un lugar donde identificar sus emociones y aprender a gestionarse de mantera adecuada. Con cuyo objeto, se realizar\u00e1n din\u00e1micas de grupo y juegos, favoreciendo el trabajo en equipo y las relaciones sociales. Por lo tanto, se presenta como un espacio dedicado a la promoci\u00f3n del desarrollo de habilidades tanto intelectuals como emocionales, trabajando de forma \u00f3ptima las habilidades sociales, la comunicaci\u00f3n de las emociones, la tolerancia a la frustraci\u00f3n, la paciencia, etc. As\u00ed, se pretende responder a las necesidades colectivas que a menudo presentan los j\u00f3venes dotados de ACI y Dobles Excepcionalidades.<\/p>\n\n\n\n<p><br>A esta actividad se invitar\u00e1 a que ellos sean los protagonistas, tratar de hacer que hablen y se desarrollen hablando de varios temas relacionados con las emociones y su gesti\u00f3n. Tambi\u00e9n se generar\u00e1 un espacio para trabajar otros aspectos personales y sociales como los sentimientos, las emociones y la comunicaci\u00f3n de dificultades, todo esto, gracias a juegos cooperativos y\/o din\u00e1micas de grupo. Por lo tanto, se&nbsp;tractar\u00e1&nbsp;de crear un espacio seguro para garantizar el intercambio de opiniones con respeto,&nbsp;empat\u00eda&nbsp;y asertividad.<\/p>\n\n\n\n<figure class=\"wp-block-image size-full\"><img loading=\"lazy\" decoding=\"async\" width=\"141\" height=\"44\" src=\"http:\/\/actef.es\/wp-content\/uploads\/2024\/09\/objetivos.png\" alt=\"\" class=\"wp-image-2620\"\/><\/figure>\n\n\n\n<ul class=\"wp-block-list\">\n<li>Proporcionar un espacio seguro por los participantes donde puedan desarrollarse con naturalidad. Construyendo un v\u00ednculo de confianza entre el profesional &#8211; alumnado.<\/li>\n\n\n\n<li>Reforzar las habilidades sociales de cada individuo. Dotando de herramientas para la gesti\u00f3n y la comunicaci\u00f3n de las emociones.<\/li>\n\n\n\n<li>Acompa\u00f1ar al alumnado en la identificaci\u00f3n y gesti\u00f3n de las emociones que surjan en las sesiones.&nbsp;<\/li>\n<\/ul>\n\n\n\n<p class=\"kt-adv-heading2602_dc250d-33 wp-block-kadence-advancedheading\" data-kb-block=\"kb-adv-heading2602_dc250d-33\"><\/p>\n\n\n<div class=\"wp-block-image\">\n<figure class=\"aligncenter size-full is-resized\"><a href=\"https:\/\/forms.gle\/GjvUAi9NPFiCBm9J8\"><img loading=\"lazy\" decoding=\"async\" width=\"970\" height=\"250\" src=\"https:\/\/actef.es\/wp-content\/uploads\/2024\/09\/24.png\" alt=\"\" class=\"wp-image-2710\" style=\"aspect-ratio:3.8805355303810503;width:389px;height:auto\" srcset=\"https:\/\/actef.es\/wp-content\/uploads\/2024\/09\/24.png 970w, https:\/\/actef.es\/wp-content\/uploads\/2024\/09\/24-300x77.png 300w, https:\/\/actef.es\/wp-content\/uploads\/2024\/09\/24-768x198.png 768w\" sizes=\"auto, (max-width: 970px) 100vw, 970px\" \/><\/a><\/figure>\n<\/div>\n\n\n<hr class=\"wp-block-separator has-alpha-channel-opacity\"\/>\n\n\n\n<figure class=\"wp-block-image\"><img loading=\"lazy\" decoding=\"async\" width=\"970\" height=\"250\" src=\"https:\/\/actef.es\/wp-content\/uploads\/2024\/09\/6.png\" alt=\"\" class=\"wp-image-2930\" srcset=\"https:\/\/actef.es\/wp-content\/uploads\/2024\/09\/6.png 970w, https:\/\/actef.es\/wp-content\/uploads\/2024\/09\/6-300x77.png 300w, https:\/\/actef.es\/wp-content\/uploads\/2024\/09\/6-768x198.png 768w\" sizes=\"auto, (max-width: 970px) 100vw, 970px\" \/><\/figure>\n\n\n\n<hr class=\"wp-block-separator has-alpha-channel-opacity\"\/>\n\n\n\n<figure class=\"wp-block-image\"><img loading=\"lazy\" decoding=\"async\" width=\"123\" height=\"45\" src=\"http:\/\/actef.es\/wp-content\/uploads\/2024\/09\/que-es.png\" alt=\"\" class=\"wp-image-2618\"\/><\/figure>\n\n\n\n<p>\u00abEspacio descubre\u00bb Dise\u00f1ado ofrecer variedad para ni\u00f1os y ni\u00f1as que no pueden comprometerse todos los s\u00e1bados,&nbsp; donde se ofertaran tem\u00e1tica diferente presentada por un profesional de la materia. Esta oferta de&nbsp; talleres buscar\u00e1 despertar la curiosidad y el inter\u00e9s de los ni\u00f1os por diversas \u00e1reas del conocimiento y habilidades, proporcionando una experiencia educativa y divertida que fomente su desarrollo integral.<\/p>\n\n\n\n<p>Se ir\u00e1n ofertando a lo largo del curso escolar para poderse inscribir, las actividades podr\u00e1n ser vistas de expertos, talleres, excursiones familiares y m\u00e1s.<\/p>\n\n\n\n<figure class=\"wp-block-image\"><img loading=\"lazy\" decoding=\"async\" width=\"141\" height=\"44\" src=\"http:\/\/actef.es\/wp-content\/uploads\/2024\/09\/objetivos.png\" alt=\"\" class=\"wp-image-2620\"\/><\/figure>\n\n\n\n<ul class=\"wp-block-list\">\n<li>Desarrollar el inter\u00e9s de los ni\u00f1os por aprender sobre temas variados.<\/li>\n<\/ul>\n\n\n\n<ul class=\"wp-block-list\">\n<li>Fomentar la adquisici\u00f3n de nuevas habilidades pr\u00e1cticas y te\u00f3ricas.<\/li>\n<\/ul>\n\n\n\n<ul class=\"wp-block-list\">\n<li>Promover el desarrollo personal, mejorando la confianza y autoestima de los ni\u00f1os.<\/li>\n<\/ul>\n\n\n\n<ul class=\"wp-block-list\">\n<li>Fomentar la interacci\u00f3n social y el trabajo en equipo entre los participantes.<\/li>\n<\/ul>\n\n\n\n<ul class=\"wp-block-list\">\n<li>Ofrecer un ambiente divertido y creativo donde los ni\u00f1os puedan expresarse y explorar libremente.<\/li>\n<\/ul>\n\n\n\n<ul class=\"wp-block-list\">\n<li>Trabajar el factor sorpresa y la adaptabilidad a diferentes situaciones.<\/li>\n<\/ul>\n\n\n\n<ul class=\"wp-block-list\">\n<li>Ofrecer un taller para aquellos\/as ni\u00f1os\/as que est\u00e1n interesados en varias tem\u00e1ticas.<\/li>\n<\/ul>\n\n\n\n<p><\/p>\n\n\n<div class=\"wp-block-image\">\n<figure class=\"aligncenter is-resized\"><img loading=\"lazy\" decoding=\"async\" width=\"234\" height=\"44\" src=\"http:\/\/actef.es\/wp-content\/uploads\/2024\/09\/horario.png\" alt=\"\" class=\"wp-image-2625\" style=\"width:234px;height:auto\"\/><\/figure>\n<\/div>\n\n\n<p class=\"has-text-align-center\">S\u00e1bados<br>de 11.30h a 13.00h<\/p>\n\n\n\n<p class=\"has-text-align-center\">Colegio Guillem de Montgr\u00ed<\/p>\n\n\n\n<p class=\"has-text-align-center\"><strong>Actividades puntuales<\/strong><\/p>\n\n\n<div class=\"wp-block-image\">\n<figure class=\"aligncenter size-full is-resized\"><img loading=\"lazy\" decoding=\"async\" width=\"782\" height=\"185\" src=\"https:\/\/actef.es\/wp-content\/uploads\/2025\/08\/24-cAT.png\" alt=\"\" class=\"wp-image-4101\" style=\"width:410px;height:auto\" srcset=\"https:\/\/actef.es\/wp-content\/uploads\/2025\/08\/24-cAT.png 782w, https:\/\/actef.es\/wp-content\/uploads\/2025\/08\/24-cAT-300x71.png 300w, https:\/\/actef.es\/wp-content\/uploads\/2025\/08\/24-cAT-768x182.png 768w\" sizes=\"auto, (max-width: 782px) 100vw, 782px\" \/><\/figure>\n<\/div>\n\n\n<hr class=\"wp-block-separator has-text-color has-vivid-cyan-blue-color has-alpha-channel-opacity has-vivid-cyan-blue-background-color has-background is-style-wide\"\/>\n\n\n\n<figure class=\"wp-block-image size-full\"><img loading=\"lazy\" decoding=\"async\" width=\"940\" height=\"788\" src=\"https:\/\/actef.es\/wp-content\/uploads\/2026\/02\/Anuncio-talleres.png\" alt=\"\" class=\"wp-image-5902\" srcset=\"https:\/\/actef.es\/wp-content\/uploads\/2026\/02\/Anuncio-talleres.png 940w, https:\/\/actef.es\/wp-content\/uploads\/2026\/02\/Anuncio-talleres-300x251.png 300w, https:\/\/actef.es\/wp-content\/uploads\/2026\/02\/Anuncio-talleres-768x644.png 768w\" sizes=\"auto, (max-width: 940px) 100vw, 940px\" \/><\/figure>\n\n\n\n<div class=\"wp-block-columns is-layout-flex wp-container-core-columns-is-layout-9d6595d7 wp-block-columns-is-layout-flex\">\n<div class=\"wp-block-column is-layout-flow wp-block-column-is-layout-flow\"><div class=\"wp-block-image is-resized\">\n<figure class=\"aligncenter size-full\"><img loading=\"lazy\" decoding=\"async\" width=\"234\" height=\"44\" src=\"http:\/\/actef.es\/wp-content\/uploads\/2024\/09\/horario.png\" alt=\"\" class=\"wp-image-2625\" style=\"width:undefinedpx;height:undefinedpx\"\/><\/figure>\n<\/div>\n\n\n<p class=\"has-text-align-center\">Martes de 16.30h a 17.30h<\/p>\n\n\n\n<p class=\"has-text-align-center\">Sant Antonio, sede de ACTEF<\/p>\n\n\n\n<p class=\"has-text-align-center\">S\u00e1bados de 11:30 a 13:00h<\/p>\n\n\n\n<p class=\"has-text-align-center\">Guillem de Montgr\u00ed<br><\/p>\n<\/div>\n\n\n\n<div class=\"wp-block-column is-layout-flow wp-block-column-is-layout-flow\"><div class=\"wp-block-image is-resized\">\n<figure class=\"aligncenter size-full\"><img loading=\"lazy\" decoding=\"async\" width=\"173\" height=\"44\" src=\"http:\/\/actef.es\/wp-content\/uploads\/2024\/09\/profesional.png\" alt=\"\" class=\"wp-image-2627\" style=\"width:undefinedpx;height:undefinedpx\"\/><\/figure>\n<\/div>\n\n\n<p class=\"has-text-align-center\">Nicol\u00f2 Napoli<\/p>\n<\/div>\n\n\n\n<div class=\"wp-block-column is-layout-flow wp-block-column-is-layout-flow\"><div class=\"wp-block-image is-resized is-style-default\">\n<figure class=\"aligncenter size-large\"><img decoding=\"async\" src=\"https:\/\/actef.es\/wp-content\/uploads\/2024\/09\/precio-1-e1734353791450.png\" alt=\"\" style=\"width:undefinedpx;height:undefinedpx\"\/><\/figure>\n<\/div>\n\n\n<p class=\"has-text-align-center\">Consultar en ACTEF<\/p>\n<\/div>\n<\/div>\n\n\n<div class=\"wp-block-image\">\n<figure class=\"aligncenter size-full is-resized\"><a href=\"https:\/\/docs.google.com\/forms\/d\/e\/1FAIpQLSckJi74OdEzXVgrNjlJz4AEjnO4kehAQc8ajyO_9as1HdshJQ\/viewform?usp=header\"><img loading=\"lazy\" decoding=\"async\" width=\"970\" height=\"250\" src=\"http:\/\/actef.es\/wp-content\/uploads\/2024\/09\/24.png\" alt=\"\" class=\"wp-image-2710\" style=\"width:332px;height:auto\" srcset=\"https:\/\/actef.es\/wp-content\/uploads\/2024\/09\/24.png 970w, https:\/\/actef.es\/wp-content\/uploads\/2024\/09\/24-300x77.png 300w, https:\/\/actef.es\/wp-content\/uploads\/2024\/09\/24-768x198.png 768w\" sizes=\"auto, (max-width: 970px) 100vw, 970px\" \/><\/a><\/figure>\n<\/div>\n\n\n<hr class=\"wp-block-separator has-text-color has-vivid-cyan-blue-color has-alpha-channel-opacity has-vivid-cyan-blue-background-color has-background\"\/>\n\n\n\n<figure class=\"wp-block-image size-full\"><img loading=\"lazy\" decoding=\"async\" width=\"1748\" height=\"1240\" src=\"https:\/\/actef.es\/wp-content\/uploads\/2025\/12\/castellano-int2.png\" alt=\"\" class=\"wp-image-5769\" srcset=\"https:\/\/actef.es\/wp-content\/uploads\/2025\/12\/castellano-int2.png 1748w, https:\/\/actef.es\/wp-content\/uploads\/2025\/12\/castellano-int2-300x213.png 300w, https:\/\/actef.es\/wp-content\/uploads\/2025\/12\/castellano-int2-1024x726.png 1024w, https:\/\/actef.es\/wp-content\/uploads\/2025\/12\/castellano-int2-768x545.png 768w, https:\/\/actef.es\/wp-content\/uploads\/2025\/12\/castellano-int2-1536x1090.png 1536w\" sizes=\"auto, (max-width: 1748px) 100vw, 1748px\" \/><\/figure>\n\n\n\n<hr class=\"wp-block-separator has-text-color has-vivid-cyan-blue-color has-alpha-channel-opacity has-vivid-cyan-blue-background-color has-background\"\/>\n\n\n\n<figure class=\"wp-block-image\" id=\"block-353aa2f9-c0b5-488c-ac9a-a00c426d6ba4\"><img decoding=\"async\" src=\"http:\/\/actef.es\/wp-content\/uploads\/2024\/09\/que-es.png\" alt=\"La imagen tiene un atributo ALT vac\u00edo; su nombre de archivo es que-es.png\"\/><\/figure>\n\n\n\n<p>En este taller trabajar\u00e1n las diferentes disciplinas tanto deportivas como recreativas, descubrir\u00e1n el mundo del teatro a trav\u00e9s de actividades l\u00fadicas e improvisaci\u00f3n y, desarrollar\u00e1n capacidades y habilidades motrices mediante el circo. Durante el curso, las primeras sesiones est\u00e1n enfocadas al trabajo en equipo la cohesi\u00f3n grupal. Durante gran parte de la segunda parte del curso se realizan actividades de trabajo bajo presi\u00f3n en equipo y para finalizar el curso se realizan actividades de todas las disciplinas en cada sesi\u00f3n.<\/p>\n\n\n\n<figure class=\"wp-block-image\" id=\"block-5d66cf7d-0065-407c-9cff-9b6540250027\"><img decoding=\"async\" src=\"http:\/\/actef.es\/wp-content\/uploads\/2024\/09\/objetivos.png\" alt=\"La imagen tiene un atributo ALT vac\u00edo; su nombre de archivo es objetivos.png\"\/><\/figure>\n\n\n\n<ul class=\"wp-block-list\">\n<li>Aprender a interrelacionarse con los compa\u00f1eros, desde una perspectiva creativa y deportiva y saludable.<\/li>\n<\/ul>\n\n\n\n<ul class=\"wp-block-list\">\n<li>Fomentar la practica creativo-deportiva a los ni\u00f1os y ni\u00f1as.<\/li>\n<\/ul>\n\n\n\n<ul class=\"wp-block-list\">\n<li>Conseguir una expresi\u00f3n creativa a trav\u00e9s de formas dram\u00e1ticas<\/li>\n\n\n\n<li>Fomentar la pertenencia a un grupo<\/li>\n<\/ul>\n\n\n\n<div class=\"wp-block-columns is-layout-flex wp-container-core-columns-is-layout-9d6595d7 wp-block-columns-is-layout-flex\">\n<div class=\"wp-block-column is-layout-flow wp-block-column-is-layout-flow\"><div class=\"wp-block-image is-resized\">\n<figure class=\"aligncenter size-full\"><img loading=\"lazy\" decoding=\"async\" width=\"234\" height=\"44\" src=\"http:\/\/actef.es\/wp-content\/uploads\/2024\/09\/horario.png\" alt=\"\" class=\"wp-image-2625\" style=\"width:undefinedpx;height:undefinedpx\"\/><\/figure>\n<\/div>\n\n\n<p class=\"has-text-align-center\">S\u00e1bados de 10:00 a 11:30          Guillem de Motgr\u00ed<\/p>\n\n\n\n<p class=\"has-text-align-center\"><strong>Fechas 2026:<\/strong><br>10 y 31 de enero<br>14 de febrero<br>7 y 21 de marzo<br>18 de abril<br>9 y 23 de mayo<\/p>\n<\/div>\n\n\n\n<div class=\"wp-block-column is-layout-flow wp-block-column-is-layout-flow\"><div class=\"wp-block-image is-resized\">\n<figure class=\"aligncenter size-full\"><img loading=\"lazy\" decoding=\"async\" width=\"173\" height=\"44\" src=\"http:\/\/actef.es\/wp-content\/uploads\/2024\/09\/profesional.png\" alt=\"\" class=\"wp-image-2627\" style=\"width:undefinedpx;height:undefinedpx\"\/><\/figure>\n<\/div>\n\n\n<p class=\"has-text-align-center\">Nicol\u00f2 Napoli<\/p>\n<\/div>\n\n\n\n<div class=\"wp-block-column is-layout-flow wp-block-column-is-layout-flow\"><div class=\"wp-block-image is-resized is-style-default\">\n<figure class=\"aligncenter size-large\"><img decoding=\"async\" src=\"https:\/\/actef.es\/wp-content\/uploads\/2024\/09\/precio-1-e1734353791450.png\" alt=\"\" style=\"width:undefinedpx;height:undefinedpx\"\/><\/figure>\n<\/div>\n\n\n<p class=\"has-text-align-center\">Consultar en ACTEF<\/p>\n<\/div>\n<\/div>\n\n\n<div class=\"wp-block-image\">\n<figure class=\"aligncenter size-full is-resized\"><a href=\"https:\/\/docs.google.com\/forms\/d\/e\/1FAIpQLSckJi74OdEzXVgrNjlJz4AEjnO4kehAQc8ajyO_9as1HdshJQ\/viewform?usp=header\"><img loading=\"lazy\" decoding=\"async\" width=\"970\" height=\"250\" src=\"http:\/\/actef.es\/wp-content\/uploads\/2024\/09\/24.png\" alt=\"\" class=\"wp-image-2710\" style=\"width:332px;height:auto\" srcset=\"https:\/\/actef.es\/wp-content\/uploads\/2024\/09\/24.png 970w, https:\/\/actef.es\/wp-content\/uploads\/2024\/09\/24-300x77.png 300w, https:\/\/actef.es\/wp-content\/uploads\/2024\/09\/24-768x198.png 768w\" sizes=\"auto, (max-width: 970px) 100vw, 970px\" \/><\/a><\/figure>\n<\/div>\n\n\n<hr class=\"wp-block-separator has-text-color has-vivid-cyan-blue-color has-alpha-channel-opacity has-vivid-cyan-blue-background-color has-background\"\/>\n\n\n\n<figure class=\"wp-block-gallery has-nested-images columns-default is-cropped wp-block-gallery-1 is-layout-flex wp-block-gallery-is-layout-flex\">\n<figure class=\"wp-block-image size-large\"><img loading=\"lazy\" decoding=\"async\" width=\"1024\" height=\"726\" data-id=\"5913\" src=\"https:\/\/actef.es\/wp-content\/uploads\/2026\/02\/int-2-cast-1024x726.png\" alt=\"\" class=\"wp-image-5913\" srcset=\"https:\/\/actef.es\/wp-content\/uploads\/2026\/02\/int-2-cast-1024x726.png 1024w, https:\/\/actef.es\/wp-content\/uploads\/2026\/02\/int-2-cast-300x213.png 300w, https:\/\/actef.es\/wp-content\/uploads\/2026\/02\/int-2-cast-768x545.png 768w, https:\/\/actef.es\/wp-content\/uploads\/2026\/02\/int-2-cast-1536x1090.png 1536w, https:\/\/actef.es\/wp-content\/uploads\/2026\/02\/int-2-cast.png 1748w\" sizes=\"auto, (max-width: 1024px) 100vw, 1024px\" \/><\/figure>\n<\/figure>\n\n\n\n<div class=\"wp-block-stackable-text stk-block-text stk-block stk-3e671d3\" data-block-id=\"3e671d3\"><p class=\"stk-block-text__text\"><\/p><\/div>\n\n\n<p><!-- \/wp:post-content --><\/p>\n<p><!-- wp:image {\"id\":2865,\"sizeSlug\":\"full\",\"linkDestination\":\"none\"} --><\/p>\n<figure class=\"wp-block-image size-full\"><\/figure>\n<p><!-- \/wp:image --><\/p>\n<p><!-- wp:image {\"id\":2650,\"sizeSlug\":\"full\",\"linkDestination\":\"none\"} --><\/p>\n<figure class=\"wp-block-image size-full\"><img loading=\"lazy\" decoding=\"async\" width=\"123\" height=\"45\" class=\"wp-image-2618\" src=\"http:\/\/actef.es\/wp-content\/uploads\/2024\/09\/que-es.png\" alt=\"\" \/><\/figure>\n<p><!-- \/wp:image --><\/p>\n<p style=\"text-align: justify;\">(ANTIGUO DESARROLLA TU TALENTO)<\/p>\n<p style=\"text-align: justify;\">Laboratorio Creativo es un taller de trabajo emocional y desarrollo de habilidades sociales a trav\u00e9s de las actividades creativas. Viajaremos en el tiempo para conocer civilizaciones antiguas, descubriremos seres mitol\u00f3gicos, descifraremos enigmas de la naturaleza y muchas cosas m\u00e1s siempre partiendo de nuestra creatividad. El taller busca despertar la curiosidad y el inter\u00e9s de los\\as ni\u00f1os\\as por diversas \u00e1reas del conocimiento y habilidades a trav\u00e9s del juego creativo y la imaginaci\u00f3n.<\/p>\n<p><!-- wp:image {\"id\":2620,\"sizeSlug\":\"full\",\"linkDestination\":\"none\"} --><\/p>\n<figure class=\"wp-block-image size-full\"><img loading=\"lazy\" decoding=\"async\" width=\"141\" height=\"44\" class=\"wp-image-2620\" src=\"http:\/\/actef.es\/wp-content\/uploads\/2024\/09\/objetivos.png\" alt=\"\" \/><\/figure>\n<p><!-- \/wp:image --><br \/><!-- wp:list {\"ordered\":true} --><\/p>\n<ol class=\"wp-block-list\">\n<li style=\"list-style-type: none;\">\n<ol class=\"wp-block-list\"><!-- wp:list-item --><\/p>\n<li>Desarrollar el inter\u00e9s de los ni\u00f1os por aprender sobre temas variados.<\/li>\n<\/ol>\n<\/li>\n<\/ol>\n<ol class=\"wp-block-list\">\n<li style=\"list-style-type: none;\">\n<ol class=\"wp-block-list\">\n<li>Trabajar la gesti\u00f3n de la frustraci\u00f3n.<\/li>\n<\/ol>\n<\/li>\n<\/ol>\n<ol class=\"wp-block-list\">\n<li style=\"list-style-type: none;\">\n<ol class=\"wp-block-list\">\n<li>Promover el desarrollo personal, mejorando la confianza y autoestima de los ni\u00f1os.<\/li>\n<\/ol>\n<\/li>\n<\/ol>\n<ol class=\"wp-block-list\">\n<li style=\"list-style-type: none;\">\n<ol class=\"wp-block-list\">\n<li>Fomentar la interacci\u00f3n social y el trabajo en equipo entre los participantes.<\/li>\n<\/ol>\n<\/li>\n<\/ol>\n<ol class=\"wp-block-list\">\n<li style=\"list-style-type: none;\">\n<ol class=\"wp-block-list\">\n<li>Ofrecer un ambiente divertido y creativo donde los ni\u00f1os\\as puedan expresarse y explorar libremente.<\/li>\n<\/ol>\n<\/li>\n<\/ol>\n<ol class=\"wp-block-list\">\n<li style=\"list-style-type: none;\">\n<ol class=\"wp-block-list\">\n<li>Trabajar la empat\u00eda y el asertividad.<\/li>\n<\/ol>\n<\/li>\n<\/ol>\n<p><!-- \/wp:list-item --><\/p>\n<p><!-- \/wp:list --><br \/><!-- wp:image {\"id\":2652,\"sizeSlug\":\"full\",\"linkDestination\":\"none\"} --><\/p>\n<figure class=\"wp-block-image size-full\"><img loading=\"lazy\" decoding=\"async\" width=\"189\" height=\"40\" class=\"wp-image-2652\" src=\"http:\/\/actef.es\/wp-content\/uploads\/2024\/09\/metodologia.png\" alt=\"\" \/><\/figure>\n<p><!-- \/wp:image --><\/p>\n<p style=\"text-align: justify;\">Se realizar\u00e1 un taller semanal con tem\u00e1ticas trimestrales trabajando desde un punto de vista creativo para la consecuci\u00f3n de los objetivos de una forma l\u00fadica y natural.<\/p>\n<p><!-- wp:separator {\"className\":\"is-style-wide\",\"backgroundColor\":\"vivid-cyan-blue\"} --><\/p>\n<hr class=\"wp-block-separator has-text-color has-vivid-cyan-blue-color has-alpha-channel-opacity has-vivid-cyan-blue-background-color has-background is-style-wide\" \/><!-- \/wp:separator --><\/p>\n<p><!-- wp:columns --><\/p>\n<div class=\"wp-block-columns\"><!-- wp:column --><\/p>\n<div class=\"wp-block-column\"><!-- wp:image {\"id\":2625,\"width\":\"181px\",\"height\":\"auto\",\"sizeSlug\":\"full\",\"linkDestination\":\"none\",\"align\":\"center\"} --><\/p>\n<figure class=\"wp-block-image aligncenter size-full is-resized\"><img loading=\"lazy\" decoding=\"async\" width=\"234\" height=\"44\" class=\"wp-image-2625\" style=\"width: 181px; height: auto;\" src=\"http:\/\/actef.es\/wp-content\/uploads\/2024\/09\/horario.png\" alt=\"\" \/><\/figure>\n<p><!-- \/wp:image --><br \/><!-- wp:paragraph {\"align\":\"center\"} --><\/p>\n<p class=\"has-text-align-center\">Lunes de 17:00h a 18:00h<br \/>Sede de ACTEF<\/p>\n<p><!-- \/wp:paragraph --><\/p>\n<\/div>\n<p><!-- \/wp:column --><br \/><!-- wp:column --><\/p>\n<div class=\"wp-block-column\"><!-- wp:image {\"id\":2627,\"width\":\"134px\",\"height\":\"auto\",\"sizeSlug\":\"full\",\"linkDestination\":\"none\",\"align\":\"center\"} --><\/p>\n<figure class=\"wp-block-image aligncenter size-full is-resized\"><img loading=\"lazy\" decoding=\"async\" width=\"173\" height=\"44\" class=\"wp-image-2627\" style=\"width: 134px; height: auto;\" src=\"http:\/\/actef.es\/wp-content\/uploads\/2024\/09\/profesional.png\" alt=\"\" \/><\/figure>\n<p><!-- \/wp:image --><br \/><!-- wp:paragraph {\"align\":\"center\"} --><\/p>\n<p class=\"has-text-align-center\">Soledad P\u00e9rez Mesas<\/p>\n<p><!-- \/wp:paragraph --><\/p>\n<\/div>\n<p><!-- \/wp:column --><br \/><!-- wp:column --><\/p>\n<div class=\"wp-block-column\"><!-- wp:image {\"width\":\"63px\",\"height\":\"auto\",\"sizeSlug\":\"large\",\"linkDestination\":\"none\",\"align\":\"center\",\"className\":\"is-style-default\"} --><\/p>\n<figure class=\"wp-block-image aligncenter size-large is-resized is-style-default\"><img decoding=\"async\" style=\"width: 63px; height: auto;\" src=\"https:\/\/actef.es\/wp-content\/uploads\/2024\/09\/precio-1-e1734353791450.png\" alt=\"\" \/><\/figure>\n<p><!-- \/wp:image --><br \/><!-- wp:paragraph {\"align\":\"center\"} --><\/p>\n<p class=\"has-text-align-center\">Consultar en ACTEF<\/p>\n<p><!-- \/wp:paragraph --><\/p>\n<\/div>\n<\/div>\n<figure class=\"wp-block-image aligncenter size-full\"><img loading=\"lazy\" decoding=\"async\" width=\"280\" height=\"66\" class=\"wp-image-4715\" src=\"https:\/\/actef.es\/wp-content\/uploads\/2025\/10\/WERQWER.png\" alt=\"\" \/><\/figure>\n<p><!-- \/wp:column --><br \/><!-- wp:separator {\"className\":\"is-style-wide\",\"backgroundColor\":\"vivid-cyan-blue\"} --><\/p>\n<hr class=\"wp-block-separator has-text-color has-vivid-cyan-blue-color has-alpha-channel-opacity has-vivid-cyan-blue-background-color has-background is-style-wide\" \/><!-- \/wp:separator --><\/p>\n<figure class=\"wp-block-image aligncenter size-full is-resized\"><a href=\"https:\/\/forms.gle\/83yjKy9RhFAd7UjH6\"><img loading=\"lazy\" decoding=\"async\" width=\"970\" height=\"250\" class=\"wp-image-2710\" style=\"width: 438px; height: auto;\" src=\"http:\/\/actef.es\/wp-content\/uploads\/2024\/09\/24.png\" alt=\"\" srcset=\"https:\/\/actef.es\/wp-content\/uploads\/2024\/09\/24.png 970w, https:\/\/actef.es\/wp-content\/uploads\/2024\/09\/24-300x77.png 300w, https:\/\/actef.es\/wp-content\/uploads\/2024\/09\/24-768x198.png 768w\" sizes=\"auto, (max-width: 970px) 100vw, 970px\" \/><\/a><\/figure>\n<p><!-- \/wp:columns --><br \/><!-- wp:separator {\"className\":\"is-style-wide\",\"backgroundColor\":\"vivid-cyan-blue\"} --><\/p>\n<hr class=\"wp-block-separator has-text-color has-vivid-cyan-blue-color has-alpha-channel-opacity has-vivid-cyan-blue-background-color has-background is-style-wide\" \/><!-- \/wp:separator --><\/p>\n<p><!-- wp:image {\"id\":2832,\"sizeSlug\":\"full\",\"linkDestination\":\"none\"} --><\/p>\n<figure class=\"wp-block-image size-full\"><img loading=\"lazy\" decoding=\"async\" width=\"970\" height=\"250\" class=\"wp-image-2832\" src=\"http:\/\/actef.es\/wp-content\/uploads\/2024\/09\/EINSTEIN-4.png\" alt=\"\" srcset=\"https:\/\/actef.es\/wp-content\/uploads\/2024\/09\/EINSTEIN-4.png 970w, https:\/\/actef.es\/wp-content\/uploads\/2024\/09\/EINSTEIN-4-300x77.png 300w, https:\/\/actef.es\/wp-content\/uploads\/2024\/09\/EINSTEIN-4-768x198.png 768w\" sizes=\"auto, (max-width: 970px) 100vw, 970px\" \/><\/figure>\n<p><!-- \/wp:image --><br \/><!-- wp:separator {\"className\":\"is-style-wide\",\"backgroundColor\":\"vivid-cyan-blue\"} --><\/p>\n<hr class=\"wp-block-separator has-text-color has-vivid-cyan-blue-color has-alpha-channel-opacity has-vivid-cyan-blue-background-color has-background is-style-wide\" \/><!-- \/wp:separator --><\/p>\n<p><!-- wp:image {\"id\":2658,\"sizeSlug\":\"full\",\"linkDestination\":\"none\"} --><\/p>\n<figure class=\"wp-block-image size-full\"><img loading=\"lazy\" decoding=\"async\" width=\"970\" height=\"250\" class=\"wp-image-2658\" src=\"http:\/\/actef.es\/wp-content\/uploads\/2024\/09\/1.png\" alt=\"\" srcset=\"https:\/\/actef.es\/wp-content\/uploads\/2024\/09\/1.png 970w, https:\/\/actef.es\/wp-content\/uploads\/2024\/09\/1-300x77.png 300w, https:\/\/actef.es\/wp-content\/uploads\/2024\/09\/1-768x198.png 768w\" sizes=\"auto, (max-width: 970px) 100vw, 970px\" \/><\/figure>\n<p><!-- \/wp:image --><br \/><!-- wp:image {\"id\":4715,\"sizeSlug\":\"full\",\"linkDestination\":\"none\",\"align\":\"center\"} --><\/p>\n<figure class=\"wp-block-image aligncenter size-full\"><img loading=\"lazy\" decoding=\"async\" width=\"280\" height=\"66\" class=\"wp-image-4715\" src=\"https:\/\/actef.es\/wp-content\/uploads\/2025\/10\/WERQWER.png\" alt=\"\" \/><\/figure>\n<p><!-- \/wp:image --><br \/><!-- wp:image {\"id\":2660,\"sizeSlug\":\"full\",\"linkDestination\":\"none\"} --><\/p>\n<figure class=\"wp-block-image size-full\"><img loading=\"lazy\" decoding=\"async\" width=\"123\" height=\"45\" class=\"wp-image-2660\" src=\"http:\/\/actef.es\/wp-content\/uploads\/2024\/09\/que-es-1.png\" alt=\"\" \/><\/figure>\n<p><!-- \/wp:image --><\/p>\n<p style=\"text-align: justify;\">Este taller est\u00e1 dise\u00f1ado con el objetivo de introducirlos al fascinante universo de la ciencia, la tecnolog\u00eda, la ingenier\u00eda y las matem\u00e1ticas (STEM) a trav\u00e9s de la creaci\u00f3n y programaci\u00f3n de robots.<\/p>\n<p style=\"text-align: justify;\">Durante el taller, los ni\u00f1os aprender\u00e1n conceptos b\u00e1sicos de rob\u00f3tica, como la mec\u00e1nica, la electr\u00f3nica y la programaci\u00f3n, de una manera divertida e interactiva. Utilizando kits de rob\u00f3tica especialmente dise\u00f1ados para su edad, construir\u00e1n robots que pueden moverse, responder a est\u00edmulos y realizar tareas sencillas. Adem\u00e1s, a trav\u00e9s de actividades pr\u00e1cticas y desaf\u00edos colaborativos, los ni\u00f1os desarrollar\u00e1n habilidades esenciales como el trabajo en equipo, la resoluci\u00f3n de problemas y el pensamiento cr\u00edtico.<\/p>\n<p style=\"text-align: justify;\">El taller no requiere experiencia previa en rob\u00f3tica o programaci\u00f3n, ya que est\u00e1 pensado para adaptarse al nivel de conocimiento de cada participante. Con el apoyo de instructores capacitados y materiales did\u00e1cticos atractivos, los ni\u00f1os descubrir\u00e1n c\u00f3mo sus ideas pueden tomar vida en forma de robots funcionales.<\/p>\n<p style=\"text-align: justify;\">\u00a1\u00danete a nosotros en este taller de rob\u00f3tica educativa y descubre c\u00f3mo la ciencia y la diversi\u00f3n pueden ir de la mano!<\/p>\n<p><!-- wp:paragraph --><\/p>\n<figure class=\"wp-block-image size-full\"><img loading=\"lazy\" decoding=\"async\" width=\"141\" height=\"44\" class=\"wp-image-2662\" src=\"http:\/\/actef.es\/wp-content\/uploads\/2024\/09\/objetivos-1.png\" alt=\"\" \/><\/figure>\n<ul>\n<li>Fomentar el inter\u00e9s por la tecnolog\u00eda y la ciencia<\/li>\n<li>Desarrollar habilidades de resoluci\u00f3n de problema<\/li>\n<li>Promover el trabajo en equipo y la colaboraci\u00f3n<\/li>\n<li>Estimular la creatividad e innovaci\u00f3n<\/li>\n<li>Introducir conceptos b\u00e1sicos de programaci\u00f3n y electr\u00f3nica<\/li>\n<li>Desarrollar la perseverancia y la resiliencia<\/li>\n<li>Mejorar la coordinaci\u00f3n y habilidades motoras<\/li>\n<li>Introducir el concepto de \u00e9tica y responsabilidad en la tecnolog\u00eda<\/li>\n<\/ul>\n<p><!-- \/wp:paragraph --><\/p>\n<p><!-- \/wp:separator --><\/p>\n<p><!-- wp:columns --><\/p>\n<div class=\"wp-block-columns\"><!-- wp:column --><\/p>\n<div class=\"wp-block-column\"><!-- wp:image {\"id\":2625,\"width\":\"181px\",\"height\":\"auto\",\"sizeSlug\":\"full\",\"linkDestination\":\"none\",\"align\":\"center\"} --><\/p>\n<figure class=\"wp-block-image aligncenter size-full is-resized\"><img loading=\"lazy\" decoding=\"async\" width=\"234\" height=\"44\" class=\"wp-image-2625\" style=\"width: 181px; height: auto;\" src=\"http:\/\/actef.es\/wp-content\/uploads\/2024\/09\/horario.png\" alt=\"\" \/><!-- \/wp:image --><!-- wp:paragraph {\"align\":\"center\"} --><\/figure>\n<p class=\"has-text-align-center\">S\u00e1bados, de 10 a 11:30h<br \/>Sede ACTEF (San Antonio)\u00a0<\/p>\n<\/div>\n<div class=\"wp-block-column\"><!-- wp:image {\"id\":2627,\"width\":\"134px\",\"height\":\"auto\",\"sizeSlug\":\"full\",\"linkDestination\":\"none\",\"align\":\"center\"} --><\/p>\n<figure class=\"wp-block-image aligncenter size-full is-resized\"><img loading=\"lazy\" decoding=\"async\" width=\"173\" height=\"44\" class=\"wp-image-2627\" style=\"width: 134px; height: auto;\" src=\"http:\/\/actef.es\/wp-content\/uploads\/2024\/09\/profesional.png\" alt=\"\" \/><!-- \/wp:image --><!-- wp:paragraph {\"align\":\"center\"} --><\/figure>\n<p class=\"has-text-align-center\">Juanjo Moreno\u00a0<\/p>\n<p><!-- \/wp:paragraph --><\/p>\n<\/div>\n<p><!-- \/wp:column --><br \/><!-- wp:column --><\/p>\n<div class=\"wp-block-column\"><!-- wp:image {\"width\":\"63px\",\"height\":\"auto\",\"sizeSlug\":\"large\",\"linkDestination\":\"none\",\"align\":\"center\",\"className\":\"is-style-default\"} --><\/p>\n<figure class=\"wp-block-image aligncenter size-large is-resized is-style-default\"><img decoding=\"async\" style=\"width: 63px; height: auto;\" src=\"https:\/\/actef.es\/wp-content\/uploads\/2024\/09\/precio-1-e1734353791450.png\" alt=\"\" \/><!-- \/wp:image --><!-- wp:paragraph {\"align\":\"center\"} --><\/figure>\n<p class=\"has-text-align-center\">Consultar en ACTEF<\/p>\n<p><!-- \/wp:paragraph --><\/p>\n<\/div>\n<\/div>\n<p><img loading=\"lazy\" decoding=\"async\" width=\"280\" height=\"66\" class=\"wp-image-4715 aligncenter\" src=\"https:\/\/actef.es\/wp-content\/uploads\/2025\/10\/WERQWER.png\" alt=\"\" \/><\/p>\n<hr class=\"wp-block-separator has-text-color has-vivid-cyan-blue-color has-alpha-channel-opacity has-vivid-cyan-blue-background-color has-background is-style-wide\" \/><!-- \/wp:separator --><\/p>\n<p><!-- wp:image {\"id\":2996,\"sizeSlug\":\"full\",\"linkDestination\":\"none\"} --><\/p>\n<figure class=\"wp-block-image size-full\"><img loading=\"lazy\" decoding=\"async\" width=\"970\" height=\"250\" class=\"wp-image-2996\" src=\"https:\/\/actef.es\/wp-content\/uploads\/2024\/09\/ava.png\" alt=\"\" srcset=\"https:\/\/actef.es\/wp-content\/uploads\/2024\/09\/ava.png 970w, https:\/\/actef.es\/wp-content\/uploads\/2024\/09\/ava-300x77.png 300w, https:\/\/actef.es\/wp-content\/uploads\/2024\/09\/ava-768x198.png 768w\" sizes=\"auto, (max-width: 970px) 100vw, 970px\" \/><\/figure>\n<p><!-- \/wp:image --><br \/><!-- wp:separator {\"className\":\"is-style-wide\",\"backgroundColor\":\"vivid-cyan-blue\"} --><\/p>\n<hr class=\"wp-block-separator has-text-color has-vivid-cyan-blue-color has-alpha-channel-opacity has-vivid-cyan-blue-background-color has-background is-style-wide\" \/><!-- \/wp:separator --><!-- wp:paragraph --><\/p>\n<figure class=\"wp-block-image size-full\"><img loading=\"lazy\" decoding=\"async\" width=\"970\" height=\"250\" class=\"wp-image-2664\" src=\"http:\/\/actef.es\/wp-content\/uploads\/2024\/09\/8.png\" alt=\"\" srcset=\"https:\/\/actef.es\/wp-content\/uploads\/2024\/09\/8.png 970w, https:\/\/actef.es\/wp-content\/uploads\/2024\/09\/8-300x77.png 300w, https:\/\/actef.es\/wp-content\/uploads\/2024\/09\/8-768x198.png 768w\" sizes=\"auto, (max-width: 970px) 100vw, 970px\" \/><\/figure>\n<p><!-- \/wp:image --><br \/><!-- wp:image {\"id\":4715,\"sizeSlug\":\"full\",\"linkDestination\":\"none\",\"align\":\"center\"} --><\/p>\n<hr \/>\n<h2 class=\"wp-block-image aligncenter size-full\">PROXIMAS PLAZAS CURSO 2026\/2027<!-- \/wp:image --><!-- wp:image {\"id\":2666,\"sizeSlug\":\"full\",\"linkDestination\":\"none\"} --><\/h2>\n<figure class=\"wp-block-image size-full\"><img loading=\"lazy\" decoding=\"async\" width=\"123\" height=\"45\" class=\"wp-image-2666\" src=\"http:\/\/actef.es\/wp-content\/uploads\/2024\/09\/que-es-2.png\" alt=\"\" \/><\/figure>\n<p><!-- \/wp:image --><\/p>\n<p style=\"text-align: justify;\">El taller se corresponde con una metodolog\u00eda \u00fanica. Al comienzo se desarrollan t\u00e9cnicas de calculo mental para posteriormente realizar una construcci\u00f3n axiom\u00e1tica adaptada. Con la base expuesta se procede a trabajar tem\u00e1ticamente los temas claves de la secundaria, en caso de dudas por parte del alumnado se recurre a la axiom\u00e1tica y a la demostraci\u00f3n matem\u00e1tica. Este desarrollo estructurado de los conocimientos matem\u00e1ticos permite un tr\u00e1nsito divertido y sin las fronteras.\u00a0<\/p>\n<p><!-- wp:paragraph --><\/p>\n<p><!-- \/wp:paragraph --><br \/><!-- wp:image {\"id\":2668,\"sizeSlug\":\"full\",\"linkDestination\":\"none\"} --><\/p>\n<figure class=\"wp-block-image size-full\"><img loading=\"lazy\" decoding=\"async\" width=\"141\" height=\"44\" class=\"wp-image-2668\" src=\"http:\/\/actef.es\/wp-content\/uploads\/2024\/09\/objetivos-2.png\" alt=\"\" \/><\/figure>\n<p><!-- \/wp:image --><\/p>\n<p style=\"text-align: justify;\">Realizar un tratamiento sistem\u00e1tico y completo de la Aritm\u00e9tica elemental, desde el c\u00e1lculo mental hasta un tratamiento algebraico con realizaci\u00f3n de demostraciones, superando el curr\u00edculo tradicional y permitiendo una exploraci\u00f3n amplia y sistem\u00e1tica del \u00c1lgebra y su aplicabilidad en la resoluci\u00f3n de problemas.<\/p>\n<p><!-- wp:paragraph --><\/p>\n<p><!-- \/wp:paragraph --><br \/><!-- wp:image {\"id\":2670,\"sizeSlug\":\"full\",\"linkDestination\":\"none\"} --><\/p>\n<figure class=\"wp-block-image size-full\"><img loading=\"lazy\" decoding=\"async\" width=\"143\" height=\"38\" class=\"wp-image-2670\" src=\"http:\/\/actef.es\/wp-content\/uploads\/2024\/09\/aptitudes.png\" alt=\"\" \/><\/figure>\n<p><!-- \/wp:image --><br \/><!-- wp:list --><\/p>\n<ul class=\"wp-block-list\">\n<li style=\"list-style-type: none;\">\n<ul class=\"wp-block-list\"><!-- wp:list-item --><\/p>\n<li>T\u00e9cnicas de c\u00e1lculo mental.\u00a0<\/li>\n<\/ul>\n<\/li>\n<\/ul>\n<ul class=\"wp-block-list\">\n<li style=\"list-style-type: none;\">\n<ul class=\"wp-block-list\">\n<li>Axiomas de la Aritm\u00e9tica.\u00a0<\/li>\n<\/ul>\n<\/li>\n<\/ul>\n<ul class=\"wp-block-list\">\n<li style=\"list-style-type: none;\">\n<ul class=\"wp-block-list\">\n<li>Demostraciones.\u00a0<\/li>\n<\/ul>\n<\/li>\n<\/ul>\n<ul class=\"wp-block-list\">\n<li style=\"list-style-type: none;\">\n<ul class=\"wp-block-list\">\n<li>Resoluci\u00f3n de ecuaciones.\u00a0<\/li>\n<\/ul>\n<\/li>\n<\/ul>\n<ul class=\"wp-block-list\">\n<li style=\"list-style-type: none;\">\n<ul class=\"wp-block-list\">\n<li>Resoluci\u00f3n de problemas.\u00a0<\/li>\n<\/ul>\n<\/li>\n<\/ul>\n<ul class=\"wp-block-list\">\n<li style=\"list-style-type: none;\">\n<ul class=\"wp-block-list\">\n<li>Profundizaci\u00f3n en otras ramas matem\u00e1ticas a discreci\u00f3n del estudiante.\u00a0<\/li>\n<\/ul>\n<\/li>\n<\/ul>\n<ul class=\"wp-block-list\">\n<li style=\"list-style-type: none;\">\n<ul class=\"wp-block-list\">\n<li>Se presume inter\u00e9s y autonom\u00eda.<\/li>\n<\/ul>\n<\/li>\n<\/ul>\n<p><!-- \/wp:list-item --><\/p>\n<figure class=\"wp-block-image size-full\"><img loading=\"lazy\" decoding=\"async\" width=\"210\" height=\"38\" class=\"wp-image-2672\" src=\"http:\/\/actef.es\/wp-content\/uploads\/2024\/09\/observaciones.png\" alt=\"\" \/><\/figure>\n<p><!-- \/wp:image --><br \/><!-- wp:list --><\/p>\n<ul class=\"wp-block-list\">\n<li style=\"list-style-type: none;\">\n<ul class=\"wp-block-list\"><!-- wp:list-item --><\/p>\n<li><strong>PARA LOS NUEVOS ALUMNOS<\/strong> <strong>SE DEBER\u00c1 REALIZAR UNA PRUEBA DE NIVEL <\/strong> esta prueba es para formalizar grupos acorde a los niveles individuales de cada alumno\/a, nunca para dejar fuera a un alumno de este taller.\u00a0<\/li>\n<\/ul>\n<\/li>\n<\/ul>\n<ul class=\"wp-block-list\">\n<li style=\"list-style-type: none;\">\n<ul class=\"wp-block-list\">\n<li>Se recomienda alumnado con talento Matem\u00e1tico\u00a0<\/li>\n<\/ul>\n<\/li>\n<\/ul>\n<ul class=\"wp-block-list\">\n<li style=\"list-style-type: none;\">\n<ul class=\"wp-block-list\">\n<li>Es necesario un COMPROMISO de pr\u00e1ctica para que todo el alumnado disfrute de la actividad.\u00a0<\/li>\n<\/ul>\n<\/li>\n<\/ul>\n<p><!-- \/wp:list-item --><\/p>\n<div class=\"wp-block-columns\">\n<div class=\"wp-block-column\">\n<figure><\/figure>\n<figure class=\"wp-block-image aligncenter size-full is-resized\"><img loading=\"lazy\" decoding=\"async\" width=\"234\" height=\"44\" class=\"wp-image-2625\" style=\"width: 181px; height: auto;\" src=\"http:\/\/actef.es\/wp-content\/uploads\/2024\/09\/horario.png\" alt=\"\" \/><\/figure>\n<p><!-- \/wp:image --><br \/><!-- wp:paragraph {\"align\":\"center\"} --><\/p>\n<p class=\"has-text-align-center\">Martes \u2013 Online<\/p>\n<\/div>\n<p><!-- wp:column --><\/p>\n<div class=\"wp-block-column\"><!-- wp:image {\"id\":2627,\"width\":\"134px\",\"height\":\"auto\",\"sizeSlug\":\"full\",\"linkDestination\":\"none\",\"align\":\"center\"} --><\/p>\n<figure><\/figure>\n<figure class=\"wp-block-image aligncenter size-full is-resized\"><img loading=\"lazy\" decoding=\"async\" width=\"173\" height=\"44\" class=\"wp-image-2627\" style=\"width: 134px; height: auto;\" src=\"http:\/\/actef.es\/wp-content\/uploads\/2024\/09\/profesional.png\" alt=\"\" \/><\/figure>\n<p><!-- \/wp:image --><br \/><!-- wp:paragraph {\"align\":\"center\"} --><\/p>\n<p class=\"has-text-align-center\">Javier Ruiz G\u00f3mez<\/p>\n<p><!-- \/wp:paragraph --><\/p>\n<\/div>\n<p><!-- \/wp:column --><br \/><!-- wp:column --><\/p>\n<div class=\"wp-block-column\"><!-- wp:image {\"width\":\"63px\",\"height\":\"auto\",\"sizeSlug\":\"large\",\"linkDestination\":\"none\",\"align\":\"center\",\"className\":\"is-style-default\"} --><\/p>\n<figure><\/figure>\n<figure class=\"wp-block-image aligncenter size-large is-resized is-style-default\"><img decoding=\"async\" style=\"width: 63px; height: auto;\" src=\"https:\/\/actef.es\/wp-content\/uploads\/2024\/09\/precio-1-e1734353791450.png\" alt=\"\" \/><\/figure>\n<p><!-- \/wp:image --><br \/><!-- wp:paragraph {\"align\":\"center\"} --><\/p>\n<p class=\"has-text-align-center\">Consultar en ACTEF<\/p>\n<p><!-- \/wp:paragraph --><\/p>\n<\/div>\n<\/div>\n<figure class=\"wp-block-image aligncenter size-full\"><img loading=\"lazy\" decoding=\"async\" width=\"280\" height=\"66\" class=\"wp-image-4715\" src=\"https:\/\/actef.es\/wp-content\/uploads\/2025\/10\/WERQWER.png\" alt=\"\" \/><\/figure>\n<p><iframe loading=\"lazy\" title=\"Taller matematicas Javi Ruiz 1\" width=\"1200\" height=\"675\" src=\"https:\/\/www.youtube.com\/embed\/eGZnPxqrjCM?feature=oembed\" frameborder=\"0\" allow=\"accelerometer; autoplay; clipboard-write; encrypted-media; gyroscope; picture-in-picture; web-share\" referrerpolicy=\"strict-origin-when-cross-origin\" allowfullscreen><\/iframe><\/p>\n<p><!-- \/wp:embed --><\/p>\n<p><!-- wp:image {\"id\":2870,\"sizeSlug\":\"full\",\"linkDestination\":\"none\"} --><\/p>\n<figure class=\"wp-block-image size-full\">\n<hr class=\"wp-block-separator has-text-color has-vivid-cyan-blue-color has-alpha-channel-opacity has-vivid-cyan-blue-background-color has-background is-style-wide\" \/><img loading=\"lazy\" decoding=\"async\" width=\"970\" height=\"250\" class=\"wp-image-2870\" src=\"http:\/\/actef.es\/wp-content\/uploads\/2024\/09\/VERNE-7.png\" alt=\"\" srcset=\"https:\/\/actef.es\/wp-content\/uploads\/2024\/09\/VERNE-7.png 970w, https:\/\/actef.es\/wp-content\/uploads\/2024\/09\/VERNE-7-300x77.png 300w, https:\/\/actef.es\/wp-content\/uploads\/2024\/09\/VERNE-7-768x198.png 768w\" sizes=\"auto, (max-width: 970px) 100vw, 970px\" \/><\/figure>\n<hr class=\"wp-block-separator has-text-color has-vivid-cyan-blue-color has-alpha-channel-opacity has-vivid-cyan-blue-background-color has-background is-style-wide\" \/>\n<p>En colaboraci\u00f3n con:<\/p>\n<p><!-- \/wp:image --><\/p>\n<p><!-- wp:image {\"id\":4493,\"sizeSlug\":\"full\",\"linkDestination\":\"none\"} --><\/p>\n<figure class=\"wp-block-image size-full\"><img loading=\"lazy\" decoding=\"async\" width=\"875\" height=\"151\" class=\"wp-image-4493\" src=\"https:\/\/actef.es\/wp-content\/uploads\/2025\/08\/WhatsApp-Image-2025-08-27-at-10.22.15.jpeg\" alt=\"\" srcset=\"https:\/\/actef.es\/wp-content\/uploads\/2025\/08\/WhatsApp-Image-2025-08-27-at-10.22.15.jpeg 875w, https:\/\/actef.es\/wp-content\/uploads\/2025\/08\/WhatsApp-Image-2025-08-27-at-10.22.15-300x52.jpeg 300w, https:\/\/actef.es\/wp-content\/uploads\/2025\/08\/WhatsApp-Image-2025-08-27-at-10.22.15-768x133.jpeg 768w\" sizes=\"auto, (max-width: 875px) 100vw, 875px\" \/><\/figure>\n<p><!-- \/wp:image --><\/p><style class=\"advgb-styles-renderer\">.wp-block-kadence-advancedheading.kt-adv-heading2602_dc250d-33, .wp-block-kadence-advancedheading.kt-adv-heading2602_dc250d-33[data-kb-block=\"kb-adv-heading2602_dc250d-33\"]{font-style:normal;}.wp-block-kadence-advancedheading.kt-adv-heading2602_dc250d-33 mark.kt-highlight, .wp-block-kadence-advancedheading.kt-adv-heading2602_dc250d-33[data-kb-block=\"kb-adv-heading2602_dc250d-33\"] mark.kt-highlight{font-style:normal;color:#f76a0c;-webkit-box-decoration-break:clone;box-decoration-break:clone;padding-top:0px;padding-right:0px;padding-bottom:0px;padding-left:0px;}.stk-3e671d3 {margin-bottom:0px !important;}<\/style>","protected":false},"excerpt":{"rendered":"<p>Martes de 17.30h a 18.30h Local ACTEF San Antonio Jueves de 17.30h a 18.30h Auditorio de Cas Serres&nbsp; &nbsp;Nerea Fern\u00e1ndez&nbsp; Consultar en ACTEF Facilitar un espacio seguro donde los ni\u00f1os y ni\u00f1as puedan tener un lugar donde identificar sus emociones y aprender a gestionarse de mantera adecuada. Con cuyo objeto, se realizar\u00e1n din\u00e1micas de grupo &#8230; <a title=\"INTENSAMENTE 2: nacidos en 2016-2017\" class=\"read-more\" href=\"https:\/\/actef.es\/web\/intensamente-2-nacidos-en-2016-2017\/\" aria-label=\"Leer m\u00e1s sobre INTENSAMENTE 2: nacidos en 2016-2017\">Leer m\u00e1s<\/a><\/p>\n","protected":false},"author":2,"featured_media":5721,"parent":0,"menu_order":0,"comment_status":"closed","ping_status":"closed","template":"","meta":{"advgb_blocks_editor_width":"","advgb_blocks_columns_visual_guide":"","footnotes":""},"class_list":["post-2602","page","type-page","status-publish","has-post-thumbnail"],"featured_image_urls_v2":{"full":["https:\/\/actef.es\/wp-content\/uploads\/2025\/12\/cast-2.png",1455,375,false],"thumbnail":["https:\/\/actef.es\/wp-content\/uploads\/2025\/12\/cast-2-150x150.png",150,150,true],"medium":["https:\/\/actef.es\/wp-content\/uploads\/2025\/12\/cast-2-300x77.png",300,77,true],"medium_large":["https:\/\/actef.es\/wp-content\/uploads\/2025\/12\/cast-2-768x198.png",768,198,true],"large":["https:\/\/actef.es\/wp-content\/uploads\/2025\/12\/cast-2-1024x264.png",1024,264,true],"1536x1536":["https:\/\/actef.es\/wp-content\/uploads\/2025\/12\/cast-2.png",1455,375,false],"2048x2048":["https:\/\/actef.es\/wp-content\/uploads\/2025\/12\/cast-2.png",1455,375,false]},"post_excerpt_stackable_v2":"<p>Martes de 17.30h a 18.30h Local ACTEF San Antonio Jueves de 17.30h a 18.30h Auditorio de Cas Serres&nbsp; &nbsp;Nerea Fern\u00e1ndez&nbsp; Consultar en ACTEF Facilitar un espacio seguro donde los ni\u00f1os y ni\u00f1as puedan tener un lugar donde identificar sus emociones y aprender a gestionarse de mantera adecuada. Con cuyo objeto, se realizar\u00e1n din\u00e1micas de grupo y juegos, favoreciendo el trabajo en equipo y las relaciones sociales. Por lo tanto, se presenta como un espacio dedicado a la promoci\u00f3n del desarrollo de habilidades tanto intelectuals como emocionales, trabajando de forma \u00f3ptima las habilidades sociales, la comunicaci\u00f3n de las emociones, la tolerancia&hellip;<\/p>\n","category_list_v2":"","author_info_v2":{"name":"Esperanza Marqu\u00e8s","url":"https:\/\/actef.es\/web\/author\/esperanza\/"},"comments_num_v2":"0 comentarios","coauthors":[],"author_meta":{"author_link":"https:\/\/actef.es\/web\/author\/esperanza\/","display_name":"Esperanza Marqu\u00e8s"},"relative_dates":{"created":"Publicado 2 a\u00f1os hace","modified":"Actualizado 2 meses hace"},"absolute_dates":{"created":"Publicado el 13 septiembre 2024","modified":"Actualizado el 9 marzo 2026"},"absolute_dates_time":{"created":"Publicado el 13 septiembre 2024 20:25","modified":"Actualizado el 9 marzo 2026 11:18"},"featured_img_caption":"","featured_img":"https:\/\/actef.es\/wp-content\/uploads\/2025\/12\/cast-2.png","series_order":"","_links":{"self":[{"href":"https:\/\/actef.es\/web\/wp-json\/wp\/v2\/pages\/2602","targetHints":{"allow":["GET"]}}],"collection":[{"href":"https:\/\/actef.es\/web\/wp-json\/wp\/v2\/pages"}],"about":[{"href":"https:\/\/actef.es\/web\/wp-json\/wp\/v2\/types\/page"}],"author":[{"embeddable":true,"href":"https:\/\/actef.es\/web\/wp-json\/wp\/v2\/users\/2"}],"replies":[{"embeddable":true,"href":"https:\/\/actef.es\/web\/wp-json\/wp\/v2\/comments?post=2602"}],"version-history":[{"count":101,"href":"https:\/\/actef.es\/web\/wp-json\/wp\/v2\/pages\/2602\/revisions"}],"predecessor-version":[{"id":6256,"href":"https:\/\/actef.es\/web\/wp-json\/wp\/v2\/pages\/2602\/revisions\/6256"}],"wp:featuredmedia":[{"embeddable":true,"href":"https:\/\/actef.es\/web\/wp-json\/wp\/v2\/media\/5721"}],"wp:attachment":[{"href":"https:\/\/actef.es\/web\/wp-json\/wp\/v2\/media?parent=2602"}],"curies":[{"name":"wp","href":"https:\/\/api.w.org\/{rel}","templated":true}]}}