{"id":2604,"date":"2024-09-13T20:25:54","date_gmt":"2024-09-13T18:25:54","guid":{"rendered":"http:\/\/actef.es\/?page_id=2604"},"modified":"2026-03-09T11:16:48","modified_gmt":"2026-03-09T09:16:48","slug":"intensamente-3-nacidos-en-2014-2015","status":"publish","type":"page","link":"https:\/\/actef.es\/web\/intensamente-3-nacidos-en-2014-2015\/","title":{"rendered":"INTENSAMENTE 3: nacidos en 2014-2015"},"content":{"rendered":"\n<figure class=\"wp-block-image size-large\"><img loading=\"lazy\" decoding=\"async\" width=\"1024\" height=\"576\" src=\"https:\/\/actef.es\/wp-content\/uploads\/2025\/12\/21-1-1024x576.png\" alt=\"\" class=\"wp-image-5779\" srcset=\"https:\/\/actef.es\/wp-content\/uploads\/2025\/12\/21-1-1024x576.png 1024w, https:\/\/actef.es\/wp-content\/uploads\/2025\/12\/21-1-300x169.png 300w, https:\/\/actef.es\/wp-content\/uploads\/2025\/12\/21-1-768x432.png 768w, https:\/\/actef.es\/wp-content\/uploads\/2025\/12\/21-1-1536x864.png 1536w, https:\/\/actef.es\/wp-content\/uploads\/2025\/12\/21-1-2048x1152.png 2048w\" sizes=\"auto, (max-width: 1024px) 100vw, 1024px\" \/><\/figure>\n\n\n\n<figure class=\"wp-block-image size-large\"><img loading=\"lazy\" decoding=\"async\" width=\"1024\" height=\"576\" src=\"https:\/\/actef.es\/wp-content\/uploads\/2025\/12\/Programa-Actividades-2025-2026-30-1024x576.png\" alt=\"\" class=\"wp-image-5474\" srcset=\"https:\/\/actef.es\/wp-content\/uploads\/2025\/12\/Programa-Actividades-2025-2026-30-1024x576.png 1024w, https:\/\/actef.es\/wp-content\/uploads\/2025\/12\/Programa-Actividades-2025-2026-30-300x169.png 300w, https:\/\/actef.es\/wp-content\/uploads\/2025\/12\/Programa-Actividades-2025-2026-30-768x432.png 768w, https:\/\/actef.es\/wp-content\/uploads\/2025\/12\/Programa-Actividades-2025-2026-30-1536x864.png 1536w, https:\/\/actef.es\/wp-content\/uploads\/2025\/12\/Programa-Actividades-2025-2026-30.png 1920w\" sizes=\"auto, (max-width: 1024px) 100vw, 1024px\" \/><\/figure>\n\n\n<div class=\"wp-block-image\">\n<figure class=\"aligncenter size-large is-resized\"><img loading=\"lazy\" decoding=\"async\" width=\"1024\" height=\"1024\" src=\"https:\/\/actef.es\/wp-content\/uploads\/2026\/03\/Cartel-Nerea-1-1024x1024.png\" alt=\"\" class=\"wp-image-6249\" style=\"width:581px;height:auto\" srcset=\"https:\/\/actef.es\/wp-content\/uploads\/2026\/03\/Cartel-Nerea-1-1024x1024.png 1024w, https:\/\/actef.es\/wp-content\/uploads\/2026\/03\/Cartel-Nerea-1-300x300.png 300w, https:\/\/actef.es\/wp-content\/uploads\/2026\/03\/Cartel-Nerea-1-150x150.png 150w, https:\/\/actef.es\/wp-content\/uploads\/2026\/03\/Cartel-Nerea-1-768x768.png 768w, https:\/\/actef.es\/wp-content\/uploads\/2026\/03\/Cartel-Nerea-1-1536x1536.png 1536w, https:\/\/actef.es\/wp-content\/uploads\/2026\/03\/Cartel-Nerea-1.png 1620w\" sizes=\"auto, (max-width: 1024px) 100vw, 1024px\" \/><\/figure>\n<\/div>\n\n\n<hr class=\"wp-block-separator has-text-color has-vivid-cyan-blue-color has-alpha-channel-opacity has-vivid-cyan-blue-background-color has-background is-style-wide\"\/>\n\n\n<div class=\"wp-block-image\">\n<figure class=\"aligncenter size-large\"><img loading=\"lazy\" decoding=\"async\" width=\"1024\" height=\"264\" src=\"https:\/\/actef.es\/wp-content\/uploads\/2025\/08\/2-E-1024x264.png\" alt=\"\" class=\"wp-image-4046\" srcset=\"https:\/\/actef.es\/wp-content\/uploads\/2025\/08\/2-E-1024x264.png 1024w, https:\/\/actef.es\/wp-content\/uploads\/2025\/08\/2-E-300x77.png 300w, https:\/\/actef.es\/wp-content\/uploads\/2025\/08\/2-E-768x198.png 768w, https:\/\/actef.es\/wp-content\/uploads\/2025\/08\/2-E.png 1455w\" sizes=\"auto, (max-width: 1024px) 100vw, 1024px\" \/><\/figure>\n<\/div>\n\n\n<hr class=\"wp-block-separator has-text-color has-vivid-cyan-blue-color has-alpha-channel-opacity has-vivid-cyan-blue-background-color has-background is-style-wide\"\/>\n\n\n\n<div class=\"wp-block-columns is-layout-flex wp-container-core-columns-is-layout-9d6595d7 wp-block-columns-is-layout-flex\">\n<div class=\"wp-block-column is-layout-flow wp-block-column-is-layout-flow\"><div class=\"wp-block-image\">\n<figure class=\"aligncenter size-full is-resized\"><img loading=\"lazy\" decoding=\"async\" width=\"234\" height=\"44\" src=\"http:\/\/actef.es\/wp-content\/uploads\/2024\/09\/horario.png\" alt=\"\" class=\"wp-image-2625\" style=\"width:181px;height:auto\"\/><\/figure>\n<\/div>\n\n\n<p class=\"has-text-align-center\">Martes de 18.30h a 19.20h\nSede ACTEF (San Antonio)<\/p>\n\n\n\n<p class=\"has-text-align-center\">Jueves de 18.30h a 19.20h\nAuditorio de Cas Serres<\/p>\n\n\n\n<p class=\"has-text-align-center\"><\/p>\n<\/div>\n\n\n\n<div class=\"wp-block-column is-layout-flow wp-block-column-is-layout-flow\"><div class=\"wp-block-image\">\n<figure class=\"aligncenter size-full is-resized\"><img loading=\"lazy\" decoding=\"async\" width=\"173\" height=\"44\" src=\"http:\/\/actef.es\/wp-content\/uploads\/2024\/09\/profesional.png\" alt=\"\" class=\"wp-image-2627\" style=\"width:134px;height:auto\"\/><\/figure>\n<\/div>\n\n\n<p class=\"has-text-align-center\">&nbsp;Dirige Nerea Fern\u00e1ndez<\/p>\n<\/div>\n\n\n\n<div class=\"wp-block-column is-layout-flow wp-block-column-is-layout-flow\"><div class=\"wp-block-image is-style-default\">\n<figure class=\"aligncenter size-large is-resized\"><img decoding=\"async\" src=\"https:\/\/actef.es\/wp-content\/uploads\/2024\/09\/precio-1-e1734353791450.png\" alt=\"\" style=\"width:63px;height:auto\"\/><\/figure>\n<\/div>\n\n\n<p class=\"has-text-align-center\">Consultar en ACTEF<\/p>\n<\/div>\n<\/div>\n\n\n\n<figure class=\"wp-block-image size-full\"><img loading=\"lazy\" decoding=\"async\" width=\"123\" height=\"45\" src=\"http:\/\/actef.es\/wp-content\/uploads\/2024\/09\/que-es.png\" alt=\"\" class=\"wp-image-2618\"\/><\/figure>\n\n\n\n<p>Facilitar un espacio seguro donde los ni\u00f1os y ni\u00f1as puedan tener un lugar donde identificar sus emociones y aprender a gestionarse de mantera adecuada. Con cuyo objeto, se realizar\u00e1n din\u00e1micas de grupo y juegos, favoreciendo el trabajo en equipo y las relaciones sociales. Por lo tanto, se presenta como un espacio dedicado a la promoci\u00f3n del desarrollo de habilidades tanto intelectuals como emocionales, trabajando de forma \u00f3ptima las habilidades sociales, la comunicaci\u00f3n de las emociones, la tolerancia a la frustraci\u00f3n, la paciencia, etc. As\u00ed, se pretende responder a las necesidades colectivas que a menudo presentan los j\u00f3venes dotados de ACI y Dobles Excepcionalidades.<\/p>\n\n\n\n<p>A esta actividad se invitar\u00e1 a que ellos sean los protagonistas, tratar de hacer que hablen y se desarrollen hablando de varios temas relacionados con las emociones y su gesti\u00f3n. Tambi\u00e9n es generar\u00e1 un espacio para trabajar otros aspectos personales y sociales como los sentimientos, las emociones y la comunicaci\u00f3n de dificultades, todo esto, gracias a juegos cooperativos y\/o din\u00e1micas de grupo. Por lo tanto, se&nbsp;tractar\u00e1&nbsp;de crear un espacio seguro para garantizar el intercambio de opiniones con respeto,&nbsp;empat\u00eda&nbsp;y asertividad.<\/p>\n\n\n\n<figure class=\"wp-block-image size-full\"><img loading=\"lazy\" decoding=\"async\" width=\"141\" height=\"44\" src=\"http:\/\/actef.es\/wp-content\/uploads\/2024\/09\/objetivos.png\" alt=\"\" class=\"wp-image-2620\"\/><\/figure>\n\n\n\n<ul class=\"wp-block-list\">\n<li>Proporcionar un espacio seguro por los participantes donde puedan desarrollarse con naturalidad. Construyendo un v\u00ednculo de confianza entre el profesional &#8211; alumnado.<\/li>\n\n\n\n<li>Reforzar las habilidades sociales de cada individuo. Dotando de herramientas para la gesti\u00f3n y la comunicaci\u00f3n de las emociones.<\/li>\n\n\n\n<li>Acompa\u00f1ar al alumnado en la identificaci\u00f3n y gesti\u00f3n de las emociones que surjan en las sesiones.&nbsp;<\/li>\n<\/ul>\n\n\n\n<hr class=\"wp-block-separator has-text-color has-vivid-cyan-blue-color has-alpha-channel-opacity has-vivid-cyan-blue-background-color has-background is-style-wide\"\/>\n\n\n<div class=\"wp-block-image\">\n<figure class=\"aligncenter size-full is-resized\"><a href=\"https:\/\/docs.google.com\/forms\/d\/e\/1FAIpQLSckJi74OdEzXVgrNjlJz4AEjnO4kehAQc8ajyO_9as1HdshJQ\/viewform?usp=header\"><img loading=\"lazy\" decoding=\"async\" width=\"970\" height=\"250\" src=\"https:\/\/actef.es\/wp-content\/uploads\/2024\/09\/24.png\" alt=\"\" class=\"wp-image-2710\" style=\"aspect-ratio:3.8801393728222995;width:315px;height:auto\" srcset=\"https:\/\/actef.es\/wp-content\/uploads\/2024\/09\/24.png 970w, https:\/\/actef.es\/wp-content\/uploads\/2024\/09\/24-300x77.png 300w, https:\/\/actef.es\/wp-content\/uploads\/2024\/09\/24-768x198.png 768w\" sizes=\"auto, (max-width: 970px) 100vw, 970px\" \/><\/a><\/figure>\n<\/div>\n\n\n<hr class=\"wp-block-separator has-text-color has-vivid-cyan-blue-color has-alpha-channel-opacity has-vivid-cyan-blue-background-color has-background is-style-wide\"\/>\n\n\n\n<figure class=\"wp-block-image size-full\"><img loading=\"lazy\" decoding=\"async\" width=\"940\" height=\"788\" src=\"https:\/\/actef.es\/wp-content\/uploads\/2026\/02\/Anuncio-talleres.png\" alt=\"\" class=\"wp-image-5902\" srcset=\"https:\/\/actef.es\/wp-content\/uploads\/2026\/02\/Anuncio-talleres.png 940w, https:\/\/actef.es\/wp-content\/uploads\/2026\/02\/Anuncio-talleres-300x251.png 300w, https:\/\/actef.es\/wp-content\/uploads\/2026\/02\/Anuncio-talleres-768x644.png 768w\" sizes=\"auto, (max-width: 940px) 100vw, 940px\" \/><\/figure>\n\n\n\n<div class=\"wp-block-columns is-layout-flex wp-container-core-columns-is-layout-9d6595d7 wp-block-columns-is-layout-flex\">\n<div class=\"wp-block-column is-layout-flow wp-block-column-is-layout-flow\"><div class=\"wp-block-image\">\n<figure class=\"aligncenter size-full is-resized\"><img loading=\"lazy\" decoding=\"async\" width=\"234\" height=\"44\" src=\"http:\/\/actef.es\/wp-content\/uploads\/2024\/09\/horario.png\" alt=\"\" class=\"wp-image-2625\" style=\"width:181px;height:auto\"\/><\/figure>\n<\/div>\n\n\n<p class=\"has-text-align-center\">Grupo 1, lunes de 17:45 a 18:45<\/p>\n\n\n\n<p class=\"has-text-align-center\">Grupo 2, Martes  17:45 a 18:45       (San Antonio)<\/p>\n\n\n\n<p class=\"has-text-align-center\">S\u00e1bados de 10:30 a 11:30h        Guillem de Montgr\u00ed<\/p>\n<\/div>\n\n\n\n<div class=\"wp-block-column is-layout-flow wp-block-column-is-layout-flow\"><div class=\"wp-block-image\">\n<figure class=\"aligncenter size-full is-resized\"><img loading=\"lazy\" decoding=\"async\" width=\"173\" height=\"44\" src=\"http:\/\/actef.es\/wp-content\/uploads\/2024\/09\/profesional.png\" alt=\"\" class=\"wp-image-2627\" style=\"width:134px;height:auto\"\/><\/figure>\n<\/div>\n\n\n<p class=\"has-text-align-center\">&nbsp;Nicol\u00f2 Napol\u00ed<\/p>\n<\/div>\n\n\n\n<div class=\"wp-block-column is-layout-flow wp-block-column-is-layout-flow\"><div class=\"wp-block-image is-style-default\">\n<figure class=\"aligncenter size-large is-resized\"><img decoding=\"async\" src=\"https:\/\/actef.es\/wp-content\/uploads\/2024\/09\/precio-1-e1734353791450.png\" alt=\"\" style=\"width:63px;height:auto\"\/><\/figure>\n<\/div>\n\n\n<p class=\"has-text-align-center\">Consultar en ACTEF<\/p>\n<\/div>\n<\/div>\n\n\n<div class=\"wp-block-image\">\n<figure class=\"aligncenter size-full is-resized\"><a href=\"https:\/\/docs.google.com\/forms\/d\/e\/1FAIpQLSckJi74OdEzXVgrNjlJz4AEjnO4kehAQc8ajyO_9as1HdshJQ\/viewform?usp=header\"><img loading=\"lazy\" decoding=\"async\" width=\"970\" height=\"250\" src=\"http:\/\/actef.es\/wp-content\/uploads\/2024\/09\/24.png\" alt=\"\" class=\"wp-image-2710\" style=\"width:332px;height:auto\" srcset=\"https:\/\/actef.es\/wp-content\/uploads\/2024\/09\/24.png 970w, https:\/\/actef.es\/wp-content\/uploads\/2024\/09\/24-300x77.png 300w, https:\/\/actef.es\/wp-content\/uploads\/2024\/09\/24-768x198.png 768w\" sizes=\"auto, (max-width: 970px) 100vw, 970px\" \/><\/a><\/figure>\n<\/div>\n\n\n<hr class=\"wp-block-separator has-text-color has-vivid-cyan-blue-color has-alpha-channel-opacity has-vivid-cyan-blue-background-color has-background is-style-wide\"\/>\n\n\n<p><!-- \/wp:post-content --><!-- wp:post-content --><!-- wp:gallery {\"columns\":4,\"linkTo\":\"none\"} --><\/p>\n<figure class=\"wp-block-gallery has-nested-images columns-4 is-cropped\"><!-- wp:image {\"id\":3939,\"sizeSlug\":\"large\",\"linkDestination\":\"none\"} \/--><\/p>\n<p><!-- wp:image {\"id\":3941,\"sizeSlug\":\"large\",\"linkDestination\":\"none\"} --><\/p>\n<p><!-- \/wp:image --><\/p>\n<p><!-- wp:image {\"id\":3937,\"sizeSlug\":\"large\",\"linkDestination\":\"none\"} --><\/p>\n<p><!-- \/wp:image --><\/p>\n<p><!-- wp:image {\"id\":3935,\"sizeSlug\":\"large\",\"linkDestination\":\"none\"} --><\/p>\n<p><!-- \/wp:image --><\/p>\n<p><!-- wp:image {\"id\":3933,\"sizeSlug\":\"large\",\"linkDestination\":\"none\"} --><\/p>\n<p><!-- \/wp:image --><\/p>\n<p><!-- wp:image {\"id\":3931,\"sizeSlug\":\"large\",\"linkDestination\":\"none\"} --><\/p>\n<p><!-- \/wp:image --><\/p>\n<p><!-- wp:image {\"id\":3929,\"sizeSlug\":\"large\",\"linkDestination\":\"none\"} --><\/p>\n<p><!-- \/wp:image --><\/p>\n<p><!-- wp:image {\"id\":3927,\"sizeSlug\":\"large\",\"linkDestination\":\"none\"} --><\/p>\n<figure class=\"wp-block-image size-large\"><\/figure>\n<\/figure>\n<p><!-- \/wp:image --><!-- wp:image {\"id\":2865,\"sizeSlug\":\"full\",\"linkDestination\":\"none\"} --><\/p>\n<figure class=\"wp-block-image size-full\"><\/figure>\n<p><!-- \/wp:image --><\/p>\n<p><!-- wp:separator {\"className\":\"is-style-wide\",\"backgroundColor\":\"vivid-cyan-blue\"} --><\/p>\n<p><!-- \/wp:separator --><!-- wp:paragraph --><\/p>\n<p><!-- \/wp:paragraph --><\/p>\n<p><!-- wp:kadence\/image {\"id\":2937,\"imgMaxWidth\":940,\"sizeSlug\":\"full\",\"linkDestination\":\"none\",\"uniqueID\":\"2604_d77977-01\"} --><\/p>\n<figure class=\"wp-block-kadence-image kb-image2604_d77977-01 size-full\">\n<hr \/><img loading=\"lazy\" decoding=\"async\" width=\"970\" height=\"250\" class=\"kb-img wp-image-2937\" src=\"https:\/\/actef.es\/wp-content\/uploads\/2024\/09\/5-2.png\" alt=\"\" srcset=\"https:\/\/actef.es\/wp-content\/uploads\/2024\/09\/5-2.png 970w, https:\/\/actef.es\/wp-content\/uploads\/2024\/09\/5-2-300x77.png 300w, https:\/\/actef.es\/wp-content\/uploads\/2024\/09\/5-2-768x198.png 768w\" sizes=\"auto, (max-width: 970px) 100vw, 970px\" \/><\/figure>\n<p><!-- \/wp:kadence\/image --><\/p>\n<p><!-- wp:image --><\/p>\n<figure id=\"block-353aa2f9-c0b5-488c-ac9a-a00c426d6ba4\" class=\"wp-block-image\">\n<hr \/><img decoding=\"async\" src=\"http:\/\/actef.es\/wp-content\/uploads\/2024\/09\/que-es.png\" alt=\"La imagen tiene un atributo ALT vac\u00edo; su nombre de archivo es que-es.png\" \/><\/figure>\n<p><!-- \/wp:image --><\/p>\n<p><!-- wp:paragraph --><\/p>\n<p>En este taller trabajar\u00e1n las diferentes disciplinas tanto deportivas como recreativas, descubrir\u00e1n el mundo del teatro a trav\u00e9s de actividades l\u00fadicas e improvisaci\u00f3n y, desarrollar\u00e1n capacidades y habilidades motrices mediante el circo. Durante el curso, las primeras sesiones est\u00e1n enfocadas al trabajo en equipo la cohesi\u00f3n grupal. Durante gran parte de la segunda parte del curso se realizan actividades de trabajo bajo presi\u00f3n en equipo y para finalizar el curso se realizan actividades de todas las disciplinas en cada sesi\u00f3n.<\/p>\n<p><!-- \/wp:paragraph --><\/p>\n<p><!-- wp:image --><\/p>\n<figure id=\"block-5d66cf7d-0065-407c-9cff-9b6540250027\" class=\"wp-block-image\"><img decoding=\"async\" src=\"http:\/\/actef.es\/wp-content\/uploads\/2024\/09\/objetivos.png\" alt=\"La imagen tiene un atributo ALT vac\u00edo; su nombre de archivo es objetivos.png\" \/><\/figure>\n<p><!-- \/wp:image --><\/p>\n<p><!-- wp:list --><\/p>\n<ul class=\"wp-block-list\">\n<li style=\"list-style-type: none;\">\n<ul class=\"wp-block-list\"><!-- wp:list-item --><\/p>\n<li>Aprender a interrelacionarse con los compa\u00f1eros, desde una perspectiva creativa y deportiva y saludable.<\/li>\n<\/ul>\n<\/li>\n<\/ul>\n<p><!-- \/wp:list-item --><\/p>\n<p><!-- wp:list-item --><\/p>\n<ul class=\"wp-block-list\">\n<li style=\"list-style-type: none;\">\n<ul class=\"wp-block-list\">\n<li>Fomentar la practica creativo-deportiva a los ni\u00f1os y ni\u00f1as.<\/li>\n<\/ul>\n<\/li>\n<\/ul>\n<p><!-- \/wp:list-item --><\/p>\n<p><!-- wp:list-item --><\/p>\n<ul class=\"wp-block-list\">\n<li style=\"list-style-type: none;\">\n<ul class=\"wp-block-list\">\n<li>Conseguir una expresi\u00f3n creativa a trav\u00e9s de formas dram\u00e1ticas<\/li>\n<\/ul>\n<\/li>\n<\/ul>\n<p><!-- \/wp:list-item --><\/p>\n<p><!-- wp:list-item --><\/p>\n<ul class=\"wp-block-list\">\n<li style=\"list-style-type: none;\">\n<ul class=\"wp-block-list\">\n<li>Fomentar la pertenencia a un grupo<\/li>\n<\/ul>\n<\/li>\n<\/ul>\n<p><!-- \/wp:list-item --><\/p>\n<p><!-- \/wp:list --><\/p>\n<p><!-- wp:separator {\"className\":\"is-style-wide\",\"backgroundColor\":\"vivid-cyan-blue\"} --><\/p>\n<div class=\"wp-block-columns\">\n<div class=\"wp-block-column\">\n<figure class=\"wp-block-image aligncenter size-full is-resized\"><img loading=\"lazy\" decoding=\"async\" width=\"234\" height=\"44\" class=\"wp-image-2625\" style=\"width: 181px; height: auto;\" src=\"http:\/\/actef.es\/wp-content\/uploads\/2024\/09\/horario.png\" alt=\"\" \/><\/figure>\n<p><!-- \/wp:separator --><\/p>\n<p><!-- wp:paragraph {\"align\":\"center\"} --><\/p>\n<p class=\"has-text-align-center\">S\u00e1bados quincenales<br \/>de 11.30h a 13.00h<\/p>\n<p class=\"has-text-align-center\">Colegio Guillem de Montgr\u00ed<\/p>\n<p><!-- \/wp:paragraph --><\/p>\n<p><!-- wp:paragraph {\"align\":\"center\"} --><\/p>\n<p><!-- \/wp:paragraph --><\/p>\n<p><!-- wp:paragraph {\"align\":\"center\"} --><\/p>\n<p><!-- \/wp:paragraph --><\/p>\n<p><!-- wp:paragraph {\"align\":\"center\"} --><\/p>\n<p><!-- \/wp:paragraph --><\/p>\n<p><!-- wp:paragraph {\"align\":\"center\"} --><\/p>\n<p class=\"has-text-align-center\"><strong>Fechas 2026:<\/strong><br \/>10 y 31 de enero<br \/>14 de febrero<br \/>7 y 21 de marzo<br \/>18 de abril<br \/>9 y 23 de mayo<\/p>\n<p><!-- \/wp:paragraph --><\/p>\n<p><!-- wp:paragraph {\"align\":\"center\"} --><\/p>\n<p><!-- \/wp:paragraph --><\/p>\n<p><!-- wp:paragraph {\"align\":\"center\"} --><\/p>\n<p><!-- \/wp:paragraph --><\/p>\n<p><!-- wp:paragraph --><\/p>\n<p><!-- \/wp:paragraph --><\/p>\n<\/div>\n<p><!-- \/wp:gallery --><\/p>\n<p><!-- wp:column --><\/p>\n<div class=\"wp-block-column\"><!-- wp:image {\"id\":2627,\"width\":\"134px\",\"height\":\"auto\",\"sizeSlug\":\"full\",\"linkDestination\":\"none\",\"align\":\"center\"} --><\/p>\n<figure class=\"wp-block-image aligncenter size-full is-resized\"><img loading=\"lazy\" decoding=\"async\" width=\"173\" height=\"44\" class=\"wp-image-2627\" style=\"width: 134px; height: auto;\" src=\"http:\/\/actef.es\/wp-content\/uploads\/2024\/09\/profesional.png\" alt=\"\" \/><\/figure>\n<p><!-- \/wp:image --><\/p>\n<p><!-- wp:paragraph {\"align\":\"center\"} --><\/p>\n<p class=\"has-text-align-center\">\u00a0Oscar S\u00e1nchez<\/p>\n<p><!-- \/wp:paragraph --><\/p>\n<\/div>\n<p><!-- \/wp:column --><\/p>\n<p><!-- wp:column --><\/p>\n<div class=\"wp-block-column\"><!-- wp:image {\"width\":\"63px\",\"height\":\"auto\",\"sizeSlug\":\"large\",\"linkDestination\":\"none\",\"align\":\"center\",\"className\":\"is-style-default\"} --><\/p>\n<figure class=\"wp-block-image aligncenter size-large is-resized is-style-default\"><img decoding=\"async\" style=\"width: 63px; height: auto;\" src=\"https:\/\/actef.es\/wp-content\/uploads\/2024\/09\/precio-1-e1734353791450.png\" alt=\"\" \/><\/figure>\n<p><!-- \/wp:image --><\/p>\n<p><!-- wp:paragraph {\"align\":\"center\"} --><\/p>\n<p class=\"has-text-align-center\">Consultar en ACTEF<\/p>\n<p><!-- \/wp:paragraph --><\/p>\n<\/div>\n<\/div>\n<p><!-- \/wp:column --><\/p>\n<p><!-- wp:paragraph --><\/p>\n<p><!-- \/wp:paragraph --> <!-- wp:image {\"id\":2930,\"sizeSlug\":\"full\",\"linkDestination\":\"none\"} --><\/p>\n<figure class=\"wp-block-image size-full\">\n<hr \/><img loading=\"lazy\" decoding=\"async\" width=\"970\" height=\"250\" class=\"wp-image-2930\" src=\"https:\/\/actef.es\/wp-content\/uploads\/2024\/09\/6.png\" alt=\"\" srcset=\"https:\/\/actef.es\/wp-content\/uploads\/2024\/09\/6.png 970w, https:\/\/actef.es\/wp-content\/uploads\/2024\/09\/6-300x77.png 300w, https:\/\/actef.es\/wp-content\/uploads\/2024\/09\/6-768x198.png 768w\" sizes=\"auto, (max-width: 970px) 100vw, 970px\" \/><\/figure>\n<p><!-- \/wp:image --> <!-- wp:image {\"id\":2618,\"sizeSlug\":\"full\",\"linkDestination\":\"none\"} --><\/p>\n<figure class=\"wp-block-image size-full\">\n<hr \/><img loading=\"lazy\" decoding=\"async\" width=\"123\" height=\"45\" class=\"wp-image-2618\" src=\"http:\/\/actef.es\/wp-content\/uploads\/2024\/09\/que-es.png\" alt=\"\" \/><\/figure>\n<p><!-- \/wp:image --><\/p>\n<p>\u00abEspacio descubre\u00bb Dise\u00f1ado ofrecer variedad para ni\u00f1os y ni\u00f1as que no pueden comprometerse todos los s\u00e1bados,\u00a0 donde se ofertaran tem\u00e1tica diferente presentada por un profesional de la materia. Esta oferta de\u00a0 talleres buscar\u00e1 despertar la curiosidad y el inter\u00e9s de los ni\u00f1os por diversas \u00e1reas del conocimiento y habilidades, proporcionando una experiencia educativa y divertida que fomente su desarrollo integral.<\/p>\n<p>Se ir\u00e1n ofertando a lo largo del curso escolar para poderse inscribir, las actividades podr\u00e1n ser vistas de expertos, talleres, excursiones familiares y m\u00e1s.<\/p>\n<p><!-- wp:image {\"id\":2620,\"sizeSlug\":\"full\",\"linkDestination\":\"none\"} --><\/p>\n<figure class=\"wp-block-image size-full\"><img loading=\"lazy\" decoding=\"async\" width=\"141\" height=\"44\" class=\"wp-image-2620\" src=\"http:\/\/actef.es\/wp-content\/uploads\/2024\/09\/objetivos.png\" alt=\"\" \/><\/figure>\n<p><!-- \/wp:image --> <!-- wp:list --><\/p>\n<ul class=\"wp-block-list\">\n<li style=\"list-style-type: none;\">\n<ul class=\"wp-block-list\"><!-- wp:list-item --><\/p>\n<li>Desarrollar el inter\u00e9s de los ni\u00f1os por aprender sobre temas variados.<\/li>\n<\/ul>\n<\/li>\n<\/ul>\n<p><!-- \/wp:list-item --> <!-- wp:list-item --><\/p>\n<ul class=\"wp-block-list\">\n<li style=\"list-style-type: none;\">\n<ul class=\"wp-block-list\">\n<li>Fomentar la adquisici\u00f3n de nuevas habilidades pr\u00e1cticas y te\u00f3ricas.<\/li>\n<\/ul>\n<\/li>\n<\/ul>\n<p><!-- \/wp:list-item --> <!-- wp:list-item --><\/p>\n<ul class=\"wp-block-list\">\n<li style=\"list-style-type: none;\">\n<ul class=\"wp-block-list\">\n<li>Promover el desarrollo personal, mejorando la confianza y autoestima de los ni\u00f1os.<\/li>\n<\/ul>\n<\/li>\n<\/ul>\n<p><!-- \/wp:list-item --> <!-- wp:list-item --><\/p>\n<ul class=\"wp-block-list\">\n<li style=\"list-style-type: none;\">\n<ul class=\"wp-block-list\">\n<li>Fomentar la interacci\u00f3n social y el trabajo en equipo entre los participantes.<\/li>\n<\/ul>\n<\/li>\n<\/ul>\n<p><!-- \/wp:list-item --> <!-- wp:list-item --><\/p>\n<ul class=\"wp-block-list\">\n<li style=\"list-style-type: none;\">\n<ul class=\"wp-block-list\">\n<li>Ofrecer un ambiente divertido y creativo donde los ni\u00f1os puedan expresarse y explorar libremente.<\/li>\n<\/ul>\n<\/li>\n<\/ul>\n<p><!-- \/wp:list-item --> <!-- wp:list-item --><\/p>\n<ul class=\"wp-block-list\">\n<li style=\"list-style-type: none;\">\n<ul class=\"wp-block-list\">\n<li>Trabajar el factor sorpresa y la adaptabilidad a diferentes situaciones.<\/li>\n<\/ul>\n<\/li>\n<\/ul>\n<p><!-- \/wp:list-item --> <!-- wp:list-item --><\/p>\n<ul class=\"wp-block-list\">\n<li style=\"list-style-type: none;\">\n<ul class=\"wp-block-list\">\n<li>Ofrecer un taller para aquellos\/as ni\u00f1os\/as que est\u00e1n interesados en varias tem\u00e1ticas.<\/li>\n<\/ul>\n<\/li>\n<\/ul>\n<p><!-- \/wp:list-item --> <!-- wp:columns --><\/p>\n<div class=\"wp-block-columns\"><!-- wp:column --><\/p>\n<div class=\"wp-block-column\"><!-- wp:image {\"id\":2625,\"width\":\"181px\",\"height\":\"auto\",\"sizeSlug\":\"full\",\"linkDestination\":\"none\",\"align\":\"center\"} --><\/p>\n<figure class=\"wp-block-image aligncenter size-full is-resized\"><img loading=\"lazy\" decoding=\"async\" width=\"234\" height=\"44\" class=\"wp-image-2625\" src=\"http:\/\/actef.es\/wp-content\/uploads\/2024\/09\/horario.png\" alt=\"\" \/><\/figure>\n<p><!-- \/wp:image --> <!-- wp:paragraph {\"align\":\"center\"} --><\/p>\n<p class=\"has-text-align-center\">S\u00e1bados<br \/>de 11.30h a 13.00h<\/p>\n<p><!-- \/wp:paragraph --> <!-- wp:paragraph {\"align\":\"center\"} --><\/p>\n<p class=\"has-text-align-center\">Colegio Guillem de Montgr\u00ed<\/p>\n<p><!-- \/wp:paragraph --> <!-- wp:paragraph {\"align\":\"center\"} --><\/p>\n<p class=\"has-text-align-center\">Actividades puntuales<\/p>\n<p><!-- \/wp:paragraph --> <!-- wp:paragraph {\"align\":\"center\"} --><\/p>\n<p><!-- \/wp:paragraph --> <!-- wp:paragraph {\"align\":\"center\"} \/--><\/p>\n<\/div>\n<p><!-- \/wp:column --> <!-- wp:column --><\/p>\n<div class=\"wp-block-column\">\n<figure class=\"wp-block-image aligncenter size-full is-resized\"><img loading=\"lazy\" decoding=\"async\" width=\"173\" height=\"44\" class=\"wp-image-2627\" src=\"http:\/\/actef.es\/wp-content\/uploads\/2024\/09\/profesional.png\" alt=\"\" \/><\/figure>\n<p class=\"has-text-align-center\">Cada taller un expert@ diferente<\/p>\n<\/div>\n<p><!-- \/wp:column --> <!-- wp:column --><\/p>\n<div class=\"wp-block-column\"><!-- wp:image {\"width\":\"63px\",\"height\":\"auto\",\"sizeSlug\":\"large\",\"linkDestination\":\"none\",\"align\":\"center\",\"className\":\"is-style-default\"} --><\/p>\n<figure class=\"wp-block-image aligncenter size-large is-resized is-style-default\"><img decoding=\"async\" src=\"https:\/\/actef.es\/wp-content\/uploads\/2024\/09\/precio-1-e1734353791450.png\" alt=\"\" \/><\/figure>\n<p><!-- \/wp:image --> <!-- wp:paragraph {\"align\":\"center\"} --><\/p>\n<p class=\"has-text-align-center\">Consultar en ACTEF<\/p>\n<\/div>\n<\/div>\n<p><!-- \/wp:paragraph --> <!-- wp:image {\"id\":2832,\"sizeSlug\":\"full\",\"linkDestination\":\"none\"} --><\/p>\n<figure class=\"wp-block-image size-full\"><\/figure>\n<p><!-- \/wp:image --><\/p>\n<p><!-- wp:separator {\"className\":\"is-style-wide\",\"backgroundColor\":\"vivid-cyan-blue\"} --><\/p>\n<p><a href=\"https:\/\/docs.google.com\/forms\/d\/e\/1FAIpQLSckJi74OdEzXVgrNjlJz4AEjnO4kehAQc8ajyO_9as1HdshJQ\/viewform?usp=header\"><img loading=\"lazy\" decoding=\"async\" width=\"970\" height=\"250\" class=\"wp-image-2710 aligncenter\" style=\"width: 346px; height: auto;\" src=\"http:\/\/actef.es\/wp-content\/uploads\/2024\/09\/24.png\" alt=\"\" srcset=\"https:\/\/actef.es\/wp-content\/uploads\/2024\/09\/24.png 970w, https:\/\/actef.es\/wp-content\/uploads\/2024\/09\/24-300x77.png 300w, https:\/\/actef.es\/wp-content\/uploads\/2024\/09\/24-768x198.png 768w\" sizes=\"auto, (max-width: 970px) 100vw, 970px\" \/><\/a><\/p>\n<hr class=\"wp-block-separator has-text-color has-vivid-cyan-blue-color has-alpha-channel-opacity has-vivid-cyan-blue-background-color has-background is-style-wide\" \/>\n<p><!-- \/wp:separator --><!-- wp:image {\"id\":2861,\"sizeSlug\":\"full\",\"linkDestination\":\"none\"} --><\/p>\n<figure class=\"wp-block-image size-full\"><img loading=\"lazy\" decoding=\"async\" width=\"970\" height=\"250\" class=\"wp-image-2861\" src=\"http:\/\/actef.es\/wp-content\/uploads\/2024\/09\/VERNE-6.png\" alt=\"\" srcset=\"https:\/\/actef.es\/wp-content\/uploads\/2024\/09\/VERNE-6.png 970w, https:\/\/actef.es\/wp-content\/uploads\/2024\/09\/VERNE-6-300x77.png 300w, https:\/\/actef.es\/wp-content\/uploads\/2024\/09\/VERNE-6-768x198.png 768w\" sizes=\"auto, (max-width: 970px) 100vw, 970px\" \/><\/figure>\n<p><!-- \/wp:image --><\/p>\n<p><!-- wp:separator {\"className\":\"is-style-wide\",\"backgroundColor\":\"vivid-cyan-blue\"} --><\/p>\n<hr class=\"wp-block-separator has-text-color has-vivid-cyan-blue-color has-alpha-channel-opacity has-vivid-cyan-blue-background-color has-background is-style-wide\" \/>\n<p><!-- \/wp:separator --><!-- wp:image {\"id\":3952,\"sizeSlug\":\"full\",\"linkDestination\":\"none\"} --><\/p>\n<figure class=\"wp-block-image size-full\"><img loading=\"lazy\" decoding=\"async\" width=\"970\" height=\"250\" class=\"wp-image-3952\" src=\"https:\/\/actef.es\/wp-content\/uploads\/2025\/08\/122-1.png\" alt=\"\" srcset=\"https:\/\/actef.es\/wp-content\/uploads\/2025\/08\/122-1.png 970w, https:\/\/actef.es\/wp-content\/uploads\/2025\/08\/122-1-300x77.png 300w, https:\/\/actef.es\/wp-content\/uploads\/2025\/08\/122-1-768x198.png 768w\" sizes=\"auto, (max-width: 970px) 100vw, 970px\" \/><\/figure>\n<p><!-- \/wp:image --><\/p>\n<p><!-- wp:paragraph --><\/p>\n<p><!-- \/wp:paragraph --><\/p>\n<p><!-- wp:image {\"id\":2618,\"sizeSlug\":\"full\",\"linkDestination\":\"none\"} --><\/p>\n<figure class=\"wp-block-image size-full\"><img loading=\"lazy\" decoding=\"async\" width=\"123\" height=\"45\" class=\"wp-image-2618\" src=\"http:\/\/actef.es\/wp-content\/uploads\/2024\/09\/que-es.png\" alt=\"\" \/><\/figure>\n<p><!-- \/wp:image --><\/p>\n<p>Cantar es mucho m\u00e1s que una actividad art\u00edstica: es una forma de expresi\u00f3n emocional y una herramienta poderosa para desarrollar habilidades sociales. A trav\u00e9s de las canciones, las personas logran exteriorizar sus sentimientos, conectar con los dem\u00e1s y cuidar de su bienestar f\u00edsico y emocional.<\/p>\n<p>Entre sus m\u00faltiples beneficios, el canto puede mejorar la salud f\u00edsica gracias a una mayor capacidad pulmonar y al fortalecimiento del cuerpo mediante la t\u00e9cnica vocal. Tambi\u00e9n fomenta las relaciones humanas, ya que requiere comunicaci\u00f3n, colaboraci\u00f3n y genera v\u00ednculos afectivos y apoyo social. En el plano emocional y mental, cantar ayuda a reducir el estr\u00e9s, eleva el estado de \u00e1nimo, refuerza la autoestima y la confianza personal.<\/p>\n<p>Adem\u00e1s, el canto contribuye al desarrollo musical, perfeccionando la t\u00e9cnica vocal y favoreciendo una apreciaci\u00f3n m\u00e1s profunda de la m\u00fasica. En definitiva, cantar es una actividad completa que impacta positivamente en todos los aspectos del ser humano: cuerpo, mente y relaciones.<\/p>\n<p><!-- wp:image {\"id\":2620,\"sizeSlug\":\"full\",\"linkDestination\":\"none\"} --><\/p>\n<figure class=\"wp-block-image size-full\"><img loading=\"lazy\" decoding=\"async\" width=\"141\" height=\"44\" class=\"wp-image-2620\" src=\"http:\/\/actef.es\/wp-content\/uploads\/2024\/09\/objetivos.png\" alt=\"\" \/><\/figure>\n<p><!-- \/wp:image --><\/p>\n<p><!-- wp:list --><\/p>\n<ul class=\"wp-block-list\">\n<li style=\"list-style-type: none;\">\n<ul class=\"wp-block-list\"><!-- wp:list-item --><\/p>\n<li><strong>Fomentar la expresi\u00f3n emocional<\/strong>: Facilitar que los participantes canalicen y expresen sus emociones a trav\u00e9s de la m\u00fasica y la interpretaci\u00f3n vocal.<\/li>\n<\/ul>\n<\/li>\n<\/ul>\n<p><!-- \/wp:list-item --><\/p>\n<p><!-- wp:list-item --><\/p>\n<ul class=\"wp-block-list\">\n<li style=\"list-style-type: none;\">\n<ul class=\"wp-block-list\">\n<li><strong>Mejorar las habilidades sociales<\/strong>: Promover la comunicaci\u00f3n, la colaboraci\u00f3n y el trabajo en equipo entre los participantes mediante din\u00e1micas grupales de canto.<\/li>\n<\/ul>\n<\/li>\n<\/ul>\n<p><!-- \/wp:list-item --><\/p>\n<p><!-- wp:list-item --><\/p>\n<ul class=\"wp-block-list\">\n<li style=\"list-style-type: none;\">\n<ul class=\"wp-block-list\">\n<li><strong>Impulsar el bienestar emocional y mental<\/strong>: Utilizar el canto para reducir el estr\u00e9s, fortalecer la autoestima y mejorar el estado de \u00e1nimo general.<\/li>\n<\/ul>\n<\/li>\n<\/ul>\n<p><!-- \/wp:list-item --><\/p>\n<p><!-- wp:list-item --><\/p>\n<ul class=\"wp-block-list\">\n<li style=\"list-style-type: none;\">\n<ul class=\"wp-block-list\">\n<li><strong>Desarrollar capacidades musicales<\/strong>: Potenciar la t\u00e9cnica vocal, el o\u00eddo musical y la apreciaci\u00f3n art\u00edstica en un entorno participativo.<\/li>\n<\/ul>\n<\/li>\n<\/ul>\n<p><!-- \/wp:list-item --><\/p>\n<p><!-- wp:list-item --><\/p>\n<ul class=\"wp-block-list\">\n<li style=\"list-style-type: none;\">\n<ul class=\"wp-block-list\">\n<li><strong>Fortalecer el v\u00ednculo social<\/strong>: Crear espacios de conexi\u00f3n y apoyo mutuo entre los participantes a trav\u00e9s de experiencias compartidas en el canto.<\/li>\n<\/ul>\n<\/li>\n<\/ul>\n<p><!-- \/wp:list-item --><\/p>\n<p><!-- \/wp:list --><\/p>\n<p><!-- wp:separator {\"className\":\"is-style-wide\",\"backgroundColor\":\"vivid-cyan-blue\"} --><\/p>\n<hr class=\"wp-block-separator has-text-color has-vivid-cyan-blue-color has-alpha-channel-opacity has-vivid-cyan-blue-background-color has-background is-style-wide\" \/>\n<p><!-- \/wp:separator --><!-- wp:columns --><\/p>\n<div class=\"wp-block-columns\"><!-- wp:column --><\/p>\n<div class=\"wp-block-column\"><!-- wp:image {\"id\":2625,\"width\":\"181px\",\"height\":\"auto\",\"sizeSlug\":\"full\",\"linkDestination\":\"none\",\"align\":\"center\"} --><\/p>\n<figure class=\"wp-block-image aligncenter size-full is-resized\"><img loading=\"lazy\" decoding=\"async\" width=\"234\" height=\"44\" class=\"wp-image-2625\" style=\"width: 181px; height: auto;\" src=\"http:\/\/actef.es\/wp-content\/uploads\/2024\/09\/horario.png\" alt=\"\" \/><\/figure>\n<p><!-- \/wp:image --><\/p>\n<p><!-- wp:paragraph {\"align\":\"center\"} --><\/p>\n<p class=\"has-text-align-center\">S\u00e1bados quincenales<br \/>de 10.00h a 11.30h<\/p>\n<p><!-- \/wp:paragraph --><\/p>\n<p><!-- wp:paragraph {\"align\":\"center\"} --><\/p>\n<p class=\"has-text-align-center\">Colegio Guillem de Montgr\u00ed<\/p>\n<p><!-- \/wp:paragraph --><\/p>\n<p><!-- wp:paragraph {\"align\":\"center\"} --><\/p>\n<p class=\"has-text-align-center\"><strong>Fechas 2026:<\/strong><br \/>24 de enero<br \/>7 y 21 de febrero<br \/>14 y 28 de marzo<br \/>25 de abril<br \/>16 y 30 de mayo<\/p>\n<p><!-- \/wp:paragraph --><\/p>\n<p><!-- wp:paragraph {\"align\":\"center\"} --><\/p>\n<\/div>\n<div class=\"wp-block-column\"><!-- wp:image {\"id\":2627,\"width\":\"134px\",\"height\":\"auto\",\"sizeSlug\":\"full\",\"linkDestination\":\"none\",\"align\":\"center\"} --><\/p>\n<figure class=\"wp-block-image aligncenter size-full is-resized\"><img loading=\"lazy\" decoding=\"async\" width=\"173\" height=\"44\" class=\"wp-image-2627\" style=\"width: 134px; height: auto;\" src=\"http:\/\/actef.es\/wp-content\/uploads\/2024\/09\/profesional.png\" alt=\"\" \/><\/figure>\n<p><!-- \/wp:image --><\/p>\n<p><!-- wp:paragraph {\"align\":\"center\"} --><\/p>\n<p class=\"has-text-align-center\">Rosa Mar\u00eda Vallejo Climent<\/p>\n<p><!-- \/wp:paragraph --><\/p>\n<\/div>\n<p><!-- \/wp:paragraph --><\/p>\n<p><!-- wp:column --><\/p>\n<div class=\"wp-block-column\"><!-- wp:image {\"width\":\"63px\",\"height\":\"auto\",\"sizeSlug\":\"large\",\"linkDestination\":\"none\",\"align\":\"center\",\"className\":\"is-style-default\"} --><\/p>\n<figure class=\"wp-block-image aligncenter size-large is-resized is-style-default\"><img decoding=\"async\" style=\"width: 63px; height: auto;\" src=\"https:\/\/actef.es\/wp-content\/uploads\/2024\/09\/precio-1-e1734353791450.png\" alt=\"\" \/><\/figure>\n<p><!-- \/wp:image --><\/p>\n<p><!-- wp:paragraph {\"align\":\"center\"} --><\/p>\n<p class=\"has-text-align-center\">Consultar en ACTEF<\/p>\n<p><!-- \/wp:paragraph --><\/p>\n<\/div>\n<p><!-- \/wp:column --><\/p>\n<\/div>\n<p><!-- \/wp:column --><\/p>\n<p><!-- wp:image {\"lightbox\":{\"enabled\":false},\"id\":2710,\"width\":\"346px\",\"height\":\"auto\",\"sizeSlug\":\"full\",\"linkDestination\":\"custom\",\"align\":\"center\"} --><\/p>\n<figure class=\"wp-block-image aligncenter size-full is-resized\"><a href=\"https:\/\/docs.google.com\/forms\/d\/e\/1FAIpQLSckJi74OdEzXVgrNjlJz4AEjnO4kehAQc8ajyO_9as1HdshJQ\/viewform?usp=header\"><img loading=\"lazy\" decoding=\"async\" class=\"alignnone wp-image-2710\" style=\"width: 346px; height: auto;\" src=\"http:\/\/actef.es\/wp-content\/uploads\/2024\/09\/24.png\" alt=\"\" width=\"970\" height=\"250\" srcset=\"https:\/\/actef.es\/wp-content\/uploads\/2024\/09\/24.png 970w, https:\/\/actef.es\/wp-content\/uploads\/2024\/09\/24-300x77.png 300w, https:\/\/actef.es\/wp-content\/uploads\/2024\/09\/24-768x198.png 768w\" sizes=\"auto, (max-width: 970px) 100vw, 970px\" \/><\/a><\/figure>\n<p><!-- \/wp:image --><\/p>\n<p><!-- wp:separator {\"className\":\"is-style-wide\",\"backgroundColor\":\"vivid-cyan-blue\"} --><\/p>\n<hr class=\"wp-block-separator has-text-color has-vivid-cyan-blue-color has-alpha-channel-opacity has-vivid-cyan-blue-background-color has-background is-style-wide\" \/>\n<p><!-- \/wp:separator --><!-- wp:image {\"id\":2658,\"sizeSlug\":\"full\",\"linkDestination\":\"none\"} --><\/p>\n<figure class=\"wp-block-image size-full\"><img loading=\"lazy\" decoding=\"async\" width=\"970\" height=\"250\" class=\"wp-image-2658\" src=\"http:\/\/actef.es\/wp-content\/uploads\/2024\/09\/1.png\" alt=\"\" srcset=\"https:\/\/actef.es\/wp-content\/uploads\/2024\/09\/1.png 970w, https:\/\/actef.es\/wp-content\/uploads\/2024\/09\/1-300x77.png 300w, https:\/\/actef.es\/wp-content\/uploads\/2024\/09\/1-768x198.png 768w\" sizes=\"auto, (max-width: 970px) 100vw, 970px\" \/><\/figure>\n<p><!-- \/wp:image --><\/p>\n<p><!-- wp:image {\"id\":4715,\"sizeSlug\":\"full\",\"linkDestination\":\"none\",\"align\":\"center\"} --><\/p>\n<figure class=\"wp-block-image aligncenter size-full\"><img loading=\"lazy\" decoding=\"async\" width=\"280\" height=\"66\" class=\"wp-image-4715\" src=\"https:\/\/actef.es\/wp-content\/uploads\/2025\/10\/WERQWER.png\" alt=\"\" \/><\/figure>\n<p><!-- \/wp:image --><\/p>\n<p><!-- wp:image {\"id\":2660,\"sizeSlug\":\"full\",\"linkDestination\":\"none\"} --><\/p>\n<figure class=\"wp-block-image size-full\"><img loading=\"lazy\" decoding=\"async\" width=\"123\" height=\"45\" class=\"wp-image-2660\" src=\"http:\/\/actef.es\/wp-content\/uploads\/2024\/09\/que-es-1.png\" alt=\"\" \/><\/figure>\n<p><!-- \/wp:image --><\/p>\n<p style=\"text-align: justify;\">Este taller est\u00e1 dise\u00f1ado con el objetivo de introducirlos al fascinante universo de la ciencia, la tecnolog\u00eda, la ingenier\u00eda y las matem\u00e1ticas (STEM) a trav\u00e9s de la creaci\u00f3n y programaci\u00f3n de robots.<\/p>\n<p style=\"text-align: justify;\">Durante el taller, los ni\u00f1os aprender\u00e1n conceptos b\u00e1sicos de rob\u00f3tica, como la mec\u00e1nica, la electr\u00f3nica y la programaci\u00f3n, de una manera divertida e interactiva. Utilizando kits de rob\u00f3tica especialmente dise\u00f1ados para su edad, construir\u00e1n robots que pueden moverse, responder a est\u00edmulos y realizar tareas sencillas. Adem\u00e1s, a trav\u00e9s de actividades pr\u00e1cticas y desaf\u00edos colaborativos, los ni\u00f1os desarrollar\u00e1n habilidades esenciales como el trabajo en equipo, la resoluci\u00f3n de problemas y el pensamiento cr\u00edtico.<\/p>\n<p style=\"text-align: justify;\">El taller no requiere experiencia previa en rob\u00f3tica o programaci\u00f3n, ya que est\u00e1 pensado para adaptarse al nivel de conocimiento de cada participante. Con el apoyo de instructores capacitados y materiales did\u00e1cticos atractivos, los ni\u00f1os descubrir\u00e1n c\u00f3mo sus ideas pueden tomar vida en forma de robots funcionales.<\/p>\n<p style=\"text-align: justify;\">\u00a1\u00danete a nosotros en este taller de rob\u00f3tica educativa y descubre c\u00f3mo la ciencia y la diversi\u00f3n pueden ir de la mano!<\/p>\n<p><!-- wp:paragraph --><\/p>\n<p><!-- \/wp:paragraph --><\/p>\n<p><!-- wp:paragraph --><\/p>\n<p><!-- \/wp:paragraph --><\/p>\n<p><!-- wp:image {\"id\":2662,\"sizeSlug\":\"full\",\"linkDestination\":\"none\"} --><\/p>\n<figure class=\"wp-block-image size-full\"><img loading=\"lazy\" decoding=\"async\" width=\"141\" height=\"44\" class=\"wp-image-2662\" src=\"http:\/\/actef.es\/wp-content\/uploads\/2024\/09\/objetivos-1.png\" alt=\"\" \/><\/figure>\n<p><!-- \/wp:image --><\/p>\n<p><!-- wp:list --><\/p>\n<ul class=\"wp-block-list\">\n<li style=\"list-style-type: none;\">\n<ul class=\"wp-block-list\"><!-- wp:list-item --><\/p>\n<li>Fomentar el inter\u00e9s por la tecnolog\u00eda y la ciencia<\/li>\n<\/ul>\n<\/li>\n<\/ul>\n<p><!-- \/wp:list-item --><\/p>\n<p><!-- wp:list-item --><\/p>\n<ul class=\"wp-block-list\">\n<li style=\"list-style-type: none;\">\n<ul class=\"wp-block-list\">\n<li>Desarrollar habilidades de resoluci\u00f3n de problemas<\/li>\n<\/ul>\n<\/li>\n<\/ul>\n<p><!-- \/wp:list-item --><\/p>\n<p><!-- wp:list-item --><\/p>\n<ul class=\"wp-block-list\">\n<li style=\"list-style-type: none;\">\n<ul class=\"wp-block-list\">\n<li>Promover el trabajo en equipo y la colaboraci\u00f3n<\/li>\n<\/ul>\n<\/li>\n<\/ul>\n<p><!-- \/wp:list-item --><\/p>\n<p><!-- wp:list-item --><\/p>\n<ul class=\"wp-block-list\">\n<li style=\"list-style-type: none;\">\n<ul class=\"wp-block-list\">\n<li>Estimular la creatividad e innovaci\u00f3n<\/li>\n<\/ul>\n<\/li>\n<\/ul>\n<p><!-- \/wp:list-item --><\/p>\n<p><!-- wp:list-item --><\/p>\n<ul class=\"wp-block-list\">\n<li style=\"list-style-type: none;\">\n<ul class=\"wp-block-list\">\n<li>Introducir conceptos b\u00e1sicos de programaci\u00f3n y electr\u00f3nica<\/li>\n<\/ul>\n<\/li>\n<\/ul>\n<p><!-- \/wp:list-item --><\/p>\n<p><!-- wp:list-item --><\/p>\n<ul class=\"wp-block-list\">\n<li style=\"list-style-type: none;\">\n<ul class=\"wp-block-list\">\n<li>Desarrollar la perseverancia y la resiliencia<\/li>\n<\/ul>\n<\/li>\n<\/ul>\n<p><!-- \/wp:list-item --><\/p>\n<p><!-- wp:list-item --><\/p>\n<ul class=\"wp-block-list\">\n<li style=\"list-style-type: none;\">\n<ul class=\"wp-block-list\">\n<li>Mejorar la coordinaci\u00f3n y habilidades motoras<\/li>\n<\/ul>\n<\/li>\n<\/ul>\n<p><!-- \/wp:list-item --><\/p>\n<p><!-- wp:list-item --><\/p>\n<ul class=\"wp-block-list\">\n<li style=\"list-style-type: none;\">\n<ul class=\"wp-block-list\">\n<li>Introducir el concepto de \u00e9tica y responsabilidad en la tecnolog\u00eda<\/li>\n<\/ul>\n<\/li>\n<\/ul>\n<p><!-- \/wp:list-item --><\/p>\n<p><!-- \/wp:list --><\/p>\n<p><!-- wp:paragraph --><\/p>\n<p><!-- \/wp:paragraph --><\/p>\n<p><!-- wp:separator {\"className\":\"is-style-wide\",\"backgroundColor\":\"vivid-cyan-blue\"} --><\/p>\n<hr class=\"wp-block-separator has-text-color has-vivid-cyan-blue-color has-alpha-channel-opacity has-vivid-cyan-blue-background-color has-background is-style-wide\" \/>\n<p><!-- \/wp:separator --><!-- wp:columns --><\/p>\n<div class=\"wp-block-columns\"><!-- wp:column --><\/p>\n<div class=\"wp-block-column\"><!-- wp:image {\"id\":2625,\"width\":\"181px\",\"height\":\"auto\",\"sizeSlug\":\"full\",\"linkDestination\":\"none\",\"align\":\"center\"} --><\/p>\n<figure class=\"wp-block-image aligncenter size-full is-resized\"><img loading=\"lazy\" decoding=\"async\" width=\"234\" height=\"44\" class=\"wp-image-2625\" style=\"width: 181px; height: auto;\" src=\"http:\/\/actef.es\/wp-content\/uploads\/2024\/09\/horario.png\" alt=\"\" \/><\/figure>\n<p><!-- \/wp:image --><\/p>\n<p><!-- wp:paragraph {\"align\":\"center\"} --><\/p>\n<p class=\"has-text-align-center\">S\u00e1bados, de 11:30 a 13h.<br \/>Sede ACTEF (San Antonio)<\/p>\n<p><!-- \/wp:paragraph --><\/p>\n<\/div>\n<p><!-- \/wp:column --><\/p>\n<p><!-- wp:column --><\/p>\n<div class=\"wp-block-column\"><!-- wp:image {\"id\":2627,\"width\":\"134px\",\"height\":\"auto\",\"sizeSlug\":\"full\",\"linkDestination\":\"none\",\"align\":\"center\"} --><\/p>\n<figure class=\"wp-block-image aligncenter size-full is-resized\"><img loading=\"lazy\" decoding=\"async\" width=\"173\" height=\"44\" class=\"wp-image-2627\" style=\"width: 134px; height: auto;\" src=\"http:\/\/actef.es\/wp-content\/uploads\/2024\/09\/profesional.png\" alt=\"\" \/><\/figure>\n<p><!-- \/wp:image --><\/p>\n<p><!-- wp:paragraph {\"align\":\"center\"} --><\/p>\n<p class=\"has-text-align-center\">Juanjo Moreno<\/p>\n<p><!-- \/wp:paragraph --><\/p>\n<\/div>\n<p><!-- \/wp:column --><\/p>\n<p><!-- wp:column --><\/p>\n<div class=\"wp-block-column\"><!-- wp:image {\"width\":\"63px\",\"height\":\"auto\",\"sizeSlug\":\"large\",\"linkDestination\":\"none\",\"align\":\"center\",\"className\":\"is-style-default\"} --><\/p>\n<figure class=\"wp-block-image aligncenter size-large is-resized is-style-default\"><img decoding=\"async\" style=\"width: 63px; height: auto;\" src=\"https:\/\/actef.es\/wp-content\/uploads\/2024\/09\/precio-1-e1734353791450.png\" alt=\"\" \/><\/figure>\n<p><!-- \/wp:image --><\/p>\n<p><!-- wp:paragraph {\"align\":\"center\"} --><\/p>\n<p class=\"has-text-align-center\">Consultar en ACTEF<\/p>\n<p><!-- \/wp:paragraph --><\/p>\n<\/div>\n<p><!-- \/wp:column --><\/p>\n<\/div>\n<p><!-- \/wp:columns --><\/p>\n<p><!-- wp:image {\"id\":4715,\"sizeSlug\":\"full\",\"linkDestination\":\"none\",\"align\":\"center\"} --><\/p>\n<figure class=\"wp-block-image aligncenter size-full\"><img loading=\"lazy\" decoding=\"async\" width=\"280\" height=\"66\" class=\"wp-image-4715\" src=\"https:\/\/actef.es\/wp-content\/uploads\/2025\/10\/WERQWER.png\" alt=\"\" \/><\/figure>\n<p><!-- \/wp:image --><\/p>\n<p><!-- wp:separator {\"className\":\"is-style-wide\",\"backgroundColor\":\"vivid-cyan-blue\"} --><\/p>\n<hr class=\"wp-block-separator has-text-color has-vivid-cyan-blue-color has-alpha-channel-opacity has-vivid-cyan-blue-background-color has-background is-style-wide\" \/>\n<p><!-- \/wp:separator --><!-- wp:image {\"id\":2999,\"sizeSlug\":\"full\",\"linkDestination\":\"none\"} --><\/p>\n<figure class=\"wp-block-image size-full\"><img loading=\"lazy\" decoding=\"async\" width=\"970\" height=\"250\" class=\"wp-image-2999\" src=\"https:\/\/actef.es\/wp-content\/uploads\/2024\/09\/ava-1.png\" alt=\"\" srcset=\"https:\/\/actef.es\/wp-content\/uploads\/2024\/09\/ava-1.png 970w, https:\/\/actef.es\/wp-content\/uploads\/2024\/09\/ava-1-300x77.png 300w, https:\/\/actef.es\/wp-content\/uploads\/2024\/09\/ava-1-768x198.png 768w\" sizes=\"auto, (max-width: 970px) 100vw, 970px\" \/><\/figure>\n<p><!-- \/wp:image --><\/p>\n<p><!-- wp:separator {\"className\":\"is-style-wide\",\"backgroundColor\":\"vivid-cyan-blue\"} --><\/p>\n<hr class=\"wp-block-separator has-text-color has-vivid-cyan-blue-color has-alpha-channel-opacity has-vivid-cyan-blue-background-color has-background is-style-wide\" \/>\n<p><!-- \/wp:separator --><!-- wp:paragraph --><\/p>\n<p><!-- \/wp:paragraph --><\/p>\n<p><!-- wp:image {\"id\":2664,\"sizeSlug\":\"full\",\"linkDestination\":\"none\"} --><\/p>\n<figure class=\"wp-block-image size-full\"><img loading=\"lazy\" decoding=\"async\" width=\"970\" height=\"250\" class=\"wp-image-2664\" src=\"http:\/\/actef.es\/wp-content\/uploads\/2024\/09\/8.png\" alt=\"\" srcset=\"https:\/\/actef.es\/wp-content\/uploads\/2024\/09\/8.png 970w, https:\/\/actef.es\/wp-content\/uploads\/2024\/09\/8-300x77.png 300w, https:\/\/actef.es\/wp-content\/uploads\/2024\/09\/8-768x198.png 768w\" sizes=\"auto, (max-width: 970px) 100vw, 970px\" \/><\/figure>\n<p><!-- \/wp:image --><\/p>\n<p><!-- wp:image {\"id\":4715,\"sizeSlug\":\"full\",\"linkDestination\":\"none\",\"align\":\"center\"} --><\/p>\n<h1 class=\"wp-block-image aligncenter size-full\">Sin plazas hasta el curso 2026\/2027<\/h1>\n<p><!-- \/wp:image --><\/p>\n<p><!-- wp:image {\"id\":2666,\"sizeSlug\":\"full\",\"linkDestination\":\"none\"} --><\/p>\n<figure class=\"wp-block-image size-full\"><img loading=\"lazy\" decoding=\"async\" width=\"123\" height=\"45\" class=\"wp-image-2666\" src=\"http:\/\/actef.es\/wp-content\/uploads\/2024\/09\/que-es-2.png\" alt=\"\" \/><\/figure>\n<p><!-- \/wp:image --><\/p>\n<p style=\"text-align: justify;\">El taller se corresponde con una metodolog\u00eda \u00fanica. Al comienzo se desarrollan t\u00e9cnicas de calculo mental para posteriormente realizar una construcci\u00f3n axiom\u00e1tica adaptada. Con la base expuesta se procede a trabajar tem\u00e1ticamente los temas claves de la secundaria, en caso de dudas por parte del alumnado se recurre a la axiom\u00e1tica y a la demostraci\u00f3n matem\u00e1tica. Este desarrollo estructurado de los conocimientos matem\u00e1ticos permite un tr\u00e1nsito divertido y sin las fronteras.<\/p>\n<p><!-- wp:paragraph --><\/p>\n<p><!-- \/wp:paragraph --><\/p>\n<p><!-- wp:paragraph --><\/p>\n<p><!-- \/wp:paragraph --><\/p>\n<p><!-- wp:image {\"id\":2668,\"sizeSlug\":\"full\",\"linkDestination\":\"none\"} --><\/p>\n<figure class=\"wp-block-image size-full\"><img loading=\"lazy\" decoding=\"async\" width=\"141\" height=\"44\" class=\"wp-image-2668\" src=\"http:\/\/actef.es\/wp-content\/uploads\/2024\/09\/objetivos-2.png\" alt=\"\" \/><\/figure>\n<p><!-- \/wp:image --><\/p>\n<p style=\"text-align: justify;\">Realizar un tratamiento sistem\u00e1tico y completo de la Aritm\u00e9tica elemental, desde el c\u00e1lculo mental hasta un tratamiento algebraico con realizaci\u00f3n de demostraciones, superando el curr\u00edculo tradicional y permitiendo una exploraci\u00f3n amplia y sistem\u00e1tica del \u00c1lgebra y su aplicabilidad en la resoluci\u00f3n de problemas.<\/p>\n<p><!-- wp:paragraph --><\/p>\n<p><!-- \/wp:paragraph --><\/p>\n<p><!-- wp:paragraph --><\/p>\n<p><!-- \/wp:paragraph --><\/p>\n<p><!-- wp:image {\"id\":2670,\"sizeSlug\":\"full\",\"linkDestination\":\"none\"} --><\/p>\n<figure class=\"wp-block-image size-full\"><img loading=\"lazy\" decoding=\"async\" width=\"143\" height=\"38\" class=\"wp-image-2670\" src=\"http:\/\/actef.es\/wp-content\/uploads\/2024\/09\/aptitudes.png\" alt=\"\" \/><\/figure>\n<p><!-- \/wp:image --><\/p>\n<p><!-- wp:list --><\/p>\n<ul class=\"wp-block-list\">\n<li style=\"list-style-type: none;\">\n<ul class=\"wp-block-list\"><!-- wp:list-item --><\/p>\n<li>T\u00e9cnicas de c\u00e1lculo mental.<\/li>\n<\/ul>\n<\/li>\n<\/ul>\n<p><!-- \/wp:list-item --><\/p>\n<p><!-- wp:list-item --><\/p>\n<ul class=\"wp-block-list\">\n<li style=\"list-style-type: none;\">\n<ul class=\"wp-block-list\">\n<li>Axiomas de la Aritm\u00e9tica.<\/li>\n<\/ul>\n<\/li>\n<\/ul>\n<p><!-- \/wp:list-item --><\/p>\n<p><!-- wp:list-item --><\/p>\n<ul class=\"wp-block-list\">\n<li style=\"list-style-type: none;\">\n<ul class=\"wp-block-list\">\n<li>Demostraciones.<\/li>\n<\/ul>\n<\/li>\n<\/ul>\n<p><!-- \/wp:list-item --><\/p>\n<p><!-- wp:list-item --><\/p>\n<ul class=\"wp-block-list\">\n<li style=\"list-style-type: none;\">\n<ul class=\"wp-block-list\">\n<li>Resoluci\u00f3n de ecuaciones.<\/li>\n<\/ul>\n<\/li>\n<\/ul>\n<p><!-- \/wp:list-item --><\/p>\n<p><!-- wp:list-item --><\/p>\n<ul class=\"wp-block-list\">\n<li style=\"list-style-type: none;\">\n<ul class=\"wp-block-list\">\n<li>Resoluci\u00f3n de problemas.<\/li>\n<\/ul>\n<\/li>\n<\/ul>\n<p><!-- \/wp:list-item --><\/p>\n<p><!-- wp:list-item --><\/p>\n<ul class=\"wp-block-list\">\n<li style=\"list-style-type: none;\">\n<ul class=\"wp-block-list\">\n<li>Profundizaci\u00f3n en otras ramas matem\u00e1ticas a discreci\u00f3n del estudiante.<\/li>\n<\/ul>\n<\/li>\n<\/ul>\n<p><!-- \/wp:list-item --><\/p>\n<p><!-- wp:list-item --><\/p>\n<ul class=\"wp-block-list\">\n<li style=\"list-style-type: none;\">\n<ul class=\"wp-block-list\">\n<li>Se presume inter\u00e9s y autonom\u00eda.<\/li>\n<\/ul>\n<\/li>\n<\/ul>\n<p><!-- \/wp:list-item --><\/p>\n<p><!-- \/wp:list --><\/p>\n<p><!-- wp:paragraph --><\/p>\n<p><!-- \/wp:paragraph --><\/p>\n<p><!-- wp:paragraph --><\/p>\n<p><!-- \/wp:paragraph --><\/p>\n<p><!-- wp:image {\"id\":2672,\"sizeSlug\":\"full\",\"linkDestination\":\"none\"} --><\/p>\n<figure class=\"wp-block-image size-full\"><img loading=\"lazy\" decoding=\"async\" width=\"210\" height=\"38\" class=\"wp-image-2672\" src=\"http:\/\/actef.es\/wp-content\/uploads\/2024\/09\/observaciones.png\" alt=\"\" \/><\/figure>\n<p><!-- \/wp:image --><\/p>\n<p><!-- wp:list --><\/p>\n<ul class=\"wp-block-list\">\n<li style=\"list-style-type: none;\">\n<ul class=\"wp-block-list\"><!-- wp:list-item --><\/p>\n<li><strong>PARA LOS NUEVOS ALUMNOS<\/strong> <strong>SE DEBER\u00c1 REALIZAR UNA PRUEBA DE NIVEL <\/strong> esta prueba es para formalizar grupos acorde a los niveles individuales de cada alumno\/a, nunca para dejar fuera a un alumno de este taller.<\/li>\n<\/ul>\n<\/li>\n<\/ul>\n<p><!-- \/wp:list-item --><\/p>\n<p><!-- wp:list-item --><\/p>\n<ul class=\"wp-block-list\">\n<li style=\"list-style-type: none;\">\n<ul class=\"wp-block-list\">\n<li>Se recomienda alumnado con talento Matem\u00e1tico<\/li>\n<\/ul>\n<\/li>\n<\/ul>\n<p><!-- \/wp:list-item --><\/p>\n<p><!-- wp:list-item --><\/p>\n<ul class=\"wp-block-list\">\n<li style=\"list-style-type: none;\">\n<ul class=\"wp-block-list\">\n<li>Es necesario un COMPROMISO de pr\u00e1ctica para que todo el alumnado disfrute de la actividad.<\/li>\n<\/ul>\n<\/li>\n<\/ul>\n<p><!-- \/wp:list-item --><\/p>\n<p><!-- \/wp:list --><\/p>\n<p><!-- wp:paragraph --><\/p>\n<p><!-- \/wp:paragraph --><\/p>\n<p><!-- wp:paragraph --><\/p>\n<p><!-- \/wp:paragraph --><\/p>\n<p><!-- wp:separator {\"className\":\"is-style-wide\",\"backgroundColor\":\"vivid-cyan-blue\"} --><\/p>\n<p><!-- \/wp:separator --><!-- wp:columns --><\/p>\n<div class=\"wp-block-columns\"><!-- wp:column --><\/p>\n<div class=\"wp-block-column\"><!-- wp:image {\"id\":2625,\"width\":\"181px\",\"height\":\"auto\",\"sizeSlug\":\"full\",\"linkDestination\":\"none\",\"align\":\"center\"} --><\/p>\n<figure class=\"wp-block-image aligncenter size-full is-resized\"><img loading=\"lazy\" decoding=\"async\" width=\"234\" height=\"44\" class=\"wp-image-2625\" style=\"width: 181px; height: auto;\" src=\"http:\/\/actef.es\/wp-content\/uploads\/2024\/09\/horario.png\" alt=\"\" \/><\/figure>\n<p><!-- \/wp:image --><\/p>\n<p><!-- wp:paragraph {\"align\":\"center\"} --><\/p>\n<p class=\"has-text-align-center\">Martes \u2013 Online<\/p>\n<p><!-- \/wp:paragraph --><\/p>\n<\/div>\n<p><!-- \/wp:column --><\/p>\n<p><!-- wp:column --><\/p>\n<div class=\"wp-block-column\"><!-- wp:image {\"id\":2627,\"width\":\"134px\",\"height\":\"auto\",\"sizeSlug\":\"full\",\"linkDestination\":\"none\",\"align\":\"center\"} --><\/p>\n<figure class=\"wp-block-image aligncenter size-full is-resized\"><img loading=\"lazy\" decoding=\"async\" width=\"173\" height=\"44\" class=\"wp-image-2627\" style=\"width: 134px; height: auto;\" src=\"http:\/\/actef.es\/wp-content\/uploads\/2024\/09\/profesional.png\" alt=\"\" \/><\/figure>\n<p><!-- \/wp:image --><\/p>\n<p><!-- wp:paragraph {\"align\":\"center\"} --><\/p>\n<p class=\"has-text-align-center\">Javier Ruiz G\u00f3mez<\/p>\n<p><!-- \/wp:paragraph --><\/p>\n<\/div>\n<p><!-- \/wp:column --><\/p>\n<p><!-- wp:column --><\/p>\n<div class=\"wp-block-column\"><!-- wp:image {\"width\":\"63px\",\"height\":\"auto\",\"sizeSlug\":\"large\",\"linkDestination\":\"none\",\"align\":\"center\",\"className\":\"is-style-default\"} --><\/p>\n<figure class=\"wp-block-image aligncenter size-large is-resized is-style-default\"><img decoding=\"async\" style=\"width: 63px; height: auto;\" src=\"https:\/\/actef.es\/wp-content\/uploads\/2024\/09\/precio-1-e1734353791450.png\" alt=\"\" \/><\/figure>\n<p><!-- \/wp:image --><\/p>\n<p><!-- wp:paragraph {\"align\":\"center\"} --><\/p>\n<p class=\"has-text-align-center\">Consultar en ACTEF<\/p>\n<p><!-- \/wp:paragraph --><\/p>\n<\/div>\n<\/div>\n<p><!-- \/wp:column --><!-- wp:paragraph --><\/p>\n<p><!-- \/wp:paragraph --><!-- \/wp:columns --><!-- \/wp:columns --><!-- \/wp:column --><!-- \/wp:columns --><\/p>\n<p><!-- wp:image {\"lightbox\":{\"enabled\":false},\"id\":4715,\"sizeSlug\":\"full\",\"linkDestination\":\"custom\",\"align\":\"center\"} --><\/p>\n<figure class=\"wp-block-image aligncenter size-full\"><a href=\"https:\/\/docs.google.com\/forms\/d\/e\/1FAIpQLSckJi74OdEzXVgrNjlJz4AEjnO4kehAQc8ajyO_9as1HdshJQ\/viewform?usp=header\"><img loading=\"lazy\" decoding=\"async\" width=\"280\" height=\"66\" class=\"wp-image-4715\" src=\"https:\/\/actef.es\/wp-content\/uploads\/2025\/10\/WERQWER.png\" alt=\"\" \/><\/a><\/figure>\n<p><!-- \/wp:image --><\/p>\n<p><!-- wp:separator {\"className\":\"is-style-wide\",\"backgroundColor\":\"vivid-cyan-blue\"} --><\/p>\n<hr class=\"wp-block-separator has-text-color has-vivid-cyan-blue-color has-alpha-channel-opacity has-vivid-cyan-blue-background-color has-background is-style-wide\" \/><!-- \/wp:separator --><\/p>\n<p><!-- wp:embed {\"url\":\"https:\/\/youtu.be\/eGZnPxqrjCM\",\"type\":\"video\",\"providerNameSlug\":\"youtube\",\"responsive\":true,\"className\":\"wp-embed-aspect-16-9 wp-has-aspect-ratio\"} --><\/p>\n<figure class=\"wp-block-embed is-type-video is-provider-youtube wp-block-embed-youtube wp-embed-aspect-16-9 wp-has-aspect-ratio\">\n<div class=\"wp-block-embed__wrapper\">https:\/\/youtu.be\/eGZnPxqrjCM<\/div>\n<\/figure>\n<p><!-- \/wp:embed --><\/p>\n<p><!-- wp:separator {\"className\":\"is-style-wide\",\"backgroundColor\":\"vivid-cyan-blue\"} --><\/p>\n<hr class=\"wp-block-separator has-text-color has-vivid-cyan-blue-color has-alpha-channel-opacity has-vivid-cyan-blue-background-color has-background is-style-wide\" \/><!-- \/wp:separator --><\/p>\n<p><!-- wp:image {\"id\":2870,\"sizeSlug\":\"full\",\"linkDestination\":\"none\"} --><\/p>\n<figure class=\"wp-block-image size-full\"><img loading=\"lazy\" decoding=\"async\" width=\"970\" height=\"250\" class=\"wp-image-2870\" src=\"http:\/\/actef.es\/wp-content\/uploads\/2024\/09\/VERNE-7.png\" alt=\"\" srcset=\"https:\/\/actef.es\/wp-content\/uploads\/2024\/09\/VERNE-7.png 970w, https:\/\/actef.es\/wp-content\/uploads\/2024\/09\/VERNE-7-300x77.png 300w, https:\/\/actef.es\/wp-content\/uploads\/2024\/09\/VERNE-7-768x198.png 768w\" sizes=\"auto, (max-width: 970px) 100vw, 970px\" \/><\/figure>\n<p><!-- \/wp:image --><\/p>\n<p><!-- wp:separator {\"className\":\"is-style-wide\",\"backgroundColor\":\"vivid-cyan-blue\"} --><\/p>\n<hr class=\"wp-block-separator has-text-color has-vivid-cyan-blue-color has-alpha-channel-opacity has-vivid-cyan-blue-background-color has-background is-style-wide\" \/><!-- \/wp:separator --><\/p>\n<p><!-- wp:image {\"id\":4493,\"sizeSlug\":\"full\",\"linkDestination\":\"none\"} --><\/p>\n<figure class=\"wp-block-image size-full\"><img loading=\"lazy\" decoding=\"async\" width=\"875\" height=\"151\" class=\"wp-image-4493\" src=\"https:\/\/actef.es\/wp-content\/uploads\/2025\/08\/WhatsApp-Image-2025-08-27-at-10.22.15.jpeg\" alt=\"\" srcset=\"https:\/\/actef.es\/wp-content\/uploads\/2025\/08\/WhatsApp-Image-2025-08-27-at-10.22.15.jpeg 875w, https:\/\/actef.es\/wp-content\/uploads\/2025\/08\/WhatsApp-Image-2025-08-27-at-10.22.15-300x52.jpeg 300w, https:\/\/actef.es\/wp-content\/uploads\/2025\/08\/WhatsApp-Image-2025-08-27-at-10.22.15-768x133.jpeg 768w\" sizes=\"auto, (max-width: 875px) 100vw, 875px\" \/><\/figure>\n<p><!-- \/wp:image --><\/p>\n<p><!-- wp:paragraph --><\/p>\n<p><!-- \/wp:paragraph --><!-- \/wp:list --><\/p>","protected":false},"excerpt":{"rendered":"<p>Martes de 18.30h a 19.20h Sede ACTEF (San Antonio) Jueves de 18.30h a 19.20h Auditorio de Cas Serres &nbsp;Dirige Nerea Fern\u00e1ndez Consultar en ACTEF Facilitar un espacio seguro donde los ni\u00f1os y ni\u00f1as puedan tener un lugar donde identificar sus emociones y aprender a gestionarse de mantera adecuada. Con cuyo objeto, se realizar\u00e1n din\u00e1micas de &#8230; <a title=\"INTENSAMENTE 3: nacidos en 2014-2015\" class=\"read-more\" href=\"https:\/\/actef.es\/web\/intensamente-3-nacidos-en-2014-2015\/\" aria-label=\"Leer m\u00e1s sobre INTENSAMENTE 3: nacidos en 2014-2015\">Leer m\u00e1s<\/a><\/p>\n","protected":false},"author":2,"featured_media":5723,"parent":0,"menu_order":0,"comment_status":"closed","ping_status":"closed","template":"","meta":{"advgb_blocks_editor_width":"","advgb_blocks_columns_visual_guide":"","footnotes":""},"class_list":["post-2604","page","type-page","status-publish","has-post-thumbnail"],"featured_image_urls_v2":{"full":["https:\/\/actef.es\/wp-content\/uploads\/2025\/12\/cast-3.png",1455,375,false],"thumbnail":["https:\/\/actef.es\/wp-content\/uploads\/2025\/12\/cast-3-150x150.png",150,150,true],"medium":["https:\/\/actef.es\/wp-content\/uploads\/2025\/12\/cast-3-300x77.png",300,77,true],"medium_large":["https:\/\/actef.es\/wp-content\/uploads\/2025\/12\/cast-3-768x198.png",768,198,true],"large":["https:\/\/actef.es\/wp-content\/uploads\/2025\/12\/cast-3-1024x264.png",1024,264,true],"1536x1536":["https:\/\/actef.es\/wp-content\/uploads\/2025\/12\/cast-3.png",1455,375,false],"2048x2048":["https:\/\/actef.es\/wp-content\/uploads\/2025\/12\/cast-3.png",1455,375,false]},"post_excerpt_stackable_v2":"<p>Martes de 18.30h a 19.20h Sede ACTEF (San Antonio) Jueves de 18.30h a 19.20h Auditorio de Cas Serres &nbsp;Dirige Nerea Fern\u00e1ndez Consultar en ACTEF Facilitar un espacio seguro donde los ni\u00f1os y ni\u00f1as puedan tener un lugar donde identificar sus emociones y aprender a gestionarse de mantera adecuada. Con cuyo objeto, se realizar\u00e1n din\u00e1micas de grupo y juegos, favoreciendo el trabajo en equipo y las relaciones sociales. Por lo tanto, se presenta como un espacio dedicado a la promoci\u00f3n del desarrollo de habilidades tanto intelectuals como emocionales, trabajando de forma \u00f3ptima las habilidades sociales, la comunicaci\u00f3n de las emociones, la&hellip;<\/p>\n","category_list_v2":"","author_info_v2":{"name":"Esperanza Marqu\u00e8s","url":"https:\/\/actef.es\/web\/author\/esperanza\/"},"comments_num_v2":"0 comentarios","coauthors":[],"author_meta":{"author_link":"https:\/\/actef.es\/web\/author\/esperanza\/","display_name":"Esperanza Marqu\u00e8s"},"relative_dates":{"created":"Publicado 2 a\u00f1os hace","modified":"Actualizado 2 meses hace"},"absolute_dates":{"created":"Publicado el 13 septiembre 2024","modified":"Actualizado el 9 marzo 2026"},"absolute_dates_time":{"created":"Publicado el 13 septiembre 2024 20:25","modified":"Actualizado el 9 marzo 2026 11:16"},"featured_img_caption":"","featured_img":"https:\/\/actef.es\/wp-content\/uploads\/2025\/12\/cast-3.png","series_order":"","_links":{"self":[{"href":"https:\/\/actef.es\/web\/wp-json\/wp\/v2\/pages\/2604","targetHints":{"allow":["GET"]}}],"collection":[{"href":"https:\/\/actef.es\/web\/wp-json\/wp\/v2\/pages"}],"about":[{"href":"https:\/\/actef.es\/web\/wp-json\/wp\/v2\/types\/page"}],"author":[{"embeddable":true,"href":"https:\/\/actef.es\/web\/wp-json\/wp\/v2\/users\/2"}],"replies":[{"embeddable":true,"href":"https:\/\/actef.es\/web\/wp-json\/wp\/v2\/comments?post=2604"}],"version-history":[{"count":91,"href":"https:\/\/actef.es\/web\/wp-json\/wp\/v2\/pages\/2604\/revisions"}],"predecessor-version":[{"id":6251,"href":"https:\/\/actef.es\/web\/wp-json\/wp\/v2\/pages\/2604\/revisions\/6251"}],"wp:featuredmedia":[{"embeddable":true,"href":"https:\/\/actef.es\/web\/wp-json\/wp\/v2\/media\/5723"}],"wp:attachment":[{"href":"https:\/\/actef.es\/web\/wp-json\/wp\/v2\/media?parent=2604"}],"curies":[{"name":"wp","href":"https:\/\/api.w.org\/{rel}","templated":true}]}}