{"id":2606,"date":"2024-09-13T20:26:00","date_gmt":"2024-09-13T18:26:00","guid":{"rendered":"http:\/\/actef.es\/?page_id=2606"},"modified":"2026-03-09T11:15:53","modified_gmt":"2026-03-09T09:15:53","slug":"intensamente-4-nacidos-en-2013","status":"publish","type":"page","link":"https:\/\/actef.es\/web\/intensamente-4-nacidos-en-2013\/","title":{"rendered":"INTENSAMENTE 4: nacidos en 2012-2013"},"content":{"rendered":"\n<figure class=\"wp-block-gallery has-nested-images columns-default is-cropped wp-block-gallery-1 is-layout-flex wp-block-gallery-is-layout-flex\">\n<figure data-wp-context=\"{&quot;imageId&quot;:&quot;69f5bf740e35b&quot;}\" data-wp-interactive=\"core\/image\" data-wp-key=\"69f5bf740e35b\" class=\"wp-block-image size-large wp-lightbox-container\"><img loading=\"lazy\" decoding=\"async\" width=\"940\" height=\"788\" data-wp-class--hide=\"state.isContentHidden\" data-wp-class--show=\"state.isContentVisible\" data-wp-init=\"callbacks.setButtonStyles\" data-wp-on--click=\"actions.showLightbox\" data-wp-on--load=\"callbacks.setButtonStyles\" data-wp-on-window--resize=\"callbacks.setButtonStyles\" data-id=\"5966\" src=\"https:\/\/actef.es\/wp-content\/uploads\/2026\/02\/1.png\" alt=\"\" class=\"wp-image-5966\" srcset=\"https:\/\/actef.es\/wp-content\/uploads\/2026\/02\/1.png 940w, https:\/\/actef.es\/wp-content\/uploads\/2026\/02\/1-300x251.png 300w, https:\/\/actef.es\/wp-content\/uploads\/2026\/02\/1-768x644.png 768w\" sizes=\"auto, (max-width: 940px) 100vw, 940px\" \/><button\n\t\t\tclass=\"lightbox-trigger\"\n\t\t\ttype=\"button\"\n\t\t\taria-haspopup=\"dialog\"\n\t\t\taria-label=\"Agrandar\"\n\t\t\tdata-wp-init=\"callbacks.initTriggerButton\"\n\t\t\tdata-wp-on--click=\"actions.showLightbox\"\n\t\t\tdata-wp-style--right=\"state.imageButtonRight\"\n\t\t\tdata-wp-style--top=\"state.imageButtonTop\"\n\t\t>\n\t\t\t<svg xmlns=\"http:\/\/www.w3.org\/2000\/svg\" width=\"12\" height=\"12\" fill=\"none\" viewBox=\"0 0 12 12\">\n\t\t\t\t<path fill=\"#fff\" d=\"M2 0a2 2 0 0 0-2 2v2h1.5V2a.5.5 0 0 1 .5-.5h2V0H2Zm2 10.5H2a.5.5 0 0 1-.5-.5V8H0v2a2 2 0 0 0 2 2h2v-1.5ZM8 12v-1.5h2a.5.5 0 0 0 .5-.5V8H12v2a2 2 0 0 1-2 2H8Zm2-12a2 2 0 0 1 2 2v2h-1.5V2a.5.5 0 0 0-.5-.5H8V0h2Z\" \/>\n\t\t\t<\/svg>\n\t\t<\/button><\/figure>\n\n\n\n<figure class=\"wp-block-image size-large\"><img loading=\"lazy\" decoding=\"async\" width=\"940\" height=\"788\" data-id=\"6157\" src=\"https:\/\/actef.es\/wp-content\/uploads\/2026\/02\/2.png\" alt=\"\" class=\"wp-image-6157\" srcset=\"https:\/\/actef.es\/wp-content\/uploads\/2026\/02\/2.png 940w, https:\/\/actef.es\/wp-content\/uploads\/2026\/02\/2-300x251.png 300w, https:\/\/actef.es\/wp-content\/uploads\/2026\/02\/2-768x644.png 768w\" sizes=\"auto, (max-width: 940px) 100vw, 940px\" \/><\/figure>\n\n\n\n<figure data-wp-context=\"{&quot;imageId&quot;:&quot;69f5bf7414038&quot;}\" data-wp-interactive=\"core\/image\" data-wp-key=\"69f5bf7414038\" class=\"wp-block-image size-large wp-lightbox-container\"><img loading=\"lazy\" decoding=\"async\" width=\"940\" height=\"788\" data-wp-class--hide=\"state.isContentHidden\" data-wp-class--show=\"state.isContentVisible\" data-wp-init=\"callbacks.setButtonStyles\" data-wp-on--click=\"actions.showLightbox\" data-wp-on--load=\"callbacks.setButtonStyles\" data-wp-on-window--resize=\"callbacks.setButtonStyles\" data-id=\"6159\" src=\"https:\/\/actef.es\/wp-content\/uploads\/2026\/02\/3.png\" alt=\"\" class=\"wp-image-6159\" srcset=\"https:\/\/actef.es\/wp-content\/uploads\/2026\/02\/3.png 940w, https:\/\/actef.es\/wp-content\/uploads\/2026\/02\/3-300x251.png 300w, https:\/\/actef.es\/wp-content\/uploads\/2026\/02\/3-768x644.png 768w\" sizes=\"auto, (max-width: 940px) 100vw, 940px\" \/><button\n\t\t\tclass=\"lightbox-trigger\"\n\t\t\ttype=\"button\"\n\t\t\taria-haspopup=\"dialog\"\n\t\t\taria-label=\"Agrandar\"\n\t\t\tdata-wp-init=\"callbacks.initTriggerButton\"\n\t\t\tdata-wp-on--click=\"actions.showLightbox\"\n\t\t\tdata-wp-style--right=\"state.imageButtonRight\"\n\t\t\tdata-wp-style--top=\"state.imageButtonTop\"\n\t\t>\n\t\t\t<svg xmlns=\"http:\/\/www.w3.org\/2000\/svg\" width=\"12\" height=\"12\" fill=\"none\" viewBox=\"0 0 12 12\">\n\t\t\t\t<path fill=\"#fff\" d=\"M2 0a2 2 0 0 0-2 2v2h1.5V2a.5.5 0 0 1 .5-.5h2V0H2Zm2 10.5H2a.5.5 0 0 1-.5-.5V8H0v2a2 2 0 0 0 2 2h2v-1.5ZM8 12v-1.5h2a.5.5 0 0 0 .5-.5V8H12v2a2 2 0 0 1-2 2H8Zm2-12a2 2 0 0 1 2 2v2h-1.5V2a.5.5 0 0 0-.5-.5H8V0h2Z\" \/>\n\t\t\t<\/svg>\n\t\t<\/button><\/figure>\n<\/figure>\n\n\n\n<figure class=\"wp-block-image size-large\"><img loading=\"lazy\" decoding=\"async\" width=\"1024\" height=\"1024\" src=\"https:\/\/actef.es\/wp-content\/uploads\/2026\/03\/Promos-1024x1024.png\" alt=\"\" class=\"wp-image-6204\" srcset=\"https:\/\/actef.es\/wp-content\/uploads\/2026\/03\/Promos-1024x1024.png 1024w, https:\/\/actef.es\/wp-content\/uploads\/2026\/03\/Promos-300x300.png 300w, https:\/\/actef.es\/wp-content\/uploads\/2026\/03\/Promos-150x150.png 150w, https:\/\/actef.es\/wp-content\/uploads\/2026\/03\/Promos-768x768.png 768w, https:\/\/actef.es\/wp-content\/uploads\/2026\/03\/Promos.png 1080w\" sizes=\"auto, (max-width: 1024px) 100vw, 1024px\" \/><\/figure>\n\n\n\n<figure class=\"wp-block-image size-large\"><img loading=\"lazy\" decoding=\"async\" width=\"1024\" height=\"576\" src=\"https:\/\/actef.es\/wp-content\/uploads\/2025\/12\/Programa-Actividades-2025-2026-23-1024x576.png\" alt=\"\" class=\"wp-image-5437\" srcset=\"https:\/\/actef.es\/wp-content\/uploads\/2025\/12\/Programa-Actividades-2025-2026-23-1024x576.png 1024w, https:\/\/actef.es\/wp-content\/uploads\/2025\/12\/Programa-Actividades-2025-2026-23-300x169.png 300w, https:\/\/actef.es\/wp-content\/uploads\/2025\/12\/Programa-Actividades-2025-2026-23-768x432.png 768w, https:\/\/actef.es\/wp-content\/uploads\/2025\/12\/Programa-Actividades-2025-2026-23-1536x864.png 1536w, https:\/\/actef.es\/wp-content\/uploads\/2025\/12\/Programa-Actividades-2025-2026-23.png 1920w\" sizes=\"auto, (max-width: 1024px) 100vw, 1024px\" \/><\/figure>\n\n\n\n<figure class=\"wp-block-image size-large\"><img loading=\"lazy\" decoding=\"async\" width=\"1024\" height=\"576\" src=\"https:\/\/actef.es\/wp-content\/uploads\/2025\/12\/Programa-Actividades-2025-2026-31-1024x576.png\" alt=\"\" class=\"wp-image-5479\" srcset=\"https:\/\/actef.es\/wp-content\/uploads\/2025\/12\/Programa-Actividades-2025-2026-31-1024x576.png 1024w, https:\/\/actef.es\/wp-content\/uploads\/2025\/12\/Programa-Actividades-2025-2026-31-300x169.png 300w, https:\/\/actef.es\/wp-content\/uploads\/2025\/12\/Programa-Actividades-2025-2026-31-768x432.png 768w, https:\/\/actef.es\/wp-content\/uploads\/2025\/12\/Programa-Actividades-2025-2026-31-1536x864.png 1536w, https:\/\/actef.es\/wp-content\/uploads\/2025\/12\/Programa-Actividades-2025-2026-31.png 1920w\" sizes=\"auto, (max-width: 1024px) 100vw, 1024px\" \/><\/figure>\n\n\n<div class=\"wp-block-image\">\n<figure class=\"aligncenter size-large is-resized\"><img loading=\"lazy\" decoding=\"async\" width=\"1024\" height=\"1024\" src=\"https:\/\/actef.es\/wp-content\/uploads\/2026\/03\/Cartel-Nerea-1024x1024.png\" alt=\"\" class=\"wp-image-6246\" style=\"width:660px;height:auto\" srcset=\"https:\/\/actef.es\/wp-content\/uploads\/2026\/03\/Cartel-Nerea-1024x1024.png 1024w, https:\/\/actef.es\/wp-content\/uploads\/2026\/03\/Cartel-Nerea-300x300.png 300w, https:\/\/actef.es\/wp-content\/uploads\/2026\/03\/Cartel-Nerea-150x150.png 150w, https:\/\/actef.es\/wp-content\/uploads\/2026\/03\/Cartel-Nerea-768x768.png 768w, https:\/\/actef.es\/wp-content\/uploads\/2026\/03\/Cartel-Nerea-1536x1536.png 1536w, https:\/\/actef.es\/wp-content\/uploads\/2026\/03\/Cartel-Nerea.png 1620w\" sizes=\"auto, (max-width: 1024px) 100vw, 1024px\" \/><\/figure>\n<\/div>\n\n\n<figure class=\"wp-block-image size-full\"><img loading=\"lazy\" decoding=\"async\" width=\"970\" height=\"250\" src=\"https:\/\/actef.es\/wp-content\/uploads\/2025\/08\/SERVEI-V.E.png\" alt=\"\" class=\"wp-image-4182\" srcset=\"https:\/\/actef.es\/wp-content\/uploads\/2025\/08\/SERVEI-V.E.png 970w, https:\/\/actef.es\/wp-content\/uploads\/2025\/08\/SERVEI-V.E-300x77.png 300w, https:\/\/actef.es\/wp-content\/uploads\/2025\/08\/SERVEI-V.E-768x198.png 768w\" sizes=\"auto, (max-width: 970px) 100vw, 970px\" \/><\/figure>\n\n\n\n<figure class=\"wp-block-image size-full\"><img loading=\"lazy\" decoding=\"async\" width=\"160\" height=\"39\" src=\"https:\/\/actef.es\/wp-content\/uploads\/2024\/09\/descripcion-2.png\" alt=\"\" class=\"wp-image-2942\"\/><\/figure>\n\n\n\n<p>Se trata de un servicio ofrecido por *ACTEF donde se pretende ofrecer un espacio a los j\u00f3venes y sus familias al cual puedan acudir en caso de considerarse envueltos en una situaci\u00f3n de riesgo o vulnerabilidad, ya sea al hogar o en el centro educativo. Por lo tanto, se plantea como una oportunidad de brindar un espacio seguro y confidencial para la orientaci\u00f3n y atenci\u00f3n de los usuarios, con la intenci\u00f3n de desarrollar una prevenci\u00f3n sobre conductas de riesgo e intervenci\u00f3n temprana en casos de conflictividad o de victimizaci\u00f3n.<\/p>\n\n\n\n<p>Este servicio se llevar\u00e1 a cabo por una crimin\u00f3loga especializada en intervenci\u00f3n con menores y delincuencia juvenil, mostrando disponibilidad por v\u00eda telef\u00f3nica o correo electr\u00f3nico. A trav\u00e9s de este canal, los usuarios podr\u00e1n expresar sus inquietudes, recibir asesoramiento y ser escuchados en un entorno seguro y desde la empat\u00eda.<\/p>\n\n\n\n<p>As\u00ed mismo, aquellos casos que presenten una mayor gravedad, ser\u00e1n valorados y lugares a disposici\u00f3n directa con el departamento de psicolog\u00eda, con el objetivo de llevar a cabo una intervenci\u00f3n m\u00e1s espec\u00edfico.<\/p>\n\n\n\n<p>Dirigido: A los j\u00f3venes y sus familias<\/p>\n\n\n\n<p>Metodolog\u00eda:&nbsp;Se llevar\u00e1 a cabo por medio de una atenci\u00f3n personalizada y confidencial, a trav\u00e9s de llamada telef\u00f3nica o correo electr\u00f3nico. Se evaluar\u00e1 cada caso de manera individual y se proporcionar\u00e1n herramientas iniciales. Se har\u00e1n seguimientos de caso y acompa\u00f1amiento. Finalmente, si fuera necesario, se derivar\u00eda en el \u00e1rea de psicolog\u00eda.<\/p>\n\n\n\n<figure class=\"wp-block-image size-full\"><img loading=\"lazy\" decoding=\"async\" width=\"141\" height=\"44\" src=\"http:\/\/actef.es\/wp-content\/uploads\/2024\/09\/objetivos.png\" alt=\"\" class=\"wp-image-2620\"\/><\/figure>\n\n\n\n<ul class=\"wp-block-list\">\n<li>Atender a los j\u00f3venes y familias en situaci\u00f3n de conflicto o vulnerabilidad<\/li>\n\n\n\n<li>Ofrecer un espacio de escucha y asesoramiento<\/li>\n\n\n\n<li>Orientar las familias en la gesti\u00f3n de problem\u00e1ticas juveniles<\/li>\n<\/ul>\n\n\n\n<div class=\"wp-block-columns is-layout-flex wp-container-core-columns-is-layout-9d6595d7 wp-block-columns-is-layout-flex\">\n<div class=\"wp-block-column is-layout-flow wp-block-column-is-layout-flow\"><div class=\"wp-block-image\">\n<figure class=\"aligncenter size-full is-resized\"><img loading=\"lazy\" decoding=\"async\" width=\"234\" height=\"44\" src=\"http:\/\/actef.es\/wp-content\/uploads\/2024\/09\/horario.png\" alt=\"\" class=\"wp-image-2625\" style=\"width:181px;height:auto\"\/><\/figure>\n<\/div>\n\n\n<p class=\"has-text-align-center\">Correo consultanerea@gmail.com<\/p>\n\n\n\n<p class=\"has-text-align-center\">Lunes consulta directa con Nerea de 15 a 17:30 telefono 640 94 09 54<\/p>\n<\/div>\n\n\n\n<div class=\"wp-block-column is-layout-flow wp-block-column-is-layout-flow\"><div class=\"wp-block-image\">\n<figure class=\"aligncenter size-full is-resized\"><img loading=\"lazy\" decoding=\"async\" width=\"173\" height=\"44\" src=\"http:\/\/actef.es\/wp-content\/uploads\/2024\/09\/profesional.png\" alt=\"\" class=\"wp-image-2627\" style=\"width:134px;height:auto\"\/><\/figure>\n<\/div>\n\n\n<p class=\"has-text-align-center\">Nerea Fern\u00e1ndez<\/p>\n<\/div>\n\n\n\n<div class=\"wp-block-column is-layout-flow wp-block-column-is-layout-flow\"><div class=\"wp-block-image is-style-default\">\n<figure class=\"aligncenter size-large is-resized\"><img decoding=\"async\" src=\"https:\/\/actef.es\/wp-content\/uploads\/2024\/09\/precio-1-e1734353791450.png\" alt=\"\" style=\"width:63px;height:auto\"\/><\/figure>\n<\/div>\n\n\n<p class=\"has-text-align-center\">Gratuito<\/p>\n<\/div>\n<\/div>\n\n\n\n<figure class=\"wp-block-gallery has-nested-images columns-default is-cropped wp-block-gallery-2 is-layout-flex wp-block-gallery-is-layout-flex\">\n<figure class=\"wp-block-image size-large\"><a href=\"https:\/\/docs.google.com\/forms\/d\/e\/1FAIpQLSfheuQQzPAxxArGUfLNQx2J1oHy20TogWBYsLPNvtm1KUYUkw\/viewform?usp=header\"><img loading=\"lazy\" decoding=\"async\" width=\"940\" height=\"788\" data-id=\"5966\" src=\"https:\/\/actef.es\/wp-content\/uploads\/2026\/02\/1.png\" alt=\"\" class=\"wp-image-5966\" srcset=\"https:\/\/actef.es\/wp-content\/uploads\/2026\/02\/1.png 940w, https:\/\/actef.es\/wp-content\/uploads\/2026\/02\/1-300x251.png 300w, https:\/\/actef.es\/wp-content\/uploads\/2026\/02\/1-768x644.png 768w\" sizes=\"auto, (max-width: 940px) 100vw, 940px\" \/><\/a><\/figure>\n\n\n\n<figure class=\"wp-block-image size-large\"><img loading=\"lazy\" decoding=\"async\" width=\"1024\" height=\"1024\" data-id=\"5980\" src=\"https:\/\/actef.es\/wp-content\/uploads\/2026\/02\/Promos-1024x1024.png\" alt=\"\" class=\"wp-image-5980\" srcset=\"https:\/\/actef.es\/wp-content\/uploads\/2026\/02\/Promos-1024x1024.png 1024w, https:\/\/actef.es\/wp-content\/uploads\/2026\/02\/Promos-300x300.png 300w, https:\/\/actef.es\/wp-content\/uploads\/2026\/02\/Promos-150x150.png 150w, https:\/\/actef.es\/wp-content\/uploads\/2026\/02\/Promos-768x768.png 768w, https:\/\/actef.es\/wp-content\/uploads\/2026\/02\/Promos.png 1080w\" sizes=\"auto, (max-width: 1024px) 100vw, 1024px\" \/><\/figure>\n\n\n\n<figure class=\"wp-block-image size-large\"><img loading=\"lazy\" decoding=\"async\" width=\"1024\" height=\"1024\" data-id=\"5982\" src=\"https:\/\/actef.es\/wp-content\/uploads\/2026\/02\/Promos-1-1024x1024.png\" alt=\"\" class=\"wp-image-5982\" srcset=\"https:\/\/actef.es\/wp-content\/uploads\/2026\/02\/Promos-1-1024x1024.png 1024w, https:\/\/actef.es\/wp-content\/uploads\/2026\/02\/Promos-1-300x300.png 300w, https:\/\/actef.es\/wp-content\/uploads\/2026\/02\/Promos-1-150x150.png 150w, https:\/\/actef.es\/wp-content\/uploads\/2026\/02\/Promos-1-768x768.png 768w, https:\/\/actef.es\/wp-content\/uploads\/2026\/02\/Promos-1.png 1080w\" sizes=\"auto, (max-width: 1024px) 100vw, 1024px\" \/><\/figure>\n<\/figure>\n\n\n\n<hr class=\"wp-block-separator has-text-color has-vivid-cyan-blue-color has-alpha-channel-opacity has-vivid-cyan-blue-background-color has-background is-style-wide\"\/>\n\n\n<div class=\"wp-block-image\">\n<figure class=\"aligncenter size-large\"><img loading=\"lazy\" decoding=\"async\" width=\"1024\" height=\"264\" src=\"https:\/\/actef.es\/wp-content\/uploads\/2025\/08\/2-E-1024x264.png\" alt=\"\" class=\"wp-image-4046\" srcset=\"https:\/\/actef.es\/wp-content\/uploads\/2025\/08\/2-E-1024x264.png 1024w, https:\/\/actef.es\/wp-content\/uploads\/2025\/08\/2-E-300x77.png 300w, https:\/\/actef.es\/wp-content\/uploads\/2025\/08\/2-E-768x198.png 768w, https:\/\/actef.es\/wp-content\/uploads\/2025\/08\/2-E.png 1455w\" sizes=\"auto, (max-width: 1024px) 100vw, 1024px\" \/><\/figure>\n<\/div>\n\n\n<hr class=\"wp-block-separator has-text-color has-vivid-cyan-blue-color has-alpha-channel-opacity has-vivid-cyan-blue-background-color has-background is-style-wide\"\/>\n\n\n\n<figure class=\"wp-block-image size-full\"><img loading=\"lazy\" decoding=\"async\" width=\"123\" height=\"45\" src=\"http:\/\/actef.es\/wp-content\/uploads\/2024\/09\/que-es.png\" alt=\"\" class=\"wp-image-2618\"\/><\/figure>\n\n\n\n<p>Facilitar un espacio seguro donde los ni\u00f1os y ni\u00f1as puedan tener un lugar donde identificar sus emociones y aprender a gestionarse de mantera adecuada. Con cuyo objeto, se realizar\u00e1n din\u00e1micas de grupo y juegos, favoreciendo el trabajo en equipo y las relaciones sociales. Por lo tanto, se presenta como un espacio dedicado a la promoci\u00f3n del desarrollo de habilidades tanto intelectuals como emocionales, trabajando de forma \u00f3ptima las habilidades sociales, la comunicaci\u00f3n de las emociones, la tolerancia a la frustraci\u00f3n, la paciencia, etc. As\u00ed, se pretende responder a las necesidades colectivas que a menudo presentan los j\u00f3venes dotados de ACI y Dobles Excepcionalidades.<\/p>\n\n\n\n<p><br>A esta actividad se invitar\u00e1 a que ellos sean los protagonistas, tratar de hacer que hablen y se desarrollen hablando de varios temas relacionados con las emociones y su gesti\u00f3n. Tambi\u00e9n se generar\u00e1 un espacio para trabajar otros aspectos personales y sociales como los sentimientos, las emociones y la comunicaci\u00f3n de dificultades, todo esto, gracias a juegos cooperativos y\/o din\u00e1micas de grupo. Por lo tanto, se&nbsp;tractar\u00e1&nbsp;de crear un espacio seguro para garantizar el intercambio de opiniones con respeto,&nbsp;empat\u00eda&nbsp;y asertividad.<\/p>\n\n\n\n<figure class=\"wp-block-image size-full\"><img loading=\"lazy\" decoding=\"async\" width=\"141\" height=\"44\" src=\"http:\/\/actef.es\/wp-content\/uploads\/2024\/09\/objetivos.png\" alt=\"\" class=\"wp-image-2620\"\/><\/figure>\n\n\n\n<ul class=\"wp-block-list\">\n<li>Proporcionar un espacio seguro por los participantes donde puedan desarrollarse con naturalidad. Construyendo un v\u00ednculo de confianza entre el profesional &#8211; alumnado.<\/li>\n\n\n\n<li>Reforzar las habilidades sociales de cada individuo. Dotando de herramientas para la gesti\u00f3n y la comunicaci\u00f3n de las emociones.<\/li>\n\n\n\n<li>Acompa\u00f1ar al alumnado en la identificaci\u00f3n y gesti\u00f3n de las emociones que surjan en las sesiones.&nbsp;<\/li>\n<\/ul>\n\n\n\n<div class=\"wp-block-columns is-layout-flex wp-container-core-columns-is-layout-9d6595d7 wp-block-columns-is-layout-flex\">\n<div class=\"wp-block-column is-layout-flow wp-block-column-is-layout-flow\"><div class=\"wp-block-image\">\n<figure class=\"aligncenter size-full is-resized\"><img loading=\"lazy\" decoding=\"async\" width=\"234\" height=\"44\" src=\"http:\/\/actef.es\/wp-content\/uploads\/2024\/09\/horario.png\" alt=\"\" class=\"wp-image-2625\" style=\"width:181px;height:auto\"\/><\/figure>\n<\/div>\n\n\n<p class=\"has-text-align-center\"><strong>Elegir un grupo:<\/strong><\/p>\n\n\n\n<p class=\"has-text-align-center\">Martes de 18.30h a 19.20h<br>Sede ACTEF (San Antonio)<\/p>\n\n\n\n<p class=\"has-text-align-center\">Jueves de 18.30h a 19.20h<br>Auditorio de Cas Serres&nbsp;<\/p>\n<\/div>\n\n\n\n<div class=\"wp-block-column is-layout-flow wp-block-column-is-layout-flow\"><div class=\"wp-block-image\">\n<figure class=\"aligncenter size-full is-resized\"><img loading=\"lazy\" decoding=\"async\" width=\"173\" height=\"44\" src=\"http:\/\/actef.es\/wp-content\/uploads\/2024\/09\/profesional.png\" alt=\"\" class=\"wp-image-2627\" style=\"width:134px;height:auto\"\/><\/figure>\n<\/div>\n\n\n<p class=\"has-text-align-center\">&nbsp;Dirige Nerea Fern\u00e1ndez<\/p>\n<\/div>\n\n\n\n<div class=\"wp-block-column is-layout-flow wp-block-column-is-layout-flow\"><div class=\"wp-block-image is-style-default\">\n<figure class=\"aligncenter size-large is-resized\"><img decoding=\"async\" src=\"https:\/\/actef.es\/wp-content\/uploads\/2024\/09\/precio-1-e1734353791450.png\" alt=\"\" style=\"width:63px;height:auto\"\/><\/figure>\n<\/div>\n\n\n<p class=\"has-text-align-center\">Consultar en ACTEF<\/p>\n<\/div>\n<\/div>\n\n\n\n<hr class=\"wp-block-separator has-text-color has-vivid-cyan-blue-color has-alpha-channel-opacity has-vivid-cyan-blue-background-color has-background is-style-wide\"\/>\n\n\n<div class=\"wp-block-image\">\n<figure class=\"aligncenter size-full is-resized\"><a href=\"https:\/\/docs.google.com\/forms\/d\/e\/1FAIpQLSckJi74OdEzXVgrNjlJz4AEjnO4kehAQc8ajyO_9as1HdshJQ\/viewform?usp=header\"><img loading=\"lazy\" decoding=\"async\" width=\"970\" height=\"250\" src=\"http:\/\/actef.es\/wp-content\/uploads\/2024\/09\/24.png\" alt=\"\" class=\"wp-image-2710\" style=\"aspect-ratio:3.880977523004978;width:328px;height:auto\" srcset=\"https:\/\/actef.es\/wp-content\/uploads\/2024\/09\/24.png 970w, https:\/\/actef.es\/wp-content\/uploads\/2024\/09\/24-300x77.png 300w, https:\/\/actef.es\/wp-content\/uploads\/2024\/09\/24-768x198.png 768w\" sizes=\"auto, (max-width: 970px) 100vw, 970px\" \/><\/a><\/figure>\n<\/div>\n\n\n<hr class=\"wp-block-separator has-text-color has-vivid-cyan-blue-color has-alpha-channel-opacity has-vivid-cyan-blue-background-color has-background is-style-wide\"\/>\n\n\n\n<figure class=\"wp-block-image size-full\"><img loading=\"lazy\" decoding=\"async\" width=\"940\" height=\"788\" src=\"https:\/\/actef.es\/wp-content\/uploads\/2026\/02\/Anuncio-talleres.png\" alt=\"\" class=\"wp-image-5902\" srcset=\"https:\/\/actef.es\/wp-content\/uploads\/2026\/02\/Anuncio-talleres.png 940w, https:\/\/actef.es\/wp-content\/uploads\/2026\/02\/Anuncio-talleres-300x251.png 300w, https:\/\/actef.es\/wp-content\/uploads\/2026\/02\/Anuncio-talleres-768x644.png 768w\" sizes=\"auto, (max-width: 940px) 100vw, 940px\" \/><\/figure>\n\n\n\n<p><\/p>\n\n\n\n<div class=\"wp-block-columns is-layout-flex wp-container-core-columns-is-layout-9d6595d7 wp-block-columns-is-layout-flex\">\n<div class=\"wp-block-column is-layout-flow wp-block-column-is-layout-flow\"><div class=\"wp-block-image\">\n<figure class=\"aligncenter size-full is-resized\"><img loading=\"lazy\" decoding=\"async\" width=\"234\" height=\"44\" src=\"http:\/\/actef.es\/wp-content\/uploads\/2024\/09\/horario.png\" alt=\"\" class=\"wp-image-2625\" style=\"width:181px;height:auto\"\/><\/figure>\n<\/div>\n\n\n<p class=\"has-text-align-center\">S\u00e1bados <br>de 11:30h a 13.00h<\/p>\n\n\n\n<p class=\"has-text-align-center\">Martes de 16:30h a 17:30h<\/p>\n\n\n\n<p class=\"has-text-align-center\">Colegio Guillem de Montgr\u00ed<\/p>\n<\/div>\n\n\n\n<div class=\"wp-block-column is-layout-flow wp-block-column-is-layout-flow\"><div class=\"wp-block-image\">\n<figure class=\"aligncenter size-full is-resized\"><img loading=\"lazy\" decoding=\"async\" width=\"173\" height=\"44\" src=\"http:\/\/actef.es\/wp-content\/uploads\/2024\/09\/profesional.png\" alt=\"\" class=\"wp-image-2627\" style=\"width:134px;height:auto\"\/><\/figure>\n<\/div>\n\n\n<p class=\"has-text-align-center\">Nicol\u00f2 N\u00e1poli<\/p>\n<\/div>\n\n\n\n<div class=\"wp-block-column is-layout-flow wp-block-column-is-layout-flow\"><div class=\"wp-block-image is-style-default\">\n<figure class=\"aligncenter size-large is-resized\"><img decoding=\"async\" src=\"https:\/\/actef.es\/wp-content\/uploads\/2024\/09\/precio-1-e1734353791450.png\" alt=\"\" style=\"width:63px;height:auto\"\/><\/figure>\n<\/div>\n\n\n<p class=\"has-text-align-center\">Consultar en ACTEF<\/p>\n<\/div>\n<\/div>\n\n\n\n<hr class=\"wp-block-separator has-text-color has-vivid-cyan-blue-color has-alpha-channel-opacity has-vivid-cyan-blue-background-color has-background is-style-wide\"\/>\n\n\n<div class=\"wp-block-image\">\n<figure class=\"aligncenter size-full is-resized\"><a href=\"https:\/\/docs.google.com\/forms\/d\/e\/1FAIpQLSckJi74OdEzXVgrNjlJz4AEjnO4kehAQc8ajyO_9as1HdshJQ\/viewform?usp=header\"><img loading=\"lazy\" decoding=\"async\" width=\"970\" height=\"250\" src=\"http:\/\/actef.es\/wp-content\/uploads\/2024\/09\/24.png\" alt=\"\" class=\"wp-image-2710\" style=\"width:332px;height:auto\" srcset=\"https:\/\/actef.es\/wp-content\/uploads\/2024\/09\/24.png 970w, https:\/\/actef.es\/wp-content\/uploads\/2024\/09\/24-300x77.png 300w, https:\/\/actef.es\/wp-content\/uploads\/2024\/09\/24-768x198.png 768w\" sizes=\"auto, (max-width: 970px) 100vw, 970px\" \/><\/a><\/figure>\n<\/div>\n\n\n<hr class=\"wp-block-separator has-text-color has-vivid-cyan-blue-color has-alpha-channel-opacity has-vivid-cyan-blue-background-color has-background is-style-wide\"\/>\n\n\n\n<figure class=\"wp-block-image size-full\"><img loading=\"lazy\" decoding=\"async\" width=\"970\" height=\"250\" src=\"http:\/\/actef.es\/wp-content\/uploads\/2024\/09\/FRATO-6.png\" alt=\"\" class=\"wp-image-2868\" srcset=\"https:\/\/actef.es\/wp-content\/uploads\/2024\/09\/FRATO-6.png 970w, https:\/\/actef.es\/wp-content\/uploads\/2024\/09\/FRATO-6-300x77.png 300w, https:\/\/actef.es\/wp-content\/uploads\/2024\/09\/FRATO-6-768x198.png 768w\" sizes=\"auto, (max-width: 970px) 100vw, 970px\" \/><\/figure>\n\n\n\n<hr class=\"wp-block-separator has-text-color has-vivid-cyan-blue-color has-alpha-channel-opacity has-vivid-cyan-blue-background-color has-background is-style-wide\"\/>\n\n\n\n<figure class=\"wp-block-image size-full\"><img loading=\"lazy\" decoding=\"async\" width=\"970\" height=\"250\" src=\"https:\/\/actef.es\/wp-content\/uploads\/2025\/08\/122-1.png\" alt=\"\" class=\"wp-image-3952\" srcset=\"https:\/\/actef.es\/wp-content\/uploads\/2025\/08\/122-1.png 970w, https:\/\/actef.es\/wp-content\/uploads\/2025\/08\/122-1-300x77.png 300w, https:\/\/actef.es\/wp-content\/uploads\/2025\/08\/122-1-768x198.png 768w\" sizes=\"auto, (max-width: 970px) 100vw, 970px\" \/><\/figure>\n\n\n\n<hr class=\"wp-block-separator has-text-color has-vivid-cyan-blue-color has-alpha-channel-opacity has-vivid-cyan-blue-background-color has-background is-style-wide\"\/>\n\n\n\n<figure class=\"wp-block-image size-full\"><img loading=\"lazy\" decoding=\"async\" width=\"123\" height=\"45\" src=\"http:\/\/actef.es\/wp-content\/uploads\/2024\/09\/que-es.png\" alt=\"\" class=\"wp-image-2618\"\/><\/figure>\n\n\n\n<div class=\"wp-block-columns is-layout-flex wp-container-core-columns-is-layout-9d6595d7 wp-block-columns-is-layout-flex\">\n<div class=\"wp-block-column is-layout-flow wp-block-column-is-layout-flow\"><div class=\"wp-block-image\">\n<figure class=\"aligncenter size-full is-resized\"><img loading=\"lazy\" decoding=\"async\" width=\"234\" height=\"44\" src=\"http:\/\/actef.es\/wp-content\/uploads\/2024\/09\/horario.png\" alt=\"\" class=\"wp-image-2625\" style=\"width:181px;height:auto\"\/><\/figure>\n<\/div>\n\n\n<p class=\"has-text-align-center\"><strong>Inicio el s\u00e1bado 25 de octubre<\/strong><\/p>\n\n\n\n<p class=\"has-text-align-center\">S\u00e1bados quincenales <br>de 11:30.00h a 12.30h<\/p>\n\n\n\n<p class=\"has-text-align-center\">Colegio Guillem de Montgr\u00ed<\/p>\n\n\n\n<p class=\"has-text-align-center\"><strong>Fechas 2026:<\/strong><br>24 de enero<br>7 y 21 de febrero<br>14 y 28 de marzo<br>25 de abril<br>16 y 30 de mayo<\/p>\n<\/div>\n\n\n\n<div class=\"wp-block-column is-layout-flow wp-block-column-is-layout-flow\"><div class=\"wp-block-image\">\n<figure class=\"aligncenter size-full is-resized\"><img loading=\"lazy\" decoding=\"async\" width=\"173\" height=\"44\" src=\"http:\/\/actef.es\/wp-content\/uploads\/2024\/09\/profesional.png\" alt=\"\" class=\"wp-image-2627\" style=\"width:134px;height:auto\"\/><\/figure>\n<\/div>\n\n\n<p class=\"has-text-align-center\">Rosa Mar\u00eda Vallejo Climent<\/p>\n<\/div>\n\n\n\n<div class=\"wp-block-column is-layout-flow wp-block-column-is-layout-flow\"><div class=\"wp-block-image is-style-default\">\n<figure class=\"aligncenter size-large is-resized\"><img decoding=\"async\" src=\"https:\/\/actef.es\/wp-content\/uploads\/2024\/09\/precio-1-e1734353791450.png\" alt=\"\" style=\"width:63px;height:auto\"\/><\/figure>\n<\/div>\n\n\n<p class=\"has-text-align-center\">Consultar en ACTEF<\/p>\n<\/div>\n<\/div>\n\n\n<p>Cantar es mucho m\u00e1s que una actividad art\u00edstica: es una forma de expresi\u00f3n emocional y una herramienta poderosa para desarrollar habilidades sociales. A trav\u00e9s de las canciones, las personas logran exteriorizar sus sentimientos, conectar con los dem\u00e1s y cuidar de su bienestar f\u00edsico y emocional.<\/p>\n<p>Entre sus m\u00faltiples beneficios, el canto puede mejorar la salud f\u00edsica gracias a una mayor capacidad pulmonar y al fortalecimiento del cuerpo mediante la t\u00e9cnica vocal. Tambi\u00e9n fomenta las relaciones humanas, ya que requiere comunicaci\u00f3n, colaboraci\u00f3n y genera v\u00ednculos afectivos y apoyo social. En el plano emocional y mental, cantar ayuda a reducir el estr\u00e9s, eleva el estado de \u00e1nimo, refuerza la autoestima y la confianza personal.<\/p>\n<p>Adem\u00e1s, el canto contribuye al desarrollo musical, perfeccionando la t\u00e9cnica vocal y favoreciendo una apreciaci\u00f3n m\u00e1s profunda de la m\u00fasica. En definitiva, cantar es una actividad completa que impacta positivamente en todos los aspectos del ser humano: cuerpo, mente y relaciones.<\/p>\n\n\n<figure class=\"wp-block-image size-full\"><img loading=\"lazy\" decoding=\"async\" width=\"141\" height=\"44\" src=\"http:\/\/actef.es\/wp-content\/uploads\/2024\/09\/objetivos.png\" alt=\"\" class=\"wp-image-2620\"\/><\/figure>\n\n\n\n<ul class=\"wp-block-list\">\n<li><strong>Fomentar la expresi\u00f3n emocional<\/strong>: Facilitar que los participantes canalicen y expresen sus emociones a trav\u00e9s de la m\u00fasica y la interpretaci\u00f3n vocal.<\/li>\n\n\n\n<li><strong>Mejorar las habilidades sociales<\/strong>: Promover la comunicaci\u00f3n, la colaboraci\u00f3n y el trabajo en equipo entre los participantes mediante din\u00e1micas grupales de canto.<\/li>\n\n\n\n<li><strong>Impulsar el bienestar emocional y mental<\/strong>: Utilizar el canto para reducir el estr\u00e9s, fortalecer la autoestima y mejorar el estado de \u00e1nimo general.<\/li>\n\n\n\n<li><strong>Desarrollar capacidades musicales<\/strong>: Potenciar la t\u00e9cnica vocal, el o\u00eddo musical y la apreciaci\u00f3n art\u00edstica en un entorno participativo.<\/li>\n\n\n\n<li><strong>Fortalecer el v\u00ednculo social<\/strong>: Crear espacios de conexi\u00f3n y apoyo mutuo entre los participantes a trav\u00e9s de experiencias compartidas en el canto.<\/li>\n<\/ul>\n\n\n\n<hr class=\"wp-block-separator has-text-color has-vivid-cyan-blue-color has-alpha-channel-opacity has-vivid-cyan-blue-background-color has-background is-style-wide\"\/>\n\n\n<div class=\"wp-block-image\">\n<figure class=\"aligncenter size-full is-resized\"><a href=\"https:\/\/docs.google.com\/forms\/d\/e\/1FAIpQLSckJi74OdEzXVgrNjlJz4AEjnO4kehAQc8ajyO_9as1HdshJQ\/viewform?usp=header\"><img loading=\"lazy\" decoding=\"async\" width=\"970\" height=\"250\" src=\"http:\/\/actef.es\/wp-content\/uploads\/2024\/09\/24.png\" alt=\"\" class=\"wp-image-2710\" style=\"width:346px;height:auto\" srcset=\"https:\/\/actef.es\/wp-content\/uploads\/2024\/09\/24.png 970w, https:\/\/actef.es\/wp-content\/uploads\/2024\/09\/24-300x77.png 300w, https:\/\/actef.es\/wp-content\/uploads\/2024\/09\/24-768x198.png 768w\" sizes=\"auto, (max-width: 970px) 100vw, 970px\" \/><\/a><\/figure>\n<\/div>\n\n\n<hr class=\"wp-block-separator has-text-color has-vivid-cyan-blue-color has-alpha-channel-opacity has-vivid-cyan-blue-background-color has-background is-style-wide\"\/>\n\n\n\n<figure class=\"wp-block-image size-full is-resized\"><img loading=\"lazy\" decoding=\"async\" width=\"970\" height=\"250\" src=\"https:\/\/actef.es\/wp-content\/uploads\/2025\/12\/ROBOTICA.png\" alt=\"\" class=\"wp-image-5564\" style=\"aspect-ratio:3.8802889576883386;width:906px;height:auto\" srcset=\"https:\/\/actef.es\/wp-content\/uploads\/2025\/12\/ROBOTICA.png 970w, https:\/\/actef.es\/wp-content\/uploads\/2025\/12\/ROBOTICA-300x77.png 300w, https:\/\/actef.es\/wp-content\/uploads\/2025\/12\/ROBOTICA-768x198.png 768w\" sizes=\"auto, (max-width: 970px) 100vw, 970px\" \/><\/figure>\n\n\n\n<hr class=\"wp-block-separator has-text-color has-vivid-cyan-blue-color has-alpha-channel-opacity has-vivid-cyan-blue-background-color has-background is-style-wide\"\/>\n\n\n\n<div class=\"wp-block-columns is-layout-flex wp-container-core-columns-is-layout-9d6595d7 wp-block-columns-is-layout-flex\">\n<div class=\"wp-block-column is-layout-flow wp-block-column-is-layout-flow\"><div class=\"wp-block-image\">\n<figure class=\"aligncenter size-full is-resized\"><img loading=\"lazy\" decoding=\"async\" width=\"234\" height=\"44\" src=\"http:\/\/actef.es\/wp-content\/uploads\/2024\/09\/horario.png\" alt=\"\" class=\"wp-image-2625\" style=\"width:181px;height:auto\"\/><\/figure>\n<\/div>\n\n\n<p class=\"has-text-align-center\"><strong>Inicio el 15 noviembre<\/strong><\/p>\n\n\n\n<p class=\"has-text-align-center\">S\u00e1bados quincenales <br>de 10.00h a 11.30h<\/p>\n\n\n\n<p class=\"has-text-align-center\">Colegio Guillem de Montgr\u00ed<\/p>\n\n\n\n<p class=\"has-text-align-center\"><strong>Fechas 2026:<\/strong><br>24 de enero<br>7 y 21 de febrero<br>14 y 28 de marzo<\/p>\n<\/div>\n\n\n\n<div class=\"wp-block-column is-layout-flow wp-block-column-is-layout-flow\"><div class=\"wp-block-image\">\n<figure class=\"aligncenter size-full is-resized\"><img loading=\"lazy\" decoding=\"async\" width=\"173\" height=\"44\" src=\"http:\/\/actef.es\/wp-content\/uploads\/2024\/09\/profesional.png\" alt=\"\" class=\"wp-image-2627\" style=\"width:134px;height:auto\"\/><\/figure>\n<\/div>\n\n\n<p class=\"has-text-align-center\">Steve Fern\u00e1ndez de Evilnoisyelectronics<\/p>\n<\/div>\n\n\n\n<div class=\"wp-block-column is-layout-flow wp-block-column-is-layout-flow\"><div class=\"wp-block-image is-style-default\">\n<figure class=\"aligncenter size-large is-resized\"><img decoding=\"async\" src=\"https:\/\/actef.es\/wp-content\/uploads\/2024\/09\/precio-1-e1734353791450.png\" alt=\"\" style=\"width:63px;height:auto\"\/><\/figure>\n<\/div>\n\n\n<p class=\"has-text-align-center\">Consultar en ACTEF<\/p>\n<\/div>\n<\/div>\n\n\n\n<figure class=\"wp-block-image size-full\"><img loading=\"lazy\" decoding=\"async\" width=\"123\" height=\"45\" src=\"http:\/\/actef.es\/wp-content\/uploads\/2024\/09\/que-es-4.png\" alt=\"\" class=\"wp-image-2686\"\/><\/figure>\n\n\n<p style=\"text-align: justify;\">En este curso se explorar\u00e1n diferentes formas de generar y alterar sonidos por medio de la creaci\u00f3n de dispositivos sonoros e instrumentos musicales de car\u00e1cter experimental, de esta forma el alumno se introducir\u00e1 en el mundo de la electr\u00f3nica y se adquirir\u00e1n conocimientos b\u00e1sicos en la materia de un modo divertido y practico (que es una PCB, reconocer componentes de un circuito el\u00e9ctrico, soldado de componentes con esta\u00f1o, ETC) \u2026<\/p>\n<p style=\"text-align: justify;\">A lo largo del curso los introduciremos en distintas disciplinas dentro de la creaci\u00f3n de instrumentos sonoros como son el CircuitBending, el mundo del sintetizador DIY, la programaci\u00f3n con PureData, o la construcci\u00f3n de efectos de sonido con los que poder procesar instrumentos m\u00e1s tradicionales, de esta forma se pretende promover la curiosidad como motor para la adquisici\u00f3n de conocimientos y se fomenta el pensamiento creativo para la resoluci\u00f3n de problemas.<\/p>\n\n\n<p><\/p>\n\n\n\n<p><\/p>\n\n\n\n<figure class=\"wp-block-image size-full\"><img loading=\"lazy\" decoding=\"async\" width=\"393\" height=\"42\" src=\"http:\/\/actef.es\/wp-content\/uploads\/2024\/09\/bending.png\" alt=\"\" class=\"wp-image-2688\" srcset=\"https:\/\/actef.es\/wp-content\/uploads\/2024\/09\/bending.png 393w, https:\/\/actef.es\/wp-content\/uploads\/2024\/09\/bending-300x32.png 300w\" sizes=\"auto, (max-width: 393px) 100vw, 393px\" \/><\/figure>\n\n\n<p style=\"text-align: justify;\">Es la manera creativa de hacer corto circuitos en aparatos electr\u00f3nicos de bajo voltaje (pedales de guitarra, juguetes para ni\u00f1os)\u2026 para crear nuevos instrumentos musicales o generadores de sonido.<\/p>\n<p style=\"text-align: justify;\">Se podr\u00eda decir que es como \u201chackear\u201d un circuito el\u00e9ctrico para que haga cosas (sonidos) para las que en principio no estaba dise\u00f1ado.<\/p>\n<p style=\"text-align: justify;\">Pure Data es un programa de c\u00f3digo abierto y multiplataforma, especialmente dise\u00f1ado para facilitar la manipulaci\u00f3n de sonido, video, imagen y datos en tiempo real, as\u00ed como para desarrollar proyectos interactivos y\/o generativos.<\/p>\n<p style=\"text-align: justify;\">El Circuit-Bending es una manera muy directa de aproximarse a conceptos b\u00e1sicos de la electr\u00f3nica mediante el juego y el error como m\u00e9todo de aprendizaje, as\u00ed como a la creaci\u00f3n de un objeto art\u00edstico.<\/p>\n\n\n<p><\/p>\n\n\n\n<p><\/p>\n\n\n\n<figure class=\"wp-block-image size-full\"><img loading=\"lazy\" decoding=\"async\" width=\"141\" height=\"44\" src=\"http:\/\/actef.es\/wp-content\/uploads\/2024\/09\/objetivos-4.png\" alt=\"\" class=\"wp-image-2690\"\/><\/figure>\n\n\n\n<ul class=\"wp-block-list\">\n<li>Favorecer el ocio educativo<\/li>\n\n\n\n<li>Fomentar la actividad en grupo y ponerse en contacto personas afines. <\/li>\n\n\n\n<li>Adquirir nociones b\u00e1sicas para poder seguir desarroll\u00e1ndose y explorando por su cuenta<\/li>\n\n\n\n<li>Desarrollar Habilidades Pr\u00e1cticas en Electr\u00f3nica B\u00e1sica<\/li>\n\n\n\n<li>Estimular la Creatividad y Experimentaci\u00f3n<\/li>\n\n\n\n<li>Creaci\u00f3n de Instrumentos Experimentales<br><br><br><\/li>\n<\/ul>\n\n\n\n<figure class=\"wp-block-image size-full\"><img loading=\"lazy\" decoding=\"async\" width=\"210\" height=\"38\" src=\"http:\/\/actef.es\/wp-content\/uploads\/2024\/09\/observaciones-1.png\" alt=\"\" class=\"wp-image-2692\"\/><\/figure>\n\n\n\n<p><strong>EN ALGUNAS SESIONES SE NECESITAR\u00c1 UN ORDENADOR PORT\u00c1TIL<\/strong><\/p>\n\n\n\n<hr class=\"wp-block-separator has-text-color has-vivid-cyan-blue-color has-alpha-channel-opacity has-vivid-cyan-blue-background-color has-background is-style-wide\"\/>\n\n\n<div class=\"wp-block-image\">\n<figure class=\"aligncenter size-full is-resized\"><a href=\"https:\/\/docs.google.com\/forms\/d\/e\/1FAIpQLSckJi74OdEzXVgrNjlJz4AEjnO4kehAQc8ajyO_9as1HdshJQ\/viewform?usp=header\"><img loading=\"lazy\" decoding=\"async\" width=\"970\" height=\"250\" src=\"http:\/\/actef.es\/wp-content\/uploads\/2024\/09\/24.png\" alt=\"\" class=\"wp-image-2710\" style=\"width:346px;height:auto\" srcset=\"https:\/\/actef.es\/wp-content\/uploads\/2024\/09\/24.png 970w, https:\/\/actef.es\/wp-content\/uploads\/2024\/09\/24-300x77.png 300w, https:\/\/actef.es\/wp-content\/uploads\/2024\/09\/24-768x198.png 768w\" sizes=\"auto, (max-width: 970px) 100vw, 970px\" \/><\/a><\/figure>\n<\/div>\n\n\n<hr class=\"wp-block-separator has-text-color has-vivid-cyan-blue-color has-alpha-channel-opacity has-vivid-cyan-blue-background-color has-background is-style-wide\"\/>\n\n\n\n<figure class=\"wp-block-embed is-type-video is-provider-youtube wp-block-embed-youtube wp-embed-aspect-16-9 wp-has-aspect-ratio\"><div class=\"wp-block-embed__wrapper\">\n<iframe loading=\"lazy\" title=\"Circuit Bending\" width=\"1200\" height=\"675\" src=\"https:\/\/www.youtube.com\/embed\/Z3ZYf3QgJ74?feature=oembed\" frameborder=\"0\" allow=\"accelerometer; autoplay; clipboard-write; encrypted-media; gyroscope; picture-in-picture; web-share\" referrerpolicy=\"strict-origin-when-cross-origin\" allowfullscreen><\/iframe>\n<\/div><\/figure>\n\n\n\n<figure class=\"wp-block-image size-full\"><img loading=\"lazy\" decoding=\"async\" width=\"970\" height=\"250\" src=\"http:\/\/actef.es\/wp-content\/uploads\/2024\/09\/REED-1.png\" alt=\"\" class=\"wp-image-2842\" srcset=\"https:\/\/actef.es\/wp-content\/uploads\/2024\/09\/REED-1.png 970w, https:\/\/actef.es\/wp-content\/uploads\/2024\/09\/REED-1-300x77.png 300w, https:\/\/actef.es\/wp-content\/uploads\/2024\/09\/REED-1-768x198.png 768w\" sizes=\"auto, (max-width: 970px) 100vw, 970px\" \/><\/figure>\n\n\n\n<hr class=\"wp-block-separator has-text-color has-vivid-cyan-blue-color has-alpha-channel-opacity has-vivid-cyan-blue-background-color has-background is-style-wide\"\/>\n\n\n\n<figure class=\"wp-block-image size-full\"><img loading=\"lazy\" decoding=\"async\" width=\"970\" height=\"250\" src=\"https:\/\/actef.es\/wp-content\/uploads\/2025\/08\/TECNICAS-1.png\" alt=\"\" class=\"wp-image-3968\" srcset=\"https:\/\/actef.es\/wp-content\/uploads\/2025\/08\/TECNICAS-1.png 970w, https:\/\/actef.es\/wp-content\/uploads\/2025\/08\/TECNICAS-1-300x77.png 300w, https:\/\/actef.es\/wp-content\/uploads\/2025\/08\/TECNICAS-1-768x198.png 768w\" sizes=\"auto, (max-width: 970px) 100vw, 970px\" \/><\/figure>\n\n\n\n<hr class=\"wp-block-separator has-text-color has-vivid-cyan-blue-color has-alpha-channel-opacity has-vivid-cyan-blue-background-color has-background is-style-wide\"\/>\n\n\n\n<div class=\"wp-block-columns is-layout-flex wp-container-core-columns-is-layout-9d6595d7 wp-block-columns-is-layout-flex\">\n<div class=\"wp-block-column is-layout-flow wp-block-column-is-layout-flow\"><div class=\"wp-block-image\">\n<figure class=\"aligncenter size-full is-resized\"><img loading=\"lazy\" decoding=\"async\" width=\"234\" height=\"44\" src=\"http:\/\/actef.es\/wp-content\/uploads\/2024\/09\/horario.png\" alt=\"\" class=\"wp-image-2625\" style=\"width:181px;height:auto\"\/><\/figure>\n<\/div>\n\n\n<p class=\"has-text-align-center\">Lunes y martes de 16:00 a 17:30 Sede de ACTEF, Sant Antonio<br>Mi\u00e9rcoles y jueves de 16 a 17:30 Auditorio de Cas Serres<\/p>\n<\/div>\n\n\n\n<div class=\"wp-block-column is-layout-flow wp-block-column-is-layout-flow\"><div class=\"wp-block-image\">\n<figure class=\"aligncenter size-full is-resized\"><img loading=\"lazy\" decoding=\"async\" width=\"173\" height=\"44\" src=\"http:\/\/actef.es\/wp-content\/uploads\/2024\/09\/profesional.png\" alt=\"\" class=\"wp-image-2627\" style=\"width:134px;height:auto\"\/><\/figure>\n<\/div>\n\n\n<p class=\"has-text-align-center\">Dirige Mari\u00e0 Gr\u00e0cia i Nerea Fern\u00e1ndez<\/p>\n<\/div>\n\n\n\n<div class=\"wp-block-column is-layout-flow wp-block-column-is-layout-flow\"><div class=\"wp-block-image is-style-default\">\n<figure class=\"aligncenter size-large is-resized\"><img decoding=\"async\" src=\"https:\/\/actef.es\/wp-content\/uploads\/2024\/09\/precio-1-e1734353791450.png\" alt=\"\" style=\"width:63px;height:auto\"\/><\/figure>\n<\/div>\n\n\n<p class=\"has-text-align-center\">Consultar en ACTEF<\/p>\n<\/div>\n<\/div>\n\n\n<div class=\"wp-block-image\">\n<figure class=\"aligncenter size-full\"><a href=\"https:\/\/docs.google.com\/forms\/d\/e\/1FAIpQLSckJi74OdEzXVgrNjlJz4AEjnO4kehAQc8ajyO_9as1HdshJQ\/viewform?usp=header\"><img loading=\"lazy\" decoding=\"async\" width=\"280\" height=\"66\" src=\"https:\/\/actef.es\/wp-content\/uploads\/2025\/10\/WERQWER.png\" alt=\"\" class=\"wp-image-4715\"\/><\/a><\/figure>\n<\/div>\n\n\n<figure class=\"wp-block-image size-full\"><img loading=\"lazy\" decoding=\"async\" width=\"160\" height=\"39\" src=\"http:\/\/actef.es\/wp-content\/uploads\/2024\/09\/descripcion-1.png\" alt=\"\" class=\"wp-image-2704\"\/><\/figure>\n\n\n<p style=\"text-align: justify;\">Es un espacio de aprendizaje dirigido a fortalecer las habilidades y estrategias que permiten a los participantes mejorar su rendimiento acad\u00e9mico. Este tipo de taller busca proporcionar herramientas y m\u00e9todos eficaces que faciliten la organizaci\u00f3n, comprensi\u00f3n y retenci\u00f3n de la informaci\u00f3n, optimizando el proceso de estudio.<\/p>\n<p style=\"text-align: justify;\">Este taller consiste en un primer trimestre sesiones estructuradas donde se ense\u00f1an y practican diferentes estrategias para mejorar la capacidad de estudio de manera eficiente e individualizada y continuar\u00e1 los siguientes trimestres con un acompa\u00f1amiento en los estudios. El enfoque est\u00e1 en personalizar el proceso de aprendizaje, teniendo en cuenta las necesidades, el estilo de aprendizaje y los objetivos de cada persona.<\/p>\n\n\n<figure class=\"wp-block-image size-full\"><img loading=\"lazy\" decoding=\"async\" width=\"141\" height=\"44\" src=\"http:\/\/actef.es\/wp-content\/uploads\/2024\/09\/objetivos-6.png\" alt=\"\" class=\"wp-image-2706\"\/><\/figure>\n\n\n\n<ul class=\"wp-block-list\">\n<li>Desarrollar habilidades de organizaci\u00f3n y planificaci\u00f3n<\/li>\n\n\n\n<li>Mejorar la capacidad de comprensi\u00f3n lectora<\/li>\n\n\n\n<li>Fortalecer la retenci\u00f3n de la informaci\u00f3n<\/li>\n\n\n\n<li>Fomentar el pensamiento cr\u00edtico y el an\u00e1lisis<\/li>\n\n\n\n<li>Desarrollar h\u00e1bitos de estudio saludables y sostenibles<\/li>\n<\/ul>\n\n\n\n<p><\/p>\n\n\n\n<hr class=\"wp-block-separator has-text-color has-vivid-cyan-blue-color has-alpha-channel-opacity has-vivid-cyan-blue-background-color has-background is-style-wide\"\/>\n\n\n\n<figure class=\"wp-block-image size-full\"><img loading=\"lazy\" decoding=\"async\" width=\"2560\" height=\"1816\" src=\"https:\/\/actef.es\/wp-content\/uploads\/2025\/12\/INt-4-cast-scaled.png\" alt=\"\" class=\"wp-image-5817\" srcset=\"https:\/\/actef.es\/wp-content\/uploads\/2025\/12\/INt-4-cast-scaled.png 2560w, https:\/\/actef.es\/wp-content\/uploads\/2025\/12\/INt-4-cast-300x213.png 300w, https:\/\/actef.es\/wp-content\/uploads\/2025\/12\/INt-4-cast-1024x726.png 1024w, https:\/\/actef.es\/wp-content\/uploads\/2025\/12\/INt-4-cast-768x545.png 768w, https:\/\/actef.es\/wp-content\/uploads\/2025\/12\/INt-4-cast-1536x1090.png 1536w, https:\/\/actef.es\/wp-content\/uploads\/2025\/12\/INt-4-cast-2048x1453.png 2048w\" sizes=\"auto, (max-width: 2560px) 100vw, 2560px\" \/><\/figure>\n\n\n\n<hr class=\"wp-block-separator has-text-color has-vivid-cyan-blue-color has-alpha-channel-opacity has-vivid-cyan-blue-background-color has-background is-style-wide\"\/>\n\n\n\n<div class=\"wp-block-columns is-layout-flex wp-container-core-columns-is-layout-9d6595d7 wp-block-columns-is-layout-flex\">\n<div class=\"wp-block-column is-layout-flow wp-block-column-is-layout-flow\"><div class=\"wp-block-image\">\n<figure class=\"aligncenter size-full is-resized\"><img loading=\"lazy\" decoding=\"async\" width=\"234\" height=\"44\" src=\"http:\/\/actef.es\/wp-content\/uploads\/2024\/09\/horario.png\" alt=\"\" class=\"wp-image-2625\" style=\"width:181px;height:auto\"\/><\/figure>\n<\/div>\n\n\n<p class=\"has-text-align-center\">Domingos quincenales <br>de 10h a 13.00h<\/p>\n\n\n\n<p class=\"has-text-align-center\">las fechas pueden verse alteradas por el clima<\/p>\n\n\n\n<p class=\"has-text-align-center\"><strong>Fechas 2026:<\/strong><br> 11 de enero<br>15 de febrero<br>8 y 22 de marzo<br>12 y 26 de abril<br>17 y 31 de mayo<\/p>\n<\/div>\n\n\n\n<div class=\"wp-block-column is-layout-flow wp-block-column-is-layout-flow\"><div class=\"wp-block-image\">\n<figure class=\"aligncenter size-full is-resized\"><img loading=\"lazy\" decoding=\"async\" width=\"173\" height=\"44\" src=\"http:\/\/actef.es\/wp-content\/uploads\/2024\/09\/profesional.png\" alt=\"\" class=\"wp-image-2627\" style=\"width:134px;height:auto\"\/><\/figure>\n<\/div>\n\n\n<p class=\"has-text-align-center\">&nbsp;Oscar S\u00e1nchez<\/p>\n<\/div>\n\n\n\n<div class=\"wp-block-column is-layout-flow wp-block-column-is-layout-flow\"><div class=\"wp-block-image is-style-default\">\n<figure class=\"aligncenter size-large is-resized\"><img decoding=\"async\" src=\"https:\/\/actef.es\/wp-content\/uploads\/2024\/09\/precio-1-e1734353791450.png\" alt=\"\" style=\"width:63px;height:auto\"\/><\/figure>\n<\/div>\n\n\n<p class=\"has-text-align-center\">Consultar en ACTEF<\/p>\n<\/div>\n<\/div>\n\n\n\n<figure class=\"wp-block-image\" id=\"block-353aa2f9-c0b5-488c-ac9a-a00c426d6ba4\"><img decoding=\"async\" src=\"http:\/\/actef.es\/wp-content\/uploads\/2024\/09\/que-es.png\" alt=\"La imagen tiene un atributo ALT vac\u00edo; su nombre de archivo es que-es.png\"\/><\/figure>\n\n\n\n<p>Descubre la isla como nunca antes. A trav\u00e9s de estas excursiones pensadas especialmente para adolescentes, exploraremos rincones m\u00e1gicos, paisajes que inspiran y lugares llenos de historia y naturaleza. Esta experiencia va mucho m\u00e1s all\u00e1 de una simple salida: es una oportunidad para desconectar de las pantallas, salir de la rutina y reconectar con el entorno y con los dem\u00e1s.<\/p>\n\n\n\n<p>En cada recorrido se fomentar\u00e1 el compa\u00f1erismo, la conversaci\u00f3n cara a cara y el trabajo en equipo. Ser\u00e1 un espacio para crear recuerdos compartidos, reforzar v\u00ednculos y disfrutar al aire libre mientras se aprenden cosas nuevas sobre el lugar que habitamos. Porque cuando salimos de casa y nos dejamos sorprender por lo que nos rodea, algo en nosotros cambia.<\/p>\n\n\n\n<figure class=\"wp-block-image\" id=\"block-5d66cf7d-0065-407c-9cff-9b6540250027\"><img decoding=\"async\" src=\"http:\/\/actef.es\/wp-content\/uploads\/2024\/09\/objetivos.png\" alt=\"La imagen tiene un atributo ALT vac\u00edo; su nombre de archivo es objetivos.png\"\/><\/figure>\n\n\n\n<ul class=\"wp-block-list\">\n<li><strong>Fomentar el contacto con la naturaleza:<\/strong> Explorar entornos naturales de la isla para despertar el inter\u00e9s por el medio ambiente y el respeto por el entorno.<\/li>\n\n\n\n<li><strong>Impulsar las habilidades sociales:<\/strong> Promover la comunicaci\u00f3n, la empat\u00eda y el trabajo en equipo a trav\u00e9s de actividades compartidas fuera del entorno digital.<\/li>\n\n\n\n<li><strong>Reducir el uso de pantallas:<\/strong> Facilitar espacios libres de tecnolog\u00eda que inviten a la desconexi\u00f3n y a la presencia plena.<\/li>\n\n\n\n<li><strong>Descubrir lugares emblem\u00e1ticos y escondidos de la isla:<\/strong> Conocer el patrimonio natural y cultural, fomentando el sentido de pertenencia y la curiosidad.<\/li>\n\n\n\n<li><strong>Estimular el crecimiento personal:<\/strong> Vivir experiencias enriquecedoras que potencien la autonom\u00eda, la autoestima y la toma de decisiones saludables.<\/li>\n<\/ul>\n\n\n\n<hr class=\"wp-block-separator has-text-color has-vivid-cyan-blue-color has-alpha-channel-opacity has-vivid-cyan-blue-background-color has-background is-style-wide\"\/>\n\n\n\n<figure class=\"wp-block-embed is-type-video is-provider-youtube wp-block-embed-youtube wp-embed-aspect-16-9 wp-has-aspect-ratio\"><div class=\"wp-block-embed__wrapper\">\n<iframe loading=\"lazy\" title=\"excursiones\" width=\"1200\" height=\"675\" src=\"https:\/\/www.youtube.com\/embed\/_Yguu3dd5ZI?feature=oembed\" frameborder=\"0\" allow=\"accelerometer; autoplay; clipboard-write; encrypted-media; gyroscope; picture-in-picture; web-share\" referrerpolicy=\"strict-origin-when-cross-origin\" allowfullscreen><\/iframe>\n<\/div><\/figure>\n\n\n<div class=\"wp-block-image\">\n<figure class=\"aligncenter size-full is-resized\"><a href=\"https:\/\/docs.google.com\/forms\/d\/e\/1FAIpQLSckJi74OdEzXVgrNjlJz4AEjnO4kehAQc8ajyO_9as1HdshJQ\/viewform?usp=header\"><img loading=\"lazy\" decoding=\"async\" width=\"970\" height=\"250\" src=\"http:\/\/actef.es\/wp-content\/uploads\/2024\/09\/24.png\" alt=\"\" class=\"wp-image-2710\" style=\"width:342px;height:auto\" srcset=\"https:\/\/actef.es\/wp-content\/uploads\/2024\/09\/24.png 970w, https:\/\/actef.es\/wp-content\/uploads\/2024\/09\/24-300x77.png 300w, https:\/\/actef.es\/wp-content\/uploads\/2024\/09\/24-768x198.png 768w\" sizes=\"auto, (max-width: 970px) 100vw, 970px\" \/><\/a><\/figure>\n<\/div>\n\n\n<hr class=\"wp-block-separator has-text-color has-vivid-cyan-blue-color has-alpha-channel-opacity has-vivid-cyan-blue-background-color has-background is-style-wide\"\/>\n\n\n\n<figure class=\"wp-block-image size-full\"><img loading=\"lazy\" decoding=\"async\" width=\"970\" height=\"250\" src=\"https:\/\/actef.es\/wp-content\/uploads\/2025\/08\/12-E.png\" alt=\"\" class=\"wp-image-4050\" srcset=\"https:\/\/actef.es\/wp-content\/uploads\/2025\/08\/12-E.png 970w, https:\/\/actef.es\/wp-content\/uploads\/2025\/08\/12-E-300x77.png 300w, https:\/\/actef.es\/wp-content\/uploads\/2025\/08\/12-E-768x198.png 768w\" sizes=\"auto, (max-width: 970px) 100vw, 970px\" \/><\/figure>\n\n\n\n<hr class=\"wp-block-separator has-text-color has-vivid-cyan-blue-color has-alpha-channel-opacity has-vivid-cyan-blue-background-color has-background is-style-wide\"\/>\n\n\n\n<figure class=\"wp-block-image size-full\"><img loading=\"lazy\" decoding=\"async\" width=\"160\" height=\"39\" src=\"http:\/\/actef.es\/wp-content\/uploads\/2024\/09\/descripcion-1.png\" alt=\"\" class=\"wp-image-2704\"\/><\/figure>\n\n\n\n<p>Este taller est\u00e1 dise\u00f1ado para adolescentes y se llevar\u00e1 a cabo algunos s\u00e1bados puntuales por la tarde al local de&nbsp;ACTEF.<\/p>\n\n\n\n<p>Se ofrecer\u00e1n varios talleres sobre tem\u00e1ticas diferentes con el fin de crear un espacio din\u00e1mico, seguro y enriquecedor donde los j\u00f3venes puedan desarrollar competencias emocionales, personales y sociales. Adem\u00e1s, se tratar\u00e1n temas actuales y relevantes teniendo en cuenta la etapa vital en que se encuentran.<\/p>\n\n\n\n<p>Por lo tanto, el objetivo principal es proporcionar un espacio seguro y enriquecedor donde los adolescentes puedan explorar varias disciplinas, desarrollar nuevas habilidades y favorecer su crecimiento personal y social.<\/p>\n\n\n\n<p>Cada s\u00e1bado se activar\u00e1 uno de los tres espacios dise\u00f1ados especialmente para responder a las inquietudes y necesidades de los\/as j\u00f3venes.<\/p>\n\n\n\n<ul class=\"wp-block-list\">\n<li>Por un lado, tenemos la <strong>Zebra Explora<\/strong>, donde se realizar\u00e1n toda una serie de actividades relacionadas con la curiosidad laboral, acompa\u00f1ados por profesionales de diversos \u00e1mbitos. Tambi\u00e9n se aprovechar\u00e1 para hacer salidas en grupo, convivencias, viajes y actividades culturales.<\/li>\n\n\n\n<li>A continuaci\u00f3n, se presenta la <strong>Zebra\u2019s \u00c1gora<\/strong>, un espacio dedicado a la reflexi\u00f3n individual y colectiva, mediante talleres de debate y actividades din\u00e1micas de grupo, en las que se aprender\u00e1 a expresar opiniones propias y a escuchar las de los compa\u00f1eros.<\/li>\n\n\n\n<li>Finalmente, se ha creado un espacio denominado la <strong>Zebra Zen<\/strong>, que ofrece una oportunidad a los perfiles m\u00e1s reflexivos (o con superdotaci\u00f3n) para encontrarse entre ellos y fomentar el autoconocimiento de forma m\u00e1s profunda. As\u00ed, mediante la investigaci\u00f3n aut\u00f3noma, las actividades propuestas por los profesionales y otros recursos, podr\u00e1n comprender mejor su funcionamiento interno (cerebro, personalidad, retos de la adolescencia, convivencia,\u2026)<\/li>\n<\/ul>\n\n\n\n<figure class=\"wp-block-image size-full\"><img loading=\"lazy\" decoding=\"async\" width=\"141\" height=\"44\" src=\"http:\/\/actef.es\/wp-content\/uploads\/2024\/09\/objetivos-6.png\" alt=\"\" class=\"wp-image-2706\"\/><\/figure>\n\n\n\n<ul class=\"wp-block-list\">\n<li>Fomentar una mayor confianza, autonom\u00eda y conocimiento de un mismo.<\/li>\n\n\n\n<li>Adquirir nuevas habilidades en diferentes \u00e1mbitos.<\/li>\n\n\n\n<li>Promover la mejora de las habilidades sociales y de comunicaci\u00f3n, la empat\u00eda y la colaboraci\u00f3n dentro de un grupo.<\/li>\n\n\n\n<li>Crear un espacio seguro donde cada joven se sienta valorado y escuchado.<\/li>\n\n\n\n<li>Facilitar un espacio de encuentro y apoyo para los j\u00f3venes.<\/li>\n\n\n\n<li>Trabajar el trabajo en equipo, el pensamiento cr\u00edtico y la creatividad.<\/li>\n<\/ul>\n\n\n\n<hr class=\"wp-block-separator has-text-color has-vivid-cyan-blue-color has-alpha-channel-opacity has-vivid-cyan-blue-background-color has-background is-style-wide\"\/>\n\n\n\n<div class=\"wp-block-columns is-layout-flex wp-container-core-columns-is-layout-9d6595d7 wp-block-columns-is-layout-flex\">\n<div class=\"wp-block-column is-layout-flow wp-block-column-is-layout-flow\"><div class=\"wp-block-image\">\n<figure class=\"aligncenter size-full is-resized\"><img loading=\"lazy\" decoding=\"async\" width=\"234\" height=\"44\" src=\"http:\/\/actef.es\/wp-content\/uploads\/2024\/09\/horario.png\" alt=\"\" class=\"wp-image-2625\" style=\"width:181px;height:auto\"\/><\/figure>\n<\/div>\n\n\n<p class=\"has-text-align-center\"><strong>S\u00e1bados puntuales<\/strong><br>de 17.00h a 20.00h<br>Sede de ACTEF<\/p>\n<\/div>\n\n\n\n<div class=\"wp-block-column is-layout-flow wp-block-column-is-layout-flow\"><div class=\"wp-block-image\">\n<figure class=\"aligncenter size-full is-resized\"><img loading=\"lazy\" decoding=\"async\" width=\"173\" height=\"44\" src=\"http:\/\/actef.es\/wp-content\/uploads\/2024\/09\/profesional.png\" alt=\"\" class=\"wp-image-2627\" style=\"width:134px;height:auto\"\/><\/figure>\n<\/div>\n\n\n<p class=\"has-text-align-center\"><\/p>\n<\/div>\n\n\n\n<div class=\"wp-block-column is-layout-flow wp-block-column-is-layout-flow\"><div class=\"wp-block-image is-style-default\">\n<figure class=\"aligncenter size-large is-resized\"><img decoding=\"async\" src=\"https:\/\/actef.es\/wp-content\/uploads\/2024\/09\/precio-1-e1734353791450.png\" alt=\"\" style=\"width:63px;height:auto\"\/><\/figure>\n<\/div>\n\n\n<p class=\"has-text-align-center\">Gratuito<br>*Habr\u00e1 actividades que tendr\u00e1n un suplemento<\/p>\n<\/div>\n<\/div>\n\n\n\n<hr class=\"wp-block-separator has-text-color has-vivid-cyan-blue-color has-alpha-channel-opacity has-vivid-cyan-blue-background-color has-background is-style-wide\"\/>\n\n\n<div class=\"kb-gallery-wrap-id-2606_701d0d-06 alignnone wp-block-kadence-advancedgallery\"><ul class=\"kb-gallery-ul kb-gallery-non-static kb-gallery-type-grid kb-gallery-id-2606_701d0d-06 kb-gallery-caption-style-bottom-hover kb-gallery-filter-none\" data-image-filter=\"none\" data-item-selector=\".kadence-blocks-gallery-item\" data-lightbox-caption=\"true\" data-columns-xxl=\"3\" data-columns-xl=\"3\" data-columns-md=\"3\" data-columns-sm=\"2\" data-columns-xs=\"1\" data-columns-ss=\"1\"><li class=\"kadence-blocks-gallery-item\"><div class=\"kadence-blocks-gallery-item-inner\"><figure class=\"kb-gallery-figure kadence-blocks-gallery-item-hide-caption\" \"><div class=\"kb-gal-image-radius\"><div class=\"kb-gallery-image-contain kadence-blocks-gallery-intrinsic kb-gallery-image-ratio-land32 kb-has-image-ratio-land32\" ><img loading=\"lazy\" decoding=\"async\" src=\"https:\/\/actef.es\/wp-content\/uploads\/2025\/07\/98fc2ad2-20ad-4b87-926c-389b076bee36-768x1024.jpeg\" width=\"768\" height=\"1024\" alt=\"\" data-full-image=\"https:\/\/actef.es\/wp-content\/uploads\/2025\/07\/98fc2ad2-20ad-4b87-926c-389b076bee36.jpeg\" data-light-image=\"https:\/\/actef.es\/wp-content\/uploads\/2025\/07\/98fc2ad2-20ad-4b87-926c-389b076bee36.jpeg\" data-id=\"3796\" class=\"wp-image-3796\" srcset=\"https:\/\/actef.es\/wp-content\/uploads\/2025\/07\/98fc2ad2-20ad-4b87-926c-389b076bee36-768x1024.jpeg 768w, https:\/\/actef.es\/wp-content\/uploads\/2025\/07\/98fc2ad2-20ad-4b87-926c-389b076bee36-225x300.jpeg 225w, https:\/\/actef.es\/wp-content\/uploads\/2025\/07\/98fc2ad2-20ad-4b87-926c-389b076bee36-1152x1536.jpeg 1152w, https:\/\/actef.es\/wp-content\/uploads\/2025\/07\/98fc2ad2-20ad-4b87-926c-389b076bee36.jpeg 1536w\" sizes=\"auto, (max-width: 768px) 100vw, 768px\" \/><\/div><\/div><\/figure><\/div><\/li><li class=\"kadence-blocks-gallery-item\"><div class=\"kadence-blocks-gallery-item-inner\"><figure class=\"kb-gallery-figure kadence-blocks-gallery-item-hide-caption\" \"><div class=\"kb-gal-image-radius\"><div class=\"kb-gallery-image-contain kadence-blocks-gallery-intrinsic kb-gallery-image-ratio-land32 kb-has-image-ratio-land32\" ><img loading=\"lazy\" decoding=\"async\" src=\"https:\/\/actef.es\/wp-content\/uploads\/2025\/07\/d25debf9-a95e-4036-9165-7ad17bd281f1-1024x768.jpeg\" width=\"1024\" height=\"768\" alt=\"\" data-full-image=\"https:\/\/actef.es\/wp-content\/uploads\/2025\/07\/d25debf9-a95e-4036-9165-7ad17bd281f1.jpeg\" data-light-image=\"https:\/\/actef.es\/wp-content\/uploads\/2025\/07\/d25debf9-a95e-4036-9165-7ad17bd281f1.jpeg\" data-id=\"3776\" class=\"wp-image-3776\" srcset=\"https:\/\/actef.es\/wp-content\/uploads\/2025\/07\/d25debf9-a95e-4036-9165-7ad17bd281f1-1024x768.jpeg 1024w, https:\/\/actef.es\/wp-content\/uploads\/2025\/07\/d25debf9-a95e-4036-9165-7ad17bd281f1-300x225.jpeg 300w, https:\/\/actef.es\/wp-content\/uploads\/2025\/07\/d25debf9-a95e-4036-9165-7ad17bd281f1-768x576.jpeg 768w, https:\/\/actef.es\/wp-content\/uploads\/2025\/07\/d25debf9-a95e-4036-9165-7ad17bd281f1-1536x1152.jpeg 1536w, https:\/\/actef.es\/wp-content\/uploads\/2025\/07\/d25debf9-a95e-4036-9165-7ad17bd281f1.jpeg 2016w\" sizes=\"auto, (max-width: 1024px) 100vw, 1024px\" \/><\/div><\/div><\/figure><\/div><\/li><li class=\"kadence-blocks-gallery-item\"><div class=\"kadence-blocks-gallery-item-inner\"><figure class=\"kb-gallery-figure kadence-blocks-gallery-item-hide-caption\" \"><div class=\"kb-gal-image-radius\"><div class=\"kb-gallery-image-contain kadence-blocks-gallery-intrinsic kb-gallery-image-ratio-land32 kb-has-image-ratio-land32\" ><img loading=\"lazy\" decoding=\"async\" src=\"https:\/\/actef.es\/wp-content\/uploads\/2025\/08\/793efb18-6635-44bf-9e33-0fdcbc90d2e3-1024x1024.jpg\" width=\"1024\" height=\"1024\" alt=\"\" data-full-image=\"https:\/\/actef.es\/wp-content\/uploads\/2025\/08\/793efb18-6635-44bf-9e33-0fdcbc90d2e3.jpg\" data-light-image=\"https:\/\/actef.es\/wp-content\/uploads\/2025\/08\/793efb18-6635-44bf-9e33-0fdcbc90d2e3.jpg\" data-id=\"4062\" class=\"wp-image-4062\" srcset=\"https:\/\/actef.es\/wp-content\/uploads\/2025\/08\/793efb18-6635-44bf-9e33-0fdcbc90d2e3-1024x1024.jpg 1024w, https:\/\/actef.es\/wp-content\/uploads\/2025\/08\/793efb18-6635-44bf-9e33-0fdcbc90d2e3-300x300.jpg 300w, https:\/\/actef.es\/wp-content\/uploads\/2025\/08\/793efb18-6635-44bf-9e33-0fdcbc90d2e3-150x150.jpg 150w, https:\/\/actef.es\/wp-content\/uploads\/2025\/08\/793efb18-6635-44bf-9e33-0fdcbc90d2e3-768x768.jpg 768w, https:\/\/actef.es\/wp-content\/uploads\/2025\/08\/793efb18-6635-44bf-9e33-0fdcbc90d2e3.jpg 1440w\" sizes=\"auto, (max-width: 1024px) 100vw, 1024px\" \/><\/div><\/div><\/figure><\/div><\/li><\/ul><\/div>\n\n<div class=\"wp-block-image\">\n<figure class=\"aligncenter size-full is-resized\"><a href=\"https:\/\/docs.google.com\/forms\/d\/e\/1FAIpQLSckJi74OdEzXVgrNjlJz4AEjnO4kehAQc8ajyO_9as1HdshJQ\/viewform?usp=header\"><img loading=\"lazy\" decoding=\"async\" width=\"970\" height=\"250\" src=\"http:\/\/actef.es\/wp-content\/uploads\/2024\/09\/24.png\" alt=\"\" class=\"wp-image-2710\" style=\"width:442px;height:auto\" srcset=\"https:\/\/actef.es\/wp-content\/uploads\/2024\/09\/24.png 970w, https:\/\/actef.es\/wp-content\/uploads\/2024\/09\/24-300x77.png 300w, https:\/\/actef.es\/wp-content\/uploads\/2024\/09\/24-768x198.png 768w\" sizes=\"auto, (max-width: 970px) 100vw, 970px\" \/><\/a><\/figure>\n<\/div>\n\n\n<hr class=\"wp-block-separator has-text-color has-vivid-cyan-blue-color has-alpha-channel-opacity has-vivid-cyan-blue-background-color has-background is-style-wide\"\/>\n\n\n\n<figure class=\"wp-block-image size-full\"><img loading=\"lazy\" decoding=\"async\" width=\"970\" height=\"250\" src=\"http:\/\/actef.es\/wp-content\/uploads\/2024\/09\/KROC.png\" alt=\"\" class=\"wp-image-2846\" srcset=\"https:\/\/actef.es\/wp-content\/uploads\/2024\/09\/KROC.png 970w, https:\/\/actef.es\/wp-content\/uploads\/2024\/09\/KROC-300x77.png 300w, https:\/\/actef.es\/wp-content\/uploads\/2024\/09\/KROC-768x198.png 768w\" sizes=\"auto, (max-width: 970px) 100vw, 970px\" \/><\/figure>\n\n\n\n<hr class=\"wp-block-separator has-text-color has-vivid-cyan-blue-color has-alpha-channel-opacity has-vivid-cyan-blue-background-color has-background is-style-wide\"\/>\n\n\n\n<figure class=\"wp-block-image size-full\"><img loading=\"lazy\" decoding=\"async\" width=\"970\" height=\"250\" src=\"http:\/\/actef.es\/wp-content\/uploads\/2024\/09\/8.png\" alt=\"\" class=\"wp-image-2664\" srcset=\"https:\/\/actef.es\/wp-content\/uploads\/2024\/09\/8.png 970w, https:\/\/actef.es\/wp-content\/uploads\/2024\/09\/8-300x77.png 300w, https:\/\/actef.es\/wp-content\/uploads\/2024\/09\/8-768x198.png 768w\" sizes=\"auto, (max-width: 970px) 100vw, 970px\" \/><\/figure>\n\n\n\n<hr class=\"wp-block-separator has-text-color has-vivid-cyan-blue-color has-alpha-channel-opacity has-vivid-cyan-blue-background-color has-background is-style-wide\"\/>\n\n\n\n<div class=\"wp-block-stackable-text stk-block-text stk-block stk-34f8874\" data-block-id=\"34f8874\"><p class=\"stk-block-text__text has-text-align-center\"><strong>PROXIMAS PLAZAS 2026\/2027<\/strong><\/p><\/div>\n\n\n\n<figure class=\"wp-block-image size-full\"><img loading=\"lazy\" decoding=\"async\" width=\"123\" height=\"45\" src=\"http:\/\/actef.es\/wp-content\/uploads\/2024\/09\/que-es-2.png\" alt=\"\" class=\"wp-image-2666\"\/><\/figure>\n\n\n<p style=\"text-align: justify;\">El taller se corresponde con una metodolog\u00eda \u00fanica. Al comienzo se desarrollan t\u00e9cnicas de calculo mental para posteriormente realizar una construcci\u00f3n axiom\u00e1tica adaptada. Con la base expuesta se procede a trabajar tem\u00e1ticamente los temas claves de la secundaria, en caso de dudas por parte del alumnado se recurre a la axiom\u00e1tica y a la demostraci\u00f3n matem\u00e1tica. Este desarrollo estructurado de los conocimientos matem\u00e1ticos permite un tr\u00e1nsito divertido y sin las fronteras.\u00a0<\/p>\n\n\n<p><\/p>\n\n\n\n<figure class=\"wp-block-image size-full\"><img loading=\"lazy\" decoding=\"async\" width=\"141\" height=\"44\" src=\"http:\/\/actef.es\/wp-content\/uploads\/2024\/09\/objetivos-2.png\" alt=\"\" class=\"wp-image-2668\"\/><\/figure>\n\n\n<p style=\"text-align: justify;\">Realizar un tratamiento sistem\u00e1tico y completo de la Aritm\u00e9tica elemental, desde el c\u00e1lculo mental hasta un tratamiento algebraico con realizaci\u00f3n de demostraciones, superando el curr\u00edculo tradicional y permitiendo una exploraci\u00f3n amplia y sistem\u00e1tica del \u00c1lgebra y su aplicabilidad en la resoluci\u00f3n de problemas.<\/p>\n\n\n<p><\/p>\n\n\n\n<p><\/p>\n\n\n\n<figure class=\"wp-block-image size-full\"><img loading=\"lazy\" decoding=\"async\" width=\"143\" height=\"38\" src=\"http:\/\/actef.es\/wp-content\/uploads\/2024\/09\/aptitudes.png\" alt=\"\" class=\"wp-image-2670\"\/><\/figure>\n\n\n\n<ul class=\"wp-block-list\">\n<li>T\u00e9cnicas de c\u00e1lculo mental.&nbsp;<\/li>\n\n\n\n<li>Axiomas de la Aritm\u00e9tica.&nbsp;<\/li>\n\n\n\n<li>Demostraciones.&nbsp;<\/li>\n\n\n\n<li>Resoluci\u00f3n de ecuaciones.&nbsp;<\/li>\n\n\n\n<li>Resoluci\u00f3n de problemas.&nbsp;<\/li>\n\n\n\n<li>Profundizaci\u00f3n en otras ramas matem\u00e1ticas a discreci\u00f3n del estudiante.&nbsp;<\/li>\n\n\n\n<li>Se presume inter\u00e9s y autonom\u00eda.<\/li>\n<\/ul>\n\n\n\n<p><\/p>\n\n\n\n<p><\/p>\n\n\n\n<figure class=\"wp-block-image size-full\"><img loading=\"lazy\" decoding=\"async\" width=\"210\" height=\"38\" src=\"http:\/\/actef.es\/wp-content\/uploads\/2024\/09\/observaciones.png\" alt=\"\" class=\"wp-image-2672\"\/><\/figure>\n\n\n\n<ul class=\"wp-block-list\">\n<li><strong>PARA LOS NUEVOS ALUMNOS<\/strong> <strong>SE DEBER\u00c1 REALIZAR UNA PRUEBA DE NIVEL <\/strong> esta prueba es para formalizar grupos acorde a los niveles individuales de cada alumno\/a, nunca para dejar fuera a un alumno de este taller.&nbsp;&nbsp;<\/li>\n\n\n\n<li>Se recomienda alumnado con talento Matem\u00e1tico&nbsp;<\/li>\n\n\n\n<li>Es necesario un COMPROMISO de pr\u00e1ctica para que todo el alumnado disfrute de la actividad.&nbsp;<\/li>\n<\/ul>\n\n\n\n<p><\/p>\n\n\n\n<hr class=\"wp-block-separator has-text-color has-vivid-cyan-blue-color has-alpha-channel-opacity has-vivid-cyan-blue-background-color has-background is-style-wide\"\/>\n\n\n\n<div class=\"wp-block-columns is-layout-flex wp-container-core-columns-is-layout-9d6595d7 wp-block-columns-is-layout-flex\">\n<div class=\"wp-block-column is-layout-flow wp-block-column-is-layout-flow\"><div class=\"wp-block-image\">\n<figure class=\"aligncenter size-full is-resized\"><img loading=\"lazy\" decoding=\"async\" width=\"234\" height=\"44\" src=\"http:\/\/actef.es\/wp-content\/uploads\/2024\/09\/horario.png\" alt=\"\" class=\"wp-image-2625\" style=\"width:181px;height:auto\"\/><\/figure>\n<\/div>\n\n\n<p class=\"has-text-align-center\">Martes \u2013 Online<\/p>\n\n\n\n<p class=\"has-text-align-center\"><strong>Completo<\/strong><\/p>\n<\/div>\n\n\n\n<div class=\"wp-block-column is-layout-flow wp-block-column-is-layout-flow\"><div class=\"wp-block-image\">\n<figure class=\"aligncenter size-full is-resized\"><img loading=\"lazy\" decoding=\"async\" width=\"173\" height=\"44\" src=\"http:\/\/actef.es\/wp-content\/uploads\/2024\/09\/profesional.png\" alt=\"\" class=\"wp-image-2627\" style=\"width:134px;height:auto\"\/><\/figure>\n<\/div>\n\n\n<p class=\"has-text-align-center\">Javier Ruiz G\u00f3mez<\/p>\n<\/div>\n\n\n\n<div class=\"wp-block-column is-layout-flow wp-block-column-is-layout-flow\"><div class=\"wp-block-image is-style-default\">\n<figure class=\"aligncenter size-large is-resized\"><img decoding=\"async\" src=\"https:\/\/actef.es\/wp-content\/uploads\/2024\/09\/precio-1-e1734353791450.png\" alt=\"\" style=\"width:63px;height:auto\"\/><\/figure>\n<\/div>\n\n\n<p class=\"has-text-align-center\">Consultar en ACTEF<\/p>\n<\/div>\n<\/div>\n\n\n<div class=\"wp-block-image\">\n<figure class=\"aligncenter size-full\"><a href=\"https:\/\/docs.google.com\/forms\/d\/e\/1FAIpQLSckJi74OdEzXVgrNjlJz4AEjnO4kehAQc8ajyO_9as1HdshJQ\/viewform?usp=header\"><img loading=\"lazy\" decoding=\"async\" width=\"280\" height=\"66\" src=\"https:\/\/actef.es\/wp-content\/uploads\/2025\/10\/WERQWER.png\" alt=\"\" class=\"wp-image-4715\"\/><\/a><\/figure>\n<\/div>\n\n\n<hr class=\"wp-block-separator has-text-color has-vivid-cyan-blue-color has-alpha-channel-opacity has-vivid-cyan-blue-background-color has-background is-style-wide\"\/>\n\n\n\n<figure class=\"wp-block-embed is-type-video is-provider-youtube wp-block-embed-youtube wp-embed-aspect-16-9 wp-has-aspect-ratio\"><div class=\"wp-block-embed__wrapper\">\n<iframe loading=\"lazy\" title=\"Taller matematicas Javi Ruiz 1\" width=\"1200\" height=\"675\" src=\"https:\/\/www.youtube.com\/embed\/eGZnPxqrjCM?feature=oembed\" frameborder=\"0\" allow=\"accelerometer; autoplay; clipboard-write; encrypted-media; gyroscope; picture-in-picture; web-share\" referrerpolicy=\"strict-origin-when-cross-origin\" allowfullscreen><\/iframe>\n<\/div><\/figure>\n\n\n\n<figure class=\"wp-block-image size-full\"><img loading=\"lazy\" decoding=\"async\" width=\"970\" height=\"250\" src=\"http:\/\/actef.es\/wp-content\/uploads\/2024\/09\/VERNE-7.png\" alt=\"\" class=\"wp-image-2870\" srcset=\"https:\/\/actef.es\/wp-content\/uploads\/2024\/09\/VERNE-7.png 970w, https:\/\/actef.es\/wp-content\/uploads\/2024\/09\/VERNE-7-300x77.png 300w, https:\/\/actef.es\/wp-content\/uploads\/2024\/09\/VERNE-7-768x198.png 768w\" sizes=\"auto, (max-width: 970px) 100vw, 970px\" \/><\/figure>\n\n\n\n<p>Con la colaboraci\u00f3n de:<\/p>\n\n\n\n<figure class=\"wp-block-image size-full\"><img loading=\"lazy\" decoding=\"async\" width=\"875\" height=\"151\" src=\"https:\/\/actef.es\/wp-content\/uploads\/2025\/08\/WhatsApp-Image-2025-08-27-at-10.22.15.jpeg\" alt=\"\" class=\"wp-image-4493\" srcset=\"https:\/\/actef.es\/wp-content\/uploads\/2025\/08\/WhatsApp-Image-2025-08-27-at-10.22.15.jpeg 875w, https:\/\/actef.es\/wp-content\/uploads\/2025\/08\/WhatsApp-Image-2025-08-27-at-10.22.15-300x52.jpeg 300w, https:\/\/actef.es\/wp-content\/uploads\/2025\/08\/WhatsApp-Image-2025-08-27-at-10.22.15-768x133.jpeg 768w\" sizes=\"auto, (max-width: 875px) 100vw, 875px\" \/><\/figure>\n\n\n<div class=\"kb-gallery-wrap-id-2606_485368-80 alignnone wp-block-kadence-advancedgallery\"><ul class=\"kb-gallery-ul kb-gallery-non-static kb-gallery-type-masonry kb-masonry-init kb-gallery-id-2606_485368-80 kb-gallery-caption-style-bottom-hover kb-gallery-filter-none\" data-image-filter=\"none\" data-item-selector=\".kadence-blocks-gallery-item\" data-lightbox-caption=\"true\" data-columns-xxl=\"3\" data-columns-xl=\"3\" data-columns-md=\"3\" data-columns-sm=\"2\" data-columns-xs=\"1\" data-columns-ss=\"1\"><li class=\"kadence-blocks-gallery-item\"><div class=\"kadence-blocks-gallery-item-inner\"><figure class=\"kb-gallery-figure kadence-blocks-gallery-item-hide-caption\" \"><div class=\"kb-gal-image-radius\" style=\"max-width:1024px;\"><div class=\"kb-gallery-image-contain kadence-blocks-gallery-intrinsic\" style=\"padding-bottom:100%;\"><img loading=\"lazy\" decoding=\"async\" src=\"https:\/\/actef.es\/wp-content\/uploads\/2025\/11\/Promos-1-1-1024x1024.png\" width=\"1024\" height=\"1024\" alt=\"\" data-full-image=\"https:\/\/actef.es\/wp-content\/uploads\/2025\/11\/Promos-1-1.png\" data-light-image=\"https:\/\/actef.es\/wp-content\/uploads\/2025\/11\/Promos-1-1.png\" data-id=\"4967\" class=\"wp-image-4967\" srcset=\"https:\/\/actef.es\/wp-content\/uploads\/2025\/11\/Promos-1-1-1024x1024.png 1024w, https:\/\/actef.es\/wp-content\/uploads\/2025\/11\/Promos-1-1-300x300.png 300w, https:\/\/actef.es\/wp-content\/uploads\/2025\/11\/Promos-1-1-150x150.png 150w, https:\/\/actef.es\/wp-content\/uploads\/2025\/11\/Promos-1-1-768x768.png 768w, https:\/\/actef.es\/wp-content\/uploads\/2025\/11\/Promos-1-1-1536x1536.png 1536w, https:\/\/actef.es\/wp-content\/uploads\/2025\/11\/Promos-1-1.png 1890w\" sizes=\"auto, (max-width: 1024px) 100vw, 1024px\" \/><\/div><\/div><\/figure><\/div><\/li><li class=\"kadence-blocks-gallery-item\"><div class=\"kadence-blocks-gallery-item-inner\"><figure class=\"kb-gallery-figure kadence-blocks-gallery-item-hide-caption\" \"><div class=\"kb-gal-image-radius\" style=\"max-width:1024px;\"><div class=\"kb-gallery-image-contain kadence-blocks-gallery-intrinsic\" style=\"padding-bottom:100%;\"><img loading=\"lazy\" decoding=\"async\" src=\"https:\/\/actef.es\/wp-content\/uploads\/2025\/10\/photo_2025-10-07_16-38-06-1024x1024.jpg\" width=\"1024\" height=\"1024\" alt=\"\" data-full-image=\"https:\/\/actef.es\/wp-content\/uploads\/2025\/10\/photo_2025-10-07_16-38-06.jpg\" data-light-image=\"https:\/\/actef.es\/wp-content\/uploads\/2025\/10\/photo_2025-10-07_16-38-06.jpg\" data-id=\"4742\" class=\"wp-image-4742\" srcset=\"https:\/\/actef.es\/wp-content\/uploads\/2025\/10\/photo_2025-10-07_16-38-06-1024x1024.jpg 1024w, https:\/\/actef.es\/wp-content\/uploads\/2025\/10\/photo_2025-10-07_16-38-06-300x300.jpg 300w, https:\/\/actef.es\/wp-content\/uploads\/2025\/10\/photo_2025-10-07_16-38-06-150x150.jpg 150w, https:\/\/actef.es\/wp-content\/uploads\/2025\/10\/photo_2025-10-07_16-38-06-768x768.jpg 768w, https:\/\/actef.es\/wp-content\/uploads\/2025\/10\/photo_2025-10-07_16-38-06.jpg 1080w\" sizes=\"auto, (max-width: 1024px) 100vw, 1024px\" \/><\/div><\/div><\/figure><\/div><\/li><li class=\"kadence-blocks-gallery-item\"><div class=\"kadence-blocks-gallery-item-inner\"><figure class=\"kb-gallery-figure kadence-blocks-gallery-item-hide-caption\" \"><div class=\"kb-gal-image-radius\" style=\"max-width:1024px;\"><div class=\"kb-gallery-image-contain kadence-blocks-gallery-intrinsic\" style=\"padding-bottom:100%;\"><img loading=\"lazy\" decoding=\"async\" src=\"https:\/\/actef.es\/wp-content\/uploads\/2025\/11\/Promos-2-1024x1024.png\" width=\"1024\" height=\"1024\" alt=\"\" data-full-image=\"https:\/\/actef.es\/wp-content\/uploads\/2025\/11\/Promos-2.png\" data-light-image=\"https:\/\/actef.es\/wp-content\/uploads\/2025\/11\/Promos-2.png\" data-id=\"4970\" class=\"wp-image-4970\" srcset=\"https:\/\/actef.es\/wp-content\/uploads\/2025\/11\/Promos-2-1024x1024.png 1024w, https:\/\/actef.es\/wp-content\/uploads\/2025\/11\/Promos-2-300x300.png 300w, https:\/\/actef.es\/wp-content\/uploads\/2025\/11\/Promos-2-150x150.png 150w, https:\/\/actef.es\/wp-content\/uploads\/2025\/11\/Promos-2-768x768.png 768w, https:\/\/actef.es\/wp-content\/uploads\/2025\/11\/Promos-2-1536x1536.png 1536w, https:\/\/actef.es\/wp-content\/uploads\/2025\/11\/Promos-2.png 1620w\" sizes=\"auto, (max-width: 1024px) 100vw, 1024px\" \/><\/div><\/div><\/figure><\/div><\/li><\/ul><\/div>\n\n\n<figure class=\"wp-block-gallery has-nested-images columns-default is-cropped wp-block-gallery-3 is-layout-flex wp-block-gallery-is-layout-flex\">\n<figure class=\"wp-block-image size-large\"><img loading=\"lazy\" decoding=\"async\" width=\"576\" height=\"1024\" data-id=\"4831\" src=\"https:\/\/actef.es\/wp-content\/uploads\/2025\/10\/Agendas-576x1024.png\" alt=\"\" class=\"wp-image-4831\" srcset=\"https:\/\/actef.es\/wp-content\/uploads\/2025\/10\/Agendas-576x1024.png 576w, https:\/\/actef.es\/wp-content\/uploads\/2025\/10\/Agendas-169x300.png 169w, https:\/\/actef.es\/wp-content\/uploads\/2025\/10\/Agendas-768x1365.png 768w, https:\/\/actef.es\/wp-content\/uploads\/2025\/10\/Agendas-864x1536.png 864w, https:\/\/actef.es\/wp-content\/uploads\/2025\/10\/Agendas.png 1080w\" sizes=\"auto, (max-width: 576px) 100vw, 576px\" \/><\/figure>\n\n\n\n<figure class=\"wp-block-image size-large\"><img loading=\"lazy\" decoding=\"async\" width=\"576\" height=\"1024\" data-id=\"4740\" src=\"https:\/\/actef.es\/wp-content\/uploads\/2025\/10\/photo_2025-10-02_10-08-11-576x1024.jpg\" alt=\"\" class=\"wp-image-4740\" srcset=\"https:\/\/actef.es\/wp-content\/uploads\/2025\/10\/photo_2025-10-02_10-08-11-576x1024.jpg 576w, https:\/\/actef.es\/wp-content\/uploads\/2025\/10\/photo_2025-10-02_10-08-11-169x300.jpg 169w, https:\/\/actef.es\/wp-content\/uploads\/2025\/10\/photo_2025-10-02_10-08-11.jpg 720w\" sizes=\"auto, (max-width: 576px) 100vw, 576px\" \/><\/figure>\n<\/figure>\n\n\n\n<p><\/p>\n<style class=\"advgb-styles-renderer\">.wp-block-kadence-advancedgallery .kb-gallery-type-grid.kb-gallery-id-2606_701d0d-06{margin:-5px;}.kb-gallery-type-grid.kb-gallery-id-2606_701d0d-06 .kadence-blocks-gallery-item{padding:5px;}.kb-gallery-id-2606_701d0d-06 .kadence-blocks-gallery-item .kb-gal-image-radius, .kb-gallery-id-2606_701d0d-06 .kb-slide-item .kb-gal-image-radius img{border-radius:0px 0px 0px 0px;;}.wp-block-kadence-advancedgallery .kb-gallery-type-masonry.kb-gallery-id-2606_485368-80{margin:-5px;}.kb-gallery-type-masonry.kb-gallery-id-2606_485368-80 .kadence-blocks-gallery-item{padding:5px;}.kb-gallery-id-2606_485368-80 .kadence-blocks-gallery-item .kb-gal-image-radius, .kb-gallery-id-2606_485368-80 .kb-slide-item .kb-gal-image-radius img{border-radius:0px 0px 0px 0px;;}<\/style>","protected":false},"excerpt":{"rendered":"<p>Se trata de un servicio ofrecido por *ACTEF donde se pretende ofrecer un espacio a los j\u00f3venes y sus familias al cual puedan acudir en caso de considerarse envueltos en una situaci\u00f3n de riesgo o vulnerabilidad, ya sea al hogar o en el centro educativo. Por lo tanto, se plantea como una oportunidad de brindar &#8230; <a title=\"INTENSAMENTE 4: nacidos en 2012-2013\" class=\"read-more\" href=\"https:\/\/actef.es\/web\/intensamente-4-nacidos-en-2013\/\" aria-label=\"Leer m\u00e1s sobre INTENSAMENTE 4: nacidos en 2012-2013\">Leer m\u00e1s<\/a><\/p>\n","protected":false},"author":2,"featured_media":5725,"parent":0,"menu_order":0,"comment_status":"closed","ping_status":"closed","template":"","meta":{"advgb_blocks_editor_width":"","advgb_blocks_columns_visual_guide":"","footnotes":""},"class_list":["post-2606","page","type-page","status-publish","has-post-thumbnail"],"featured_image_urls_v2":{"full":["https:\/\/actef.es\/wp-content\/uploads\/2025\/12\/cast-4.png",1455,375,false],"thumbnail":["https:\/\/actef.es\/wp-content\/uploads\/2025\/12\/cast-4-150x150.png",150,150,true],"medium":["https:\/\/actef.es\/wp-content\/uploads\/2025\/12\/cast-4-300x77.png",300,77,true],"medium_large":["https:\/\/actef.es\/wp-content\/uploads\/2025\/12\/cast-4-768x198.png",768,198,true],"large":["https:\/\/actef.es\/wp-content\/uploads\/2025\/12\/cast-4-1024x264.png",1024,264,true],"1536x1536":["https:\/\/actef.es\/wp-content\/uploads\/2025\/12\/cast-4.png",1455,375,false],"2048x2048":["https:\/\/actef.es\/wp-content\/uploads\/2025\/12\/cast-4.png",1455,375,false]},"post_excerpt_stackable_v2":"<p>Se trata de un servicio ofrecido por *ACTEF donde se pretende ofrecer un espacio a los j\u00f3venes y sus familias al cual puedan acudir en caso de considerarse envueltos en una situaci\u00f3n de riesgo o vulnerabilidad, ya sea al hogar o en el centro educativo. Por lo tanto, se plantea como una oportunidad de brindar un espacio seguro y confidencial para la orientaci\u00f3n y atenci\u00f3n de los usuarios, con la intenci\u00f3n de desarrollar una prevenci\u00f3n sobre conductas de riesgo e intervenci\u00f3n temprana en casos de conflictividad o de victimizaci\u00f3n. Este servicio se llevar\u00e1 a cabo por una crimin\u00f3loga especializada en&hellip;<\/p>\n","category_list_v2":"","author_info_v2":{"name":"Esperanza Marqu\u00e8s","url":"https:\/\/actef.es\/web\/author\/esperanza\/"},"comments_num_v2":"0 comentarios","coauthors":[],"author_meta":{"author_link":"https:\/\/actef.es\/web\/author\/esperanza\/","display_name":"Esperanza Marqu\u00e8s"},"relative_dates":{"created":"Publicado 2 a\u00f1os hace","modified":"Actualizado 2 meses hace"},"absolute_dates":{"created":"Publicado el 13 septiembre 2024","modified":"Actualizado el 9 marzo 2026"},"absolute_dates_time":{"created":"Publicado el 13 septiembre 2024 20:26","modified":"Actualizado el 9 marzo 2026 11:15"},"featured_img_caption":"","featured_img":"https:\/\/actef.es\/wp-content\/uploads\/2025\/12\/cast-4.png","series_order":"","_links":{"self":[{"href":"https:\/\/actef.es\/web\/wp-json\/wp\/v2\/pages\/2606","targetHints":{"allow":["GET"]}}],"collection":[{"href":"https:\/\/actef.es\/web\/wp-json\/wp\/v2\/pages"}],"about":[{"href":"https:\/\/actef.es\/web\/wp-json\/wp\/v2\/types\/page"}],"author":[{"embeddable":true,"href":"https:\/\/actef.es\/web\/wp-json\/wp\/v2\/users\/2"}],"replies":[{"embeddable":true,"href":"https:\/\/actef.es\/web\/wp-json\/wp\/v2\/comments?post=2606"}],"version-history":[{"count":89,"href":"https:\/\/actef.es\/web\/wp-json\/wp\/v2\/pages\/2606\/revisions"}],"predecessor-version":[{"id":6248,"href":"https:\/\/actef.es\/web\/wp-json\/wp\/v2\/pages\/2606\/revisions\/6248"}],"wp:featuredmedia":[{"embeddable":true,"href":"https:\/\/actef.es\/web\/wp-json\/wp\/v2\/media\/5725"}],"wp:attachment":[{"href":"https:\/\/actef.es\/web\/wp-json\/wp\/v2\/media?parent=2606"}],"curies":[{"name":"wp","href":"https:\/\/api.w.org\/{rel}","templated":true}]}}