{"id":4097,"date":"2025-08-27T09:13:20","date_gmt":"2025-08-27T07:13:20","guid":{"rendered":"https:\/\/actef.es\/web\/?page_id=4097"},"modified":"2026-02-04T10:52:34","modified_gmt":"2026-02-04T08:52:34","slug":"intensament-1-nascuts-en-2018-2019","status":"publish","type":"page","link":"https:\/\/actef.es\/web\/intensament-1-nascuts-en-2018-2019\/?lang=ca","title":{"rendered":"INTENSAMENT 1: nascuts en 2018-2019"},"content":{"rendered":"\n<figure class=\"wp-block-image size-large\"><img loading=\"lazy\" decoding=\"async\" width=\"1024\" height=\"576\" src=\"https:\/\/actef.es\/wp-content\/uploads\/2025\/12\/Catalan-9-1024x576.png\" alt=\"\" class=\"wp-image-5494\" srcset=\"https:\/\/actef.es\/wp-content\/uploads\/2025\/12\/Catalan-9-1024x576.png 1024w, https:\/\/actef.es\/wp-content\/uploads\/2025\/12\/Catalan-9-300x169.png 300w, https:\/\/actef.es\/wp-content\/uploads\/2025\/12\/Catalan-9-768x432.png 768w, https:\/\/actef.es\/wp-content\/uploads\/2025\/12\/Catalan-9-1536x864.png 1536w, https:\/\/actef.es\/wp-content\/uploads\/2025\/12\/Catalan-9.png 1920w\" sizes=\"auto, (max-width: 1024px) 100vw, 1024px\" \/><\/figure>\n\n\n\n<hr class=\"wp-block-separator has-text-color has-vivid-cyan-blue-color has-alpha-channel-opacity has-vivid-cyan-blue-background-color has-background is-style-wide\"\/>\n\n\n<div class=\"wp-block-image\">\n<figure class=\"aligncenter size-large\"><img loading=\"lazy\" decoding=\"async\" width=\"1024\" height=\"264\" src=\"https:\/\/actef.es\/wp-content\/uploads\/2025\/08\/2-cat-1024x264.png\" alt=\"\" class=\"wp-image-4049\" srcset=\"https:\/\/actef.es\/wp-content\/uploads\/2025\/08\/2-cat-1024x264.png 1024w, https:\/\/actef.es\/wp-content\/uploads\/2025\/08\/2-cat-300x77.png 300w, https:\/\/actef.es\/wp-content\/uploads\/2025\/08\/2-cat-768x198.png 768w, https:\/\/actef.es\/wp-content\/uploads\/2025\/08\/2-cat.png 1455w\" sizes=\"auto, (max-width: 1024px) 100vw, 1024px\" \/><\/figure>\n<\/div>\n\n\n<hr class=\"wp-block-separator has-text-color has-vivid-cyan-blue-color has-alpha-channel-opacity has-vivid-cyan-blue-background-color has-background is-style-wide\"\/>\n\n\n\n<div class=\"wp-block-columns is-layout-flex wp-container-core-columns-is-layout-9d6595d7 wp-block-columns-is-layout-flex\">\n<div class=\"wp-block-column is-layout-flow wp-block-column-is-layout-flow\"><div class=\"wp-block-image\">\n<figure class=\"aligncenter size-full is-resized\"><img loading=\"lazy\" decoding=\"async\" width=\"282\" height=\"109\" src=\"https:\/\/actef.es\/wp-content\/uploads\/2025\/08\/HORARIO-cat.png\" alt=\"\" class=\"wp-image-4090\" style=\"width:181px;height:auto\"\/><\/figure>\n<\/div>\n\n\n<p class=\"has-text-align-center\">Dilluns de 17:30h&nbsp;a 18.30h<br>Sant&nbsp;Antonio, seu de&nbsp;ACTEF<\/p>\n\n\n\n<p class=\"has-text-align-center\">Dijous de 17.30 a 18.30 Eivissa,&nbsp;Cas&nbsp;Serres.<\/p>\n\n\n<div class=\"wp-block-image\">\n<figure class=\"aligncenter size-full\"><img loading=\"lazy\" decoding=\"async\" width=\"210\" height=\"38\" src=\"https:\/\/actef.es\/wp-content\/uploads\/2024\/09\/observaciones-1.png\" alt=\"\" class=\"wp-image-2692\"\/><\/figure>\n<\/div>\n\n\n<p class=\"has-text-align-center\"><strong>NOM\u00c9S A PARTIR DE 2n CURS PRIM\u00c0RIA<\/strong><\/p>\n<\/div>\n\n\n\n<div class=\"wp-block-column is-layout-flow wp-block-column-is-layout-flow\"><div class=\"wp-block-image\">\n<figure class=\"aligncenter size-full is-resized\"><img loading=\"lazy\" decoding=\"async\" width=\"282\" height=\"109\" src=\"https:\/\/actef.es\/wp-content\/uploads\/2025\/08\/PROFE-cat.png\" alt=\"\" class=\"wp-image-4088\" style=\"width:192px;height:auto\"\/><\/figure>\n<\/div>\n\n\n<p class=\"has-text-align-center\">&nbsp;Nerea Fern\u00e1ndez <\/p>\n<\/div>\n\n\n\n<div class=\"wp-block-column is-layout-flow wp-block-column-is-layout-flow\"><div class=\"wp-block-image is-style-default\">\n<figure class=\"aligncenter size-full is-resized\"><img loading=\"lazy\" decoding=\"async\" width=\"282\" height=\"109\" src=\"https:\/\/actef.es\/wp-content\/uploads\/2025\/08\/PREU-cat.png\" alt=\"\" class=\"wp-image-4086\" style=\"width:171px;height:auto\"\/><\/figure>\n<\/div>\n\n\n<p class=\"has-text-align-center\">Consultar en ACTEF<\/p>\n<\/div>\n<\/div>\n\n\n\n<figure class=\"wp-block-image size-full\"><img loading=\"lazy\" decoding=\"async\" width=\"282\" height=\"109\" src=\"https:\/\/actef.es\/wp-content\/uploads\/2025\/08\/Que-es-cat-1.png\" alt=\"\" class=\"wp-image-4084\"\/><\/figure>\n\n\n\n<p>Facilitar un espai segur on els nens i nenes puguin tenir un lloc on identificar les seves emocions i aprendre a gestionar-se de mantera adequada. Amb aquesta finalitat, es realitzaran din\u00e0miques de grup i jocs, afavorint el treball en equip i les relacions socials. Per tant, es presenta com un espai dedicat a la promoci\u00f3 del desenvolupament d&#8217;habilitats tant&nbsp;intel\u00b7lectuals&nbsp;com a emocionals, treballant de manera \u00f2ptima les habilitats socials, la comunicaci\u00f3 de les emocions, la toler\u00e0ncia a la frustraci\u00f3, la paci\u00e8ncia, etc. Aix\u00ed, es pret\u00e9n respondre a les necessitats col\u00b7lectives que sovint presenten els joves dotats de&nbsp;ACI&nbsp;i Dobles Excepcionalitats.<\/p>\n\n\n\n<p><br>A aquesta activitat es convidar\u00e0 que ells siguin els protagonistes, tractar de fer que parlin i es desenvolupin parlant de diversos temes relacionats amb les emocions i la seva gesti\u00f3. Tamb\u00e9 \u00e9s generar\u00e0 un espai per a treballar altres aspectes personals i socials com els sentiments, les emocions i la comunicaci\u00f3 de dificultats, tot aix\u00f2, gr\u00e0cies a jocs cooperatius i\/o din\u00e0miques de grup. Per tant, es&nbsp;tractar\u00e1&nbsp;de crear un espai segur per a garantir l&#8217;intercanvi d&#8217;opinions amb respecte,&nbsp;empatia&nbsp;i assertivitat.<\/p>\n\n\n\n<figure class=\"wp-block-image size-full\"><img loading=\"lazy\" decoding=\"async\" width=\"282\" height=\"109\" src=\"https:\/\/actef.es\/wp-content\/uploads\/2025\/08\/Objetivos-1.png\" alt=\"\" class=\"wp-image-4082\"\/><\/figure>\n\n\n\n<ul class=\"wp-block-list\">\n<li>Proporcionar un espai segur pels participants on puguin desenvolupar-se amb naturalitat. Construint un vincle de confian\u00e7a entre el professional &#8211; alumnat.<\/li>\n\n\n\n<li>Refor\u00e7ar les habilitats socials de cada individu. Dotant d&#8217;eines per a la gesti\u00f3 i la comunicaci\u00f3 de les emocions.<\/li>\n\n\n\n<li>Acompanyar a l&#8217;alumnat en la identificaci\u00f3 i gesti\u00f3 de les emocions que sorgeixin en les sessions.<br><br><strong>NOM\u00c9S A PARTIR DE 2n CURS PRIM\u00c0RIA<\/strong><\/li>\n<\/ul>\n\n\n\n<hr class=\"wp-block-separator has-text-color has-vivid-cyan-blue-color has-alpha-channel-opacity has-vivid-cyan-blue-background-color has-background is-style-wide\"\/>\n\n\n<div class=\"wp-block-image\">\n<figure class=\"aligncenter size-full is-resized\"><a href=\"https:\/\/docs.google.com\/forms\/d\/e\/1FAIpQLSckJi74OdEzXVgrNjlJz4AEjnO4kehAQc8ajyO_9as1HdshJQ\/viewform?usp=header\"><img loading=\"lazy\" decoding=\"async\" width=\"782\" height=\"185\" src=\"https:\/\/actef.es\/wp-content\/uploads\/2025\/08\/24-cAT.png\" alt=\"\" class=\"wp-image-4100\" style=\"aspect-ratio:4.227629733520336;width:367px;height:auto\" srcset=\"https:\/\/actef.es\/wp-content\/uploads\/2025\/08\/24-cAT.png 782w, https:\/\/actef.es\/wp-content\/uploads\/2025\/08\/24-cAT-300x71.png 300w, https:\/\/actef.es\/wp-content\/uploads\/2025\/08\/24-cAT-768x182.png 768w\" sizes=\"auto, (max-width: 782px) 100vw, 782px\" \/><\/a><\/figure>\n<\/div>\n\n\n<hr class=\"wp-block-separator has-text-color has-vivid-cyan-blue-color has-alpha-channel-opacity has-vivid-cyan-blue-background-color has-background is-style-wide\"\/>\n\n\n\n<p><\/p>\n\n\n\n<blockquote class=\"wp-block-stackable-blockquote stk-block-blockquote stk-block stk-98ee2a4 is-style-default\" data-v=\"2\" data-block-id=\"98ee2a4\"><div class=\"stk-block-blockquote__content stk-container stk-98ee2a4-container stk-hover-parent\"><div class=\"stk-block-content stk-inner-blocks\">\n<div class=\"wp-block-stackable-icon stk-block-icon stk-block stk-83d2702\" data-block-id=\"83d2702\"><span class=\"stk--svg-wrapper\"><div class=\"stk--inner-svg\"><svg style=\"height:0;width:0\"><defs><linearGradient id=\"linear-gradient-83d2702\" x1=\"0\" x2=\"100%\" y1=\"0\" y2=\"0\"><stop offset=\"0%\" style=\"stop-opacity:1;stop-color:var(--linear-gradient-83-d-2702-color-1)\"><\/stop><stop offset=\"100%\" style=\"stop-opacity:1;stop-color:var(--linear-gradient-83-d-2702-color-2)\"><\/stop><\/linearGradient><\/defs><\/svg><svg xmlns=\"http:\/\/www.w3.org\/2000\/svg\" viewBox=\"0 0 50 50\" aria-hidden=\"true\" width=\"32\" height=\"32\"><path d=\"M19.8 9.3C10.5 11.8 4.6 17 2.1 24.8c2.3-3.6 5.6-5.4 9.9-5.4 3.3 0 6 1.1 8.3 3.3 2.2 2.2 3.4 5 3.4 8.3 0 3.2-1.1 5.8-3.3 8-2.2 2.2-5.1 3.2-8.7 3.2-3.7 0-6.5-1.2-8.6-3.5C1 36.3 0 33.1 0 29 0 18.3 6.5 11.2 19.6 7.9l.2 1.4zm26.4 0C36.9 11.9 31 17 28.5 24.8c2.2-3.6 5.5-5.4 9.8-5.4 3.2 0 6 1.1 8.3 3.2 2.3 2.2 3.4 4.9 3.4 8.3 0 3.1-1.1 5.8-3.3 7.9-2.2 2.2-5.1 3.3-8.6 3.3-3.7 0-6.6-1.1-8.6-3.4-2.1-2.3-3.1-5.5-3.1-9.7 0-10.7 6.6-17.8 19.7-21.1l.1 1.4z\"><\/path><\/svg><\/div><\/span><\/div>\n\n\n\n<div class=\"wp-block-stackable-text stk-block-text stk-block stk-c10394e\" data-block-id=\"c10394e\"><p class=\"stk-block-text__text has-text-align-center\">Perdonin les mol\u00e8sties, estem jugant per a vost\u00e8s.<br>FRATO<\/p><\/div>\n<\/div><\/div><\/blockquote>\n\n\n\n<hr class=\"wp-block-separator has-text-color has-vivid-cyan-blue-color has-alpha-channel-opacity has-vivid-cyan-blue-background-color has-background is-style-wide\"\/>\n\n\n\n<figure class=\"wp-block-image size-large\"><img loading=\"lazy\" decoding=\"async\" width=\"1024\" height=\"726\" src=\"https:\/\/actef.es\/wp-content\/uploads\/2026\/02\/cat-int-1-1-1024x726.png\" alt=\"\" class=\"wp-image-5941\" srcset=\"https:\/\/actef.es\/wp-content\/uploads\/2026\/02\/cat-int-1-1-1024x726.png 1024w, https:\/\/actef.es\/wp-content\/uploads\/2026\/02\/cat-int-1-1-300x213.png 300w, https:\/\/actef.es\/wp-content\/uploads\/2026\/02\/cat-int-1-1-768x545.png 768w, https:\/\/actef.es\/wp-content\/uploads\/2026\/02\/cat-int-1-1-1536x1090.png 1536w, https:\/\/actef.es\/wp-content\/uploads\/2026\/02\/cat-int-1-1.png 1748w\" sizes=\"auto, (max-width: 1024px) 100vw, 1024px\" \/><\/figure>\n\n\n\n<figure class=\"wp-block-image size-full\"><img loading=\"lazy\" decoding=\"async\" width=\"282\" height=\"109\" src=\"https:\/\/actef.es\/wp-content\/uploads\/2025\/08\/Que-es-cat-1.png\" alt=\"\" class=\"wp-image-4084\"\/><\/figure>\n\n\n<p style=\"text-align: justify;\">Laboratori Creatiu \u00e9s un taller de treball emocional i desenvolupament d&#8217;habilitats socials a trav\u00e9s de les activitats creatives. Viatjarem en el temps per a con\u00e8ixer civilitzacions antigues, descobrirem \u00e9ssers mitol\u00f2gics, desxifrarem enigmes de la naturalesa i moltes coses m\u00e9s sempre partint de la nostra creativitat. El taller busca encuriosir i l&#8217;inter\u00e8s de els\\as nens\\as per diverses \u00e0rees del coneixement i habilitats a trav\u00e9s del joc creatiu i la imaginaci\u00f3.<\/p>\n\n\n<figure class=\"wp-block-image size-full\"><img loading=\"lazy\" decoding=\"async\" width=\"282\" height=\"109\" src=\"https:\/\/actef.es\/wp-content\/uploads\/2025\/08\/Objetivos-1.png\" alt=\"\" class=\"wp-image-4082\"\/><\/figure>\n\n\n\n<ol class=\"wp-block-list\">\n<li>Desenvolupar l&#8217;inter\u00e8s dels nens per aprendre sobre temes variats.<\/li>\n\n\n\n<li>Treballar la gesti\u00f3 de la frustraci\u00f3.<\/li>\n\n\n\n<li>Promoure el desenvolupament personal, millorant la confian\u00e7a i autoestima dels nens.<\/li>\n\n\n\n<li>Fomentar la interacci\u00f3 social i el treball en equip entre els participants.<\/li>\n\n\n\n<li>Oferir un ambient divertit i creatiu on els nens\\as puguin expressar-se i explorar lliurement.<\/li>\n\n\n\n<li>Treballar l&#8217;empatia i l&#8217;assertivitat.<br><br><\/li>\n<\/ol>\n\n\n\n<figure class=\"wp-block-image size-full\"><img loading=\"lazy\" decoding=\"async\" width=\"189\" height=\"40\" src=\"https:\/\/actef.es\/wp-content\/uploads\/2024\/09\/metodologia.png\" alt=\"\" class=\"wp-image-2652\"\/><\/figure>\n\n\n<p style=\"text-align: justify;\">Es realitzar\u00e0 un taller setmanal amb tem\u00e0tiques trimestrals treballant des d&#8217;un punt de vista creatiu per a la consecuci\u00f3 dels objectius d&#8217;una forma l\u00fadica i natural.<\/p>\n\n\n<hr class=\"wp-block-separator has-text-color has-vivid-cyan-blue-color has-alpha-channel-opacity has-vivid-cyan-blue-background-color has-background is-style-wide\"\/>\n\n\n\n<div class=\"wp-block-columns is-layout-flex wp-container-core-columns-is-layout-9d6595d7 wp-block-columns-is-layout-flex\">\n<div class=\"wp-block-column is-layout-flow wp-block-column-is-layout-flow\"><div class=\"wp-block-image\">\n<figure class=\"aligncenter size-full is-resized\"><img loading=\"lazy\" decoding=\"async\" width=\"282\" height=\"109\" src=\"https:\/\/actef.es\/wp-content\/uploads\/2025\/08\/HORARIO-cat.png\" alt=\"\" class=\"wp-image-4090\" style=\"width:181px;height:auto\"\/><\/figure>\n<\/div>\n\n\n<p class=\"has-text-align-center\">Dijous de 17:00h\u00a0a 18:00h<br>Sant\u00a0Antonio, seu de\u00a0ACTEF<\/p>\n<\/div>\n\n\n\n<div class=\"wp-block-column is-layout-flow wp-block-column-is-layout-flow\"><div class=\"wp-block-image\">\n<figure class=\"aligncenter size-full is-resized\"><img loading=\"lazy\" decoding=\"async\" width=\"282\" height=\"109\" src=\"https:\/\/actef.es\/wp-content\/uploads\/2025\/08\/PROFE-cat.png\" alt=\"\" class=\"wp-image-4088\" style=\"width:162px;height:auto\"\/><\/figure>\n<\/div>\n\n\n<p class=\"has-text-align-center\">Soledad P\u00e9rez<\/p>\n<\/div>\n\n\n\n<div class=\"wp-block-column is-layout-flow wp-block-column-is-layout-flow\"><div class=\"wp-block-image is-style-default\">\n<figure class=\"aligncenter size-full is-resized\"><img loading=\"lazy\" decoding=\"async\" width=\"282\" height=\"109\" src=\"https:\/\/actef.es\/wp-content\/uploads\/2025\/08\/PREU-cat.png\" alt=\"\" class=\"wp-image-4086\" style=\"width:153px;height:auto\"\/><\/figure>\n<\/div>\n\n\n<p class=\"has-text-align-center\">Consultar en ACTEF<\/p>\n<\/div>\n<\/div>\n\n\n\n<hr class=\"wp-block-separator has-text-color has-vivid-cyan-blue-color has-alpha-channel-opacity has-vivid-cyan-blue-background-color has-background is-style-wide\"\/>\n\n\n<div class=\"wp-block-image\">\n<figure class=\"aligncenter size-full is-resized\"><a href=\"https:\/\/docs.google.com\/forms\/d\/e\/1FAIpQLSckJi74OdEzXVgrNjlJz4AEjnO4kehAQc8ajyO_9as1HdshJQ\/viewform?usp=header\"><img loading=\"lazy\" decoding=\"async\" width=\"782\" height=\"185\" src=\"https:\/\/actef.es\/wp-content\/uploads\/2025\/08\/24-cAT.png\" alt=\"\" class=\"wp-image-4100\" style=\"aspect-ratio:4.227849740932642;width:412px;height:auto\" srcset=\"https:\/\/actef.es\/wp-content\/uploads\/2025\/08\/24-cAT.png 782w, https:\/\/actef.es\/wp-content\/uploads\/2025\/08\/24-cAT-300x71.png 300w, https:\/\/actef.es\/wp-content\/uploads\/2025\/08\/24-cAT-768x182.png 768w\" sizes=\"auto, (max-width: 782px) 100vw, 782px\" \/><\/a><\/figure>\n<\/div>\n\n\n<figure class=\"wp-block-embed is-type-video is-provider-youtube wp-block-embed-youtube wp-embed-aspect-16-9 wp-has-aspect-ratio\"><div class=\"wp-block-embed__wrapper\">\n<iframe loading=\"lazy\" title=\"Laboratorio Creativo 1\" width=\"1200\" height=\"675\" src=\"https:\/\/www.youtube.com\/embed\/Yri4c0cRk1w?feature=oembed\" frameborder=\"0\" allow=\"accelerometer; autoplay; clipboard-write; encrypted-media; gyroscope; picture-in-picture; web-share\" referrerpolicy=\"strict-origin-when-cross-origin\" allowfullscreen><\/iframe>\n<\/div><\/figure>\n\n\n\n<hr class=\"wp-block-separator has-text-color has-vivid-cyan-blue-color has-alpha-channel-opacity has-vivid-cyan-blue-background-color has-background is-style-wide\"\/>\n\n\n\n<blockquote class=\"wp-block-stackable-blockquote stk-block-blockquote stk-block stk-39ac4e7 is-style-default\" data-v=\"2\" data-block-id=\"39ac4e7\"><div class=\"has-text-align-left stk-block-blockquote__content stk-container stk-39ac4e7-container stk-hover-parent\"><div class=\"stk-block-content stk-inner-blocks\">\n<div class=\"wp-block-stackable-icon stk-block-icon stk-block stk-fd9d7e1\" data-block-id=\"fd9d7e1\"><span class=\"stk--svg-wrapper\"><div class=\"stk--inner-svg\"><svg style=\"height:0;width:0\"><defs><linearGradient id=\"linear-gradient-fd9d7e1\" x1=\"0\" x2=\"100%\" y1=\"0\" y2=\"0\"><stop offset=\"0%\" style=\"stop-opacity:1;stop-color:var(--linear-gradient-fd-9-d-7-e-1-color-1)\"><\/stop><stop offset=\"100%\" style=\"stop-opacity:1;stop-color:var(--linear-gradient-fd-9-d-7-e-1-color-2)\"><\/stop><\/linearGradient><\/defs><\/svg><svg xmlns=\"http:\/\/www.w3.org\/2000\/svg\" viewBox=\"0 0 50 50\" aria-hidden=\"true\" width=\"32\" height=\"32\"><path d=\"M19.8 9.3C10.5 11.8 4.6 17 2.1 24.8c2.3-3.6 5.6-5.4 9.9-5.4 3.3 0 6 1.1 8.3 3.3 2.2 2.2 3.4 5 3.4 8.3 0 3.2-1.1 5.8-3.3 8-2.2 2.2-5.1 3.2-8.7 3.2-3.7 0-6.5-1.2-8.6-3.5C1 36.3 0 33.1 0 29 0 18.3 6.5 11.2 19.6 7.9l.2 1.4zm26.4 0C36.9 11.9 31 17 28.5 24.8c2.2-3.6 5.5-5.4 9.8-5.4 3.2 0 6 1.1 8.3 3.2 2.3 2.2 3.4 4.9 3.4 8.3 0 3.1-1.1 5.8-3.3 7.9-2.2 2.2-5.1 3.3-8.6 3.3-3.7 0-6.6-1.1-8.6-3.4-2.1-2.3-3.1-5.5-3.1-9.7 0-10.7 6.6-17.8 19.7-21.1l.1 1.4z\"><\/path><\/svg><\/div><\/span><\/div>\n\n\n\n<div class=\"wp-block-stackable-text stk-block-text stk-block stk-b7b206f\" data-block-id=\"b7b206f\"><p class=\"stk-block-text__text has-text-align-center\">Cerca resultats distints, no facis sempre el mateix.<br>ALBERT EINSTEIN<\/p><\/div>\n<\/div><\/div><\/blockquote>\n\n\n\n<hr class=\"wp-block-separator has-text-color has-vivid-cyan-blue-color has-alpha-channel-opacity has-vivid-cyan-blue-background-color has-background is-style-wide\"\/>\n\n\n\n<figure class=\"wp-block-image size-full\"><img loading=\"lazy\" decoding=\"async\" width=\"940\" height=\"788\" src=\"https:\/\/actef.es\/wp-content\/uploads\/2026\/02\/Anuncio-talleres-1-1.png\" alt=\"\" class=\"wp-image-5929\" srcset=\"https:\/\/actef.es\/wp-content\/uploads\/2026\/02\/Anuncio-talleres-1-1.png 940w, https:\/\/actef.es\/wp-content\/uploads\/2026\/02\/Anuncio-talleres-1-1-300x251.png 300w, https:\/\/actef.es\/wp-content\/uploads\/2026\/02\/Anuncio-talleres-1-1-768x644.png 768w\" sizes=\"auto, (max-width: 940px) 100vw, 940px\" \/><\/figure>\n\n\n\n<div class=\"wp-block-columns is-layout-flex wp-container-core-columns-is-layout-9d6595d7 wp-block-columns-is-layout-flex\">\n<div class=\"wp-block-column is-layout-flow wp-block-column-is-layout-flow\"><div class=\"wp-block-image\">\n<figure class=\"aligncenter size-full is-resized\"><img loading=\"lazy\" decoding=\"async\" width=\"282\" height=\"109\" src=\"https:\/\/actef.es\/wp-content\/uploads\/2025\/08\/HORARIO-cat.png\" alt=\"\" class=\"wp-image-4090\" style=\"width:181px;height:auto\"\/><\/figure>\n<\/div>\n\n\n<p class=\"has-text-align-center\">Dimarts de 16.30h a 17.30h<\/p>\n\n\n\n<p class=\"has-text-align-center\">Dissabtes 11.00h a 13.00h<br>Sant Antoni, seu d&#8217;ACTEF<\/p>\n\n\n\n<p class=\"has-text-align-center\">Guillem de Montgr\u00ed<\/p>\n<\/div>\n\n\n\n<div class=\"wp-block-column is-layout-flow wp-block-column-is-layout-flow\"><div class=\"wp-block-image\">\n<figure class=\"aligncenter size-full is-resized\"><img loading=\"lazy\" decoding=\"async\" width=\"282\" height=\"109\" src=\"https:\/\/actef.es\/wp-content\/uploads\/2025\/08\/PROFE-cat.png\" alt=\"\" class=\"wp-image-4088\" style=\"width:162px;height:auto\"\/><\/figure>\n<\/div>\n\n\n<p class=\"has-text-align-center\">Nicol\u00f2 Napili<\/p>\n<\/div>\n\n\n\n<div class=\"wp-block-column is-layout-flow wp-block-column-is-layout-flow\"><div class=\"wp-block-image is-style-default\">\n<figure class=\"aligncenter size-full is-resized\"><img loading=\"lazy\" decoding=\"async\" width=\"282\" height=\"109\" src=\"https:\/\/actef.es\/wp-content\/uploads\/2025\/08\/PREU-cat.png\" alt=\"\" class=\"wp-image-4086\" style=\"width:153px;height:auto\"\/><\/figure>\n<\/div>\n\n\n<p class=\"has-text-align-center\">Consultar en ACTEF<\/p>\n<\/div>\n<\/div>\n\n\n\n<hr class=\"wp-block-separator has-text-color has-vivid-cyan-blue-color has-alpha-channel-opacity has-vivid-cyan-blue-background-color has-background is-style-wide\"\/>\n\n\n<div class=\"wp-block-image\">\n<figure class=\"aligncenter size-full is-resized\"><a href=\"https:\/\/docs.google.com\/forms\/d\/e\/1FAIpQLSckJi74OdEzXVgrNjlJz4AEjnO4kehAQc8ajyO_9as1HdshJQ\/viewform?usp=header\"><img loading=\"lazy\" decoding=\"async\" width=\"782\" height=\"185\" src=\"https:\/\/actef.es\/wp-content\/uploads\/2025\/08\/24-cAT.png\" alt=\"\" class=\"wp-image-4100\" style=\"aspect-ratio:4.227849740932642;width:412px;height:auto\" srcset=\"https:\/\/actef.es\/wp-content\/uploads\/2025\/08\/24-cAT.png 782w, https:\/\/actef.es\/wp-content\/uploads\/2025\/08\/24-cAT-300x71.png 300w, https:\/\/actef.es\/wp-content\/uploads\/2025\/08\/24-cAT-768x182.png 768w\" sizes=\"auto, (max-width: 782px) 100vw, 782px\" \/><\/a><\/figure>\n<\/div>\n\n\n<hr class=\"wp-block-separator has-text-color has-vivid-cyan-blue-color has-alpha-channel-opacity has-vivid-cyan-blue-background-color has-background is-style-wide\"\/>\n\n\n\n<figure class=\"wp-block-image size-full\"><img loading=\"lazy\" decoding=\"async\" width=\"2560\" height=\"1816\" src=\"https:\/\/actef.es\/wp-content\/uploads\/2025\/12\/cast-int1-scaled.png\" alt=\"\" class=\"wp-image-5761\" srcset=\"https:\/\/actef.es\/wp-content\/uploads\/2025\/12\/cast-int1-scaled.png 2560w, https:\/\/actef.es\/wp-content\/uploads\/2025\/12\/cast-int1-300x213.png 300w, https:\/\/actef.es\/wp-content\/uploads\/2025\/12\/cast-int1-1024x726.png 1024w, https:\/\/actef.es\/wp-content\/uploads\/2025\/12\/cast-int1-768x545.png 768w, https:\/\/actef.es\/wp-content\/uploads\/2025\/12\/cast-int1-1536x1090.png 1536w, https:\/\/actef.es\/wp-content\/uploads\/2025\/12\/cast-int1-2048x1453.png 2048w\" sizes=\"auto, (max-width: 2560px) 100vw, 2560px\" \/><\/figure>\n\n\n\n<figure class=\"wp-block-image\" id=\"block-353aa2f9-c0b5-488c-ac9a-a00c426d6ba4\"><img loading=\"lazy\" decoding=\"async\" width=\"282\" height=\"109\" src=\"https:\/\/actef.es\/wp-content\/uploads\/2025\/08\/Que-es-cat-1.png\" alt=\"\" class=\"wp-image-4084\"\/><\/figure>\n\n\n\n<p>En aquest taller treballaran les diferents disciplines tant esportives com recreatives, descobriran el m\u00f3n del teatre a trav\u00e9s d\u2019activitats l\u00fadiques i improvisaci\u00f3 i, desenvoluparan capacitats i habilitats motrius mitjan\u00e7ant el circ. Durant el curs, les primeres sessions estan enfocades al treball en equip la cohesi\u00f3 grupal. Durant gran part de la segona part del curs es realitzen activitats de treball sota pressi\u00f3 en equip i per a finalitzar el curs es realitzen activitats de totes les disciplines en cada sessi\u00f3.<\/p>\n\n\n\n<figure class=\"wp-block-image\" id=\"block-5d66cf7d-0065-407c-9cff-9b6540250027\"><img loading=\"lazy\" decoding=\"async\" width=\"282\" height=\"109\" src=\"https:\/\/actef.es\/wp-content\/uploads\/2025\/08\/Objetivos-1.png\" alt=\"\" class=\"wp-image-4082\"\/><\/figure>\n\n\n\n<p>Fomentar la pertinen\u00e7a a un grup<\/p>\n\n\n\n<p>Aprendre a interrelacionar-se amb els companys, des d\u2019una perspectiva creativa i esportiva i saludable.<\/p>\n\n\n\n<p>Fomentar la practica creatiu-esportiva als nens i nenes.<\/p>\n\n\n\n<p>Aconseguir una expressi\u00f3 creativa a trav\u00e9s de formes dram\u00e0tiques<\/p>\n\n\n\n<hr class=\"wp-block-separator has-text-color has-vivid-cyan-blue-color has-alpha-channel-opacity has-vivid-cyan-blue-background-color has-background is-style-wide\"\/>\n\n\n\n<div class=\"wp-block-columns is-layout-flex wp-container-core-columns-is-layout-9d6595d7 wp-block-columns-is-layout-flex\">\n<div class=\"wp-block-column is-layout-flow wp-block-column-is-layout-flow\"><div class=\"wp-block-image\">\n<figure class=\"aligncenter size-full is-resized\"><img loading=\"lazy\" decoding=\"async\" width=\"282\" height=\"109\" src=\"https:\/\/actef.es\/wp-content\/uploads\/2025\/08\/HORARIO-cat.png\" alt=\"\" class=\"wp-image-4090\" style=\"width:181px;height:auto\"\/><\/figure>\n<\/div>\n\n\n<p class=\"has-text-align-center\">Disaptes de 10 a 11:30<br>Guillem de Motgr\u00ed<\/p>\n<\/div>\n\n\n\n<div class=\"wp-block-column is-layout-flow wp-block-column-is-layout-flow\"><div class=\"wp-block-image\">\n<figure class=\"aligncenter size-full is-resized\"><img loading=\"lazy\" decoding=\"async\" width=\"282\" height=\"109\" src=\"https:\/\/actef.es\/wp-content\/uploads\/2025\/08\/PROFE-cat.png\" alt=\"\" class=\"wp-image-4088\" style=\"width:162px;height:auto\"\/><\/figure>\n<\/div>\n\n\n<p class=\"has-text-align-center\">Oscar S\u00e1nchez<\/p>\n<\/div>\n\n\n\n<div class=\"wp-block-column is-layout-flow wp-block-column-is-layout-flow\"><div class=\"wp-block-image is-style-default\">\n<figure class=\"aligncenter size-full is-resized\"><img loading=\"lazy\" decoding=\"async\" width=\"282\" height=\"109\" src=\"https:\/\/actef.es\/wp-content\/uploads\/2025\/08\/PREU-cat.png\" alt=\"\" class=\"wp-image-4086\" style=\"width:153px;height:auto\"\/><\/figure>\n<\/div>\n\n\n<p class=\"has-text-align-center\">Consultar en ACTEF<\/p>\n<\/div>\n<\/div>\n\n\n\n<hr class=\"wp-block-separator has-text-color has-vivid-cyan-blue-color has-alpha-channel-opacity has-vivid-cyan-blue-background-color has-background is-style-wide\"\/>\n\n\n<div class=\"wp-block-image\">\n<figure class=\"aligncenter size-full is-resized\"><a href=\"https:\/\/docs.google.com\/forms\/d\/e\/1FAIpQLSckJi74OdEzXVgrNjlJz4AEjnO4kehAQc8ajyO_9as1HdshJQ\/viewform?usp=header\"><img loading=\"lazy\" decoding=\"async\" width=\"782\" height=\"185\" src=\"https:\/\/actef.es\/wp-content\/uploads\/2025\/08\/24-cAT.png\" alt=\"\" class=\"wp-image-4100\" style=\"aspect-ratio:4.227849740932642;width:412px;height:auto\" srcset=\"https:\/\/actef.es\/wp-content\/uploads\/2025\/08\/24-cAT.png 782w, https:\/\/actef.es\/wp-content\/uploads\/2025\/08\/24-cAT-300x71.png 300w, https:\/\/actef.es\/wp-content\/uploads\/2025\/08\/24-cAT-768x182.png 768w\" sizes=\"auto, (max-width: 782px) 100vw, 782px\" \/><\/a><\/figure>\n<\/div>\n\n\n<hr class=\"wp-block-separator has-text-color has-vivid-cyan-blue-color has-alpha-channel-opacity has-vivid-cyan-blue-background-color has-background is-style-wide\"\/>\n\n\n\n<p><\/p>\n\n\n\n<p>Con la colaboraci\u00f3n de:<\/p>\n\n\n\n<figure class=\"wp-block-image size-full\"><img loading=\"lazy\" decoding=\"async\" width=\"875\" height=\"151\" src=\"https:\/\/actef.es\/wp-content\/uploads\/2025\/08\/WhatsApp-Image-2025-08-27-at-10.22.15.jpeg\" alt=\"\" class=\"wp-image-4494\" srcset=\"https:\/\/actef.es\/wp-content\/uploads\/2025\/08\/WhatsApp-Image-2025-08-27-at-10.22.15.jpeg 875w, https:\/\/actef.es\/wp-content\/uploads\/2025\/08\/WhatsApp-Image-2025-08-27-at-10.22.15-300x52.jpeg 300w, https:\/\/actef.es\/wp-content\/uploads\/2025\/08\/WhatsApp-Image-2025-08-27-at-10.22.15-768x133.jpeg 768w\" sizes=\"auto, (max-width: 875px) 100vw, 875px\" \/><\/figure>\n\n\n\n<hr class=\"wp-block-separator has-text-color has-vivid-cyan-blue-color has-alpha-channel-opacity has-vivid-cyan-blue-background-color has-background is-style-wide\"\/>\n<style class=\"advgb-styles-renderer\">.stk-98ee2a4 {margin-bottom:26px !important;}.stk-c10394e .stk-block-text__text{font-size:35px !important;}@media screen and (max-width: 1023px){.stk-c10394e .stk-block-text__text{font-size:35px !important;}}.stk-b7b206f .stk-block-text__text{font-size:35px !important;}@media screen and (max-width: 1023px){.stk-b7b206f .stk-block-text__text{font-size:35px !important;}}<\/style>","protected":false},"excerpt":{"rendered":"<p>Dilluns de 17:30h&nbsp;a 18.30hSant&nbsp;Antonio, seu de&nbsp;ACTEF Dijous de 17.30 a 18.30 Eivissa,&nbsp;Cas&nbsp;Serres. NOM\u00c9S A PARTIR DE 2n CURS PRIM\u00c0RIA &nbsp;Nerea Fern\u00e1ndez Consultar en ACTEF Facilitar un espai segur on els nens i nenes puguin tenir un lloc on identificar les seves emocions i aprendre a gestionar-se de mantera adequada. Amb aquesta finalitat, es realitzaran din\u00e0miques &#8230; <a title=\"INTENSAMENT 1: nascuts en 2018-2019\" class=\"read-more\" href=\"https:\/\/actef.es\/web\/intensament-1-nascuts-en-2018-2019\/?lang=ca\" aria-label=\"Leer m\u00e1s sobre INTENSAMENT 1: nascuts en 2018-2019\">Leer m\u00e1s<\/a><\/p>\n","protected":false},"author":2,"featured_media":5749,"parent":0,"menu_order":0,"comment_status":"closed","ping_status":"closed","template":"","meta":{"advgb_blocks_editor_width":"","advgb_blocks_columns_visual_guide":"","footnotes":""},"class_list":["post-4097","page","type-page","status-publish","has-post-thumbnail"],"featured_image_urls_v2":{"full":["https:\/\/actef.es\/wp-content\/uploads\/2025\/12\/cat-1.png",1455,375,false],"thumbnail":["https:\/\/actef.es\/wp-content\/uploads\/2025\/12\/cat-1-150x150.png",150,150,true],"medium":["https:\/\/actef.es\/wp-content\/uploads\/2025\/12\/cat-1-300x77.png",300,77,true],"medium_large":["https:\/\/actef.es\/wp-content\/uploads\/2025\/12\/cat-1-768x198.png",768,198,true],"large":["https:\/\/actef.es\/wp-content\/uploads\/2025\/12\/cat-1-1024x264.png",1024,264,true],"1536x1536":["https:\/\/actef.es\/wp-content\/uploads\/2025\/12\/cat-1.png",1455,375,false],"2048x2048":["https:\/\/actef.es\/wp-content\/uploads\/2025\/12\/cat-1.png",1455,375,false]},"post_excerpt_stackable_v2":"<p>Dilluns de 17:30h&nbsp;a 18.30hSant&nbsp;Antonio, seu de&nbsp;ACTEF Dijous de 17.30 a 18.30 Eivissa,&nbsp;Cas&nbsp;Serres. NOM\u00c9S A PARTIR DE 2n CURS PRIM\u00c0RIA &nbsp;Nerea Fern\u00e1ndez Consultar en ACTEF Facilitar un espai segur on els nens i nenes puguin tenir un lloc on identificar les seves emocions i aprendre a gestionar-se de mantera adequada. Amb aquesta finalitat, es realitzaran din\u00e0miques de grup i jocs, afavorint el treball en equip i les relacions socials. Per tant, es presenta com un espai dedicat a la promoci\u00f3 del desenvolupament d&#8217;habilitats tant&nbsp;intel\u00b7lectuals&nbsp;com a emocionals, treballant de manera \u00f2ptima les habilitats socials, la comunicaci\u00f3 de les emocions, la toler\u00e0ncia a&hellip;<\/p>\n","category_list_v2":"","author_info_v2":{"name":"Esperanza Marqu\u00e8s","url":"https:\/\/actef.es\/web\/author\/esperanza\/"},"comments_num_v2":"0 comentarios","coauthors":[],"author_meta":{"author_link":"https:\/\/actef.es\/web\/author\/esperanza\/","display_name":"Esperanza Marqu\u00e8s"},"relative_dates":{"created":"Publicado 8 meses hace","modified":"Actualizado 3 meses hace"},"absolute_dates":{"created":"Publicado el 27 agosto 2025","modified":"Actualizado el 4 febrero 2026"},"absolute_dates_time":{"created":"Publicado el 27 agosto 2025 09:13","modified":"Actualizado el 4 febrero 2026 10:52"},"featured_img_caption":"","featured_img":"https:\/\/actef.es\/wp-content\/uploads\/2025\/12\/cat-1.png","series_order":"","_links":{"self":[{"href":"https:\/\/actef.es\/web\/wp-json\/wp\/v2\/pages\/4097","targetHints":{"allow":["GET"]}}],"collection":[{"href":"https:\/\/actef.es\/web\/wp-json\/wp\/v2\/pages"}],"about":[{"href":"https:\/\/actef.es\/web\/wp-json\/wp\/v2\/types\/page"}],"author":[{"embeddable":true,"href":"https:\/\/actef.es\/web\/wp-json\/wp\/v2\/users\/2"}],"replies":[{"embeddable":true,"href":"https:\/\/actef.es\/web\/wp-json\/wp\/v2\/comments?post=4097"}],"version-history":[{"count":20,"href":"https:\/\/actef.es\/web\/wp-json\/wp\/v2\/pages\/4097\/revisions"}],"predecessor-version":[{"id":5943,"href":"https:\/\/actef.es\/web\/wp-json\/wp\/v2\/pages\/4097\/revisions\/5943"}],"wp:featuredmedia":[{"embeddable":true,"href":"https:\/\/actef.es\/web\/wp-json\/wp\/v2\/media\/5749"}],"wp:attachment":[{"href":"https:\/\/actef.es\/web\/wp-json\/wp\/v2\/media?parent=4097"}],"curies":[{"name":"wp","href":"https:\/\/api.w.org\/{rel}","templated":true}]}}