{"id":4109,"date":"2024-09-13T20:25:54","date_gmt":"2024-09-13T18:25:54","guid":{"rendered":"https:\/\/actef.es\/web\/?page_id=4109"},"modified":"2026-02-19T13:02:50","modified_gmt":"2026-02-19T11:02:50","slug":"intensamente-3-nacidos-en-2014-2015","status":"publish","type":"page","link":"https:\/\/actef.es\/web\/intensamente-3-nacidos-en-2014-2015\/?lang=ca","title":{"rendered":"INTENSAMENT 3: nascut en 2014-2015"},"content":{"rendered":"\n<figure class=\"wp-block-image size-large\"><img loading=\"lazy\" decoding=\"async\" width=\"1024\" height=\"576\" src=\"https:\/\/actef.es\/wp-content\/uploads\/2025\/12\/Catalani3-1024x576.png\" alt=\"\" class=\"wp-image-5787\" srcset=\"https:\/\/actef.es\/wp-content\/uploads\/2025\/12\/Catalani3-1024x576.png 1024w, https:\/\/actef.es\/wp-content\/uploads\/2025\/12\/Catalani3-300x169.png 300w, https:\/\/actef.es\/wp-content\/uploads\/2025\/12\/Catalani3-768x432.png 768w, https:\/\/actef.es\/wp-content\/uploads\/2025\/12\/Catalani3-1536x864.png 1536w, https:\/\/actef.es\/wp-content\/uploads\/2025\/12\/Catalani3-2048x1152.png 2048w\" sizes=\"auto, (max-width: 1024px) 100vw, 1024px\" \/><\/figure>\n\n\n\n<figure class=\"wp-block-image size-large\"><img loading=\"lazy\" decoding=\"async\" width=\"1024\" height=\"576\" src=\"https:\/\/actef.es\/wp-content\/uploads\/2025\/12\/Catalan-13-1024x576.png\" alt=\"\" class=\"wp-image-5521\" srcset=\"https:\/\/actef.es\/wp-content\/uploads\/2025\/12\/Catalan-13-1024x576.png 1024w, https:\/\/actef.es\/wp-content\/uploads\/2025\/12\/Catalan-13-300x169.png 300w, https:\/\/actef.es\/wp-content\/uploads\/2025\/12\/Catalan-13-768x432.png 768w, https:\/\/actef.es\/wp-content\/uploads\/2025\/12\/Catalan-13-1536x864.png 1536w, https:\/\/actef.es\/wp-content\/uploads\/2025\/12\/Catalan-13.png 1920w\" sizes=\"auto, (max-width: 1024px) 100vw, 1024px\" \/><\/figure>\n\n\n<div class=\"wp-block-image\">\n<figure class=\"aligncenter size-large is-resized\"><img loading=\"lazy\" decoding=\"async\" width=\"1024\" height=\"1024\" src=\"https:\/\/actef.es\/wp-content\/uploads\/2025\/10\/Catalan-1024x1024.png\" alt=\"\" class=\"wp-image-4911\" style=\"width:540px;height:auto\" srcset=\"https:\/\/actef.es\/wp-content\/uploads\/2025\/10\/Catalan-1024x1024.png 1024w, https:\/\/actef.es\/wp-content\/uploads\/2025\/10\/Catalan-300x300.png 300w, https:\/\/actef.es\/wp-content\/uploads\/2025\/10\/Catalan-150x150.png 150w, https:\/\/actef.es\/wp-content\/uploads\/2025\/10\/Catalan-768x768.png 768w, https:\/\/actef.es\/wp-content\/uploads\/2025\/10\/Catalan.png 1080w\" sizes=\"auto, (max-width: 1024px) 100vw, 1024px\" \/><\/figure>\n<\/div>\n\n\n<hr class=\"wp-block-separator has-text-color has-vivid-cyan-blue-color has-alpha-channel-opacity has-vivid-cyan-blue-background-color has-background is-style-wide\"\/>\n\n\n<div class=\"wp-block-image\">\n<figure class=\"aligncenter size-large\"><img loading=\"lazy\" decoding=\"async\" width=\"1024\" height=\"264\" src=\"https:\/\/actef.es\/wp-content\/uploads\/2025\/08\/2-cat-1024x264.png\" alt=\"\" class=\"wp-image-4049\" srcset=\"https:\/\/actef.es\/wp-content\/uploads\/2025\/08\/2-cat-1024x264.png 1024w, https:\/\/actef.es\/wp-content\/uploads\/2025\/08\/2-cat-300x77.png 300w, https:\/\/actef.es\/wp-content\/uploads\/2025\/08\/2-cat-768x198.png 768w, https:\/\/actef.es\/wp-content\/uploads\/2025\/08\/2-cat.png 1455w\" sizes=\"auto, (max-width: 1024px) 100vw, 1024px\" \/><\/figure>\n<\/div>\n\n\n<hr class=\"wp-block-separator has-text-color has-vivid-cyan-blue-color has-alpha-channel-opacity has-vivid-cyan-blue-background-color has-background is-style-wide\"\/>\n\n\n\n<div class=\"wp-block-columns is-layout-flex wp-container-core-columns-is-layout-9d6595d7 wp-block-columns-is-layout-flex\">\n<div class=\"wp-block-column is-layout-flow wp-block-column-is-layout-flow\"><div class=\"wp-block-image\">\n<figure class=\"aligncenter size-full is-resized\"><img loading=\"lazy\" decoding=\"async\" width=\"234\" height=\"44\" src=\"https:\/\/actef.es\/wp-content\/uploads\/2024\/09\/horario.png\" alt=\"\" class=\"wp-image-2625\" style=\"width:181px;height:auto\"\/><\/figure>\n<\/div>\n\n\n<p class=\"has-text-align-center\"><\/p>\n\n\n\n<p class=\"has-text-align-center\">Dimarts de 18.30h&nbsp;a 19.20h<br>Seu&nbsp;ACTEF&nbsp;(Sant Antoni)<\/p>\n\n\n\n<p class=\"has-text-align-center\">Dijous de 18.30h&nbsp;a 19.20h<br>Auditori de&nbsp;Cas&nbsp;Serres&nbsp;<\/p>\n\n\n\n<p class=\"has-text-align-center\"><\/p>\n<\/div>\n\n\n\n<div class=\"wp-block-column is-layout-flow wp-block-column-is-layout-flow\"><div class=\"wp-block-image\">\n<figure class=\"aligncenter size-full is-resized\"><img loading=\"lazy\" decoding=\"async\" width=\"173\" height=\"44\" src=\"https:\/\/actef.es\/wp-content\/uploads\/2024\/09\/profesional.png\" alt=\"\" class=\"wp-image-2627\" style=\"width:134px;height:auto\"\/><\/figure>\n<\/div>\n\n\n<p class=\"has-text-align-center\">&nbsp;Dirige Nerea Fern\u00e1ndez<\/p>\n<\/div>\n\n\n\n<div class=\"wp-block-column is-layout-flow wp-block-column-is-layout-flow\"><div class=\"wp-block-image is-style-default\">\n<figure class=\"aligncenter size-large is-resized\"><img decoding=\"async\" src=\"https:\/\/actef.es\/wp-content\/uploads\/2024\/09\/precio-1-e1734353791450.png\" alt=\"\" style=\"width:63px;height:auto\"\/><\/figure>\n<\/div>\n\n\n<p class=\"has-text-align-center\">Consultar en ACTEF<\/p>\n<\/div>\n<\/div>\n\n\n\n<figure class=\"wp-block-image size-full\"><img loading=\"lazy\" decoding=\"async\" width=\"282\" height=\"109\" src=\"https:\/\/actef.es\/wp-content\/uploads\/2025\/08\/Que-es-cat-1.png\" alt=\"\" class=\"wp-image-4084\"\/><\/figure>\n\n\n\n<p><strong>(Taller de treball emocional). <\/strong><\/p>\n\n\n\n<p><strong>Un espai pensat per cr\u00e9ixer junts<\/strong><\/p>\n\n\n\n<p>Volem oferir als nens i nenes un lloc segur on puguin recon\u00e8ixer com se senten i aprendre a gestionar les seves emocions de manera positiva. Per aconseguir-ho, farem activitats en grup i jocs que fomenten el treball en equip i les relacions amb els altres.<\/p>\n\n\n\n<p>Aquest espai est\u00e0 dedicat a ajudar-los a desenvolupar habilitats tant emocionals com socials: aprendre a expressar el que senten, a tenir paci\u00e8ncia, a tolerar la frustraci\u00f3 i a comunicar-se millor amb els altres.<\/p>\n\n\n\n<p>Ens adaptem a les necessitats dels infants amb <strong>Altres Capacitats Intel\u00b7lectuals (ACI)<\/strong> i <strong>Dobles Excepcionalitats<\/strong>, oferint-los un entorn on se sentin compresos, valorats i acompanyats en el seu cam\u00ed.<\/p>\n\n\n\n<p><br>A aquesta activitat es convidar\u00e0 que ells siguin els protagonistes, tractar de fer que parlin i es desenvolupin parlant de diversos temes relacionats amb les emocions i la seva gesti\u00f3. Tamb\u00e9 \u00e9s generar\u00e0 un espai per a treballar altres aspectes personals i socials com els sentiments, les emocions i la comunicaci\u00f3 de dificultats, tot aix\u00f2, gr\u00e0cies a jocs cooperatius i\/o din\u00e0miques de grup. Per tant, es&nbsp;tractar\u00e1&nbsp;de crear un espai segur per a garantir l&#8217;intercanvi d&#8217;opinions amb respecte,&nbsp;empatia&nbsp;i assertivitat.<\/p>\n\n\n\n<figure class=\"wp-block-image size-full\"><img loading=\"lazy\" decoding=\"async\" width=\"282\" height=\"109\" src=\"https:\/\/actef.es\/wp-content\/uploads\/2025\/08\/Objetivos-1.png\" alt=\"\" class=\"wp-image-4082\"\/><\/figure>\n\n\n\n<ul class=\"wp-block-list\">\n<li>Proporcionar un espai segur pels participants on puguin desenvolupar-se amb naturalitat. Construint un vincle de confian\u00e7a entre el professional &#8211; alumnat.<\/li>\n\n\n\n<li>Refor\u00e7ar les habilitats socials de cada individu. Dotant d&#8217;eines per a la gesti\u00f3 i la comunicaci\u00f3 de les emocions.<\/li>\n\n\n\n<li>Acompanyar a l&#8217;alumnat en la identificaci\u00f3 i gesti\u00f3 de les emocions que sorgeixin en les sessions.<br><\/li>\n<\/ul>\n\n\n\n<hr class=\"wp-block-separator has-text-color has-vivid-cyan-blue-color has-alpha-channel-opacity has-vivid-cyan-blue-background-color has-background is-style-wide\"\/>\n\n\n<div class=\"wp-block-image\">\n<figure class=\"aligncenter size-full is-resized\"><a href=\"https:\/\/docs.google.com\/forms\/d\/e\/1FAIpQLSckJi74OdEzXVgrNjlJz4AEjnO4kehAQc8ajyO_9as1HdshJQ\/viewform?usp=header\"><img loading=\"lazy\" decoding=\"async\" width=\"782\" height=\"185\" src=\"https:\/\/actef.es\/wp-content\/uploads\/2025\/08\/24-cAT.png\" alt=\"\" class=\"wp-image-4100\" style=\"width:435px;height:auto\" srcset=\"https:\/\/actef.es\/wp-content\/uploads\/2025\/08\/24-cAT.png 782w, https:\/\/actef.es\/wp-content\/uploads\/2025\/08\/24-cAT-300x71.png 300w, https:\/\/actef.es\/wp-content\/uploads\/2025\/08\/24-cAT-768x182.png 768w\" sizes=\"auto, (max-width: 782px) 100vw, 782px\" \/><\/a><\/figure>\n<\/div>\n\n\n<hr class=\"wp-block-separator has-text-color has-vivid-cyan-blue-color has-alpha-channel-opacity has-vivid-cyan-blue-background-color has-background is-style-wide\"\/>\n\n\n\n<blockquote class=\"wp-block-stackable-blockquote stk-block-blockquote stk-block stk-930815e is-style-default\" data-v=\"2\" data-block-id=\"930815e\"><div class=\"has-text-align-left stk-block-blockquote__content stk-container stk-930815e-container stk-hover-parent\"><div class=\"stk-block-content stk-inner-blocks\">\n<div class=\"wp-block-stackable-icon stk-block-icon stk-block stk-78e0c28\" data-block-id=\"78e0c28\"><span class=\"stk--svg-wrapper\"><div class=\"stk--inner-svg\"><svg style=\"height:0;width:0\"><defs><linearGradient id=\"linear-gradient-78e0c28\" x1=\"0\" x2=\"100%\" y1=\"0\" y2=\"0\"><stop offset=\"0%\" style=\"stop-opacity:1;stop-color:var(--linear-gradient-78-e-0-c-28-color-1)\"><\/stop><stop offset=\"100%\" style=\"stop-opacity:1;stop-color:var(--linear-gradient-78-e-0-c-28-color-2)\"><\/stop><\/linearGradient><\/defs><\/svg><svg xmlns=\"http:\/\/www.w3.org\/2000\/svg\" viewBox=\"0 0 50 50\" aria-hidden=\"true\" width=\"32\" height=\"32\"><path d=\"M19.8 9.3C10.5 11.8 4.6 17 2.1 24.8c2.3-3.6 5.6-5.4 9.9-5.4 3.3 0 6 1.1 8.3 3.3 2.2 2.2 3.4 5 3.4 8.3 0 3.2-1.1 5.8-3.3 8-2.2 2.2-5.1 3.2-8.7 3.2-3.7 0-6.5-1.2-8.6-3.5C1 36.3 0 33.1 0 29 0 18.3 6.5 11.2 19.6 7.9l.2 1.4zm26.4 0C36.9 11.9 31 17 28.5 24.8c2.2-3.6 5.5-5.4 9.8-5.4 3.2 0 6 1.1 8.3 3.2 2.3 2.2 3.4 4.9 3.4 8.3 0 3.1-1.1 5.8-3.3 7.9-2.2 2.2-5.1 3.3-8.6 3.3-3.7 0-6.6-1.1-8.6-3.4-2.1-2.3-3.1-5.5-3.1-9.7 0-10.7 6.6-17.8 19.7-21.1l.1 1.4z\"><\/path><\/svg><\/div><\/span><\/div>\n\n\n\n<div class=\"wp-block-stackable-text stk-block-text stk-block stk-b3e6a3d\" data-block-id=\"b3e6a3d\"><p class=\"stk-block-text__text has-text-align-center\">La cultura \u00e9s l&#8217;aprofitament social del coneixement<br>GABRIEL GARC\u00cdA M\u00c1RQUEZ<\/p><\/div>\n<\/div><\/div><\/blockquote>\n\n\n\n<hr class=\"wp-block-separator has-text-color has-vivid-cyan-blue-color has-alpha-channel-opacity has-vivid-cyan-blue-background-color has-background is-style-wide\"\/>\n\n\n\n<figure class=\"wp-block-kadence-image kb-image4109_0b9323-8c size-full\"><img loading=\"lazy\" decoding=\"async\" width=\"970\" height=\"250\" src=\"https:\/\/actef.es\/wp-content\/uploads\/2025\/08\/5-CAT.png\" alt=\"\" class=\"kb-img wp-image-4118\" srcset=\"https:\/\/actef.es\/wp-content\/uploads\/2025\/08\/5-CAT.png 970w, https:\/\/actef.es\/wp-content\/uploads\/2025\/08\/5-CAT-300x77.png 300w, https:\/\/actef.es\/wp-content\/uploads\/2025\/08\/5-CAT-768x198.png 768w\" sizes=\"auto, (max-width: 970px) 100vw, 970px\" \/><\/figure>\n\n\n\n<hr class=\"wp-block-separator has-text-color has-vivid-cyan-blue-color has-alpha-channel-opacity has-vivid-cyan-blue-background-color has-background is-style-wide\"\/>\n\n\n\n<div class=\"wp-block-columns is-layout-flex wp-container-core-columns-is-layout-9d6595d7 wp-block-columns-is-layout-flex\">\n<div class=\"wp-block-column is-layout-flow wp-block-column-is-layout-flow\"><div class=\"wp-block-image\">\n<figure class=\"aligncenter size-full is-resized\"><img loading=\"lazy\" decoding=\"async\" width=\"282\" height=\"109\" src=\"https:\/\/actef.es\/wp-content\/uploads\/2025\/08\/HORARIO-cat.png\" alt=\"\" class=\"wp-image-4090\" style=\"width:163px;height:auto\"\/><\/figure>\n<\/div>\n\n\n<p class=\"has-text-align-center\">Dissabtes quinzenals<br>de 11.30h&nbsp;a 13.00h<\/p>\n\n\n\n<p class=\"has-text-align-center\">Colegio Guillem de Montgr\u00ed<\/p>\n\n\n\n<p class=\"has-text-align-center\"><\/p>\n\n\n\n<p class=\"has-text-align-center\"><strong>Dades 2026:<\/strong><br> 10 y 31 de gener<br>14 de febrer<br>7 y 21 de mar\u00e7<br>18 de abril<br>9 y 23 de maig<\/p>\n<\/div>\n\n\n\n<div class=\"wp-block-column is-layout-flow wp-block-column-is-layout-flow\"><div class=\"wp-block-image\">\n<figure class=\"aligncenter size-full is-resized\"><img loading=\"lazy\" decoding=\"async\" width=\"282\" height=\"109\" src=\"https:\/\/actef.es\/wp-content\/uploads\/2025\/08\/PROFE-cat.png\" alt=\"\" class=\"wp-image-4088\" style=\"width:166px;height:auto\"\/><\/figure>\n<\/div>\n\n\n<p class=\"has-text-align-center\">&nbsp;Oscar S\u00e1nchez<\/p>\n<\/div>\n\n\n\n<div class=\"wp-block-column is-layout-flow wp-block-column-is-layout-flow\"><div class=\"wp-block-image is-style-default\">\n<figure class=\"aligncenter size-full is-resized\"><img loading=\"lazy\" decoding=\"async\" width=\"282\" height=\"109\" src=\"https:\/\/actef.es\/wp-content\/uploads\/2025\/08\/PREU-cat.png\" alt=\"\" class=\"wp-image-4086\" style=\"width:123px;height:auto\"\/><\/figure>\n<\/div>\n\n\n<p class=\"has-text-align-center\">Consultar en ACTEF<\/p>\n<\/div>\n<\/div>\n\n\n\n<figure class=\"wp-block-image size-full\" id=\"block-353aa2f9-c0b5-488c-ac9a-a00c426d6ba4\"><img loading=\"lazy\" decoding=\"async\" width=\"282\" height=\"109\" src=\"https:\/\/actef.es\/wp-content\/uploads\/2025\/08\/Que-es-cat-1.png\" alt=\"\" class=\"wp-image-4084\"\/><\/figure>\n\n\n\n<p><strong>Taller multidisciplinari: moviment, creativitat i diversi\u00f3!<\/strong><\/p>\n\n\n\n<p>Aquest taller \u00e9s una explosi\u00f3 d\u2019activitats on els infants podran descobrir, experimentar i cr\u00e9ixer a trav\u00e9s de l\u2019esport, el teatre i el circ. Cada sessi\u00f3 \u00e9s una oportunitat per moure\u2019s, expressar-se i treballar en equip.<\/p>\n\n\n\n<p>Comen\u00e7arem el curs fomentant la <strong>cohesi\u00f3 grupal<\/strong> i el <strong>treball col\u00b7laboratiu<\/strong>, perqu\u00e8 cada nen\/a se senti part d\u2019un grup unit. A mesura que avancem, introduirem reptes on caldr\u00e0 <strong>coordinar-se sota pressi\u00f3<\/strong>, sempre des d\u2019un ambient l\u00fadic i respectu\u00f3s.<\/p>\n\n\n\n<p>I per acabar&#8230;  cada sessi\u00f3 es convertir\u00e0 en una festa d\u2019expressi\u00f3 on es barrejaran totes les disciplines: <strong>jocs esportius, improvisaci\u00f3 teatral i habilitats circenses<\/strong>!<\/p>\n\n\n\n<p>Un espai ideal per a nens i nenes que volen moure\u2019s, riure, crear i descobrir tot el que s\u00f3n capa\u00e7os de fer.<\/p>\n\n\n\n<figure class=\"wp-block-image size-full\" id=\"block-5d66cf7d-0065-407c-9cff-9b6540250027\"><img loading=\"lazy\" decoding=\"async\" width=\"282\" height=\"109\" src=\"https:\/\/actef.es\/wp-content\/uploads\/2025\/08\/Objetivos-1.png\" alt=\"\" class=\"wp-image-4082\"\/><\/figure>\n\n\n\n<ul class=\"wp-block-list\">\n<li>Aprendre a interrelacionar-se amb els companys, des d&#8217;una perspectiva creativa i esportiva i saludable.<\/li>\n\n\n\n<li>Fomentar la practica creatiu-esportiva als nens i nenes.<\/li>\n\n\n\n<li>Aconseguir una expressi\u00f3 creativa a trav\u00e9s de formes dram\u00e0tiques<\/li>\n\n\n\n<li>Fomentar la pertinen\u00e7a a un grup<\/li>\n<\/ul>\n\n\n\n<hr class=\"wp-block-separator has-text-color has-vivid-cyan-blue-color has-alpha-channel-opacity has-vivid-cyan-blue-background-color has-background is-style-wide\"\/>\n\n\n\n<figure class=\"wp-block-embed is-type-video is-provider-youtube wp-block-embed-youtube wp-embed-aspect-16-9 wp-has-aspect-ratio\"><div class=\"wp-block-embed__wrapper\">\n<iframe loading=\"lazy\" title=\"Sa\u0301bados lu\u0301dicos\" width=\"1200\" height=\"675\" src=\"https:\/\/www.youtube.com\/embed\/IcMfF9bxI60?feature=oembed\" frameborder=\"0\" allow=\"accelerometer; autoplay; clipboard-write; encrypted-media; gyroscope; picture-in-picture; web-share\" referrerpolicy=\"strict-origin-when-cross-origin\" allowfullscreen><\/iframe>\n<\/div><\/figure>\n\n\n\n<hr class=\"wp-block-separator has-text-color has-vivid-cyan-blue-color has-alpha-channel-opacity has-vivid-cyan-blue-background-color has-background is-style-wide\"\/>\n\n\n\n<figure class=\"wp-block-gallery has-nested-images columns-default is-cropped wp-block-gallery-1 is-layout-flex wp-block-gallery-is-layout-flex\">\n<figure class=\"wp-block-image size-full\"><img loading=\"lazy\" decoding=\"async\" width=\"940\" height=\"788\" data-id=\"5929\" src=\"https:\/\/actef.es\/wp-content\/uploads\/2026\/02\/Anuncio-talleres-1-1.png\" alt=\"\" class=\"wp-image-5929\" srcset=\"https:\/\/actef.es\/wp-content\/uploads\/2026\/02\/Anuncio-talleres-1-1.png 940w, https:\/\/actef.es\/wp-content\/uploads\/2026\/02\/Anuncio-talleres-1-1-300x251.png 300w, https:\/\/actef.es\/wp-content\/uploads\/2026\/02\/Anuncio-talleres-1-1-768x644.png 768w\" sizes=\"auto, (max-width: 940px) 100vw, 940px\" \/><\/figure>\n<\/figure>\n\n\n<div class=\"wp-block-image\">\n<figure class=\"aligncenter size-full is-resized\"><a href=\"https:\/\/docs.google.com\/forms\/d\/e\/1FAIpQLSckJi74OdEzXVgrNjlJz4AEjnO4kehAQc8ajyO_9as1HdshJQ\/viewform?usp=header\"><img loading=\"lazy\" decoding=\"async\" width=\"782\" height=\"185\" src=\"https:\/\/actef.es\/wp-content\/uploads\/2025\/08\/24-cAT.png\" alt=\"\" class=\"wp-image-4100\" style=\"aspect-ratio:4.227148496811418;width:339px;height:auto\" srcset=\"https:\/\/actef.es\/wp-content\/uploads\/2025\/08\/24-cAT.png 782w, https:\/\/actef.es\/wp-content\/uploads\/2025\/08\/24-cAT-300x71.png 300w, https:\/\/actef.es\/wp-content\/uploads\/2025\/08\/24-cAT-768x182.png 768w\" sizes=\"auto, (max-width: 782px) 100vw, 782px\" \/><\/a><\/figure>\n<\/div>\n\n\n<hr class=\"wp-block-separator has-text-color has-vivid-cyan-blue-color has-alpha-channel-opacity has-vivid-cyan-blue-background-color has-background is-style-wide\"\/>\n\n\n\n<blockquote class=\"wp-block-quote is-layout-flow wp-block-quote-is-layout-flow\">\n<blockquote class=\"wp-block-stackable-blockquote stk-block-blockquote stk-block stk-e76b014 is-style-default\" data-v=\"2\" data-block-id=\"e76b014\"><div class=\"has-text-align-left stk-block-blockquote__content stk-container stk-e76b014-container stk-hover-parent\"><div class=\"stk-block-content stk-inner-blocks\">\n<div class=\"wp-block-stackable-icon stk-block-icon stk-block stk-d226b93\" data-block-id=\"d226b93\"><span class=\"stk--svg-wrapper\"><div class=\"stk--inner-svg\"><svg style=\"height:0;width:0\"><defs><linearGradient id=\"linear-gradient-d226b93\" x1=\"0\" x2=\"100%\" y1=\"0\" y2=\"0\"><stop offset=\"0%\" style=\"stop-opacity:1;stop-color:var(--linear-gradient-d-226-b-93-color-1)\"><\/stop><stop offset=\"100%\" style=\"stop-opacity:1;stop-color:var(--linear-gradient-d-226-b-93-color-2)\"><\/stop><\/linearGradient><\/defs><\/svg><svg xmlns=\"http:\/\/www.w3.org\/2000\/svg\" viewBox=\"0 0 50 50\" aria-hidden=\"true\" width=\"32\" height=\"32\"><path d=\"M19.8 9.3C10.5 11.8 4.6 17 2.1 24.8c2.3-3.6 5.6-5.4 9.9-5.4 3.3 0 6 1.1 8.3 3.3 2.2 2.2 3.4 5 3.4 8.3 0 3.2-1.1 5.8-3.3 8-2.2 2.2-5.1 3.2-8.7 3.2-3.7 0-6.5-1.2-8.6-3.5C1 36.3 0 33.1 0 29 0 18.3 6.5 11.2 19.6 7.9l.2 1.4zm26.4 0C36.9 11.9 31 17 28.5 24.8c2.2-3.6 5.5-5.4 9.8-5.4 3.2 0 6 1.1 8.3 3.2 2.3 2.2 3.4 4.9 3.4 8.3 0 3.1-1.1 5.8-3.3 7.9-2.2 2.2-5.1 3.3-8.6 3.3-3.7 0-6.6-1.1-8.6-3.4-2.1-2.3-3.1-5.5-3.1-9.7 0-10.7 6.6-17.8 19.7-21.1l.1 1.4z\"><\/path><\/svg><\/div><\/span><\/div>\n\n\n\n<div class=\"wp-block-stackable-text stk-block-text stk-block stk-3b57bb9\" data-block-id=\"3b57bb9\"><p class=\"stk-block-text__text has-text-align-center\"><br>La ci\u00e8ncia es compon d&#8217;errors, que, a la vegada, s\u00f3n passos cap a la veritat.<br>JULIO VERNE<\/p><\/div>\n<\/div><\/div><\/blockquote>\n<\/blockquote>\n\n\n\n<hr class=\"wp-block-separator has-text-color has-vivid-cyan-blue-color has-alpha-channel-opacity has-vivid-cyan-blue-background-color has-background is-style-wide\"\/>\n\n\n\n<figure class=\"wp-block-image size-full\"><img loading=\"lazy\" decoding=\"async\" width=\"970\" height=\"250\" src=\"https:\/\/actef.es\/wp-content\/uploads\/2025\/08\/122-1CAT.png\" alt=\"\" class=\"wp-image-4114\" srcset=\"https:\/\/actef.es\/wp-content\/uploads\/2025\/08\/122-1CAT.png 970w, https:\/\/actef.es\/wp-content\/uploads\/2025\/08\/122-1CAT-300x77.png 300w, https:\/\/actef.es\/wp-content\/uploads\/2025\/08\/122-1CAT-768x198.png 768w\" sizes=\"auto, (max-width: 970px) 100vw, 970px\" \/><\/figure>\n\n\n\n<hr class=\"wp-block-separator has-text-color has-vivid-cyan-blue-color has-alpha-channel-opacity has-vivid-cyan-blue-background-color has-background is-style-wide\"\/>\n\n\n\n<div class=\"wp-block-columns is-layout-flex wp-container-core-columns-is-layout-9d6595d7 wp-block-columns-is-layout-flex\">\n<div class=\"wp-block-column is-layout-flow wp-block-column-is-layout-flow\"><div class=\"wp-block-image\">\n<figure class=\"aligncenter size-full is-resized\"><img loading=\"lazy\" decoding=\"async\" width=\"282\" height=\"109\" src=\"https:\/\/actef.es\/wp-content\/uploads\/2025\/08\/HORARIO-cat.png\" alt=\"\" class=\"wp-image-4090\" style=\"width:181px;height:auto\"\/><\/figure>\n<\/div>\n\n\n<p class=\"has-text-align-center\">Dissabtes quinzenals<br>de 1<em>0:00h a <\/em>11:30h<\/p>\n\n\n\n<p class=\"has-text-align-center\">Col\u00b7legi Guillem de Montgr\u00ed<\/p>\n\n\n\n<p class=\"has-text-align-center\"><strong>Dates 2026:<\/strong><br>24 de gener<br>7 y 21 de febrer<br>14 y 28 de mar\u00e7<br>25 de abril<br>16 y 30 de maig<\/p>\n<\/div>\n\n\n\n<div class=\"wp-block-column is-layout-flow wp-block-column-is-layout-flow\"><div class=\"wp-block-image\">\n<figure class=\"aligncenter size-full is-resized\"><img loading=\"lazy\" decoding=\"async\" width=\"282\" height=\"109\" src=\"https:\/\/actef.es\/wp-content\/uploads\/2025\/08\/PROFE-cat.png\" alt=\"\" class=\"wp-image-4088\" style=\"width:172px;height:auto\"\/><\/figure>\n<\/div>\n\n\n<p class=\"has-text-align-center\">Rosa Mar\u00eda Vallejo Climent<\/p>\n<\/div>\n\n\n\n<div class=\"wp-block-column is-layout-flow wp-block-column-is-layout-flow\"><div class=\"wp-block-image is-style-default\">\n<figure class=\"aligncenter size-full is-resized\"><img loading=\"lazy\" decoding=\"async\" width=\"282\" height=\"109\" src=\"https:\/\/actef.es\/wp-content\/uploads\/2025\/08\/PREU-cat.png\" alt=\"\" class=\"wp-image-4086\" style=\"width:151px;height:auto\"\/><\/figure>\n<\/div>\n\n\n<p class=\"has-text-align-center\">Consultar en ACTEF<\/p>\n<\/div>\n<\/div>\n\n\n\n<figure class=\"wp-block-image size-full\"><img loading=\"lazy\" decoding=\"async\" width=\"282\" height=\"109\" src=\"https:\/\/actef.es\/wp-content\/uploads\/2025\/08\/Que-es-cat-1.png\" alt=\"\" class=\"wp-image-4084\"\/><\/figure>\n\n\n\n<p><strong>Cantar per cr\u00e9ixer: emocions, salut i connexi\u00f3<\/strong><\/p>\n\n\n\n<p>Cantar no \u00e9s nom\u00e9s fer m\u00fasica\u2014\u00e9s <strong>expressar el que sentim<\/strong>, connectar amb els altres i cuidar-nos per dins i per fora.<\/p>\n\n\n\n<p>En aquest taller, els nens i nenes descobriran com les can\u00e7ons poden ajudar-los a <strong>comunicar emocions<\/strong>, <strong>fer amistats<\/strong> i <strong>sentir-se millor amb ells mateixos<\/strong>. A trav\u00e9s de la veu, treballarem la respiraci\u00f3, la postura i la t\u00e8cnica vocal, millorant la salut f\u00edsica i la confian\u00e7a personal.<\/p>\n\n\n\n<p>Cantar tamb\u00e9 \u00e9s compartir: fomenta la <strong>col\u00b7laboraci\u00f3<\/strong>, el <strong>suport mutu<\/strong> i crea vincles afectius que enriqueixen el dia a dia. A m\u00e9s, potencia el desenvolupament musical i una escolta m\u00e9s profunda i sensible.<\/p>\n\n\n\n<p>\u00c9s una activitat completa que cuida el <strong>cos<\/strong>, la <strong>ment<\/strong> i les <strong>relacions socials<\/strong>, tot en un ambient divertit, acollidor i ple de ritme.<\/p>\n\n\n\n<p>\u201cDescobreix la teva veu i tot el que pot fer per tu!\u201d<\/p>\n\n\n\n<figure class=\"wp-block-image size-full\"><img loading=\"lazy\" decoding=\"async\" width=\"282\" height=\"109\" src=\"https:\/\/actef.es\/wp-content\/uploads\/2025\/08\/Objetivos-1.png\" alt=\"\" class=\"wp-image-4082\"\/><\/figure>\n\n\n\n<ul class=\"wp-block-list\">\n<li>Fomentar l&#8217;expressi\u00f3 emocional: Facilitar que els participants canalitzin i expressin les seves emocions a trav\u00e9s de la m\u00fasica i la interpretaci\u00f3 vocal.<\/li>\n\n\n\n<li>Millorar les habilitats socials: Promoure la comunicaci\u00f3, la col\u00b7laboraci\u00f3 i el treball en equip entre els participants mitjan\u00e7ant din\u00e0miques grupals de cant.<\/li>\n\n\n\n<li>Impulsar el benestar emocional i mental: Utilitzar el cant per a reduir l&#8217;estr\u00e8s, enfortir l&#8217;autoestima i millorar l&#8217;estat d&#8217;\u00e0nim general.<\/li>\n\n\n\n<li>Desenvolupar capacitats musicals: Potenciar la t\u00e8cnica vocal, l&#8217;o\u00efda musical i l&#8217;apreciaci\u00f3 art\u00edstica en un entorn participatiu.<\/li>\n\n\n\n<li>Enfortir el vincle social: Crear espais de connexi\u00f3 i suport mutu entre els participants a trav\u00e9s d&#8217;experi\u00e8ncies compartides en el cant.<\/li>\n<\/ul>\n\n\n<div class=\"wp-block-image\">\n<figure class=\"aligncenter size-full is-resized\"><a href=\"https:\/\/docs.google.com\/forms\/d\/e\/1FAIpQLSckJi74OdEzXVgrNjlJz4AEjnO4kehAQc8ajyO_9as1HdshJQ\/viewform?usp=header\"><img loading=\"lazy\" decoding=\"async\" width=\"782\" height=\"185\" src=\"https:\/\/actef.es\/wp-content\/uploads\/2025\/08\/24-cAT.png\" alt=\"\" class=\"wp-image-4100\" style=\"width:346px;height:auto\" srcset=\"https:\/\/actef.es\/wp-content\/uploads\/2025\/08\/24-cAT.png 782w, https:\/\/actef.es\/wp-content\/uploads\/2025\/08\/24-cAT-300x71.png 300w, https:\/\/actef.es\/wp-content\/uploads\/2025\/08\/24-cAT-768x182.png 768w\" sizes=\"auto, (max-width: 782px) 100vw, 782px\" \/><\/a><\/figure>\n<\/div>\n\n\n<hr class=\"wp-block-separator has-text-color has-vivid-cyan-blue-color has-alpha-channel-opacity has-vivid-cyan-blue-background-color has-background is-style-wide\"\/>\n\n\n\n<figure class=\"wp-block-image size-full\"><img loading=\"lazy\" decoding=\"async\" width=\"970\" height=\"250\" src=\"https:\/\/actef.es\/wp-content\/uploads\/2025\/08\/6-CAT.png\" alt=\"\" class=\"wp-image-4128\" srcset=\"https:\/\/actef.es\/wp-content\/uploads\/2025\/08\/6-CAT.png 970w, https:\/\/actef.es\/wp-content\/uploads\/2025\/08\/6-CAT-300x77.png 300w, https:\/\/actef.es\/wp-content\/uploads\/2025\/08\/6-CAT-768x198.png 768w\" sizes=\"auto, (max-width: 970px) 100vw, 970px\" \/><\/figure>\n\n\n\n<hr class=\"wp-block-separator has-text-color has-vivid-cyan-blue-color has-alpha-channel-opacity has-vivid-cyan-blue-background-color has-background is-style-wide\"\/>\n\n\n\n<figure class=\"wp-block-image size-full\"><img loading=\"lazy\" decoding=\"async\" width=\"282\" height=\"109\" src=\"https:\/\/actef.es\/wp-content\/uploads\/2025\/08\/Que-es-cat-1.png\" alt=\"\" class=\"wp-image-4084\"\/><\/figure>\n\n\n\n<p>\u00abEspai descobreix\u00bb Dissenyat oferir varietat per a nens i nenes que no poden comprometre&#8217;s tots els dissabtes,&nbsp; on s&#8217;oferissin tem\u00e0tica diferent presentada per un professional de la mat\u00e8ria. Aquesta oferta de&nbsp; tallers buscar\u00e0 encuriosir i l&#8217;inter\u00e8s dels nens per diverses \u00e0rees del coneixement i habilitats, proporcionant una experi\u00e8ncia educativa i divertida que fomenti el seu desenvolupament integral.<\/p>\n\n\n\n<p>S&#8217;aniran oferint al llarg del curs escolar per a poder-se inscriure, les activitats podran ser vistes d&#8217;experts, tallers, excursions familiars i m\u00e9s.<\/p>\n\n\n\n<figure class=\"wp-block-image size-full\"><img loading=\"lazy\" decoding=\"async\" width=\"282\" height=\"109\" src=\"https:\/\/actef.es\/wp-content\/uploads\/2025\/08\/Objetivos-1.png\" alt=\"\" class=\"wp-image-4082\"\/><\/figure>\n\n\n\n<ul class=\"wp-block-list\">\n<li>Desenvolupar l&#8217;inter\u00e8s dels nens per aprendre sobre temes variats.<\/li>\n\n\n\n<li>Fomentar l&#8217;adquisici\u00f3 de noves habilitats pr\u00e0ctiques i te\u00f2riques.<\/li>\n\n\n\n<li>Promoure el desenvolupament personal, millorant la confian\u00e7a i autoestima dels nens.<\/li>\n\n\n\n<li>Fomentar la interacci\u00f3 social i el treball en equip entre els participants.<\/li>\n\n\n\n<li>Oferir un ambient divertit i creatiu on els nens puguin expressar-se i explorar lliurement.<\/li>\n\n\n\n<li>Treballar el factor sorpresa i l&#8217;adaptabilitat a diferents situacions.<\/li>\n\n\n\n<li>Oferir un taller per a aquells\/as nens\/as que estan interessats en diverses tem\u00e0tiques.<\/li>\n<\/ul>\n\n\n\n<p><\/p>\n\n\n\n<hr class=\"wp-block-separator has-text-color has-vivid-cyan-blue-color has-alpha-channel-opacity has-vivid-cyan-blue-background-color has-background is-style-wide\"\/>\n\n\n\n<div class=\"wp-block-columns is-layout-flex wp-container-core-columns-is-layout-9d6595d7 wp-block-columns-is-layout-flex\">\n<div class=\"wp-block-column is-layout-flow wp-block-column-is-layout-flow\"><div class=\"wp-block-image\">\n<figure class=\"aligncenter size-full is-resized\"><img loading=\"lazy\" decoding=\"async\" width=\"282\" height=\"109\" src=\"https:\/\/actef.es\/wp-content\/uploads\/2025\/08\/HORARIO-cat.png\" alt=\"\" class=\"wp-image-4090\" style=\"width:181px;height:auto\"\/><\/figure>\n<\/div>\n\n\n<p class=\"has-text-align-center\">Dissabtes<br>de 11.<em>40h a 13.<\/em>00h<\/p>\n\n\n\n<p class=\"has-text-align-center\">Col\u00b7legi Guillem de Montgr\u00ed<\/p>\n\n\n\n<p class=\"has-text-align-center\">Activitats puntuals<\/p>\n<\/div>\n\n\n\n<div class=\"wp-block-column is-layout-flow wp-block-column-is-layout-flow\"><div class=\"wp-block-image\">\n<figure class=\"aligncenter size-full is-resized\"><img loading=\"lazy\" decoding=\"async\" width=\"282\" height=\"109\" src=\"https:\/\/actef.es\/wp-content\/uploads\/2025\/08\/PROFE-cat.png\" alt=\"\" class=\"wp-image-4088\" style=\"width:166px;height:auto\"\/><\/figure>\n<\/div>\n\n\n<p class=\"has-text-align-center\">Cada taller un&nbsp;expert@&nbsp;diferent<\/p>\n<\/div>\n\n\n\n<div class=\"wp-block-column is-layout-flow wp-block-column-is-layout-flow\"><div class=\"wp-block-image is-style-default\">\n<figure class=\"aligncenter size-full is-resized\"><img loading=\"lazy\" decoding=\"async\" width=\"282\" height=\"109\" src=\"https:\/\/actef.es\/wp-content\/uploads\/2025\/08\/PREU-cat.png\" alt=\"\" class=\"wp-image-4086\" style=\"width:183px;height:auto\"\/><\/figure>\n<\/div>\n\n\n<p class=\"has-text-align-center\">Consultar en ACTEF<\/p>\n<\/div>\n<\/div>\n\n\n\n<hr class=\"wp-block-separator has-text-color has-vivid-cyan-blue-color has-alpha-channel-opacity has-vivid-cyan-blue-background-color has-background is-style-wide\"\/>\n\n\n\n<figure class=\"wp-block-embed is-type-video is-provider-youtube wp-block-embed-youtube wp-embed-aspect-16-9 wp-has-aspect-ratio\"><div class=\"wp-block-embed__wrapper\">\n<iframe loading=\"lazy\" title=\"Descubre 1\" width=\"1200\" height=\"675\" src=\"https:\/\/www.youtube.com\/embed\/l4xYdWspoxc?feature=oembed\" frameborder=\"0\" allow=\"accelerometer; autoplay; clipboard-write; encrypted-media; gyroscope; picture-in-picture; web-share\" referrerpolicy=\"strict-origin-when-cross-origin\" allowfullscreen><\/iframe>\n<\/div><\/figure>\n\n\n<div class=\"wp-block-image\">\n<figure class=\"aligncenter size-full is-resized\"><a href=\"https:\/\/docs.google.com\/forms\/d\/e\/1FAIpQLSckJi74OdEzXVgrNjlJz4AEjnO4kehAQc8ajyO_9as1HdshJQ\/viewform?usp=header\"><img loading=\"lazy\" decoding=\"async\" width=\"782\" height=\"185\" src=\"https:\/\/actef.es\/wp-content\/uploads\/2025\/08\/24-cAT.png\" alt=\"\" class=\"wp-image-4100\" style=\"width:356px;height:auto\" srcset=\"https:\/\/actef.es\/wp-content\/uploads\/2025\/08\/24-cAT.png 782w, https:\/\/actef.es\/wp-content\/uploads\/2025\/08\/24-cAT-300x71.png 300w, https:\/\/actef.es\/wp-content\/uploads\/2025\/08\/24-cAT-768x182.png 768w\" sizes=\"auto, (max-width: 782px) 100vw, 782px\" \/><\/a><\/figure>\n<\/div>\n\n\n<hr class=\"wp-block-separator has-text-color has-vivid-cyan-blue-color has-alpha-channel-opacity has-vivid-cyan-blue-background-color has-background is-style-wide\"\/>\n\n\n\n<blockquote class=\"wp-block-stackable-blockquote stk-block-blockquote stk-block stk-16aa1b7 is-style-default\" data-v=\"2\" data-block-id=\"16aa1b7\"><div class=\"has-text-align-left stk-block-blockquote__content stk-container stk-16aa1b7-container stk-hover-parent\"><div class=\"stk-block-content stk-inner-blocks\">\n<div class=\"wp-block-stackable-icon stk-block-icon stk-block stk-c1409de\" data-block-id=\"c1409de\"><span class=\"stk--svg-wrapper\"><div class=\"stk--inner-svg\"><svg style=\"height:0;width:0\"><defs><linearGradient id=\"linear-gradient-c1409de\" x1=\"0\" x2=\"100%\" y1=\"0\" y2=\"0\"><stop offset=\"0%\" style=\"stop-opacity:1;stop-color:var(--linear-gradient-c-1409-de-color-1)\"><\/stop><stop offset=\"100%\" style=\"stop-opacity:1;stop-color:var(--linear-gradient-c-1409-de-color-2)\"><\/stop><\/linearGradient><\/defs><\/svg><svg xmlns=\"http:\/\/www.w3.org\/2000\/svg\" viewBox=\"0 0 50 50\" aria-hidden=\"true\" width=\"32\" height=\"32\"><path d=\"M19.8 9.3C10.5 11.8 4.6 17 2.1 24.8c2.3-3.6 5.6-5.4 9.9-5.4 3.3 0 6 1.1 8.3 3.3 2.2 2.2 3.4 5 3.4 8.3 0 3.2-1.1 5.8-3.3 8-2.2 2.2-5.1 3.2-8.7 3.2-3.7 0-6.5-1.2-8.6-3.5C1 36.3 0 33.1 0 29 0 18.3 6.5 11.2 19.6 7.9l.2 1.4zm26.4 0C36.9 11.9 31 17 28.5 24.8c2.2-3.6 5.5-5.4 9.8-5.4 3.2 0 6 1.1 8.3 3.2 2.3 2.2 3.4 4.9 3.4 8.3 0 3.1-1.1 5.8-3.3 7.9-2.2 2.2-5.1 3.3-8.6 3.3-3.7 0-6.6-1.1-8.6-3.4-2.1-2.3-3.1-5.5-3.1-9.7 0-10.7 6.6-17.8 19.7-21.1l.1 1.4z\"><\/path><\/svg><\/div><\/span><\/div>\n\n\n\n<div class=\"wp-block-stackable-text stk-block-text stk-block stk-d1140d3\" data-block-id=\"d1140d3\"><p class=\"stk-block-text__text has-text-align-center\">Si buscar resultats distints, no facis sempre el mateix<br>ALBERT EINSTEIN<\/p><\/div>\n<\/div><\/div><\/blockquote>\n\n\n\n<hr class=\"wp-block-separator has-text-color has-vivid-cyan-blue-color has-alpha-channel-opacity has-vivid-cyan-blue-background-color has-background is-style-wide\"\/>\n\n\n\n<figure class=\"wp-block-image size-full\"><img loading=\"lazy\" decoding=\"async\" width=\"970\" height=\"250\" src=\"https:\/\/actef.es\/wp-content\/uploads\/2024\/09\/1.png\" alt=\"\" class=\"wp-image-2658\" srcset=\"https:\/\/actef.es\/wp-content\/uploads\/2024\/09\/1.png 970w, https:\/\/actef.es\/wp-content\/uploads\/2024\/09\/1-300x77.png 300w, https:\/\/actef.es\/wp-content\/uploads\/2024\/09\/1-768x198.png 768w\" sizes=\"auto, (max-width: 970px) 100vw, 970px\" \/><\/figure>\n\n\n\n<hr class=\"wp-block-separator has-text-color has-vivid-cyan-blue-color has-alpha-channel-opacity has-vivid-cyan-blue-background-color has-background is-style-wide\"\/>\n\n\n\n<div class=\"wp-block-columns is-layout-flex wp-container-core-columns-is-layout-9d6595d7 wp-block-columns-is-layout-flex\">\n<div class=\"wp-block-column is-layout-flow wp-block-column-is-layout-flow\"><div class=\"wp-block-image\">\n<figure class=\"aligncenter size-full is-resized\"><img loading=\"lazy\" decoding=\"async\" width=\"282\" height=\"109\" src=\"https:\/\/actef.es\/wp-content\/uploads\/2025\/08\/HORARIO-cat.png\" alt=\"\" class=\"wp-image-4090\" style=\"width:181px;height:auto\"\/><\/figure>\n<\/div>\n\n\n<p class=\"has-text-align-center\">Disaptes,  de 11:30 a 13h<br>Seu ACTEF (Sant Antoni)<\/p>\n<\/div>\n\n\n\n<div class=\"wp-block-column is-layout-flow wp-block-column-is-layout-flow\"><div class=\"wp-block-image\">\n<figure class=\"aligncenter size-full is-resized\"><img loading=\"lazy\" decoding=\"async\" width=\"282\" height=\"109\" src=\"https:\/\/actef.es\/wp-content\/uploads\/2025\/08\/PROFE-cat.png\" alt=\"\" class=\"wp-image-4088\" style=\"width:180px;height:auto\"\/><\/figure>\n<\/div>\n\n\n<p class=\"has-text-align-center\">Juanjo Moreno&nbsp;<\/p>\n<\/div>\n\n\n\n<div class=\"wp-block-column is-layout-flow wp-block-column-is-layout-flow\"><div class=\"wp-block-image is-style-default\">\n<figure class=\"aligncenter size-full is-resized\"><img loading=\"lazy\" decoding=\"async\" width=\"282\" height=\"109\" src=\"https:\/\/actef.es\/wp-content\/uploads\/2025\/08\/PREU-cat.png\" alt=\"\" class=\"wp-image-4086\" style=\"width:176px;height:auto\"\/><\/figure>\n<\/div>\n\n\n<p class=\"has-text-align-center\">Consultar en ACTEF<\/p>\n<\/div>\n<\/div>\n\n\n<div class=\"wp-block-image\">\n<figure class=\"aligncenter size-full\"><img loading=\"lazy\" decoding=\"async\" width=\"280\" height=\"66\" src=\"https:\/\/actef.es\/wp-content\/uploads\/2025\/10\/IWEURIWQ.png\" alt=\"\" class=\"wp-image-4725\"\/><\/figure>\n<\/div>\n\n\n<figure class=\"wp-block-image size-full\"><img loading=\"lazy\" decoding=\"async\" width=\"282\" height=\"109\" src=\"https:\/\/actef.es\/wp-content\/uploads\/2025\/08\/Que-es-cat-1.png\" alt=\"\" class=\"wp-image-4084\"\/><\/figure>\n\n\n\n<p><strong>Taller de rob\u00f2tica creativa: imagina, construeix i dona vida als teus robots!<\/strong><\/p>\n\n\n\n<p>Aquest taller est\u00e0 pensat  que tinguin ganes de descobrir com funciona el m\u00f3n de la ci\u00e8ncia i la tecnologia&#8230; tot jugant!<\/p>\n\n\n\n<p>Construirem robots que es mouen, responen i fan tasques sorprenents, utilitzant materials adaptats a la seva edat i amb el suport d\u2019un expert que els ajudar\u00e0 pas a pas. Aprendran a programar, a entendre com funcionen les peces, i a <strong>crear amb les seves pr\u00f2pies mans<\/strong>.<\/p>\n\n\n\n<p>A m\u00e9s, farem <strong>jocs i reptes en equip<\/strong> que fomenten la creativitat, la col\u00b7laboraci\u00f3 i el pensament cr\u00edtic. No cal saber res de rob\u00f2tica\u2014nom\u00e9s cal tenir curiositat i ganes de passar-ho b\u00e9!<\/p>\n\n\n\n<p><em>Per a les nenes que somien en inventar, crear i imaginar: aquest taller \u00e9s per vosaltres tamb\u00e9!<\/em> <\/p>\n\n\n\n<p><em>Per als nens que volen construir i programar: prepareu-vos per a l\u2019aventura!<\/em><\/p>\n\n\n\n<p>Un espai on <strong>totes les idees s\u00f3n benvingudes<\/strong> i on la ci\u00e8ncia es converteix en joc, m\u00e0gia i diversi\u00f3.<\/p>\n\n\n\n<p><\/p>\n\n\n\n<figure class=\"wp-block-image size-full\"><img loading=\"lazy\" decoding=\"async\" width=\"282\" height=\"109\" src=\"https:\/\/actef.es\/wp-content\/uploads\/2025\/08\/Objetivos-1.png\" alt=\"\" class=\"wp-image-4082\"\/><\/figure>\n\n\n\n<ul class=\"wp-block-list\">\n<li>Fomentar l&#8217;inter\u00e8s per la tecnologia i la ci\u00e8ncia<\/li>\n\n\n\n<li>Desenvolupar habilitats de resoluci\u00f3 de problemes<\/li>\n\n\n\n<li>Promoure el treball en equip i la col\u00b7laboraci\u00f3<\/li>\n\n\n\n<li>Estimular la creativitat i innovaci\u00f3<\/li>\n\n\n\n<li>Introduir conceptes b\u00e0sics de programaci\u00f3 i electr\u00f2nica<\/li>\n\n\n\n<li>Desenvolupar la perseveran\u00e7a i la resili\u00e8ncia<\/li>\n\n\n\n<li>Millorar la coordinaci\u00f3 i habilitats motores<\/li>\n\n\n\n<li>Introduir el concepte d&#8217;\u00e8tica i responsabilitat en la tecnologia<br><\/li>\n<\/ul>\n\n\n<div class=\"wp-block-image\">\n<figure class=\"aligncenter size-full is-resized\"><a href=\"https:\/\/docs.google.com\/forms\/d\/e\/1FAIpQLSckJi74OdEzXVgrNjlJz4AEjnO4kehAQc8ajyO_9as1HdshJQ\/viewform?usp=header\"><img loading=\"lazy\" decoding=\"async\" width=\"782\" height=\"185\" src=\"https:\/\/actef.es\/wp-content\/uploads\/2025\/08\/24-cAT.png\" alt=\"\" class=\"wp-image-4100\" style=\"width:350px;height:auto\" srcset=\"https:\/\/actef.es\/wp-content\/uploads\/2025\/08\/24-cAT.png 782w, https:\/\/actef.es\/wp-content\/uploads\/2025\/08\/24-cAT-300x71.png 300w, https:\/\/actef.es\/wp-content\/uploads\/2025\/08\/24-cAT-768x182.png 768w\" sizes=\"auto, (max-width: 782px) 100vw, 782px\" \/><\/a><\/figure>\n<\/div>\n\n\n<hr class=\"wp-block-separator has-text-color has-vivid-cyan-blue-color has-alpha-channel-opacity has-vivid-cyan-blue-background-color has-background is-style-wide\"\/>\n\n\n\n<blockquote class=\"wp-block-stackable-blockquote stk-block-blockquote stk-block stk-799b077 is-style-default\" data-v=\"2\" data-block-id=\"799b077\"><div class=\"has-text-align-left stk-block-blockquote__content stk-container stk-799b077-container stk-hover-parent\"><div class=\"stk-block-content stk-inner-blocks\">\n<div class=\"wp-block-stackable-icon stk-block-icon stk-block stk-c29a1ca\" data-block-id=\"c29a1ca\"><span class=\"stk--svg-wrapper\"><div class=\"stk--inner-svg\"><svg style=\"height:0;width:0\"><defs><linearGradient id=\"linear-gradient-c29a1ca\" x1=\"0\" x2=\"100%\" y1=\"0\" y2=\"0\"><stop offset=\"0%\" style=\"stop-opacity:1;stop-color:var(--linear-gradient-c-29-a-1-ca-color-1)\"><\/stop><stop offset=\"100%\" style=\"stop-opacity:1;stop-color:var(--linear-gradient-c-29-a-1-ca-color-2)\"><\/stop><\/linearGradient><\/defs><\/svg><svg xmlns=\"http:\/\/www.w3.org\/2000\/svg\" viewBox=\"0 0 50 50\" aria-hidden=\"true\" width=\"32\" height=\"32\"><path d=\"M19.8 9.3C10.5 11.8 4.6 17 2.1 24.8c2.3-3.6 5.6-5.4 9.9-5.4 3.3 0 6 1.1 8.3 3.3 2.2 2.2 3.4 5 3.4 8.3 0 3.2-1.1 5.8-3.3 8-2.2 2.2-5.1 3.2-8.7 3.2-3.7 0-6.5-1.2-8.6-3.5C1 36.3 0 33.1 0 29 0 18.3 6.5 11.2 19.6 7.9l.2 1.4zm26.4 0C36.9 11.9 31 17 28.5 24.8c2.2-3.6 5.5-5.4 9.8-5.4 3.2 0 6 1.1 8.3 3.2 2.3 2.2 3.4 4.9 3.4 8.3 0 3.1-1.1 5.8-3.3 7.9-2.2 2.2-5.1 3.3-8.6 3.3-3.7 0-6.6-1.1-8.6-3.4-2.1-2.3-3.1-5.5-3.1-9.7 0-10.7 6.6-17.8 19.7-21.1l.1 1.4z\"><\/path><\/svg><\/div><\/span><\/div>\n\n\n\n<div class=\"wp-block-stackable-text stk-block-text stk-block stk-679f6e0\" data-block-id=\"679f6e0\"><p class=\"stk-block-text__text has-text-align-center\">Tu tens a alg\u00fa que pugui apagar-te quan vulgui?<br> I per qu\u00e8 jo s\u00ed?<br>AVA<\/p><\/div>\n<\/div><\/div><\/blockquote>\n\n\n\n<hr class=\"wp-block-separator has-text-color has-vivid-cyan-blue-color has-alpha-channel-opacity has-vivid-cyan-blue-background-color has-background is-style-wide\"\/>\n\n\n\n<figure class=\"wp-block-image size-full\"><img loading=\"lazy\" decoding=\"async\" width=\"970\" height=\"250\" src=\"https:\/\/actef.es\/wp-content\/uploads\/2025\/08\/8-cat.png\" alt=\"\" class=\"wp-image-4125\" srcset=\"https:\/\/actef.es\/wp-content\/uploads\/2025\/08\/8-cat.png 970w, https:\/\/actef.es\/wp-content\/uploads\/2025\/08\/8-cat-300x77.png 300w, https:\/\/actef.es\/wp-content\/uploads\/2025\/08\/8-cat-768x198.png 768w\" sizes=\"auto, (max-width: 970px) 100vw, 970px\" \/><\/figure>\n\n\n\n<hr class=\"wp-block-separator has-text-color has-vivid-cyan-blue-color has-alpha-channel-opacity has-vivid-cyan-blue-background-color has-background is-style-wide\"\/>\n\n\n\n<p><\/p>\n\n\n\n<figure class=\"wp-block-image size-full\"><img loading=\"lazy\" decoding=\"async\" width=\"282\" height=\"109\" src=\"https:\/\/actef.es\/wp-content\/uploads\/2025\/08\/Que-es-cat-1.png\" alt=\"\" class=\"wp-image-4084\"\/><\/figure>\n\n\n\n<p><strong>Taller de matem\u00e0tiques divertides: pensa, descobreix i ent\u00e9n!<\/strong><\/p>\n\n\n\n<p>Aquest taller \u00e9s una aventura per descobrir les matem\u00e0tiques d\u2019una manera <strong>diferent, divertida i molt creativa<\/strong>. Comen\u00e7arem amb jocs de <strong>c\u00e0lcul mental<\/strong> que ajuden a pensar r\u00e0pid i amb confian\u00e7a, i despr\u00e9s aprendrem a construir les idees pas a pas, com si fossin peces d\u2019un trencaclosques.<\/p>\n\n\n\n<p>Amb aquesta base, explorarem temes importants de les matem\u00e0tiques que es treballen a secund\u00e0ria, per\u00f2 <strong>adaptats perqu\u00e8 tothom els pugui entendre<\/strong>. Si hi ha dubtes, tornarem a les idees clau i les explicarem amb exemples i demostracions que fan que tot tingui sentit.<\/p>\n\n\n\n<p><\/p>\n\n\n\n<p>Les matem\u00e0tiques poden ser com un joc\u2026 i tu tens les peces per guanyar-lo!<\/p>\n\n\n\n<figure class=\"wp-block-image size-full\"><img loading=\"lazy\" decoding=\"async\" width=\"177\" height=\"73\" src=\"https:\/\/actef.es\/wp-content\/uploads\/2025\/08\/Objetivos.png\" alt=\"\" class=\"wp-image-4092\"\/><\/figure>\n\n\n\n<p>Realitzar un tractament sistem\u00e0tic i complet de l&#8217;Aritm\u00e8tica elemental, des del c\u00e0lcul mental fins a un tractament algebraic amb realitzaci\u00f3 de demostracions, superant el curr\u00edculum tradicional i permetent una exploraci\u00f3 \u00e0mplia i sistem\u00e0tica de l&#8217;\u00c0lgebra i la seva aplicabilitat en la resoluci\u00f3 de problemes.<\/p>\n\n\n\n<p><\/p>\n\n\n\n<p><\/p>\n\n\n\n<p><strong>APTITUS<\/strong><\/p>\n\n\n\n<ul class=\"wp-block-list\">\n<li>T\u00e8cniques de c\u00e0lcul mental.&nbsp;<\/li>\n\n\n\n<li>Axiomes de l&#8217;Aritm\u00e8tica.&nbsp;<\/li>\n\n\n\n<li>Demostracions.&nbsp;<\/li>\n\n\n\n<li>Resoluci\u00f3 d&#8217;equacions.&nbsp;<\/li>\n\n\n\n<li>Resoluci\u00f3 de problemes.&nbsp;<\/li>\n\n\n\n<li>Aprofundiment en altres branques matem\u00e0tiques a discreci\u00f3 de l&#8217;estudiant.&nbsp;<\/li>\n\n\n\n<li>Es presumeix inter\u00e8s i autonomia.<\/li>\n<\/ul>\n\n\n\n<p><\/p>\n\n\n\n<p><strong>OBSERVACI\u00d3NS<\/strong><\/p>\n\n\n\n<ul class=\"wp-block-list\">\n<li><strong>S&#8217;HAUR\u00c0 DE REALITZAR UNA PROVA DE NIVELL<\/strong>: aquesta prova \u00e9s per a formalitzar grups concorde als nivells individuals de cada alumne\/a, mai per a deixar fora a un alumne d&#8217;aquest taller.&nbsp;&nbsp;<\/li>\n\n\n\n<li>Es recomana alumnat amb talent Matem\u00e0tic&nbsp;<\/li>\n\n\n\n<li>\u00c9s necessari un COMPROM\u00cdS de pr\u00e0ctica perqu\u00e8 tot l&#8217;alumnat gaudeixi de l&#8217;activitat.<\/li>\n<\/ul>\n\n\n\n<div class=\"wp-block-columns is-layout-flex wp-container-core-columns-is-layout-9d6595d7 wp-block-columns-is-layout-flex\">\n<div class=\"wp-block-column is-layout-flow wp-block-column-is-layout-flow\"><div class=\"wp-block-image\">\n<figure class=\"aligncenter size-full is-resized\"><img loading=\"lazy\" decoding=\"async\" width=\"282\" height=\"109\" src=\"https:\/\/actef.es\/wp-content\/uploads\/2025\/08\/HORARIO-cat.png\" alt=\"\" class=\"wp-image-4090\" style=\"width:181px;height:auto\"\/><\/figure>\n<\/div>\n\n\n<p class=\"has-text-align-center\">Dimars \u2013 Online<br><\/p>\n<\/div>\n\n\n\n<div class=\"wp-block-column is-layout-flow wp-block-column-is-layout-flow\"><div class=\"wp-block-image\">\n<figure class=\"aligncenter size-full is-resized\"><img loading=\"lazy\" decoding=\"async\" width=\"282\" height=\"109\" src=\"https:\/\/actef.es\/wp-content\/uploads\/2025\/08\/PROFE-cat.png\" alt=\"\" class=\"wp-image-4088\" style=\"width:188px;height:auto\"\/><\/figure>\n<\/div>\n\n\n<p class=\"has-text-align-center\">Javier Ruiz G\u00f3mez<\/p>\n<\/div>\n\n\n\n<div class=\"wp-block-column is-layout-flow wp-block-column-is-layout-flow\"><div class=\"wp-block-image is-style-default\">\n<figure class=\"aligncenter size-full is-resized\"><img loading=\"lazy\" decoding=\"async\" width=\"282\" height=\"109\" src=\"https:\/\/actef.es\/wp-content\/uploads\/2025\/08\/PREU-cat.png\" alt=\"\" class=\"wp-image-4086\" style=\"width:166px;height:auto\"\/><\/figure>\n<\/div>\n\n\n<p class=\"has-text-align-center\">Consultar en ACTEF<\/p>\n<\/div>\n<\/div>\n\n\n<div class=\"wp-block-image\">\n<figure class=\"aligncenter size-full is-resized\"><img loading=\"lazy\" decoding=\"async\" width=\"280\" height=\"66\" src=\"https:\/\/actef.es\/wp-content\/uploads\/2025\/10\/IWEURIWQ.png\" alt=\"\" class=\"wp-image-4725\" style=\"aspect-ratio:4.244197063003316;width:346px;height:auto\"\/><\/figure>\n<\/div>\n\n<div class=\"wp-block-image\">\n<figure class=\"aligncenter size-full is-resized\"><a href=\"https:\/\/docs.google.com\/forms\/d\/e\/1FAIpQLSckJi74OdEzXVgrNjlJz4AEjnO4kehAQc8ajyO_9as1HdshJQ\/viewform?usp=header\"><img loading=\"lazy\" decoding=\"async\" width=\"782\" height=\"185\" src=\"https:\/\/actef.es\/wp-content\/uploads\/2025\/08\/24-cAT.png\" alt=\"\" class=\"wp-image-4100\" style=\"width:350px;height:auto\" srcset=\"https:\/\/actef.es\/wp-content\/uploads\/2025\/08\/24-cAT.png 782w, https:\/\/actef.es\/wp-content\/uploads\/2025\/08\/24-cAT-300x71.png 300w, https:\/\/actef.es\/wp-content\/uploads\/2025\/08\/24-cAT-768x182.png 768w\" sizes=\"auto, (max-width: 782px) 100vw, 782px\" \/><\/a><\/figure>\n<\/div>\n\n\n<figure class=\"wp-block-embed is-type-video is-provider-youtube wp-block-embed-youtube wp-embed-aspect-16-9 wp-has-aspect-ratio\"><div class=\"wp-block-embed__wrapper\">\n<iframe loading=\"lazy\" title=\"Taller matematicas Javi Ruiz 1\" width=\"1200\" height=\"675\" src=\"https:\/\/www.youtube.com\/embed\/eGZnPxqrjCM?feature=oembed\" frameborder=\"0\" allow=\"accelerometer; autoplay; clipboard-write; encrypted-media; gyroscope; picture-in-picture; web-share\" referrerpolicy=\"strict-origin-when-cross-origin\" allowfullscreen><\/iframe>\n<\/div><\/figure>\n\n\n\n<hr class=\"wp-block-separator has-text-color has-vivid-cyan-blue-color has-alpha-channel-opacity has-vivid-cyan-blue-background-color has-background is-style-wide\"\/>\n\n\n\n<p>Con la colaboraci\u00f3n de:<\/p>\n\n\n\n<figure class=\"wp-block-image size-full\"><img loading=\"lazy\" decoding=\"async\" width=\"875\" height=\"151\" src=\"https:\/\/actef.es\/wp-content\/uploads\/2025\/08\/WhatsApp-Image-2025-08-27-at-10.22.15.jpeg\" alt=\"\" class=\"wp-image-4494\" srcset=\"https:\/\/actef.es\/wp-content\/uploads\/2025\/08\/WhatsApp-Image-2025-08-27-at-10.22.15.jpeg 875w, https:\/\/actef.es\/wp-content\/uploads\/2025\/08\/WhatsApp-Image-2025-08-27-at-10.22.15-300x52.jpeg 300w, https:\/\/actef.es\/wp-content\/uploads\/2025\/08\/WhatsApp-Image-2025-08-27-at-10.22.15-768x133.jpeg 768w\" sizes=\"auto, (max-width: 875px) 100vw, 875px\" \/><\/figure>\n\n\n\n<hr class=\"wp-block-separator has-text-color has-vivid-cyan-blue-color has-alpha-channel-opacity has-vivid-cyan-blue-background-color has-background is-style-wide\"\/>\n<style class=\"advgb-styles-renderer\">.stk-b3e6a3d .stk-block-text__text{font-size:35px !important;}@media screen and (max-width: 1023px){.stk-b3e6a3d .stk-block-text__text{font-size:35px !important;}}.kb-image4109_0b9323-8c .kb-image-has-overlay:after{opacity:0.3;}.stk-3b57bb9 .stk-block-text__text{font-size:35px !important;}@media screen and (max-width: 1023px){.stk-3b57bb9 .stk-block-text__text{font-size:35px !important;}}.stk-d1140d3 .stk-block-text__text{font-size:35px !important;}@media screen and (max-width: 1023px){.stk-d1140d3 .stk-block-text__text{font-size:35px !important;}}.stk-679f6e0 .stk-block-text__text{font-size:35px !important;}@media screen and (max-width: 1023px){.stk-679f6e0 .stk-block-text__text{font-size:35px !important;}}<\/style>","protected":false},"excerpt":{"rendered":"<p>Dimarts de 18.30h&nbsp;a 19.20hSeu&nbsp;ACTEF&nbsp;(Sant Antoni) Dijous de 18.30h&nbsp;a 19.20hAuditori de&nbsp;Cas&nbsp;Serres&nbsp; &nbsp;Dirige Nerea Fern\u00e1ndez Consultar en ACTEF (Taller de treball emocional). Un espai pensat per cr\u00e9ixer junts Volem oferir als nens i nenes un lloc segur on puguin recon\u00e8ixer com se senten i aprendre a gestionar les seves emocions de manera positiva. Per aconseguir-ho, farem activitats &#8230; <a title=\"INTENSAMENT 3: nascut en 2014-2015\" class=\"read-more\" href=\"https:\/\/actef.es\/web\/intensamente-3-nacidos-en-2014-2015\/?lang=ca\" aria-label=\"Leer m\u00e1s sobre INTENSAMENT 3: nascut en 2014-2015\">Leer m\u00e1s<\/a><\/p>\n","protected":false},"author":2,"featured_media":5751,"parent":0,"menu_order":0,"comment_status":"closed","ping_status":"closed","template":"","meta":{"advgb_blocks_editor_width":"","advgb_blocks_columns_visual_guide":"","footnotes":""},"class_list":["post-4109","page","type-page","status-publish","has-post-thumbnail"],"featured_image_urls_v2":{"full":["https:\/\/actef.es\/wp-content\/uploads\/2025\/12\/cat-3.png",1455,375,false],"thumbnail":["https:\/\/actef.es\/wp-content\/uploads\/2025\/12\/cat-3-150x150.png",150,150,true],"medium":["https:\/\/actef.es\/wp-content\/uploads\/2025\/12\/cat-3-300x77.png",300,77,true],"medium_large":["https:\/\/actef.es\/wp-content\/uploads\/2025\/12\/cat-3-768x198.png",768,198,true],"large":["https:\/\/actef.es\/wp-content\/uploads\/2025\/12\/cat-3-1024x264.png",1024,264,true],"1536x1536":["https:\/\/actef.es\/wp-content\/uploads\/2025\/12\/cat-3.png",1455,375,false],"2048x2048":["https:\/\/actef.es\/wp-content\/uploads\/2025\/12\/cat-3.png",1455,375,false]},"post_excerpt_stackable_v2":"<p>Dimarts de 18.30h&nbsp;a 19.20hSeu&nbsp;ACTEF&nbsp;(Sant Antoni) Dijous de 18.30h&nbsp;a 19.20hAuditori de&nbsp;Cas&nbsp;Serres&nbsp; &nbsp;Dirige Nerea Fern\u00e1ndez Consultar en ACTEF (Taller de treball emocional). Un espai pensat per cr\u00e9ixer junts Volem oferir als nens i nenes un lloc segur on puguin recon\u00e8ixer com se senten i aprendre a gestionar les seves emocions de manera positiva. Per aconseguir-ho, farem activitats en grup i jocs que fomenten el treball en equip i les relacions amb els altres. Aquest espai est\u00e0 dedicat a ajudar-los a desenvolupar habilitats tant emocionals com socials: aprendre a expressar el que senten, a tenir paci\u00e8ncia, a tolerar la frustraci\u00f3 i a comunicar-se&hellip;<\/p>\n","category_list_v2":"","author_info_v2":{"name":"Esperanza Marqu\u00e8s","url":"https:\/\/actef.es\/web\/author\/esperanza\/"},"comments_num_v2":"0 comentarios","coauthors":[],"author_meta":{"author_link":"https:\/\/actef.es\/web\/author\/esperanza\/","display_name":"Esperanza Marqu\u00e8s"},"relative_dates":{"created":"Publicado 2 a\u00f1os hace","modified":"Actualizado 2 meses hace"},"absolute_dates":{"created":"Publicado el 13 septiembre 2024","modified":"Actualizado el 19 febrero 2026"},"absolute_dates_time":{"created":"Publicado el 13 septiembre 2024 20:25","modified":"Actualizado el 19 febrero 2026 13:02"},"featured_img_caption":"","featured_img":"https:\/\/actef.es\/wp-content\/uploads\/2025\/12\/cat-3.png","series_order":"","_links":{"self":[{"href":"https:\/\/actef.es\/web\/wp-json\/wp\/v2\/pages\/4109","targetHints":{"allow":["GET"]}}],"collection":[{"href":"https:\/\/actef.es\/web\/wp-json\/wp\/v2\/pages"}],"about":[{"href":"https:\/\/actef.es\/web\/wp-json\/wp\/v2\/types\/page"}],"author":[{"embeddable":true,"href":"https:\/\/actef.es\/web\/wp-json\/wp\/v2\/users\/2"}],"replies":[{"embeddable":true,"href":"https:\/\/actef.es\/web\/wp-json\/wp\/v2\/comments?post=4109"}],"version-history":[{"count":56,"href":"https:\/\/actef.es\/web\/wp-json\/wp\/v2\/pages\/4109\/revisions"}],"predecessor-version":[{"id":6149,"href":"https:\/\/actef.es\/web\/wp-json\/wp\/v2\/pages\/4109\/revisions\/6149"}],"wp:featuredmedia":[{"embeddable":true,"href":"https:\/\/actef.es\/web\/wp-json\/wp\/v2\/media\/5751"}],"wp:attachment":[{"href":"https:\/\/actef.es\/web\/wp-json\/wp\/v2\/media?parent=4109"}],"curies":[{"name":"wp","href":"https:\/\/api.w.org\/{rel}","templated":true}]}}