{"id":4138,"date":"2025-08-27T09:13:44","date_gmt":"2025-08-27T07:13:44","guid":{"rendered":"https:\/\/actef.es\/web\/?page_id=4138"},"modified":"2026-02-19T13:04:17","modified_gmt":"2026-02-19T11:04:17","slug":"intensament-2-nascuts-en-2016-2017","status":"publish","type":"page","link":"https:\/\/actef.es\/web\/intensament-2-nascuts-en-2016-2017\/?lang=ca","title":{"rendered":"INTENSAMENT 2: nascuts en 2016-2017"},"content":{"rendered":"\n<figure class=\"wp-block-image size-large\"><img loading=\"lazy\" decoding=\"async\" width=\"1024\" height=\"576\" src=\"https:\/\/actef.es\/wp-content\/uploads\/2025\/12\/Catalan-4-1024x576.png\" alt=\"\" class=\"wp-image-5785\" srcset=\"https:\/\/actef.es\/wp-content\/uploads\/2025\/12\/Catalan-4-1024x576.png 1024w, https:\/\/actef.es\/wp-content\/uploads\/2025\/12\/Catalan-4-300x169.png 300w, https:\/\/actef.es\/wp-content\/uploads\/2025\/12\/Catalan-4-768x432.png 768w, https:\/\/actef.es\/wp-content\/uploads\/2025\/12\/Catalan-4-1536x864.png 1536w, https:\/\/actef.es\/wp-content\/uploads\/2025\/12\/Catalan-4-2048x1152.png 2048w\" sizes=\"auto, (max-width: 1024px) 100vw, 1024px\" \/><\/figure>\n\n\n\n<figure class=\"wp-block-image size-large\"><img loading=\"lazy\" decoding=\"async\" width=\"1024\" height=\"576\" src=\"https:\/\/actef.es\/wp-content\/uploads\/2025\/12\/Catalan-1-1-1024x576.png\" alt=\"\" class=\"wp-image-5791\" srcset=\"https:\/\/actef.es\/wp-content\/uploads\/2025\/12\/Catalan-1-1-1024x576.png 1024w, https:\/\/actef.es\/wp-content\/uploads\/2025\/12\/Catalan-1-1-300x169.png 300w, https:\/\/actef.es\/wp-content\/uploads\/2025\/12\/Catalan-1-1-768x432.png 768w, https:\/\/actef.es\/wp-content\/uploads\/2025\/12\/Catalan-1-1-1536x864.png 1536w, https:\/\/actef.es\/wp-content\/uploads\/2025\/12\/Catalan-1-1-2048x1152.png 2048w\" sizes=\"auto, (max-width: 1024px) 100vw, 1024px\" \/><\/figure>\n\n\n\n<hr class=\"wp-block-separator has-text-color has-vivid-cyan-blue-color has-alpha-channel-opacity has-vivid-cyan-blue-background-color has-background is-style-wide\"\/>\n\n\n<div class=\"wp-block-image\">\n<figure class=\"aligncenter size-large\"><img loading=\"lazy\" decoding=\"async\" width=\"1024\" height=\"264\" src=\"https:\/\/actef.es\/wp-content\/uploads\/2025\/08\/2-cat-1024x264.png\" alt=\"\" class=\"wp-image-4049\" srcset=\"https:\/\/actef.es\/wp-content\/uploads\/2025\/08\/2-cat-1024x264.png 1024w, https:\/\/actef.es\/wp-content\/uploads\/2025\/08\/2-cat-300x77.png 300w, https:\/\/actef.es\/wp-content\/uploads\/2025\/08\/2-cat-768x198.png 768w, https:\/\/actef.es\/wp-content\/uploads\/2025\/08\/2-cat.png 1455w\" sizes=\"auto, (max-width: 1024px) 100vw, 1024px\" \/><\/figure>\n<\/div>\n\n\n<hr class=\"wp-block-separator has-text-color has-vivid-cyan-blue-color has-alpha-channel-opacity has-vivid-cyan-blue-background-color has-background is-style-wide\"\/>\n\n\n\n<div class=\"wp-block-columns is-layout-flex wp-container-core-columns-is-layout-9d6595d7 wp-block-columns-is-layout-flex\">\n<div class=\"wp-block-column is-layout-flow wp-block-column-is-layout-flow\"><div class=\"wp-block-image\">\n<figure class=\"aligncenter size-full is-resized\"><img loading=\"lazy\" decoding=\"async\" width=\"234\" height=\"44\" src=\"https:\/\/actef.es\/wp-content\/uploads\/2024\/09\/horario.png\" alt=\"\" class=\"wp-image-2625\" style=\"width:181px;height:auto\"\/><\/figure>\n<\/div>\n\n\n<p class=\"has-text-align-center\"><\/p>\n\n\n\n<p class=\"has-text-align-center\">Dimarts de 18.30h&nbsp;a 19.20h<br>Seu&nbsp;ACTEF&nbsp;(Sant Antoni)<\/p>\n\n\n\n<p class=\"has-text-align-center\">Dijous de 18.30h&nbsp;a 19.20h<br>Auditori de&nbsp;Cas&nbsp;Serres&nbsp;<\/p>\n\n\n\n<p class=\"has-text-align-center\"><\/p>\n<\/div>\n\n\n\n<div class=\"wp-block-column is-layout-flow wp-block-column-is-layout-flow\"><div class=\"wp-block-image\">\n<figure class=\"aligncenter size-full is-resized\"><img loading=\"lazy\" decoding=\"async\" width=\"173\" height=\"44\" src=\"https:\/\/actef.es\/wp-content\/uploads\/2024\/09\/profesional.png\" alt=\"\" class=\"wp-image-2627\" style=\"width:134px;height:auto\"\/><\/figure>\n<\/div>\n\n\n<p class=\"has-text-align-center\">&nbsp;Dirige Nerea Fern\u00e1ndez<\/p>\n<\/div>\n\n\n\n<div class=\"wp-block-column is-layout-flow wp-block-column-is-layout-flow\"><div class=\"wp-block-image is-style-default\">\n<figure class=\"aligncenter size-large is-resized\"><img decoding=\"async\" src=\"https:\/\/actef.es\/wp-content\/uploads\/2024\/09\/precio-1-e1734353791450.png\" alt=\"\" style=\"width:63px;height:auto\"\/><\/figure>\n<\/div>\n\n\n<p class=\"has-text-align-center\">Consultar en ACTEF<\/p>\n<\/div>\n<\/div>\n\n\n\n<figure class=\"wp-block-image size-full\"><img loading=\"lazy\" decoding=\"async\" width=\"282\" height=\"109\" src=\"https:\/\/actef.es\/wp-content\/uploads\/2025\/08\/Que-es-cat-1.png\" alt=\"\" class=\"wp-image-4084\"\/><\/figure>\n\n\n\n<p>Facilitar un espai segur on els nens i nenes puguin tenir un lloc on identificar les seves emocions i aprendre a gestionar-se de mantera adequada. Amb aquesta finalitat, es realitzaran din\u00e0miques de grup i jocs, afavorint el treball en equip i les relacions socials. Per tant, es presenta com un espai dedicat a la promoci\u00f3 del desenvolupament d&#8217;habilitats tant&nbsp;intel\u00b7lectuals&nbsp;com a emocionals, treballant de manera \u00f2ptima les habilitats socials, la comunicaci\u00f3 de les emocions, la toler\u00e0ncia a la frustraci\u00f3, la paci\u00e8ncia, etc. Aix\u00ed, es pret\u00e9n respondre a les necessitats col\u00b7lectives que sovint presenten els joves dotats de&nbsp;ACI&nbsp;i Dobles Excepcionalitats.<\/p>\n\n\n\n<p><br>A aquesta activitat es convidar\u00e0 que ells siguin els protagonistes, tractar de fer que parlin i es desenvolupin parlant de diversos temes relacionats amb les emocions i la seva gesti\u00f3. Tamb\u00e9 \u00e9s generar\u00e0 un espai per a treballar altres aspectes personals i socials com els sentiments, les emocions i la comunicaci\u00f3 de dificultats, tot aix\u00f2, gr\u00e0cies a jocs cooperatius i\/o din\u00e0miques de grup. Per tant, es&nbsp;tractar\u00e1&nbsp;de crear un espai segur per a garantir l&#8217;intercanvi d&#8217;opinions amb respecte,&nbsp;empatia&nbsp;i assertivitat.<\/p>\n\n\n\n<figure class=\"wp-block-image size-full\"><img loading=\"lazy\" decoding=\"async\" width=\"282\" height=\"109\" src=\"https:\/\/actef.es\/wp-content\/uploads\/2025\/08\/Objetivos-1.png\" alt=\"\" class=\"wp-image-4082\"\/><\/figure>\n\n\n\n<ul class=\"wp-block-list\">\n<li>Proporcionar un espai segur pels participants on puguin desenvolupar-se amb naturalitat. Construint un vincle de confian\u00e7a entre el professional &#8211; alumnat.<\/li>\n\n\n\n<li>Refor\u00e7ar les habilitats socials de cada individu. Dotant d&#8217;eines per a la gesti\u00f3 i la comunicaci\u00f3 de les emocions.<\/li>\n\n\n\n<li>Acompanyar a l&#8217;alumnat en la identificaci\u00f3 i gesti\u00f3 de les emocions que sorgeixin en les sessions.<br><\/li>\n<\/ul>\n\n\n\n<hr class=\"wp-block-separator has-text-color has-vivid-cyan-blue-color has-alpha-channel-opacity has-vivid-cyan-blue-background-color has-background is-style-wide\"\/>\n\n\n<div class=\"wp-block-image\">\n<figure class=\"aligncenter size-full is-resized\"><a href=\"https:\/\/docs.google.com\/forms\/d\/e\/1FAIpQLSckJi74OdEzXVgrNjlJz4AEjnO4kehAQc8ajyO_9as1HdshJQ\/viewform?usp=header\"><img loading=\"lazy\" decoding=\"async\" width=\"782\" height=\"185\" src=\"https:\/\/actef.es\/wp-content\/uploads\/2025\/08\/24-cAT.png\" alt=\"\" class=\"wp-image-4100\" style=\"width:435px;height:auto\" srcset=\"https:\/\/actef.es\/wp-content\/uploads\/2025\/08\/24-cAT.png 782w, https:\/\/actef.es\/wp-content\/uploads\/2025\/08\/24-cAT-300x71.png 300w, https:\/\/actef.es\/wp-content\/uploads\/2025\/08\/24-cAT-768x182.png 768w\" sizes=\"auto, (max-width: 782px) 100vw, 782px\" \/><\/a><\/figure>\n<\/div>\n\n\n<hr class=\"wp-block-separator has-text-color has-vivid-cyan-blue-color has-alpha-channel-opacity has-vivid-cyan-blue-background-color has-background is-style-wide\"\/>\n\n\n\n<blockquote class=\"wp-block-stackable-blockquote stk-block-blockquote stk-block stk-930815e is-style-default\" data-v=\"2\" data-block-id=\"930815e\"><div class=\"has-text-align-left stk-block-blockquote__content stk-container stk-930815e-container stk-hover-parent\"><div class=\"stk-block-content stk-inner-blocks\">\n<div class=\"wp-block-stackable-icon stk-block-icon stk-block stk-78e0c28\" data-block-id=\"78e0c28\"><span class=\"stk--svg-wrapper\"><div class=\"stk--inner-svg\"><svg style=\"height:0;width:0\"><defs><linearGradient id=\"linear-gradient-78e0c28\" x1=\"0\" x2=\"100%\" y1=\"0\" y2=\"0\"><stop offset=\"0%\" style=\"stop-opacity:1;stop-color:var(--linear-gradient-78-e-0-c-28-color-1)\"><\/stop><stop offset=\"100%\" style=\"stop-opacity:1;stop-color:var(--linear-gradient-78-e-0-c-28-color-2)\"><\/stop><\/linearGradient><\/defs><\/svg><svg xmlns=\"http:\/\/www.w3.org\/2000\/svg\" viewBox=\"0 0 50 50\" aria-hidden=\"true\" width=\"32\" height=\"32\"><path d=\"M19.8 9.3C10.5 11.8 4.6 17 2.1 24.8c2.3-3.6 5.6-5.4 9.9-5.4 3.3 0 6 1.1 8.3 3.3 2.2 2.2 3.4 5 3.4 8.3 0 3.2-1.1 5.8-3.3 8-2.2 2.2-5.1 3.2-8.7 3.2-3.7 0-6.5-1.2-8.6-3.5C1 36.3 0 33.1 0 29 0 18.3 6.5 11.2 19.6 7.9l.2 1.4zm26.4 0C36.9 11.9 31 17 28.5 24.8c2.2-3.6 5.5-5.4 9.8-5.4 3.2 0 6 1.1 8.3 3.2 2.3 2.2 3.4 4.9 3.4 8.3 0 3.1-1.1 5.8-3.3 7.9-2.2 2.2-5.1 3.3-8.6 3.3-3.7 0-6.6-1.1-8.6-3.4-2.1-2.3-3.1-5.5-3.1-9.7 0-10.7 6.6-17.8 19.7-21.1l.1 1.4z\"><\/path><\/svg><\/div><\/span><\/div>\n\n\n\n<div class=\"wp-block-stackable-text stk-block-text stk-block stk-b3e6a3d\" data-block-id=\"b3e6a3d\"><p class=\"stk-block-text__text has-text-align-center\">La cultura \u00e9s l&#8217;aprofitament social del coneixement<br>GABRIEL GARC\u00cdA M\u00c1RQUEZ<\/p><\/div>\n<\/div><\/div><\/blockquote>\n\n\n\n<hr class=\"wp-block-separator has-text-color has-vivid-cyan-blue-color has-alpha-channel-opacity has-vivid-cyan-blue-background-color has-background is-style-wide\"\/>\n\n\n\n<p><\/p>\n\n\n\n<figure class=\"wp-block-kadence-image kb-image4138_2b17f9-28 size-large\"><img loading=\"lazy\" decoding=\"async\" width=\"1024\" height=\"726\" src=\"https:\/\/actef.es\/wp-content\/uploads\/2025\/12\/cast-int2-1024x726.png\" alt=\"\" class=\"kb-img wp-image-5772\" srcset=\"https:\/\/actef.es\/wp-content\/uploads\/2025\/12\/cast-int2-1024x726.png 1024w, https:\/\/actef.es\/wp-content\/uploads\/2025\/12\/cast-int2-300x213.png 300w, https:\/\/actef.es\/wp-content\/uploads\/2025\/12\/cast-int2-768x545.png 768w, https:\/\/actef.es\/wp-content\/uploads\/2025\/12\/cast-int2-1536x1090.png 1536w, https:\/\/actef.es\/wp-content\/uploads\/2025\/12\/cast-int2.png 1748w\" sizes=\"auto, (max-width: 1024px) 100vw, 1024px\" \/><\/figure>\n\n\n\n<figure class=\"wp-block-image size-full\" id=\"block-353aa2f9-c0b5-488c-ac9a-a00c426d6ba4\"><img loading=\"lazy\" decoding=\"async\" width=\"282\" height=\"109\" src=\"https:\/\/actef.es\/wp-content\/uploads\/2025\/08\/Que-es-cat-1.png\" alt=\"\" class=\"wp-image-4084\"\/><\/figure>\n\n\n\n<p>En aquest taller treballaran les diferents disciplines tant esportives com recreatives, descobriran el m\u00f3n del teatre a trav\u00e9s d&#8217;activitats l\u00fadiques i improvisaci\u00f3 i, desenvoluparan capacitats i habilitats motrius mitjan\u00e7ant el circ. Durant el curs, les primeres sessions estan enfocades al treball en equip la cohesi\u00f3 grupal. Durant gran part de la segona part del curs es realitzen activitats de treball sota pressi\u00f3 en equip i per a finalitzar el curs es realitzen activitats de totes les disciplines en cada sessi\u00f3.<\/p>\n\n\n\n<figure class=\"wp-block-image size-full\" id=\"block-5d66cf7d-0065-407c-9cff-9b6540250027\"><img loading=\"lazy\" decoding=\"async\" width=\"282\" height=\"109\" src=\"https:\/\/actef.es\/wp-content\/uploads\/2025\/08\/Objetivos-1.png\" alt=\"\" class=\"wp-image-4082\"\/><\/figure>\n\n\n\n<ul class=\"wp-block-list\">\n<li>Aprendre a interrelacionar-se amb els companys, des d&#8217;una perspectiva creativa i esportiva i saludable.<\/li>\n\n\n\n<li>Fomentar la practica creatiu-esportiva als nens i nenes.<\/li>\n\n\n\n<li>Aconseguir una expressi\u00f3 creativa a trav\u00e9s de formes dram\u00e0tiques<\/li>\n\n\n\n<li>Fomentar la pertinen\u00e7a a un grup<\/li>\n<\/ul>\n\n\n\n<hr class=\"wp-block-separator has-text-color has-vivid-cyan-blue-color has-alpha-channel-opacity has-vivid-cyan-blue-background-color has-background is-style-wide\"\/>\n\n\n\n<div class=\"wp-block-columns is-layout-flex wp-container-core-columns-is-layout-9d6595d7 wp-block-columns-is-layout-flex\">\n<div class=\"wp-block-column is-layout-flow wp-block-column-is-layout-flow\"><div class=\"wp-block-image\">\n<figure class=\"aligncenter size-full is-resized\"><img loading=\"lazy\" decoding=\"async\" width=\"282\" height=\"109\" src=\"https:\/\/actef.es\/wp-content\/uploads\/2025\/08\/HORARIO-cat.png\" alt=\"\" class=\"wp-image-4090\" style=\"width:163px;height:auto\"\/><\/figure>\n<\/div>\n\n\n<p class=\"has-text-align-center\">Dissabtes quinzenals<br>de 10h&nbsp;a 11.30h<\/p>\n\n\n\n<p class=\"has-text-align-center\">Colegio Guillem de Montgr\u00ed<\/p>\n\n\n\n<p class=\"has-text-align-center\"><strong>Dades 2026:<\/strong><br> 10 y 31 de gener<br>14 de febrer<br>7 y 21 de mar\u00e7<br> 18 de abril<br>9 y 23 de maig<\/p>\n\n\n\n<p><\/p>\n<\/div>\n\n\n\n<div class=\"wp-block-column is-layout-flow wp-block-column-is-layout-flow\"><div class=\"wp-block-image\">\n<figure class=\"aligncenter size-full is-resized\"><img loading=\"lazy\" decoding=\"async\" width=\"282\" height=\"109\" src=\"https:\/\/actef.es\/wp-content\/uploads\/2025\/08\/PROFE-cat.png\" alt=\"\" class=\"wp-image-4088\" style=\"width:166px;height:auto\"\/><\/figure>\n<\/div>\n\n\n<p class=\"has-text-align-center\">&nbsp;Oscar S\u00e1nchez<\/p>\n<\/div>\n\n\n\n<div class=\"wp-block-column is-layout-flow wp-block-column-is-layout-flow\"><div class=\"wp-block-image is-style-default\">\n<figure class=\"aligncenter size-full is-resized\"><img loading=\"lazy\" decoding=\"async\" width=\"282\" height=\"109\" src=\"https:\/\/actef.es\/wp-content\/uploads\/2025\/08\/PREU-cat.png\" alt=\"\" class=\"wp-image-4086\" style=\"width:123px;height:auto\"\/><\/figure>\n<\/div>\n\n\n<p class=\"has-text-align-center\">Consultar en ACTEF<\/p>\n<\/div>\n<\/div>\n\n\n\n<figure class=\"wp-block-embed is-type-video is-provider-youtube wp-block-embed-youtube wp-embed-aspect-16-9 wp-has-aspect-ratio\"><div class=\"wp-block-embed__wrapper\">\n<iframe loading=\"lazy\" title=\"Sa\u0301bados lu\u0301dicos\" width=\"1200\" height=\"675\" src=\"https:\/\/www.youtube.com\/embed\/IcMfF9bxI60?feature=oembed\" frameborder=\"0\" allow=\"accelerometer; autoplay; clipboard-write; encrypted-media; gyroscope; picture-in-picture; web-share\" referrerpolicy=\"strict-origin-when-cross-origin\" allowfullscreen><\/iframe>\n<\/div><\/figure>\n\n\n\n<hr class=\"wp-block-separator has-text-color has-vivid-cyan-blue-color has-alpha-channel-opacity has-vivid-cyan-blue-background-color has-background is-style-wide\"\/>\n\n\n\n<blockquote class=\"wp-block-quote is-layout-flow wp-block-quote-is-layout-flow\">\n<blockquote class=\"wp-block-stackable-blockquote stk-block-blockquote stk-block stk-e76b014 is-style-default\" data-v=\"2\" data-block-id=\"e76b014\"><div class=\"has-text-align-left stk-block-blockquote__content stk-container stk-e76b014-container stk-hover-parent\"><div class=\"stk-block-content stk-inner-blocks\">\n<div class=\"wp-block-stackable-icon stk-block-icon stk-block stk-d226b93\" data-block-id=\"d226b93\"><span class=\"stk--svg-wrapper\"><div class=\"stk--inner-svg\"><svg style=\"height:0;width:0\"><defs><linearGradient id=\"linear-gradient-d226b93\" x1=\"0\" x2=\"100%\" y1=\"0\" y2=\"0\"><stop offset=\"0%\" style=\"stop-opacity:1;stop-color:var(--linear-gradient-d-226-b-93-color-1)\"><\/stop><stop offset=\"100%\" style=\"stop-opacity:1;stop-color:var(--linear-gradient-d-226-b-93-color-2)\"><\/stop><\/linearGradient><\/defs><\/svg><svg xmlns=\"http:\/\/www.w3.org\/2000\/svg\" viewBox=\"0 0 50 50\" aria-hidden=\"true\" width=\"32\" height=\"32\"><path d=\"M19.8 9.3C10.5 11.8 4.6 17 2.1 24.8c2.3-3.6 5.6-5.4 9.9-5.4 3.3 0 6 1.1 8.3 3.3 2.2 2.2 3.4 5 3.4 8.3 0 3.2-1.1 5.8-3.3 8-2.2 2.2-5.1 3.2-8.7 3.2-3.7 0-6.5-1.2-8.6-3.5C1 36.3 0 33.1 0 29 0 18.3 6.5 11.2 19.6 7.9l.2 1.4zm26.4 0C36.9 11.9 31 17 28.5 24.8c2.2-3.6 5.5-5.4 9.8-5.4 3.2 0 6 1.1 8.3 3.2 2.3 2.2 3.4 4.9 3.4 8.3 0 3.1-1.1 5.8-3.3 7.9-2.2 2.2-5.1 3.3-8.6 3.3-3.7 0-6.6-1.1-8.6-3.4-2.1-2.3-3.1-5.5-3.1-9.7 0-10.7 6.6-17.8 19.7-21.1l.1 1.4z\"><\/path><\/svg><\/div><\/span><\/div>\n\n\n\n<div class=\"wp-block-stackable-text stk-block-text stk-block stk-3b57bb9\" data-block-id=\"3b57bb9\"><p class=\"stk-block-text__text has-text-align-center\"><br>La ci\u00e8ncia es compon d&#8217;errors, que, a la vegada, s\u00f3n passos cap a la veritat.<br>JULIO VERNE<\/p><\/div>\n<\/div><\/div><\/blockquote>\n<\/blockquote>\n\n\n\n<hr class=\"wp-block-separator has-text-color has-vivid-cyan-blue-color has-alpha-channel-opacity has-vivid-cyan-blue-background-color has-background is-style-wide\"\/>\n\n\n\n<figure class=\"wp-block-image size-full\"><img loading=\"lazy\" decoding=\"async\" width=\"940\" height=\"788\" src=\"https:\/\/actef.es\/wp-content\/uploads\/2026\/02\/Anuncio-talleres-1-1.png\" alt=\"\" class=\"wp-image-5929\" srcset=\"https:\/\/actef.es\/wp-content\/uploads\/2026\/02\/Anuncio-talleres-1-1.png 940w, https:\/\/actef.es\/wp-content\/uploads\/2026\/02\/Anuncio-talleres-1-1-300x251.png 300w, https:\/\/actef.es\/wp-content\/uploads\/2026\/02\/Anuncio-talleres-1-1-768x644.png 768w\" sizes=\"auto, (max-width: 940px) 100vw, 940px\" \/><\/figure>\n\n\n\n<p><\/p>\n\n\n<div class=\"wp-block-image\">\n<figure class=\"aligncenter size-full is-resized\"><a href=\"https:\/\/docs.google.com\/forms\/d\/e\/1FAIpQLSckJi74OdEzXVgrNjlJz4AEjnO4kehAQc8ajyO_9as1HdshJQ\/viewform?usp=header\"><img loading=\"lazy\" decoding=\"async\" width=\"782\" height=\"185\" src=\"https:\/\/actef.es\/wp-content\/uploads\/2025\/08\/24-cAT.png\" alt=\"\" class=\"wp-image-4100\" style=\"width:346px;height:auto\" srcset=\"https:\/\/actef.es\/wp-content\/uploads\/2025\/08\/24-cAT.png 782w, https:\/\/actef.es\/wp-content\/uploads\/2025\/08\/24-cAT-300x71.png 300w, https:\/\/actef.es\/wp-content\/uploads\/2025\/08\/24-cAT-768x182.png 768w\" sizes=\"auto, (max-width: 782px) 100vw, 782px\" \/><\/a><\/figure>\n<\/div>\n\n\n<hr class=\"wp-block-separator has-text-color has-vivid-cyan-blue-color has-alpha-channel-opacity has-vivid-cyan-blue-background-color has-background is-style-wide\"\/>\n\n\n\n<figure class=\"wp-block-image size-large\"><img loading=\"lazy\" decoding=\"async\" width=\"1024\" height=\"726\" src=\"https:\/\/actef.es\/wp-content\/uploads\/2026\/02\/int-2-cast-1-1024x726.png\" alt=\"\" class=\"wp-image-5945\" srcset=\"https:\/\/actef.es\/wp-content\/uploads\/2026\/02\/int-2-cast-1-1024x726.png 1024w, https:\/\/actef.es\/wp-content\/uploads\/2026\/02\/int-2-cast-1-300x213.png 300w, https:\/\/actef.es\/wp-content\/uploads\/2026\/02\/int-2-cast-1-768x545.png 768w, https:\/\/actef.es\/wp-content\/uploads\/2026\/02\/int-2-cast-1-1536x1090.png 1536w, https:\/\/actef.es\/wp-content\/uploads\/2026\/02\/int-2-cast-1.png 1748w\" sizes=\"auto, (max-width: 1024px) 100vw, 1024px\" \/><\/figure>\n\n\n\n<figure class=\"wp-block-image size-full\"><img loading=\"lazy\" decoding=\"async\" width=\"282\" height=\"109\" src=\"https:\/\/actef.es\/wp-content\/uploads\/2025\/08\/Que-es-cat-1.png\" alt=\"\" class=\"wp-image-4084\"\/><\/figure>\n\n\n<p style=\"text-align: justify;\">Laboratori Creatiu \u00e9s un taller de treball emocional i desenvolupament d&#8217;habilitats socials a trav\u00e9s de les activitats creatives. Viatjarem en el temps per a con\u00e8ixer civilitzacions antigues, descobrirem \u00e9ssers mitol\u00f2gics, desxifrarem enigmes de la naturalesa i moltes coses m\u00e9s sempre partint de la nostra creativitat. El taller busca encuriosir i l&#8217;inter\u00e8s de els\\as nens\\as per diverses \u00e0rees del coneixement i habilitats a trav\u00e9s del joc creatiu i la imaginaci\u00f3.<\/p>\n\n\n<figure class=\"wp-block-image size-full\"><img loading=\"lazy\" decoding=\"async\" width=\"282\" height=\"109\" src=\"https:\/\/actef.es\/wp-content\/uploads\/2025\/08\/Objetivos-1.png\" alt=\"\" class=\"wp-image-4082\"\/><\/figure>\n\n\n\n<ol class=\"wp-block-list\">\n<li>Desenvolupar l&#8217;inter\u00e8s dels nens per aprendre sobre temes variats.<\/li>\n\n\n\n<li>Treballar la gesti\u00f3 de la frustraci\u00f3.<\/li>\n\n\n\n<li>Promoure el desenvolupament personal, millorant la confian\u00e7a i autoestima dels nens.<\/li>\n\n\n\n<li>Fomentar la interacci\u00f3 social i el treball en equip entre els participants.<\/li>\n\n\n\n<li>Oferir un ambient divertit i creatiu on els nens\\as puguin expressar-se i explorar lliurement.<\/li>\n\n\n\n<li>Treballar l&#8217;empatia i l&#8217;assertivitat.<br><br><\/li>\n<\/ol>\n\n\n\n<figure class=\"wp-block-image size-full\"><img loading=\"lazy\" decoding=\"async\" width=\"189\" height=\"40\" src=\"https:\/\/actef.es\/wp-content\/uploads\/2024\/09\/metodologia.png\" alt=\"\" class=\"wp-image-2652\"\/><\/figure>\n\n\n<p style=\"text-align: justify;\">Es realitzar\u00e0 un taller setmanal amb tem\u00e0tiques trimestrals treballant des d&#8217;un punt de vista creatiu per a la consecuci\u00f3 dels objectius d&#8217;una forma l\u00fadica i natural.<\/p>\n\n\n<hr class=\"wp-block-separator has-text-color has-vivid-cyan-blue-color has-alpha-channel-opacity has-vivid-cyan-blue-background-color has-background is-style-wide\"\/>\n\n\n\n<div class=\"wp-block-columns is-layout-flex wp-container-core-columns-is-layout-9d6595d7 wp-block-columns-is-layout-flex\">\n<div class=\"wp-block-column is-layout-flow wp-block-column-is-layout-flow\"><div class=\"wp-block-image\">\n<figure class=\"aligncenter size-full is-resized\"><img loading=\"lazy\" decoding=\"async\" width=\"282\" height=\"109\" src=\"https:\/\/actef.es\/wp-content\/uploads\/2025\/08\/HORARIO-cat.png\" alt=\"\" class=\"wp-image-4090\" style=\"width:181px;height:auto\"\/><\/figure>\n<\/div>\n\n\n<p class=\"has-text-align-center\">Dilluns de 16.30h&nbsp;a 17.30h<br>Sant&nbsp;Antonio, seu de&nbsp;ACTEF<\/p>\n<\/div>\n\n\n\n<div class=\"wp-block-column is-layout-flow wp-block-column-is-layout-flow\"><div class=\"wp-block-image\">\n<figure class=\"aligncenter size-full is-resized\"><img loading=\"lazy\" decoding=\"async\" width=\"282\" height=\"109\" src=\"https:\/\/actef.es\/wp-content\/uploads\/2025\/08\/PROFE-cat.png\" alt=\"\" class=\"wp-image-4088\" style=\"width:162px;height:auto\"\/><\/figure>\n<\/div>\n\n\n<p class=\"has-text-align-center\">Soledad P\u00e9rez Mesas<\/p>\n<\/div>\n\n\n\n<div class=\"wp-block-column is-layout-flow wp-block-column-is-layout-flow\"><div class=\"wp-block-image is-style-default\">\n<figure class=\"aligncenter size-full is-resized\"><img loading=\"lazy\" decoding=\"async\" width=\"282\" height=\"109\" src=\"https:\/\/actef.es\/wp-content\/uploads\/2025\/08\/PREU-cat.png\" alt=\"\" class=\"wp-image-4086\" style=\"width:153px;height:auto\"\/><\/figure>\n<\/div>\n\n\n<p class=\"has-text-align-center\">Consultar en ACTEF<\/p>\n<\/div>\n<\/div>\n\n\n<div class=\"wp-block-image\">\n<figure class=\"aligncenter size-full\"><img loading=\"lazy\" decoding=\"async\" width=\"280\" height=\"66\" src=\"https:\/\/actef.es\/wp-content\/uploads\/2025\/10\/IWEURIWQ.png\" alt=\"\" class=\"wp-image-4725\"\/><\/figure>\n<\/div>\n\n\n<hr class=\"wp-block-separator has-text-color has-vivid-cyan-blue-color has-alpha-channel-opacity has-vivid-cyan-blue-background-color has-background is-style-wide\"\/>\n\n\n\n<figure class=\"wp-block-embed is-type-video is-provider-youtube wp-block-embed-youtube wp-embed-aspect-16-9 wp-has-aspect-ratio\"><div class=\"wp-block-embed__wrapper\">\n<iframe loading=\"lazy\" title=\"Laboratorio Creativo 1\" width=\"1200\" height=\"675\" src=\"https:\/\/www.youtube.com\/embed\/Yri4c0cRk1w?feature=oembed\" frameborder=\"0\" allow=\"accelerometer; autoplay; clipboard-write; encrypted-media; gyroscope; picture-in-picture; web-share\" referrerpolicy=\"strict-origin-when-cross-origin\" allowfullscreen><\/iframe>\n<\/div><\/figure>\n\n\n<div class=\"wp-block-image\">\n<figure class=\"aligncenter size-full is-resized\"><a href=\"https:\/\/docs.google.com\/forms\/d\/e\/1FAIpQLSckJi74OdEzXVgrNjlJz4AEjnO4kehAQc8ajyO_9as1HdshJQ\/viewform?usp=header\"><img loading=\"lazy\" decoding=\"async\" width=\"782\" height=\"185\" src=\"https:\/\/actef.es\/wp-content\/uploads\/2025\/08\/24-cAT.png\" alt=\"\" class=\"wp-image-4100\" style=\"width:510px;height:auto\" srcset=\"https:\/\/actef.es\/wp-content\/uploads\/2025\/08\/24-cAT.png 782w, https:\/\/actef.es\/wp-content\/uploads\/2025\/08\/24-cAT-300x71.png 300w, https:\/\/actef.es\/wp-content\/uploads\/2025\/08\/24-cAT-768x182.png 768w\" sizes=\"auto, (max-width: 782px) 100vw, 782px\" \/><\/a><\/figure>\n<\/div>\n\n\n<hr class=\"wp-block-separator has-text-color has-vivid-cyan-blue-color has-alpha-channel-opacity has-vivid-cyan-blue-background-color has-background is-style-wide\"\/>\n\n\n\n<figure class=\"wp-block-image size-full\"><img loading=\"lazy\" decoding=\"async\" width=\"970\" height=\"250\" src=\"https:\/\/actef.es\/wp-content\/uploads\/2024\/09\/EINSTEIN-4.png\" alt=\"\" class=\"wp-image-2832\" srcset=\"https:\/\/actef.es\/wp-content\/uploads\/2024\/09\/EINSTEIN-4.png 970w, https:\/\/actef.es\/wp-content\/uploads\/2024\/09\/EINSTEIN-4-300x77.png 300w, https:\/\/actef.es\/wp-content\/uploads\/2024\/09\/EINSTEIN-4-768x198.png 768w\" sizes=\"auto, (max-width: 970px) 100vw, 970px\" \/><\/figure>\n\n\n\n<p><\/p>\n\n\n\n<figure class=\"wp-block-image size-full\"><img loading=\"lazy\" decoding=\"async\" width=\"970\" height=\"250\" src=\"https:\/\/actef.es\/wp-content\/uploads\/2024\/09\/1.png\" alt=\"\" class=\"wp-image-2658\" srcset=\"https:\/\/actef.es\/wp-content\/uploads\/2024\/09\/1.png 970w, https:\/\/actef.es\/wp-content\/uploads\/2024\/09\/1-300x77.png 300w, https:\/\/actef.es\/wp-content\/uploads\/2024\/09\/1-768x198.png 768w\" sizes=\"auto, (max-width: 970px) 100vw, 970px\" \/><\/figure>\n\n\n<div class=\"wp-block-image\">\n<figure class=\"aligncenter size-full\"><img loading=\"lazy\" decoding=\"async\" width=\"280\" height=\"66\" src=\"https:\/\/actef.es\/wp-content\/uploads\/2025\/10\/IWEURIWQ.png\" alt=\"\" class=\"wp-image-4725\"\/><\/figure>\n<\/div>\n\n\n<figure class=\"wp-block-image size-full\"><img loading=\"lazy\" decoding=\"async\" width=\"282\" height=\"109\" src=\"https:\/\/actef.es\/wp-content\/uploads\/2025\/08\/Que-es-cat-1.png\" alt=\"\" class=\"wp-image-4084\"\/><\/figure>\n\n\n\n<p>Aquest taller est\u00e0 dissenyat amb l&#8217;objectiu d&#8217;introduir-los al fascinant univers de la ci\u00e8ncia, la tecnologia, l&#8217;enginyeria i les matem\u00e0tiques (*STEM) a trav\u00e9s de la creaci\u00f3 i programaci\u00f3 de robots.<\/p>\n\n\n\n<p>Durant el taller, els nens aprendran conceptes b\u00e0sics de rob\u00f2tica, com la mec\u00e0nica, l&#8217;electr\u00f2nica i la programaci\u00f3, d&#8217;una manera divertida i interactiva. Utilitzant kits de rob\u00f2tica especialment dissenyats per a la seva edat, construiran robots que poden moure&#8217;s, respondre a est\u00edmuls i fer tasques senzilles. A m\u00e9s, a trav\u00e9s d&#8217;activitats pr\u00e0ctiques i desafiaments col\u00b7laboratius, els nens desenvoluparan habilitats essencials com el treball en equip, la resoluci\u00f3 de problemes i el pensament cr\u00edtic.<\/p>\n\n\n\n<p>El taller no requereix experi\u00e8ncia pr\u00e8via en rob\u00f2tica o programaci\u00f3, ja que est\u00e0 pensat per a adaptar-se al nivell de coneixement de cada participant. Amb el suport d&#8217;instructors capacitats i materials did\u00e0ctics atractius, els nens descobriran com les seves idees poden prendre vida en forma de robots funcionals.<\/p>\n\n\n\n<p>Uneix-te a nosaltres en aquest taller de rob\u00f2tica educativa i descobreix com la ci\u00e8ncia i la diversi\u00f3 poden anar de bracet!<\/p>\n\n\n\n<p><\/p>\n\n\n\n<figure class=\"wp-block-image size-full\"><img loading=\"lazy\" decoding=\"async\" width=\"282\" height=\"109\" src=\"https:\/\/actef.es\/wp-content\/uploads\/2025\/08\/Objetivos-1.png\" alt=\"\" class=\"wp-image-4082\"\/><\/figure>\n\n\n\n<ul class=\"wp-block-list\">\n<li>Fomentar l&#8217;inter\u00e8s per la tecnologia i la ci\u00e8ncia<\/li>\n\n\n\n<li>Desenvolupar habilitats de resoluci\u00f3 de problemes<\/li>\n\n\n\n<li>Promoure el treball en equip i la col\u00b7laboraci\u00f3<\/li>\n\n\n\n<li>Estimular la creativitat i innovaci\u00f3<\/li>\n\n\n\n<li>Introduir conceptes b\u00e0sics de programaci\u00f3 i electr\u00f2nica<\/li>\n\n\n\n<li>Desenvolupar la perseveran\u00e7a i la resili\u00e8ncia<\/li>\n\n\n\n<li>Millorar la coordinaci\u00f3 i habilitats motores<\/li>\n\n\n\n<li>Introduir el concepte d&#8217;\u00e8tica i responsabilitat en la tecnologia<br><\/li>\n<\/ul>\n\n\n\n<p><\/p>\n\n\n\n<hr class=\"wp-block-separator has-text-color has-vivid-cyan-blue-color has-alpha-channel-opacity has-vivid-cyan-blue-background-color has-background is-style-wide\"\/>\n\n\n\n<div class=\"wp-block-columns is-layout-flex wp-container-core-columns-is-layout-9d6595d7 wp-block-columns-is-layout-flex\">\n<div class=\"wp-block-column is-layout-flow wp-block-column-is-layout-flow\"><div class=\"wp-block-image\">\n<figure class=\"aligncenter size-full is-resized\"><img loading=\"lazy\" decoding=\"async\" width=\"282\" height=\"109\" src=\"https:\/\/actef.es\/wp-content\/uploads\/2025\/08\/HORARIO-cat.png\" alt=\"\" class=\"wp-image-4090\" style=\"width:181px;height:auto\"\/><\/figure>\n<\/div>\n\n\n<p class=\"has-text-align-center\">Disaptes,  de 10 a 11:30h<br>Seu ACTEF (Sant Antoni)<\/p>\n\n\n\n<p class=\"has-text-align-center\"><\/p>\n<\/div>\n\n\n\n<div class=\"wp-block-column is-layout-flow wp-block-column-is-layout-flow\"><div class=\"wp-block-image\">\n<figure class=\"aligncenter size-full is-resized\"><img loading=\"lazy\" decoding=\"async\" width=\"282\" height=\"109\" src=\"https:\/\/actef.es\/wp-content\/uploads\/2025\/08\/PROFE-cat.png\" alt=\"\" class=\"wp-image-4088\" style=\"width:180px;height:auto\"\/><\/figure>\n<\/div>\n\n\n<p class=\"has-text-align-center\">Juanjo Moreno&nbsp;<\/p>\n<\/div>\n\n\n\n<div class=\"wp-block-column is-layout-flow wp-block-column-is-layout-flow\"><div class=\"wp-block-image is-style-default\">\n<figure class=\"aligncenter size-full is-resized\"><img loading=\"lazy\" decoding=\"async\" width=\"282\" height=\"109\" src=\"https:\/\/actef.es\/wp-content\/uploads\/2025\/08\/PREU-cat.png\" alt=\"\" class=\"wp-image-4086\" style=\"width:176px;height:auto\"\/><\/figure>\n<\/div>\n\n\n<p class=\"has-text-align-center\">Consultar en ACTEF<\/p>\n<\/div>\n<\/div>\n\n\n<div class=\"wp-block-image\">\n<figure class=\"aligncenter size-full\"><img loading=\"lazy\" decoding=\"async\" width=\"280\" height=\"66\" src=\"https:\/\/actef.es\/wp-content\/uploads\/2025\/10\/IWEURIWQ.png\" alt=\"\" class=\"wp-image-4725\"\/><\/figure>\n<\/div>\n\n<div class=\"wp-block-image\">\n<figure class=\"aligncenter size-full is-resized\"><a href=\"https:\/\/docs.google.com\/forms\/d\/e\/1FAIpQLSckJi74OdEzXVgrNjlJz4AEjnO4kehAQc8ajyO_9as1HdshJQ\/viewform?usp=header\"><img loading=\"lazy\" decoding=\"async\" width=\"782\" height=\"185\" src=\"https:\/\/actef.es\/wp-content\/uploads\/2025\/08\/24-cAT.png\" alt=\"\" class=\"wp-image-4100\" style=\"width:350px;height:auto\" srcset=\"https:\/\/actef.es\/wp-content\/uploads\/2025\/08\/24-cAT.png 782w, https:\/\/actef.es\/wp-content\/uploads\/2025\/08\/24-cAT-300x71.png 300w, https:\/\/actef.es\/wp-content\/uploads\/2025\/08\/24-cAT-768x182.png 768w\" sizes=\"auto, (max-width: 782px) 100vw, 782px\" \/><\/a><\/figure>\n<\/div>\n\n\n<hr class=\"wp-block-separator has-text-color has-vivid-cyan-blue-color has-alpha-channel-opacity has-vivid-cyan-blue-background-color has-background is-style-wide\"\/>\n\n\n\n<blockquote class=\"wp-block-stackable-blockquote stk-block-blockquote stk-block stk-799b077 is-style-default\" data-v=\"2\" data-block-id=\"799b077\"><div class=\"has-text-align-left stk-block-blockquote__content stk-container stk-799b077-container stk-hover-parent\"><div class=\"stk-block-content stk-inner-blocks\">\n<div class=\"wp-block-stackable-icon stk-block-icon stk-block stk-c29a1ca\" data-block-id=\"c29a1ca\"><span class=\"stk--svg-wrapper\"><div class=\"stk--inner-svg\"><svg style=\"height:0;width:0\"><defs><linearGradient id=\"linear-gradient-c29a1ca\" x1=\"0\" x2=\"100%\" y1=\"0\" y2=\"0\"><stop offset=\"0%\" style=\"stop-opacity:1;stop-color:var(--linear-gradient-c-29-a-1-ca-color-1)\"><\/stop><stop offset=\"100%\" style=\"stop-opacity:1;stop-color:var(--linear-gradient-c-29-a-1-ca-color-2)\"><\/stop><\/linearGradient><\/defs><\/svg><svg xmlns=\"http:\/\/www.w3.org\/2000\/svg\" viewBox=\"0 0 50 50\" aria-hidden=\"true\" width=\"32\" height=\"32\"><path d=\"M19.8 9.3C10.5 11.8 4.6 17 2.1 24.8c2.3-3.6 5.6-5.4 9.9-5.4 3.3 0 6 1.1 8.3 3.3 2.2 2.2 3.4 5 3.4 8.3 0 3.2-1.1 5.8-3.3 8-2.2 2.2-5.1 3.2-8.7 3.2-3.7 0-6.5-1.2-8.6-3.5C1 36.3 0 33.1 0 29 0 18.3 6.5 11.2 19.6 7.9l.2 1.4zm26.4 0C36.9 11.9 31 17 28.5 24.8c2.2-3.6 5.5-5.4 9.8-5.4 3.2 0 6 1.1 8.3 3.2 2.3 2.2 3.4 4.9 3.4 8.3 0 3.1-1.1 5.8-3.3 7.9-2.2 2.2-5.1 3.3-8.6 3.3-3.7 0-6.6-1.1-8.6-3.4-2.1-2.3-3.1-5.5-3.1-9.7 0-10.7 6.6-17.8 19.7-21.1l.1 1.4z\"><\/path><\/svg><\/div><\/span><\/div>\n\n\n\n<div class=\"wp-block-stackable-text stk-block-text stk-block stk-679f6e0\" data-block-id=\"679f6e0\"><p class=\"stk-block-text__text has-text-align-center\">Tu tens a alg\u00fa que pugui apagar-te quan vulgui?<br> I per qu\u00e8 jo s\u00ed?<br>AVA<\/p><\/div>\n<\/div><\/div><\/blockquote>\n\n\n\n<hr class=\"wp-block-separator has-text-color has-vivid-cyan-blue-color has-alpha-channel-opacity has-vivid-cyan-blue-background-color has-background is-style-wide\"\/>\n\n\n\n<div class=\"wp-block-stackable-text stk-block-text stk-block stk-ffc89c3\" data-block-id=\"ffc89c3\"><p class=\"stk-block-text__text\"><\/p><\/div>\n\n\n\n<hr class=\"wp-block-separator has-text-color has-vivid-cyan-blue-color has-alpha-channel-opacity has-vivid-cyan-blue-background-color has-background is-style-wide\"\/>\n\n\n\n<figure class=\"wp-block-image size-full\"><img loading=\"lazy\" decoding=\"async\" width=\"970\" height=\"250\" src=\"https:\/\/actef.es\/wp-content\/uploads\/2025\/08\/6-CAT.png\" alt=\"\" class=\"wp-image-4128\" srcset=\"https:\/\/actef.es\/wp-content\/uploads\/2025\/08\/6-CAT.png 970w, https:\/\/actef.es\/wp-content\/uploads\/2025\/08\/6-CAT-300x77.png 300w, https:\/\/actef.es\/wp-content\/uploads\/2025\/08\/6-CAT-768x198.png 768w\" sizes=\"auto, (max-width: 970px) 100vw, 970px\" \/><\/figure>\n\n\n\n<figure class=\"wp-block-image size-full\"><img loading=\"lazy\" decoding=\"async\" width=\"282\" height=\"109\" src=\"https:\/\/actef.es\/wp-content\/uploads\/2025\/08\/Que-es-cat-1.png\" alt=\"\" class=\"wp-image-4084\"\/><\/figure>\n\n\n\n<p>\u00abEspai descobreix\u00bb Dissenyat oferir varietat per a nens i nenes que no poden comprometre&#8217;s tots els dissabtes,&nbsp; on s&#8217;oferissin tem\u00e0tica diferent presentada per un professional de la mat\u00e8ria. Aquesta oferta de&nbsp; tallers buscar\u00e0 encuriosir i l&#8217;inter\u00e8s dels nens per diverses \u00e0rees del coneixement i habilitats, proporcionant una experi\u00e8ncia educativa i divertida que fomenti el seu desenvolupament integral.<\/p>\n\n\n\n<p>S&#8217;aniran oferint al llarg del curs escolar per a poder-se inscriure, les activitats podran ser vistes d&#8217;experts, tallers, excursions familiars i m\u00e9s.<\/p>\n\n\n\n<figure class=\"wp-block-image size-full\"><img loading=\"lazy\" decoding=\"async\" width=\"282\" height=\"109\" src=\"https:\/\/actef.es\/wp-content\/uploads\/2025\/08\/Objetivos-1.png\" alt=\"\" class=\"wp-image-4082\"\/><\/figure>\n\n\n\n<ul class=\"wp-block-list\">\n<li>Desenvolupar l&#8217;inter\u00e8s dels nens per aprendre sobre temes variats.<\/li>\n\n\n\n<li>Fomentar l&#8217;adquisici\u00f3 de noves habilitats pr\u00e0ctiques i te\u00f2riques.<\/li>\n\n\n\n<li>Promoure el desenvolupament personal, millorant la confian\u00e7a i autoestima dels nens.<\/li>\n\n\n\n<li>Fomentar la interacci\u00f3 social i el treball en equip entre els participants.<\/li>\n\n\n\n<li>Oferir un ambient divertit i creatiu on els nens puguin expressar-se i explorar lliurement.<\/li>\n\n\n\n<li>Treballar el factor sorpresa i l&#8217;adaptabilitat a diferents situacions.<\/li>\n\n\n\n<li>Oferir un taller per a aquells\/as nens\/as que estan interessats en diverses tem\u00e0tiques.<\/li>\n<\/ul>\n\n\n\n<p><\/p>\n\n\n\n<p><\/p>\n\n\n\n<hr class=\"wp-block-separator has-text-color has-vivid-cyan-blue-color has-alpha-channel-opacity has-vivid-cyan-blue-background-color has-background is-style-wide\"\/>\n\n\n\n<div class=\"wp-block-columns is-layout-flex wp-container-core-columns-is-layout-9d6595d7 wp-block-columns-is-layout-flex\">\n<div class=\"wp-block-column is-layout-flow wp-block-column-is-layout-flow\"><div class=\"wp-block-image\">\n<figure class=\"aligncenter size-full is-resized\"><img loading=\"lazy\" decoding=\"async\" width=\"282\" height=\"109\" src=\"https:\/\/actef.es\/wp-content\/uploads\/2025\/08\/HORARIO-cat.png\" alt=\"\" class=\"wp-image-4090\" style=\"width:181px;height:auto\"\/><\/figure>\n<\/div>\n\n\n<p class=\"has-text-align-center\">Dissabtes<br>de 11.<em>40h a 13.<\/em>00h<\/p>\n\n\n\n<p class=\"has-text-align-center\">Col\u00b7legi Guillem de Montgr\u00ed<\/p>\n\n\n\n<p class=\"has-text-align-center\">Activitats puntuals<\/p>\n\n\n\n<p class=\"has-text-align-center\"><\/p>\n\n\n\n<p class=\"has-text-align-center\"><br><\/p>\n<\/div>\n\n\n\n<div class=\"wp-block-column is-layout-flow wp-block-column-is-layout-flow\"><div class=\"wp-block-image\">\n<figure class=\"aligncenter size-full is-resized\"><img loading=\"lazy\" decoding=\"async\" width=\"282\" height=\"109\" src=\"https:\/\/actef.es\/wp-content\/uploads\/2025\/08\/PROFE-cat.png\" alt=\"\" class=\"wp-image-4088\" style=\"width:166px;height:auto\"\/><\/figure>\n<\/div>\n\n\n<p class=\"has-text-align-center\">Cada taller un&nbsp;expert@&nbsp;diferent<\/p>\n<\/div>\n\n\n\n<div class=\"wp-block-column is-layout-flow wp-block-column-is-layout-flow\"><div class=\"wp-block-image is-style-default\">\n<figure class=\"aligncenter size-full is-resized\"><img loading=\"lazy\" decoding=\"async\" width=\"282\" height=\"109\" src=\"https:\/\/actef.es\/wp-content\/uploads\/2025\/08\/PREU-cat.png\" alt=\"\" class=\"wp-image-4086\" style=\"width:183px;height:auto\"\/><\/figure>\n<\/div>\n\n\n<p class=\"has-text-align-center\">Consultar en ACTEF<\/p>\n<\/div>\n<\/div>\n\n\n\n<hr class=\"wp-block-separator has-text-color has-vivid-cyan-blue-color has-alpha-channel-opacity has-vivid-cyan-blue-background-color has-background is-style-wide\"\/>\n\n\n\n<figure class=\"wp-block-embed is-type-video is-provider-youtube wp-block-embed-youtube wp-embed-aspect-16-9 wp-has-aspect-ratio\"><div class=\"wp-block-embed__wrapper\">\n<iframe loading=\"lazy\" title=\"Descubre 1\" width=\"1200\" height=\"675\" src=\"https:\/\/www.youtube.com\/embed\/l4xYdWspoxc?feature=oembed\" frameborder=\"0\" allow=\"accelerometer; autoplay; clipboard-write; encrypted-media; gyroscope; picture-in-picture; web-share\" referrerpolicy=\"strict-origin-when-cross-origin\" allowfullscreen><\/iframe>\n<\/div><\/figure>\n\n\n<div class=\"wp-block-image\">\n<figure class=\"aligncenter size-full is-resized\"><a href=\"https:\/\/docs.google.com\/forms\/d\/e\/1FAIpQLSckJi74OdEzXVgrNjlJz4AEjnO4kehAQc8ajyO_9as1HdshJQ\/viewform?usp=header\"><img loading=\"lazy\" decoding=\"async\" width=\"782\" height=\"185\" src=\"https:\/\/actef.es\/wp-content\/uploads\/2025\/08\/24-cAT.png\" alt=\"\" class=\"wp-image-4100\" style=\"width:356px;height:auto\" srcset=\"https:\/\/actef.es\/wp-content\/uploads\/2025\/08\/24-cAT.png 782w, https:\/\/actef.es\/wp-content\/uploads\/2025\/08\/24-cAT-300x71.png 300w, https:\/\/actef.es\/wp-content\/uploads\/2025\/08\/24-cAT-768x182.png 768w\" sizes=\"auto, (max-width: 782px) 100vw, 782px\" \/><\/a><\/figure>\n<\/div>\n\n\n<hr class=\"wp-block-separator has-text-color has-vivid-cyan-blue-color has-alpha-channel-opacity has-vivid-cyan-blue-background-color has-background is-style-wide\"\/>\n\n\n\n<blockquote class=\"wp-block-stackable-blockquote stk-block-blockquote stk-block stk-16aa1b7 is-style-default\" data-v=\"2\" data-block-id=\"16aa1b7\"><div class=\"has-text-align-left stk-block-blockquote__content stk-container stk-16aa1b7-container stk-hover-parent\"><div class=\"stk-block-content stk-inner-blocks\">\n<div class=\"wp-block-stackable-icon stk-block-icon stk-block stk-c1409de\" data-block-id=\"c1409de\"><span class=\"stk--svg-wrapper\"><div class=\"stk--inner-svg\"><svg style=\"height:0;width:0\"><defs><linearGradient id=\"linear-gradient-c1409de\" x1=\"0\" x2=\"100%\" y1=\"0\" y2=\"0\"><stop offset=\"0%\" style=\"stop-opacity:1;stop-color:var(--linear-gradient-c-1409-de-color-1)\"><\/stop><stop offset=\"100%\" style=\"stop-opacity:1;stop-color:var(--linear-gradient-c-1409-de-color-2)\"><\/stop><\/linearGradient><\/defs><\/svg><svg xmlns=\"http:\/\/www.w3.org\/2000\/svg\" viewBox=\"0 0 50 50\" aria-hidden=\"true\" width=\"32\" height=\"32\"><path d=\"M19.8 9.3C10.5 11.8 4.6 17 2.1 24.8c2.3-3.6 5.6-5.4 9.9-5.4 3.3 0 6 1.1 8.3 3.3 2.2 2.2 3.4 5 3.4 8.3 0 3.2-1.1 5.8-3.3 8-2.2 2.2-5.1 3.2-8.7 3.2-3.7 0-6.5-1.2-8.6-3.5C1 36.3 0 33.1 0 29 0 18.3 6.5 11.2 19.6 7.9l.2 1.4zm26.4 0C36.9 11.9 31 17 28.5 24.8c2.2-3.6 5.5-5.4 9.8-5.4 3.2 0 6 1.1 8.3 3.2 2.3 2.2 3.4 4.9 3.4 8.3 0 3.1-1.1 5.8-3.3 7.9-2.2 2.2-5.1 3.3-8.6 3.3-3.7 0-6.6-1.1-8.6-3.4-2.1-2.3-3.1-5.5-3.1-9.7 0-10.7 6.6-17.8 19.7-21.1l.1 1.4z\"><\/path><\/svg><\/div><\/span><\/div>\n\n\n\n<div class=\"wp-block-stackable-text stk-block-text stk-block stk-d1140d3\" data-block-id=\"d1140d3\"><p class=\"stk-block-text__text has-text-align-center\">Si buscar resultats distints, no facis sempre el mateix<br>ALBERT EINSTEIN<\/p><\/div>\n<\/div><\/div><\/blockquote>\n\n\n\n<div class=\"wp-block-stackable-text stk-block-text stk-block stk-6b68ba7\" data-block-id=\"6b68ba7\"><p class=\"stk-block-text__text\"><\/p><\/div>\n\n\n\n<figure class=\"wp-block-image size-full\"><img loading=\"lazy\" decoding=\"async\" width=\"970\" height=\"250\" src=\"https:\/\/actef.es\/wp-content\/uploads\/2025\/08\/8-cat.png\" alt=\"\" class=\"wp-image-4125\" srcset=\"https:\/\/actef.es\/wp-content\/uploads\/2025\/08\/8-cat.png 970w, https:\/\/actef.es\/wp-content\/uploads\/2025\/08\/8-cat-300x77.png 300w, https:\/\/actef.es\/wp-content\/uploads\/2025\/08\/8-cat-768x198.png 768w\" sizes=\"auto, (max-width: 970px) 100vw, 970px\" \/><\/figure>\n\n\n\n<div class=\"wp-block-stackable-subtitle stk-block-subtitle stk-block stk-dafb744\" data-block-id=\"dafb744\"><p class=\"stk-block-subtitle__text stk-subtitle has-text-align-center\"><strong>PROXIMES PLA\u00c7ES AL CURS 2026\/2027<\/strong><\/p><\/div>\n\n\n\n<figure class=\"wp-block-image size-full\"><img loading=\"lazy\" decoding=\"async\" width=\"282\" height=\"109\" src=\"https:\/\/actef.es\/wp-content\/uploads\/2025\/08\/Que-es-cat-1.png\" alt=\"\" class=\"wp-image-4084\"\/><\/figure>\n\n\n\n<p>El taller es correspon amb una metodologia \u00fanica. Al comen\u00e7ament es desenvolupen t\u00e8cniques de calculo mental per a posteriorment realitzar una construcci\u00f3 axiom\u00e0tica adaptada. Amb la base exposada es procedeix a treballar tem\u00e0ticament els temes claus de la secund\u00e0ria, en cas de dubtes per part de l&#8217;alumnat es recorre a l&#8217;axiom\u00e0tica i a la demostraci\u00f3 matem\u00e0tica. Aquest desenvolupament estructurat dels coneixements matem\u00e0tics permet un tr\u00e0nsit divertit i sense les fronteres.&nbsp;<\/p>\n\n\n\n<p><\/p>\n\n\n\n<p><\/p>\n\n\n\n<figure class=\"wp-block-image size-full\"><img loading=\"lazy\" decoding=\"async\" width=\"177\" height=\"73\" src=\"https:\/\/actef.es\/wp-content\/uploads\/2025\/08\/Objetivos.png\" alt=\"\" class=\"wp-image-4092\"\/><\/figure>\n\n\n\n<p>Realitzar un tractament sistem\u00e0tic i complet de l&#8217;Aritm\u00e8tica elemental, des del c\u00e0lcul mental fins a un tractament algebraic amb realitzaci\u00f3 de demostracions, superant el curr\u00edculum tradicional i permetent una exploraci\u00f3 \u00e0mplia i sistem\u00e0tica de l&#8217;\u00c0lgebra i la seva aplicabilitat en la resoluci\u00f3 de problemes.<\/p>\n\n\n\n<p><\/p>\n\n\n\n<p><\/p>\n\n\n\n<p><strong>APTITUS<\/strong><\/p>\n\n\n\n<ul class=\"wp-block-list\">\n<li>T\u00e8cniques de c\u00e0lcul mental.&nbsp;<\/li>\n\n\n\n<li>Axiomes de l&#8217;Aritm\u00e8tica.&nbsp;<\/li>\n\n\n\n<li>Demostracions.&nbsp;<\/li>\n\n\n\n<li>Resoluci\u00f3 d&#8217;equacions.&nbsp;<\/li>\n\n\n\n<li>Resoluci\u00f3 de problemes.&nbsp;<\/li>\n\n\n\n<li>Aprofundiment en altres branques matem\u00e0tiques a discreci\u00f3 de l&#8217;estudiant.&nbsp;<\/li>\n\n\n\n<li>Es presumeix inter\u00e8s i autonomia.<\/li>\n<\/ul>\n\n\n\n<p><\/p>\n\n\n\n<p><strong>OBSERVACI\u00d3NS<\/strong><\/p>\n\n\n\n<ul class=\"wp-block-list\">\n<li>PER ALS NOUS ALUMNES S&#8217;HAUR\u00c0 DE REALITZAR UNA PROVA DE NIVELL aquesta prova \u00e9s per a formalitzar grups concorde als nivells individuals de cada alumne\/a, mai per a deixar fora a un alumne d&#8217;aquest taller.<\/li>\n\n\n\n<li>Es recomana alumnat amb talent Matem\u00e0tic&nbsp;<\/li>\n\n\n\n<li>\u00c9s necessari un COMPROM\u00cdS de pr\u00e0ctica perqu\u00e8 tot l&#8217;alumnat gaudeixi de l&#8217;activitat.<\/li>\n<\/ul>\n\n\n\n<p><\/p>\n\n\n\n<p><\/p>\n\n\n\n<hr class=\"wp-block-separator has-text-color has-vivid-cyan-blue-color has-alpha-channel-opacity has-vivid-cyan-blue-background-color has-background is-style-wide\"\/>\n\n\n\n<div class=\"wp-block-columns is-layout-flex wp-container-core-columns-is-layout-9d6595d7 wp-block-columns-is-layout-flex\">\n<div class=\"wp-block-column is-layout-flow wp-block-column-is-layout-flow\"><div class=\"wp-block-image\">\n<figure class=\"aligncenter size-full is-resized\"><img loading=\"lazy\" decoding=\"async\" width=\"282\" height=\"109\" src=\"https:\/\/actef.es\/wp-content\/uploads\/2025\/08\/HORARIO-cat.png\" alt=\"\" class=\"wp-image-4090\" style=\"width:181px;height:auto\"\/><\/figure>\n<\/div>\n\n\n<p class=\"has-text-align-center\">Dimars \u2013 Online<br><\/p>\n<\/div>\n\n\n\n<div class=\"wp-block-column is-layout-flow wp-block-column-is-layout-flow\"><div class=\"wp-block-image\">\n<figure class=\"aligncenter size-full is-resized\"><img loading=\"lazy\" decoding=\"async\" width=\"282\" height=\"109\" src=\"https:\/\/actef.es\/wp-content\/uploads\/2025\/08\/PROFE-cat.png\" alt=\"\" class=\"wp-image-4088\" style=\"width:188px;height:auto\"\/><\/figure>\n<\/div>\n\n\n<p class=\"has-text-align-center\">Javier Ruiz G\u00f3mez<\/p>\n<\/div>\n\n\n\n<div class=\"wp-block-column is-layout-flow wp-block-column-is-layout-flow\"><div class=\"wp-block-image is-style-default\">\n<figure class=\"aligncenter size-full is-resized\"><img loading=\"lazy\" decoding=\"async\" width=\"282\" height=\"109\" src=\"https:\/\/actef.es\/wp-content\/uploads\/2025\/08\/PREU-cat.png\" alt=\"\" class=\"wp-image-4086\" style=\"width:166px;height:auto\"\/><\/figure>\n<\/div>\n\n\n<p class=\"has-text-align-center\">Consultar en ACTEF<\/p>\n<\/div>\n<\/div>\n\n\n\n<hr class=\"wp-block-separator has-text-color has-vivid-cyan-blue-color has-alpha-channel-opacity has-vivid-cyan-blue-background-color has-background is-style-wide\"\/>\n\n\n\n<figure class=\"wp-block-embed is-type-video is-provider-youtube wp-block-embed-youtube wp-embed-aspect-16-9 wp-has-aspect-ratio\"><div class=\"wp-block-embed__wrapper\">\n<iframe loading=\"lazy\" title=\"Taller matematicas Javi Ruiz 1\" width=\"1200\" height=\"675\" src=\"https:\/\/www.youtube.com\/embed\/eGZnPxqrjCM?feature=oembed\" frameborder=\"0\" allow=\"accelerometer; autoplay; clipboard-write; encrypted-media; gyroscope; picture-in-picture; web-share\" referrerpolicy=\"strict-origin-when-cross-origin\" allowfullscreen><\/iframe>\n<\/div><\/figure>\n\n\n\n<hr class=\"wp-block-separator has-text-color has-vivid-cyan-blue-color has-alpha-channel-opacity has-vivid-cyan-blue-background-color has-background is-style-wide\"\/>\n\n\n\n<hr class=\"wp-block-separator has-text-color has-vivid-cyan-blue-color has-alpha-channel-opacity has-vivid-cyan-blue-background-color has-background is-style-wide\"\/>\n\n\n\n<blockquote class=\"wp-block-stackable-blockquote stk-block-blockquote stk-block stk-d1c3405 is-style-default\" data-v=\"2\" data-block-id=\"d1c3405\"><div class=\"has-text-align-left stk-block-blockquote__content stk-container stk-d1c3405-container stk-hover-parent\"><div class=\"stk-block-content stk-inner-blocks\">\n<div class=\"wp-block-stackable-icon stk-block-icon stk-block stk-0b19c44\" data-block-id=\"0b19c44\"><span class=\"stk--svg-wrapper\"><div class=\"stk--inner-svg\"><svg style=\"height:0;width:0\"><defs><linearGradient id=\"linear-gradient-0b19c44\" x1=\"0\" x2=\"100%\" y1=\"0\" y2=\"0\"><stop offset=\"0%\" style=\"stop-opacity:1;stop-color:var(--linear-gradient-0-b-19-c-44-color-1)\"><\/stop><stop offset=\"100%\" style=\"stop-opacity:1;stop-color:var(--linear-gradient-0-b-19-c-44-color-2)\"><\/stop><\/linearGradient><\/defs><\/svg><svg xmlns=\"http:\/\/www.w3.org\/2000\/svg\" viewBox=\"0 0 50 50\" aria-hidden=\"true\" width=\"32\" height=\"32\"><path d=\"M19.8 9.3C10.5 11.8 4.6 17 2.1 24.8c2.3-3.6 5.6-5.4 9.9-5.4 3.3 0 6 1.1 8.3 3.3 2.2 2.2 3.4 5 3.4 8.3 0 3.2-1.1 5.8-3.3 8-2.2 2.2-5.1 3.2-8.7 3.2-3.7 0-6.5-1.2-8.6-3.5C1 36.3 0 33.1 0 29 0 18.3 6.5 11.2 19.6 7.9l.2 1.4zm26.4 0C36.9 11.9 31 17 28.5 24.8c2.2-3.6 5.5-5.4 9.8-5.4 3.2 0 6 1.1 8.3 3.2 2.3 2.2 3.4 4.9 3.4 8.3 0 3.1-1.1 5.8-3.3 7.9-2.2 2.2-5.1 3.3-8.6 3.3-3.7 0-6.6-1.1-8.6-3.4-2.1-2.3-3.1-5.5-3.1-9.7 0-10.7 6.6-17.8 19.7-21.1l.1 1.4z\"><\/path><\/svg><\/div><\/span><\/div>\n\n\n\n<div class=\"wp-block-stackable-text stk-block-text stk-block stk-2ff5bbf\" data-block-id=\"2ff5bbf\"><p class=\"stk-block-text__text has-text-align-center\">Sota la pressi\u00f3 de Circuit bending, gaireb\u00e9 tots els dispositius d&#8217;\u00e0udio electr\u00f2nics que existeixen s\u00f3n instruments musicals experimentals, esperant ser descoberts.<br>REED GHAZALA<\/p><\/div>\n<\/div><\/div><\/blockquote>\n\n\n\n<p><\/p>\n\n\n\n<hr class=\"wp-block-separator has-text-color has-vivid-cyan-blue-color has-alpha-channel-opacity has-vivid-cyan-blue-background-color has-background is-style-wide\"\/>\n\n\n\n<p>Con la colaboraci\u00f3n de:<\/p>\n\n\n\n<figure class=\"wp-block-image size-full\"><img loading=\"lazy\" decoding=\"async\" width=\"875\" height=\"151\" src=\"https:\/\/actef.es\/wp-content\/uploads\/2025\/08\/WhatsApp-Image-2025-08-27-at-10.22.15.jpeg\" alt=\"\" class=\"wp-image-4494\" srcset=\"https:\/\/actef.es\/wp-content\/uploads\/2025\/08\/WhatsApp-Image-2025-08-27-at-10.22.15.jpeg 875w, https:\/\/actef.es\/wp-content\/uploads\/2025\/08\/WhatsApp-Image-2025-08-27-at-10.22.15-300x52.jpeg 300w, https:\/\/actef.es\/wp-content\/uploads\/2025\/08\/WhatsApp-Image-2025-08-27-at-10.22.15-768x133.jpeg 768w\" sizes=\"auto, (max-width: 875px) 100vw, 875px\" \/><\/figure>\n<style class=\"advgb-styles-renderer\">.stk-b3e6a3d .stk-block-text__text{font-size:35px !important;}@media screen and (max-width: 1023px){.stk-b3e6a3d .stk-block-text__text{font-size:35px !important;}}.kb-image4138_2b17f9-28 .kb-image-has-overlay:after{opacity:0.3;}.stk-3b57bb9 .stk-block-text__text{font-size:35px !important;}@media screen and (max-width: 1023px){.stk-3b57bb9 .stk-block-text__text{font-size:35px !important;}}.stk-679f6e0 .stk-block-text__text{font-size:35px !important;}@media screen and (max-width: 1023px){.stk-679f6e0 .stk-block-text__text{font-size:35px !important;}}.stk-d1140d3 .stk-block-text__text{font-size:35px !important;}@media screen and (max-width: 1023px){.stk-d1140d3 .stk-block-text__text{font-size:35px !important;}}.stk-2ff5bbf .stk-block-text__text{font-size:35px !important;}@media screen and (max-width: 1023px){.stk-2ff5bbf .stk-block-text__text{font-size:35px !important;}}<\/style>","protected":false},"excerpt":{"rendered":"<p>Dimarts de 18.30h&nbsp;a 19.20hSeu&nbsp;ACTEF&nbsp;(Sant Antoni) Dijous de 18.30h&nbsp;a 19.20hAuditori de&nbsp;Cas&nbsp;Serres&nbsp; &nbsp;Dirige Nerea Fern\u00e1ndez Consultar en ACTEF Facilitar un espai segur on els nens i nenes puguin tenir un lloc on identificar les seves emocions i aprendre a gestionar-se de mantera adequada. Amb aquesta finalitat, es realitzaran din\u00e0miques de grup i jocs, afavorint el treball en &#8230; <a title=\"INTENSAMENT 2: nascuts en 2016-2017\" class=\"read-more\" href=\"https:\/\/actef.es\/web\/intensament-2-nascuts-en-2016-2017\/?lang=ca\" aria-label=\"Leer m\u00e1s sobre INTENSAMENT 2: nascuts en 2016-2017\">Leer m\u00e1s<\/a><\/p>\n","protected":false},"author":2,"featured_media":5750,"parent":0,"menu_order":0,"comment_status":"closed","ping_status":"closed","template":"","meta":{"advgb_blocks_editor_width":"","advgb_blocks_columns_visual_guide":"","footnotes":""},"class_list":["post-4138","page","type-page","status-publish","has-post-thumbnail"],"featured_image_urls_v2":{"full":["https:\/\/actef.es\/wp-content\/uploads\/2025\/12\/cat-2.png",1455,375,false],"thumbnail":["https:\/\/actef.es\/wp-content\/uploads\/2025\/12\/cat-2-150x150.png",150,150,true],"medium":["https:\/\/actef.es\/wp-content\/uploads\/2025\/12\/cat-2-300x77.png",300,77,true],"medium_large":["https:\/\/actef.es\/wp-content\/uploads\/2025\/12\/cat-2-768x198.png",768,198,true],"large":["https:\/\/actef.es\/wp-content\/uploads\/2025\/12\/cat-2-1024x264.png",1024,264,true],"1536x1536":["https:\/\/actef.es\/wp-content\/uploads\/2025\/12\/cat-2.png",1455,375,false],"2048x2048":["https:\/\/actef.es\/wp-content\/uploads\/2025\/12\/cat-2.png",1455,375,false]},"post_excerpt_stackable_v2":"<p>Dimarts de 18.30h&nbsp;a 19.20hSeu&nbsp;ACTEF&nbsp;(Sant Antoni) Dijous de 18.30h&nbsp;a 19.20hAuditori de&nbsp;Cas&nbsp;Serres&nbsp; &nbsp;Dirige Nerea Fern\u00e1ndez Consultar en ACTEF Facilitar un espai segur on els nens i nenes puguin tenir un lloc on identificar les seves emocions i aprendre a gestionar-se de mantera adequada. Amb aquesta finalitat, es realitzaran din\u00e0miques de grup i jocs, afavorint el treball en equip i les relacions socials. Per tant, es presenta com un espai dedicat a la promoci\u00f3 del desenvolupament d&#8217;habilitats tant&nbsp;intel\u00b7lectuals&nbsp;com a emocionals, treballant de manera \u00f2ptima les habilitats socials, la comunicaci\u00f3 de les emocions, la toler\u00e0ncia a la frustraci\u00f3, la paci\u00e8ncia, etc. Aix\u00ed, es pret\u00e9n&hellip;<\/p>\n","category_list_v2":"","author_info_v2":{"name":"Esperanza Marqu\u00e8s","url":"https:\/\/actef.es\/web\/author\/esperanza\/"},"comments_num_v2":"0 comentarios","coauthors":[],"author_meta":{"author_link":"https:\/\/actef.es\/web\/author\/esperanza\/","display_name":"Esperanza Marqu\u00e8s"},"relative_dates":{"created":"Publicado 8 meses hace","modified":"Actualizado 2 meses hace"},"absolute_dates":{"created":"Publicado el 27 agosto 2025","modified":"Actualizado el 19 febrero 2026"},"absolute_dates_time":{"created":"Publicado el 27 agosto 2025 09:13","modified":"Actualizado el 19 febrero 2026 13:04"},"featured_img_caption":"","featured_img":"https:\/\/actef.es\/wp-content\/uploads\/2025\/12\/cat-2.png","series_order":"","_links":{"self":[{"href":"https:\/\/actef.es\/web\/wp-json\/wp\/v2\/pages\/4138","targetHints":{"allow":["GET"]}}],"collection":[{"href":"https:\/\/actef.es\/web\/wp-json\/wp\/v2\/pages"}],"about":[{"href":"https:\/\/actef.es\/web\/wp-json\/wp\/v2\/types\/page"}],"author":[{"embeddable":true,"href":"https:\/\/actef.es\/web\/wp-json\/wp\/v2\/users\/2"}],"replies":[{"embeddable":true,"href":"https:\/\/actef.es\/web\/wp-json\/wp\/v2\/comments?post=4138"}],"version-history":[{"count":39,"href":"https:\/\/actef.es\/web\/wp-json\/wp\/v2\/pages\/4138\/revisions"}],"predecessor-version":[{"id":6150,"href":"https:\/\/actef.es\/web\/wp-json\/wp\/v2\/pages\/4138\/revisions\/6150"}],"wp:featuredmedia":[{"embeddable":true,"href":"https:\/\/actef.es\/web\/wp-json\/wp\/v2\/media\/5750"}],"wp:attachment":[{"href":"https:\/\/actef.es\/web\/wp-json\/wp\/v2\/media?parent=4138"}],"curies":[{"name":"wp","href":"https:\/\/api.w.org\/{rel}","templated":true}]}}