{"id":4158,"date":"2024-09-13T20:26:00","date_gmt":"2024-09-13T18:26:00","guid":{"rendered":"https:\/\/actef.es\/web\/?page_id=4158"},"modified":"2026-03-09T11:22:36","modified_gmt":"2026-03-09T09:22:36","slug":"intensamente-4-nacidos-en-2013","status":"publish","type":"page","link":"https:\/\/actef.es\/web\/intensamente-4-nacidos-en-2013\/?lang=ca","title":{"rendered":"INTENSAMENT 4: nascuts en 2012-2013"},"content":{"rendered":"\n<figure class=\"wp-block-gallery has-nested-images columns-default is-cropped wp-block-gallery-1 is-layout-flex wp-block-gallery-is-layout-flex\">\n<figure class=\"wp-block-image size-large\"><a href=\"https:\/\/docs.google.com\/forms\/d\/e\/1FAIpQLSfheuQQzPAxxArGUfLNQx2J1oHy20TogWBYsLPNvtm1KUYUkw\/viewform?usp=header\"><img loading=\"lazy\" decoding=\"async\" width=\"940\" height=\"788\" data-id=\"5967\" src=\"https:\/\/actef.es\/wp-content\/uploads\/2026\/02\/1.png\" alt=\"\" class=\"wp-image-5967\" srcset=\"https:\/\/actef.es\/wp-content\/uploads\/2026\/02\/1.png 940w, https:\/\/actef.es\/wp-content\/uploads\/2026\/02\/1-300x251.png 300w, https:\/\/actef.es\/wp-content\/uploads\/2026\/02\/1-768x644.png 768w\" sizes=\"auto, (max-width: 940px) 100vw, 940px\" \/><\/a><\/figure>\n\n\n\n<figure class=\"wp-block-image size-large\"><img loading=\"lazy\" decoding=\"async\" width=\"1024\" height=\"1024\" data-id=\"5979\" src=\"https:\/\/actef.es\/wp-content\/uploads\/2026\/02\/Promos-1024x1024.png\" alt=\"\" class=\"wp-image-5979\" srcset=\"https:\/\/actef.es\/wp-content\/uploads\/2026\/02\/Promos-1024x1024.png 1024w, https:\/\/actef.es\/wp-content\/uploads\/2026\/02\/Promos-300x300.png 300w, https:\/\/actef.es\/wp-content\/uploads\/2026\/02\/Promos-150x150.png 150w, https:\/\/actef.es\/wp-content\/uploads\/2026\/02\/Promos-768x768.png 768w, https:\/\/actef.es\/wp-content\/uploads\/2026\/02\/Promos.png 1080w\" sizes=\"auto, (max-width: 1024px) 100vw, 1024px\" \/><\/figure>\n\n\n\n<figure class=\"wp-block-image size-large\"><img loading=\"lazy\" decoding=\"async\" width=\"1024\" height=\"1024\" data-id=\"5981\" src=\"https:\/\/actef.es\/wp-content\/uploads\/2026\/02\/Promos-1-1024x1024.png\" alt=\"\" class=\"wp-image-5981\" srcset=\"https:\/\/actef.es\/wp-content\/uploads\/2026\/02\/Promos-1-1024x1024.png 1024w, https:\/\/actef.es\/wp-content\/uploads\/2026\/02\/Promos-1-300x300.png 300w, https:\/\/actef.es\/wp-content\/uploads\/2026\/02\/Promos-1-150x150.png 150w, https:\/\/actef.es\/wp-content\/uploads\/2026\/02\/Promos-1-768x768.png 768w, https:\/\/actef.es\/wp-content\/uploads\/2026\/02\/Promos-1.png 1080w\" sizes=\"auto, (max-width: 1024px) 100vw, 1024px\" \/><\/figure>\n<\/figure>\n\n\n\n<figure class=\"wp-block-image size-large\"><img loading=\"lazy\" decoding=\"async\" width=\"1024\" height=\"1024\" src=\"https:\/\/actef.es\/wp-content\/uploads\/2026\/03\/Promos-1024x1024.png\" alt=\"\" class=\"wp-image-6205\" srcset=\"https:\/\/actef.es\/wp-content\/uploads\/2026\/03\/Promos-1024x1024.png 1024w, https:\/\/actef.es\/wp-content\/uploads\/2026\/03\/Promos-300x300.png 300w, https:\/\/actef.es\/wp-content\/uploads\/2026\/03\/Promos-150x150.png 150w, https:\/\/actef.es\/wp-content\/uploads\/2026\/03\/Promos-768x768.png 768w, https:\/\/actef.es\/wp-content\/uploads\/2026\/03\/Promos.png 1080w\" sizes=\"auto, (max-width: 1024px) 100vw, 1024px\" \/><\/figure>\n\n\n\n<figure class=\"wp-block-image size-large\"><img loading=\"lazy\" decoding=\"async\" width=\"1024\" height=\"576\" src=\"https:\/\/actef.es\/wp-content\/uploads\/2025\/12\/Catalan-1024x576.png\" alt=\"\" class=\"wp-image-5535\" srcset=\"https:\/\/actef.es\/wp-content\/uploads\/2025\/12\/Catalan-1024x576.png 1024w, https:\/\/actef.es\/wp-content\/uploads\/2025\/12\/Catalan-300x169.png 300w, https:\/\/actef.es\/wp-content\/uploads\/2025\/12\/Catalan-768x432.png 768w, https:\/\/actef.es\/wp-content\/uploads\/2025\/12\/Catalan-1536x864.png 1536w, https:\/\/actef.es\/wp-content\/uploads\/2025\/12\/Catalan.png 1920w\" sizes=\"auto, (max-width: 1024px) 100vw, 1024px\" \/><\/figure>\n\n\n\n<figure class=\"wp-block-image size-large\"><img loading=\"lazy\" decoding=\"async\" width=\"1024\" height=\"576\" src=\"https:\/\/actef.es\/wp-content\/uploads\/2025\/12\/Catalan-1-1024x576.png\" alt=\"\" class=\"wp-image-5538\" srcset=\"https:\/\/actef.es\/wp-content\/uploads\/2025\/12\/Catalan-1-1024x576.png 1024w, https:\/\/actef.es\/wp-content\/uploads\/2025\/12\/Catalan-1-300x169.png 300w, https:\/\/actef.es\/wp-content\/uploads\/2025\/12\/Catalan-1-768x432.png 768w, https:\/\/actef.es\/wp-content\/uploads\/2025\/12\/Catalan-1-1536x864.png 1536w, https:\/\/actef.es\/wp-content\/uploads\/2025\/12\/Catalan-1.png 1920w\" sizes=\"auto, (max-width: 1024px) 100vw, 1024px\" \/><\/figure>\n\n\n<div class=\"wp-block-image\">\n<figure class=\"aligncenter size-full is-resized\"><img loading=\"lazy\" decoding=\"async\" width=\"970\" height=\"250\" src=\"https:\/\/actef.es\/wp-content\/uploads\/2025\/08\/SERVEI-V.CAT_.png\" alt=\"\" class=\"wp-image-4179\" style=\"aspect-ratio:3.8800386971944536;width:535px;height:auto\" srcset=\"https:\/\/actef.es\/wp-content\/uploads\/2025\/08\/SERVEI-V.CAT_.png 970w, https:\/\/actef.es\/wp-content\/uploads\/2025\/08\/SERVEI-V.CAT_-300x77.png 300w, https:\/\/actef.es\/wp-content\/uploads\/2025\/08\/SERVEI-V.CAT_-768x198.png 768w\" sizes=\"auto, (max-width: 970px) 100vw, 970px\" \/><\/figure>\n<\/div>\n\n<div class=\"wp-block-image\">\n<figure class=\"aligncenter size-large is-resized\"><img loading=\"lazy\" decoding=\"async\" width=\"1024\" height=\"1024\" src=\"https:\/\/actef.es\/wp-content\/uploads\/2026\/03\/Catalan-1024x1024.png\" alt=\"\" class=\"wp-image-6258\" style=\"width:635px;height:auto\" srcset=\"https:\/\/actef.es\/wp-content\/uploads\/2026\/03\/Catalan-1024x1024.png 1024w, https:\/\/actef.es\/wp-content\/uploads\/2026\/03\/Catalan-300x300.png 300w, https:\/\/actef.es\/wp-content\/uploads\/2026\/03\/Catalan-150x150.png 150w, https:\/\/actef.es\/wp-content\/uploads\/2026\/03\/Catalan-768x768.png 768w, https:\/\/actef.es\/wp-content\/uploads\/2026\/03\/Catalan-1536x1536.png 1536w, https:\/\/actef.es\/wp-content\/uploads\/2026\/03\/Catalan.png 1620w\" sizes=\"auto, (max-width: 1024px) 100vw, 1024px\" \/><\/figure>\n<\/div>\n\n\n<figure class=\"wp-block-image size-full is-resized\"><img loading=\"lazy\" decoding=\"async\" width=\"282\" height=\"109\" src=\"https:\/\/actef.es\/wp-content\/uploads\/2025\/08\/Que-es-cat-1.png\" alt=\"\" class=\"wp-image-4084\" style=\"width:222px;height:auto\"\/><\/figure>\n\n\n<p>Es tracta d&#8217;un servei ofert per ACTEF on es pret\u00e9n oferir un espai als joves i les seves fam\u00edlies al qual puguin acudir en cas de considerar-se embolicats en una situaci\u00f3 de risc o vulnerabilitat, ja sigui a la llar o en el centre educatiu. Per tant, es planteja com una oportunitat de brindar un espai segur i confidencial per a l&#8217;orientaci\u00f3 i atenci\u00f3 dels usuaris, amb la intenci\u00f3 de desenvolupar una prevenci\u00f3 sobre conductes de risc i intervenci\u00f3 primerenca en casos de conflictivitat o de victimitzaci\u00f3.<\/p>\n<p>Aquest servei es dur\u00e0 a terme per una crimin\u00f2loga especialitzada en intervenci\u00f3 amb menors i delinq\u00fc\u00e8ncia juvenil, mostrant disponibilitat per via telef\u00f2nica o correu electr\u00f2nic. A trav\u00e9s d&#8217;aquest canal, els usuaris podran expressar les seves inquietuds, rebre assessorament i ser escoltats en un entorn segur i des de l&#8217;empatia.<\/p>\n<p>Aix\u00ed mateix, aquells casos que presentin una major gravetat, seran valorats i llocs a disposici\u00f3 directa amb el departament de psicologia, amb l&#8217;objectiu de dur a terme una intervenci\u00f3 m\u00e9s espec\u00edfic.<\/p>\n<p><strong>Dirigit:<\/strong> Als joves i les seves fam\u00edlies<\/p>\n<p><strong>Metodologia:<\/strong>\u00a0Es dur\u00e0 a terme per mitj\u00e0 d&#8217;una atenci\u00f3 personalitzada i confidencial, a trav\u00e9s de trucada telef\u00f2nica o correu electr\u00f2nic. S&#8217;avaluar\u00e0 cada cas de manera individual i es proporcionaran eines inicials. Es faran seguiments de cas i acompanyament. Finalment, si fos necessari, es derivaria a l&#8217;\u00e0rea de psicologia.<\/p>\n\n\n<figure class=\"wp-block-image size-full is-resized\"><img loading=\"lazy\" decoding=\"async\" width=\"177\" height=\"73\" src=\"https:\/\/actef.es\/wp-content\/uploads\/2025\/08\/Objetivos.png\" alt=\"\" class=\"wp-image-4092\" style=\"width:164px;height:auto\"\/><\/figure>\n\n\n\n<ul class=\"wp-block-list\">\n<li>Atendre als joves i fam\u00edlies en situaci\u00f3 de conflicte o vulnerabilitat<\/li>\n\n\n\n<li>Oferir un espai d&#8217;escolta i assessorament<\/li>\n\n\n\n<li>Orientar les fam\u00edlies en la gesti\u00f3 de problem\u00e0tiques juvenils<\/li>\n<\/ul>\n\n\n\n<hr class=\"wp-block-separator has-text-color has-vivid-cyan-blue-color has-alpha-channel-opacity has-vivid-cyan-blue-background-color has-background is-style-wide\"\/>\n\n\n<div class=\"wp-block-image\">\n<figure class=\"aligncenter size-full\"><img loading=\"lazy\" decoding=\"async\" width=\"1455\" height=\"375\" src=\"https:\/\/actef.es\/wp-content\/uploads\/2025\/08\/2-cat.png\" alt=\"\" class=\"wp-image-4049\" srcset=\"https:\/\/actef.es\/wp-content\/uploads\/2025\/08\/2-cat.png 1455w, https:\/\/actef.es\/wp-content\/uploads\/2025\/08\/2-cat-300x77.png 300w, https:\/\/actef.es\/wp-content\/uploads\/2025\/08\/2-cat-1024x264.png 1024w, https:\/\/actef.es\/wp-content\/uploads\/2025\/08\/2-cat-768x198.png 768w\" sizes=\"auto, (max-width: 1455px) 100vw, 1455px\" \/><\/figure>\n<\/div>\n\n\n<hr class=\"wp-block-separator has-text-color has-vivid-cyan-blue-color has-alpha-channel-opacity has-vivid-cyan-blue-background-color has-background is-style-wide\"\/>\n\n\n\n<p><\/p>\n\n\n\n<div class=\"wp-block-columns is-layout-flex wp-container-core-columns-is-layout-9d6595d7 wp-block-columns-is-layout-flex\">\n<div class=\"wp-block-column is-layout-flow wp-block-column-is-layout-flow\"><div class=\"wp-block-image\">\n<figure class=\"aligncenter size-full is-resized\"><img loading=\"lazy\" decoding=\"async\" width=\"234\" height=\"44\" src=\"https:\/\/actef.es\/wp-content\/uploads\/2024\/09\/horario.png\" alt=\"\" class=\"wp-image-2625\" style=\"width:181px;height:auto\"\/><\/figure>\n<\/div>\n\n\n<p class=\"has-text-align-center\"><strong>Elegir un grupo:<\/strong><\/p>\n\n\n\n<p class=\"has-text-align-center\">Dimars de 18.30h a 19.20h<br>Seu d\u00b4ACTEF (Sant Antoni)<\/p>\n\n\n\n<p class=\"has-text-align-center\">Dijous de 18.30h a 19.20h<br>Auditori de Cas Serres&nbsp;<\/p>\n\n\n\n<p class=\"has-text-align-center\"><br><\/p>\n<\/div>\n\n\n\n<div class=\"wp-block-column is-layout-flow wp-block-column-is-layout-flow\"><div class=\"wp-block-image\">\n<figure class=\"aligncenter size-full is-resized\"><img loading=\"lazy\" decoding=\"async\" width=\"173\" height=\"44\" src=\"https:\/\/actef.es\/wp-content\/uploads\/2024\/09\/profesional.png\" alt=\"\" class=\"wp-image-2627\" style=\"width:134px;height:auto\"\/><\/figure>\n<\/div>\n\n\n<p class=\"has-text-align-center\">&nbsp;Dirige Nerea Fern\u00e1ndez<\/p>\n<\/div>\n\n\n\n<div class=\"wp-block-column is-layout-flow wp-block-column-is-layout-flow\"><div class=\"wp-block-image is-style-default\">\n<figure class=\"aligncenter size-large is-resized\"><img decoding=\"async\" src=\"https:\/\/actef.es\/wp-content\/uploads\/2024\/09\/precio-1-e1734353791450.png\" alt=\"\" style=\"width:63px;height:auto\"\/><\/figure>\n<\/div>\n\n\n<p class=\"has-text-align-center\">Consultar en ACTEF<\/p>\n<\/div>\n<\/div>\n\n\n\n<p><\/p>\n\n\n\n<figure class=\"wp-block-image size-full\"><img loading=\"lazy\" decoding=\"async\" width=\"282\" height=\"109\" src=\"https:\/\/actef.es\/wp-content\/uploads\/2025\/08\/Que-es-cat-1.png\" alt=\"\" class=\"wp-image-4084\"\/><\/figure>\n\n\n\n<p>(Treball emocional) Per facilitar un espai segur on els joves puguin tenir un lloc on identificar les seves emocions i aprendre a gestionar-se de mantera adequada. Amb aquesta finalitat, es realitzaran din\u00e0miques de grup i jocs, afavorint el treball en equip i les relacions socials. Per tant, es presenta com un espai dedicat a la promoci\u00f3 del desenvolupament d&#8217;habilitats tant&nbsp;intel\u00b7lectuals&nbsp;com a emocionals, treballant de manera \u00f2ptima les habilitats socials, la comunicaci\u00f3 de les emocions, la toler\u00e0ncia a la frustraci\u00f3, la paci\u00e8ncia, etc. Aix\u00ed, es pret\u00e9n respondre a les necessitats col\u00b7lectives que sovint presenten els joves dotats de&nbsp;ACI&nbsp;i Dobles Excepcionalitats.<\/p>\n\n\n\n<p><br>A aquesta activitat es convidar\u00e0 que ells siguin els protagonistes, tractar de fer que parlin i es desenvolupin parlant de diversos temes relacionats amb les emocions i la seva gesti\u00f3. Tamb\u00e9 \u00e9s generar\u00e0 un espai per a treballar altres aspectes personals i socials com els sentiments, les emocions i la comunicaci\u00f3 de dificultats, tot aix\u00f2, gr\u00e0cies a jocs cooperatius i\/o din\u00e0miques de grup. Per tant, es&nbsp;tractar\u00e1&nbsp;de crear un espai segur per a garantir l&#8217;intercanvi d&#8217;opinions amb respecte,&nbsp;empatia&nbsp;i assertivitat.<\/p>\n\n\n\n<figure class=\"wp-block-image size-full\"><img loading=\"lazy\" decoding=\"async\" width=\"177\" height=\"73\" src=\"https:\/\/actef.es\/wp-content\/uploads\/2025\/08\/Objetivos.png\" alt=\"\" class=\"wp-image-4092\"\/><\/figure>\n\n\n\n<ul class=\"wp-block-list\">\n<li>Proporcionar un espai segur pels participants on puguin desenvolupar-se amb naturalitat. Construint un vincle de confian\u00e7a entre el professional &#8211; alumnat.<\/li>\n\n\n\n<li>Refor\u00e7ar les habilitats socials de cada individu. Dotant d&#8217;eines per a la gesti\u00f3 i la comunicaci\u00f3 de les emocions.<\/li>\n\n\n\n<li>Acompanyar a l&#8217;alumnat en la identificaci\u00f3 i gesti\u00f3 de les emocions que sorgeixin en les sessions.<br><\/li>\n<\/ul>\n\n\n\n<p><\/p>\n\n\n<div class=\"wp-block-image\">\n<figure class=\"aligncenter size-full is-resized\"><a href=\"https:\/\/docs.google.com\/forms\/d\/e\/1FAIpQLSckJi74OdEzXVgrNjlJz4AEjnO4kehAQc8ajyO_9as1HdshJQ\/viewform?usp=header\"><img loading=\"lazy\" decoding=\"async\" width=\"782\" height=\"185\" src=\"https:\/\/actef.es\/wp-content\/uploads\/2025\/08\/24-cAT.png\" alt=\"\" class=\"wp-image-4100\" style=\"width:350px;height:auto\" srcset=\"https:\/\/actef.es\/wp-content\/uploads\/2025\/08\/24-cAT.png 782w, https:\/\/actef.es\/wp-content\/uploads\/2025\/08\/24-cAT-300x71.png 300w, https:\/\/actef.es\/wp-content\/uploads\/2025\/08\/24-cAT-768x182.png 768w\" sizes=\"auto, (max-width: 782px) 100vw, 782px\" \/><\/a><\/figure>\n<\/div>\n\n\n<hr class=\"wp-block-separator has-text-color has-vivid-cyan-blue-color has-alpha-channel-opacity has-vivid-cyan-blue-background-color has-background is-style-wide\"\/>\n\n\n\n<blockquote class=\"wp-block-stackable-blockquote stk-block-blockquote stk-block stk-4011795 is-style-default\" data-v=\"2\" data-block-id=\"4011795\"><div class=\"stk-block-blockquote__content stk-container stk-4011795-container stk-hover-parent\"><div class=\"stk-block-content stk-inner-blocks\">\n<div class=\"wp-block-stackable-icon stk-block-icon stk-block stk-b690a4d\" data-block-id=\"b690a4d\"><span class=\"stk--svg-wrapper\"><div class=\"stk--inner-svg\"><svg style=\"height:0;width:0\"><defs><linearGradient id=\"linear-gradient-b690a4d\" x1=\"0\" x2=\"100%\" y1=\"0\" y2=\"0\"><stop offset=\"0%\" style=\"stop-opacity:1;stop-color:var(--linear-gradient-b-690-a-4-d-color-1)\"><\/stop><stop offset=\"100%\" style=\"stop-opacity:1;stop-color:var(--linear-gradient-b-690-a-4-d-color-2)\"><\/stop><\/linearGradient><\/defs><\/svg><svg xmlns=\"http:\/\/www.w3.org\/2000\/svg\" viewBox=\"0 0 50 50\" aria-hidden=\"true\" width=\"32\" height=\"32\"><path d=\"M19.8 9.3C10.5 11.8 4.6 17 2.1 24.8c2.3-3.6 5.6-5.4 9.9-5.4 3.3 0 6 1.1 8.3 3.3 2.2 2.2 3.4 5 3.4 8.3 0 3.2-1.1 5.8-3.3 8-2.2 2.2-5.1 3.2-8.7 3.2-3.7 0-6.5-1.2-8.6-3.5C1 36.3 0 33.1 0 29 0 18.3 6.5 11.2 19.6 7.9l.2 1.4zm26.4 0C36.9 11.9 31 17 28.5 24.8c2.2-3.6 5.5-5.4 9.8-5.4 3.2 0 6 1.1 8.3 3.2 2.3 2.2 3.4 4.9 3.4 8.3 0 3.1-1.1 5.8-3.3 7.9-2.2 2.2-5.1 3.3-8.6 3.3-3.7 0-6.6-1.1-8.6-3.4-2.1-2.3-3.1-5.5-3.1-9.7 0-10.7 6.6-17.8 19.7-21.1l.1 1.4z\"><\/path><\/svg><\/div><\/span><\/div>\n\n\n\n<div class=\"wp-block-stackable-text stk-block-text stk-block stk-4eb8ed4\" data-block-id=\"4eb8ed4\"><p class=\"stk-block-text__text has-text-align-center\">Un lector viu mil vides abans de morir.<br>Un home que mai llegeix nom\u00e9s viu una<br>GEORGE RR MARTIN<\/p><\/div>\n<\/div><\/div><\/blockquote>\n\n\n\n<p><\/p>\n\n\n\n<hr class=\"wp-block-separator has-text-color has-vivid-cyan-blue-color has-alpha-channel-opacity has-vivid-cyan-blue-background-color has-background is-style-wide\"\/>\n\n\n\n<figure class=\"wp-block-image size-full\"><img loading=\"lazy\" decoding=\"async\" width=\"970\" height=\"250\" src=\"https:\/\/actef.es\/wp-content\/uploads\/2025\/08\/122-1CAT.png\" alt=\"\" class=\"wp-image-4114\" srcset=\"https:\/\/actef.es\/wp-content\/uploads\/2025\/08\/122-1CAT.png 970w, https:\/\/actef.es\/wp-content\/uploads\/2025\/08\/122-1CAT-300x77.png 300w, https:\/\/actef.es\/wp-content\/uploads\/2025\/08\/122-1CAT-768x198.png 768w\" sizes=\"auto, (max-width: 970px) 100vw, 970px\" \/><\/figure>\n\n\n\n<hr class=\"wp-block-separator has-text-color has-vivid-cyan-blue-color has-alpha-channel-opacity has-vivid-cyan-blue-background-color has-background is-style-wide\"\/>\n\n\n\n<div class=\"wp-block-columns is-layout-flex wp-container-core-columns-is-layout-9d6595d7 wp-block-columns-is-layout-flex\">\n<div class=\"wp-block-column is-layout-flow wp-block-column-is-layout-flow\"><div class=\"wp-block-image\">\n<figure class=\"aligncenter size-full is-resized\"><img loading=\"lazy\" decoding=\"async\" width=\"282\" height=\"109\" src=\"https:\/\/actef.es\/wp-content\/uploads\/2025\/08\/HORARIO-cat.png\" alt=\"\" class=\"wp-image-4090\" style=\"width:181px;height:auto\"\/><\/figure>\n<\/div>\n\n\n<p class=\"has-text-align-center\">Dissabtes quinzenals<br>de 11.<em>30h a 12.<\/em>30h<\/p>\n\n\n\n<p class=\"has-text-align-center\">Col\u00b7legi Guillem de Montgr\u00ed<\/p>\n\n\n\n<p class=\"has-text-align-center\"><strong>Dates 2026:<\/strong><br>24 de gener<br>7 y 21 de febrer<br>14 y 28 de mar\u00e7<br>18 de abril<br>9 y 23 de maig<\/p>\n\n\n\n<p class=\"has-text-align-center\">6 de juny<br><\/p>\n<\/div>\n\n\n\n<div class=\"wp-block-column is-layout-flow wp-block-column-is-layout-flow\"><div class=\"wp-block-image\">\n<figure class=\"aligncenter size-full is-resized\"><img loading=\"lazy\" decoding=\"async\" width=\"282\" height=\"109\" src=\"https:\/\/actef.es\/wp-content\/uploads\/2025\/08\/PROFE-cat.png\" alt=\"\" class=\"wp-image-4088\" style=\"width:172px;height:auto\"\/><\/figure>\n<\/div>\n\n\n<p class=\"has-text-align-center\">Rosa Mar\u00eda Vallejo Climent<\/p>\n<\/div>\n\n\n\n<div class=\"wp-block-column is-layout-flow wp-block-column-is-layout-flow\"><div class=\"wp-block-image is-style-default\">\n<figure class=\"aligncenter size-full is-resized\"><img loading=\"lazy\" decoding=\"async\" width=\"282\" height=\"109\" src=\"https:\/\/actef.es\/wp-content\/uploads\/2025\/08\/PREU-cat.png\" alt=\"\" class=\"wp-image-4086\" style=\"width:151px;height:auto\"\/><\/figure>\n<\/div>\n\n\n<p class=\"has-text-align-center\">Consultar en ACTEF<\/p>\n<\/div>\n<\/div>\n\n\n\n<figure class=\"wp-block-image size-full\"><img loading=\"lazy\" decoding=\"async\" width=\"282\" height=\"109\" src=\"https:\/\/actef.es\/wp-content\/uploads\/2025\/08\/Que-es-cat-1.png\" alt=\"\" class=\"wp-image-4084\"\/><\/figure>\n\n\n\n<p>Cantar \u00e9s molt m\u00e9s que una activitat art\u00edstica: \u00e9s una forma d&#8217;expressi\u00f3 emocional i una eina poderosa per a desenvolupar habilitats socials. A trav\u00e9s de les can\u00e7ons, les persones aconsegueixen exterioritzar els seus sentiments, connectar amb els altres i cuidar del seu benestar f\u00edsic i emocional.<\/p>\n\n\n\n<p>Entre els seus m\u00faltiples beneficis, el cant pot millorar la salut f\u00edsica gr\u00e0cies a una major capacitat pulmonar i a l&#8217;enfortiment del cos mitjan\u00e7ant la t\u00e8cnica vocal. Tamb\u00e9 fomenta les relacions humanes, ja que requereix comunicaci\u00f3, col\u00b7laboraci\u00f3 i genera vincles afectius i suport social. En el pla emocional i mental, cantar ajuda a reduir l&#8217;estr\u00e8s, eleva l&#8217;estat d&#8217;\u00e0nim, refor\u00e7a l&#8217;autoestima i la confian\u00e7a personal.<\/p>\n\n\n\n<p>A m\u00e9s, el cant contribueix al desenvolupament musical, perfeccionant la t\u00e8cnica vocal i afavorint una apreciaci\u00f3 m\u00e9s profunda de la m\u00fasica. En definitiva, cantar \u00e9s una activitat completa que impacta positivament en tots els aspectes de l&#8217;\u00e9sser hum\u00e0: cos, ment i relacions.<\/p>\n\n\n\n<figure class=\"wp-block-image size-full\"><img loading=\"lazy\" decoding=\"async\" width=\"177\" height=\"73\" src=\"https:\/\/actef.es\/wp-content\/uploads\/2025\/08\/Objetivos.png\" alt=\"\" class=\"wp-image-4092\"\/><\/figure>\n\n\n\n<ul class=\"wp-block-list\">\n<li>Fomentar l&#8217;expressi\u00f3 emocional: Facilitar que els participants canalitzin i expressin les seves emocions a trav\u00e9s de la m\u00fasica i la interpretaci\u00f3 vocal.<\/li>\n\n\n\n<li>Millorar les habilitats socials: Promoure la comunicaci\u00f3, la col\u00b7laboraci\u00f3 i el treball en equip entre els participants mitjan\u00e7ant din\u00e0miques grupals de cant.<\/li>\n\n\n\n<li>Impulsar el benestar emocional i mental: Utilitzar el cant per a reduir l&#8217;estr\u00e8s, enfortir l&#8217;autoestima i millorar l&#8217;estat d&#8217;\u00e0nim general.<\/li>\n\n\n\n<li>Desenvolupar capacitats musicals: Potenciar la t\u00e8cnica vocal, l&#8217;o\u00efda musical i l&#8217;apreciaci\u00f3 art\u00edstica en un entorn participatiu.<\/li>\n\n\n\n<li>Enfortir el vincle social: Crear espais de connexi\u00f3 i suport mutu entre els participants a trav\u00e9s d&#8217;experi\u00e8ncies compartides en el cant.<\/li>\n<\/ul>\n\n\n<div class=\"wp-block-image\">\n<figure class=\"aligncenter size-full is-resized\"><a href=\"https:\/\/docs.google.com\/forms\/d\/e\/1FAIpQLSckJi74OdEzXVgrNjlJz4AEjnO4kehAQc8ajyO_9as1HdshJQ\/viewform?usp=header\"><img loading=\"lazy\" decoding=\"async\" width=\"782\" height=\"185\" src=\"https:\/\/actef.es\/wp-content\/uploads\/2025\/08\/24-cAT.png\" alt=\"\" class=\"wp-image-4100\" style=\"width:346px;height:auto\" srcset=\"https:\/\/actef.es\/wp-content\/uploads\/2025\/08\/24-cAT.png 782w, https:\/\/actef.es\/wp-content\/uploads\/2025\/08\/24-cAT-300x71.png 300w, https:\/\/actef.es\/wp-content\/uploads\/2025\/08\/24-cAT-768x182.png 768w\" sizes=\"auto, (max-width: 782px) 100vw, 782px\" \/><\/a><\/figure>\n<\/div>\n\n\n<hr class=\"wp-block-separator has-text-color has-vivid-cyan-blue-color has-alpha-channel-opacity has-vivid-cyan-blue-background-color has-background is-style-wide\"\/>\n\n\n\n<figure class=\"wp-block-image size-full\"><img loading=\"lazy\" decoding=\"async\" width=\"970\" height=\"250\" src=\"https:\/\/actef.es\/wp-content\/uploads\/2025\/12\/ROBOTICA.png\" alt=\"\" class=\"wp-image-5565\" srcset=\"https:\/\/actef.es\/wp-content\/uploads\/2025\/12\/ROBOTICA.png 970w, https:\/\/actef.es\/wp-content\/uploads\/2025\/12\/ROBOTICA-300x77.png 300w, https:\/\/actef.es\/wp-content\/uploads\/2025\/12\/ROBOTICA-768x198.png 768w\" sizes=\"auto, (max-width: 970px) 100vw, 970px\" \/><\/figure>\n\n\n\n<hr class=\"wp-block-separator has-text-color has-vivid-cyan-blue-color has-alpha-channel-opacity has-vivid-cyan-blue-background-color has-background is-style-wide\"\/>\n\n\n\n<div class=\"wp-block-columns is-layout-flex wp-container-core-columns-is-layout-9d6595d7 wp-block-columns-is-layout-flex\">\n<div class=\"wp-block-column is-layout-flow wp-block-column-is-layout-flow\"><div class=\"wp-block-image\">\n<figure class=\"aligncenter size-full is-resized\"><img loading=\"lazy\" decoding=\"async\" width=\"234\" height=\"44\" src=\"https:\/\/actef.es\/wp-content\/uploads\/2024\/09\/horario.png\" alt=\"\" class=\"wp-image-2625\" style=\"width:181px;height:auto\"\/><\/figure>\n<\/div>\n\n\n<p class=\"has-text-align-center\">Dissabtes quinzenals<br>de 10.<em>00h a 11.<\/em>30h<\/p>\n\n\n\n<p class=\"has-text-align-center\">Col\u00b7legi Guillem de Montgr\u00ed<\/p>\n\n\n\n<p class=\"has-text-align-center\"><strong>dades 2026:<\/strong><br>24 de gener<br>7 y 21 de febrer<br>14 y 28 de mar\u00e7<br>18 de abril<br>9 y 23 de maig<\/p>\n\n\n\n<p class=\"has-text-align-center\">6 de juny<\/p>\n<\/div>\n\n\n\n<div class=\"wp-block-column is-layout-flow wp-block-column-is-layout-flow\"><div class=\"wp-block-image\">\n<figure class=\"aligncenter size-full is-resized\"><img loading=\"lazy\" decoding=\"async\" width=\"173\" height=\"44\" src=\"https:\/\/actef.es\/wp-content\/uploads\/2024\/09\/profesional.png\" alt=\"\" class=\"wp-image-2627\" style=\"width:134px;height:auto\"\/><\/figure>\n<\/div>\n\n\n<p class=\"has-text-align-center\">Steve Fern\u00e1ndez de Evilnoisyelectronics<\/p>\n<\/div>\n\n\n\n<div class=\"wp-block-column is-layout-flow wp-block-column-is-layout-flow\"><div class=\"wp-block-image is-style-default\">\n<figure class=\"aligncenter size-large is-resized\"><img decoding=\"async\" src=\"https:\/\/actef.es\/wp-content\/uploads\/2024\/09\/precio-1-e1734353791450.png\" alt=\"\" style=\"width:63px;height:auto\"\/><\/figure>\n<\/div>\n\n\n<p class=\"has-text-align-center\">Consultar en ACTEF<\/p>\n<\/div>\n<\/div>\n\n\n\n<figure class=\"wp-block-image size-full\"><img loading=\"lazy\" decoding=\"async\" width=\"282\" height=\"109\" src=\"https:\/\/actef.es\/wp-content\/uploads\/2025\/08\/Que-es-cat-1.png\" alt=\"\" class=\"wp-image-4084\"\/><\/figure>\n\n\n\n<p>Cada taller aquest curs s&#8217;exploraran diferents maneres de generar i alterar sons per mitj\u00e0 de la creaci\u00f3 de dispositius sonors i instruments musicals de car\u00e0cter experimental, d&#8217;aquesta manera l&#8217;alumne s&#8217;introduir\u00e0 en el m\u00f3n de l&#8217;electr\u00f2nica i s&#8217;adquiriran coneixements b\u00e0sics en la mat\u00e8ria d&#8217;un mode divertit i practico (que \u00e9s una PCB, recon\u00e8ixer components d&#8217;un circuit el\u00e8ctric, soldat de components amb estany, ETC) \u2026<\/p>\n\n\n\n<p>Al llarg del curs els introduirem en diferents disciplines dins de la creaci\u00f3 d&#8217;instruments sonors com s\u00f3n el <em>CircuitBending<\/em>, el m\u00f3n del sintetitzador *DIY, la programaci\u00f3 amb *PureData*<em>, o la construcci\u00f3 d&#8217;efectes de so amb els quals poder processar instruments m\u00e9s tradicionals, d&#8217;aquesta manera es pret\u00e9n promoure la curiositat com a motor per a l&#8217;adquisici\u00f3 de coneixements i es fomenta el pensament creatiu per a la resoluci\u00f3 de problemes.<\/em>ler un expert@ diferent<\/p>\n\n\n\n<p><\/p>\n\n\n\n<p>\u00c9s la manera creativa de fer curt circuits en aparells electr\u00f2nics de baix voltatge (pedals de guitarra, joguines per a nens)\u2026 per a crear nous instruments musicals o generadors de so.<\/p>\n\n\n\n<p>Es podria dir que \u00e9s com \u201c*hackear\u201d un circuit el\u00e8ctric perqu\u00e8 faci coses (sons) per a les quals en principi no estava dissenyat.<\/p>\n\n\n\n<p>*Pure Data \u00e9s un programa de codi obert i multiplataforma, especialment dissenyat per a facilitar la manipulaci\u00f3 de so, v\u00eddeo, imatge i dades en temps real, aix\u00ed com per a desenvolupar projectes interactius i\/o generatius.<\/p>\n\n\n\n<p>El <em>Circuit-<\/em>Bending \u00e9s una manera molt directa d&#8217;aproximar-se a conceptes b\u00e0sics de l&#8217;electr\u00f2nica mitjan\u00e7ant el joc i l&#8217;error com a m\u00e8tode d&#8217;aprenentatge, aix\u00ed com a la creaci\u00f3 d&#8217;un objecte art\u00edstic.<\/p>\n\n\n\n<p><\/p>\n\n\n\n<figure class=\"wp-block-image size-full\"><img loading=\"lazy\" decoding=\"async\" width=\"177\" height=\"73\" src=\"https:\/\/actef.es\/wp-content\/uploads\/2025\/08\/Objetivos.png\" alt=\"\" class=\"wp-image-4092\"\/><\/figure>\n\n\n\n<ul class=\"wp-block-list\">\n<li>Afavorir l&#8217;oci educatiu<\/li>\n\n\n\n<li>Fomentar l&#8217;activitat en grup i posar en contacte persones amb similars&nbsp;<\/li>\n\n\n\n<li>Adquirir nocions b\u00e0siques per a poder continuar desenvolupant-se i explorant pel seu compte<\/li>\n\n\n\n<li>Desenvolupar Habilitats Pr\u00e0ctiques en Electr\u00f2nica B\u00e0sica<\/li>\n\n\n\n<li>Estimular la Creativitat i Experimentaci\u00f3<\/li>\n\n\n\n<li>Creaci\u00f3 d&#8217;Instruments Experimentals<br><br><strong>OBSERVACI\u00d3NS<\/strong><\/li>\n<\/ul>\n\n\n\n<p><strong>EN ALGUNES OCA<\/strong><strong>SIONES SE NECESITAR\u00c1 UN ORDENADOR PORT\u00c1TIL<\/strong><\/p>\n\n\n\n<hr class=\"wp-block-separator has-text-color has-vivid-cyan-blue-color has-alpha-channel-opacity has-vivid-cyan-blue-background-color has-background is-style-wide\"\/>\n\n\n<div class=\"wp-block-image\">\n<figure class=\"aligncenter size-full is-resized\"><a href=\"https:\/\/docs.google.com\/forms\/d\/e\/1FAIpQLSckJi74OdEzXVgrNjlJz4AEjnO4kehAQc8ajyO_9as1HdshJQ\/viewform?usp=header\"><img loading=\"lazy\" decoding=\"async\" width=\"782\" height=\"185\" src=\"https:\/\/actef.es\/wp-content\/uploads\/2025\/08\/24-cAT.png\" alt=\"\" class=\"wp-image-4100\" style=\"width:346px;height:auto\" srcset=\"https:\/\/actef.es\/wp-content\/uploads\/2025\/08\/24-cAT.png 782w, https:\/\/actef.es\/wp-content\/uploads\/2025\/08\/24-cAT-300x71.png 300w, https:\/\/actef.es\/wp-content\/uploads\/2025\/08\/24-cAT-768x182.png 768w\" sizes=\"auto, (max-width: 782px) 100vw, 782px\" \/><\/a><\/figure>\n<\/div>\n\n\n<hr class=\"wp-block-separator has-text-color has-vivid-cyan-blue-color has-alpha-channel-opacity has-vivid-cyan-blue-background-color has-background is-style-wide\"\/>\n\n\n\n<figure class=\"wp-block-embed is-type-video is-provider-youtube wp-block-embed-youtube wp-embed-aspect-16-9 wp-has-aspect-ratio\"><div class=\"wp-block-embed__wrapper\">\n<iframe loading=\"lazy\" title=\"Circuit Bending\" width=\"1200\" height=\"675\" src=\"https:\/\/www.youtube.com\/embed\/Z3ZYf3QgJ74?feature=oembed\" frameborder=\"0\" allow=\"accelerometer; autoplay; clipboard-write; encrypted-media; gyroscope; picture-in-picture; web-share\" referrerpolicy=\"strict-origin-when-cross-origin\" allowfullscreen><\/iframe>\n<\/div><\/figure>\n\n\n\n<hr class=\"wp-block-separator has-text-color has-vivid-cyan-blue-color has-alpha-channel-opacity has-vivid-cyan-blue-background-color has-background is-style-wide\"\/>\n\n\n\n<blockquote class=\"wp-block-stackable-blockquote stk-block-blockquote stk-block stk-1971507 is-style-default\" data-v=\"2\" data-block-id=\"1971507\"><div class=\"has-text-align-left stk-block-blockquote__content stk-container stk-1971507-container stk-hover-parent\"><div class=\"stk-block-content stk-inner-blocks\">\n<div class=\"wp-block-stackable-icon stk-block-icon stk-block stk-ed508a3\" data-block-id=\"ed508a3\"><span class=\"stk--svg-wrapper\"><div class=\"stk--inner-svg\"><svg style=\"height:0;width:0\"><defs><linearGradient id=\"linear-gradient-ed508a3\" x1=\"0\" x2=\"100%\" y1=\"0\" y2=\"0\"><stop offset=\"0%\" style=\"stop-opacity:1;stop-color:var(--linear-gradient-ed-508-a-3-color-1)\"><\/stop><stop offset=\"100%\" style=\"stop-opacity:1;stop-color:var(--linear-gradient-ed-508-a-3-color-2)\"><\/stop><\/linearGradient><\/defs><\/svg><svg xmlns=\"http:\/\/www.w3.org\/2000\/svg\" viewBox=\"0 0 50 50\" aria-hidden=\"true\" width=\"32\" height=\"32\"><path d=\"M19.8 9.3C10.5 11.8 4.6 17 2.1 24.8c2.3-3.6 5.6-5.4 9.9-5.4 3.3 0 6 1.1 8.3 3.3 2.2 2.2 3.4 5 3.4 8.3 0 3.2-1.1 5.8-3.3 8-2.2 2.2-5.1 3.2-8.7 3.2-3.7 0-6.5-1.2-8.6-3.5C1 36.3 0 33.1 0 29 0 18.3 6.5 11.2 19.6 7.9l.2 1.4zm26.4 0C36.9 11.9 31 17 28.5 24.8c2.2-3.6 5.5-5.4 9.8-5.4 3.2 0 6 1.1 8.3 3.2 2.3 2.2 3.4 4.9 3.4 8.3 0 3.1-1.1 5.8-3.3 7.9-2.2 2.2-5.1 3.3-8.6 3.3-3.7 0-6.6-1.1-8.6-3.4-2.1-2.3-3.1-5.5-3.1-9.7 0-10.7 6.6-17.8 19.7-21.1l.1 1.4z\"><\/path><\/svg><\/div><\/span><\/div>\n\n\n\n<div class=\"wp-block-stackable-text stk-block-text stk-block stk-cf8c977\" data-block-id=\"cf8c977\"><p class=\"stk-block-text__text has-text-align-center\">Sota la pressi\u00f3 de&nbsp;Circuit&nbsp;bending, gaireb\u00e9 tots els dispositius d&#8217;\u00e0udio electr\u00f2nics que existeixen, s\u00f3n instruments musicals experimentals, esperant ser descoberts.<br>REED GHAZALA<\/p><\/div>\n<\/div><\/div><\/blockquote>\n\n\n\n<hr class=\"wp-block-separator has-text-color has-vivid-cyan-blue-color has-alpha-channel-opacity has-vivid-cyan-blue-background-color has-background is-style-wide\"\/>\n\n\n\n<figure class=\"wp-block-gallery has-nested-images columns-default is-cropped wp-block-gallery-2 is-layout-flex wp-block-gallery-is-layout-flex\">\n<figure class=\"wp-block-image size-large\"><img loading=\"lazy\" decoding=\"async\" width=\"940\" height=\"788\" data-id=\"5929\" src=\"https:\/\/actef.es\/wp-content\/uploads\/2026\/02\/Anuncio-talleres-1-1.png\" alt=\"\" class=\"wp-image-5929\" srcset=\"https:\/\/actef.es\/wp-content\/uploads\/2026\/02\/Anuncio-talleres-1-1.png 940w, https:\/\/actef.es\/wp-content\/uploads\/2026\/02\/Anuncio-talleres-1-1-300x251.png 300w, https:\/\/actef.es\/wp-content\/uploads\/2026\/02\/Anuncio-talleres-1-1-768x644.png 768w\" sizes=\"auto, (max-width: 940px) 100vw, 940px\" \/><\/figure>\n<\/figure>\n\n\n<div class=\"wp-block-image\">\n<figure class=\"aligncenter size-full is-resized\"><a href=\"https:\/\/docs.google.com\/forms\/d\/e\/1FAIpQLSckJi74OdEzXVgrNjlJz4AEjnO4kehAQc8ajyO_9as1HdshJQ\/viewform?usp=header\"><img loading=\"lazy\" decoding=\"async\" width=\"782\" height=\"185\" src=\"https:\/\/actef.es\/wp-content\/uploads\/2025\/08\/24-cAT.png\" alt=\"\" class=\"wp-image-4100\" style=\"width:346px;height:auto\" srcset=\"https:\/\/actef.es\/wp-content\/uploads\/2025\/08\/24-cAT.png 782w, https:\/\/actef.es\/wp-content\/uploads\/2025\/08\/24-cAT-300x71.png 300w, https:\/\/actef.es\/wp-content\/uploads\/2025\/08\/24-cAT-768x182.png 768w\" sizes=\"auto, (max-width: 782px) 100vw, 782px\" \/><\/a><\/figure>\n<\/div>\n\n\n<hr class=\"wp-block-separator has-text-color has-vivid-cyan-blue-color has-alpha-channel-opacity has-vivid-cyan-blue-background-color has-background is-style-wide\"\/>\n\n\n\n<figure class=\"wp-block-image size-full\"><img loading=\"lazy\" decoding=\"async\" width=\"970\" height=\"250\" src=\"https:\/\/actef.es\/wp-content\/uploads\/2025\/08\/ESTUDI-CAT.png\" alt=\"\" class=\"wp-image-4176\" srcset=\"https:\/\/actef.es\/wp-content\/uploads\/2025\/08\/ESTUDI-CAT.png 970w, https:\/\/actef.es\/wp-content\/uploads\/2025\/08\/ESTUDI-CAT-300x77.png 300w, https:\/\/actef.es\/wp-content\/uploads\/2025\/08\/ESTUDI-CAT-768x198.png 768w\" sizes=\"auto, (max-width: 970px) 100vw, 970px\" \/><\/figure>\n\n\n\n<hr class=\"wp-block-separator has-text-color has-vivid-cyan-blue-color has-alpha-channel-opacity has-vivid-cyan-blue-background-color has-background is-style-wide\"\/>\n\n\n\n<div class=\"wp-block-columns is-layout-flex wp-container-core-columns-is-layout-9d6595d7 wp-block-columns-is-layout-flex\">\n<div class=\"wp-block-column is-layout-flow wp-block-column-is-layout-flow\"><div class=\"wp-block-image\">\n<figure class=\"aligncenter size-full is-resized\"><img loading=\"lazy\" decoding=\"async\" width=\"282\" height=\"109\" src=\"https:\/\/actef.es\/wp-content\/uploads\/2025\/08\/HORARIO-cat.png\" alt=\"\" class=\"wp-image-4090\" style=\"width:181px;height:auto\"\/><\/figure>\n<\/div>\n\n\n<p class=\"has-text-align-center\">Dilluns i dimarts de 16.00 a 17.30 Seu de ACTEF, Sant Antonio<br>Dimecres i dijous de 16 a 17.30 Auditori de Cas Serres<\/p>\n\n\n\n<p class=\"has-text-align-center\"><\/p>\n<\/div>\n\n\n\n<div class=\"wp-block-column is-layout-flow wp-block-column-is-layout-flow\"><div class=\"wp-block-image\">\n<figure class=\"aligncenter size-full is-resized\"><img loading=\"lazy\" decoding=\"async\" width=\"282\" height=\"109\" src=\"https:\/\/actef.es\/wp-content\/uploads\/2025\/08\/PROFE-cat.png\" alt=\"\" class=\"wp-image-4088\" style=\"width:154px;height:auto\"\/><\/figure>\n<\/div>\n\n\n<p class=\"has-text-align-center\"><br>Dirigeix: Mari\u00e0 Gracia i Nerea Fern\u00e1ndez<\/p>\n<\/div>\n\n\n\n<div class=\"wp-block-column is-layout-flow wp-block-column-is-layout-flow\"><div class=\"wp-block-image is-style-default\">\n<figure class=\"aligncenter size-full is-resized\"><img loading=\"lazy\" decoding=\"async\" width=\"282\" height=\"109\" src=\"https:\/\/actef.es\/wp-content\/uploads\/2025\/08\/PREU-cat.png\" alt=\"\" class=\"wp-image-4086\" style=\"width:139px;height:auto\"\/><\/figure>\n<\/div>\n\n\n<p class=\"has-text-align-center\">Consultar en ACTEF<\/p>\n<\/div>\n<\/div>\n\n\n\n<figure class=\"wp-block-image size-full\"><img loading=\"lazy\" decoding=\"async\" width=\"282\" height=\"109\" src=\"https:\/\/actef.es\/wp-content\/uploads\/2025\/08\/Que-es-cat-1.png\" alt=\"\" class=\"wp-image-4084\"\/><\/figure>\n\n\n\n<p>\u00c9s un espai d&#8217;aprenentatge dirigit a enfortir les habilitats i estrat\u00e8gies que permeten als participants millorar el seu rendiment acad\u00e8mic. Aquest tipus de taller busca proporcionar eines i m\u00e8todes efica\u00e7os que facilitin l&#8217;organitzaci\u00f3, comprensi\u00f3 i retenci\u00f3 de la informaci\u00f3, optimitzant el proc\u00e9s d&#8217;estudi.<\/p>\n\n\n\n<p>Aquest taller consisteix en un primer trimestre sessions estructurades on s&#8217;ensenyen i practiquen diferents estrat\u00e8gies per a millorar la capacitat d&#8217;estudi de manera eficient i individualitzada i continuar\u00e0 els seg\u00fcents trimestres amb un acompanyament en els estudis. L&#8217;enfocament est\u00e0 a personalitzar el proc\u00e9s d&#8217;aprenentatge, tenint en compte les necessitats, l&#8217;estil d&#8217;aprenentatge i els objectius de cada persona.<\/p>\n\n\n\n<figure class=\"wp-block-image size-full\"><img loading=\"lazy\" decoding=\"async\" width=\"177\" height=\"73\" src=\"https:\/\/actef.es\/wp-content\/uploads\/2025\/08\/Objetivos.png\" alt=\"\" class=\"wp-image-4092\"\/><\/figure>\n\n\n\n<ul class=\"wp-block-list\">\n<li>Desenvolupar habilitats d&#8217;organitzaci\u00f3 i planificaci\u00f3<\/li>\n\n\n\n<li>Millorar la capacitat de comprensi\u00f3 lectora<\/li>\n\n\n\n<li>Enfortir la retenci\u00f3 de la informaci\u00f3<\/li>\n\n\n\n<li>Fomentar el pensament cr\u00edtic i l&#8217;an\u00e0lisi<\/li>\n\n\n\n<li>Desenvolupar h\u00e0bits d&#8217;estudi saludables i sostenibles<\/li>\n<\/ul>\n\n\n\n<p><\/p>\n\n\n\n<p><\/p>\n\n\n<div class=\"wp-block-image\">\n<figure class=\"aligncenter size-full is-resized\"><img loading=\"lazy\" decoding=\"async\" width=\"280\" height=\"66\" src=\"https:\/\/actef.es\/wp-content\/uploads\/2025\/10\/IWEURIWQ.png\" alt=\"\" class=\"wp-image-4725\" style=\"aspect-ratio:4.244197063003316;width:328px;height:auto\"\/><\/figure>\n<\/div>\n\n<div class=\"wp-block-image\">\n<figure class=\"aligncenter size-full is-resized\"><a href=\"https:\/\/docs.google.com\/forms\/d\/e\/1FAIpQLSckJi74OdEzXVgrNjlJz4AEjnO4kehAQc8ajyO_9as1HdshJQ\/viewform?usp=header\"><img loading=\"lazy\" decoding=\"async\" width=\"782\" height=\"185\" src=\"https:\/\/actef.es\/wp-content\/uploads\/2025\/08\/24-cAT.png\" alt=\"\" class=\"wp-image-4100\" style=\"aspect-ratio:4.2277380722426114;width:342px;height:auto\" srcset=\"https:\/\/actef.es\/wp-content\/uploads\/2025\/08\/24-cAT.png 782w, https:\/\/actef.es\/wp-content\/uploads\/2025\/08\/24-cAT-300x71.png 300w, https:\/\/actef.es\/wp-content\/uploads\/2025\/08\/24-cAT-768x182.png 768w\" sizes=\"auto, (max-width: 782px) 100vw, 782px\" \/><\/a><\/figure>\n<\/div>\n\n\n<hr class=\"wp-block-separator has-text-color has-vivid-cyan-blue-color has-alpha-channel-opacity has-vivid-cyan-blue-background-color has-background is-style-wide\"\/>\n\n\n\n<figure class=\"wp-block-image size-full\"><img loading=\"lazy\" decoding=\"async\" width=\"970\" height=\"250\" src=\"https:\/\/actef.es\/wp-content\/uploads\/2025\/08\/12-CAT.png\" alt=\"\" class=\"wp-image-4053\" srcset=\"https:\/\/actef.es\/wp-content\/uploads\/2025\/08\/12-CAT.png 970w, https:\/\/actef.es\/wp-content\/uploads\/2025\/08\/12-CAT-300x77.png 300w, https:\/\/actef.es\/wp-content\/uploads\/2025\/08\/12-CAT-768x198.png 768w\" sizes=\"auto, (max-width: 970px) 100vw, 970px\" \/><\/figure>\n\n\n\n<hr class=\"wp-block-separator has-text-color has-vivid-cyan-blue-color has-alpha-channel-opacity has-vivid-cyan-blue-background-color has-background is-style-wide\"\/>\n\n\n\n<div class=\"wp-block-columns is-layout-flex wp-container-core-columns-is-layout-9d6595d7 wp-block-columns-is-layout-flex\">\n<div class=\"wp-block-column is-layout-flow wp-block-column-is-layout-flow\"><div class=\"wp-block-image\">\n<figure class=\"aligncenter size-full is-resized\"><img loading=\"lazy\" decoding=\"async\" width=\"282\" height=\"109\" src=\"https:\/\/actef.es\/wp-content\/uploads\/2025\/08\/HORARIO-cat.png\" alt=\"\" class=\"wp-image-4090\" style=\"width:181px;height:auto\"\/><\/figure>\n<\/div>\n\n\n<p class=\"has-text-align-center\">Dissabtes quinzenals<br>de 17.00h&nbsp;a 20.00h<br>Seu de&nbsp;ACTEF<\/p>\n<\/div>\n\n\n\n<div class=\"wp-block-column is-layout-flow wp-block-column-is-layout-flow\"><div class=\"wp-block-image\">\n<figure class=\"aligncenter size-full is-resized\"><img loading=\"lazy\" decoding=\"async\" width=\"282\" height=\"109\" src=\"https:\/\/actef.es\/wp-content\/uploads\/2025\/08\/PROFE-cat.png\" alt=\"\" class=\"wp-image-4088\" style=\"width:134px;height:auto\"\/><\/figure>\n<\/div>\n\n\n<p class=\"has-text-align-center\">Oscar sanchez<\/p>\n\n\n\n<p class=\"has-text-align-center\">Nerea Fern\u00e1ndez<\/p>\n<\/div>\n\n\n\n<div class=\"wp-block-column is-layout-flow wp-block-column-is-layout-flow\"><div class=\"wp-block-image is-style-default\">\n<figure class=\"aligncenter size-full is-resized\"><img loading=\"lazy\" decoding=\"async\" width=\"282\" height=\"109\" src=\"https:\/\/actef.es\/wp-content\/uploads\/2025\/08\/PREU-cat.png\" alt=\"\" class=\"wp-image-4086\" style=\"width:139px;height:auto\"\/><\/figure>\n<\/div>\n\n\n<p class=\"has-text-align-center\">Gratu\u00eft<br>Hi haur\u00e0 activitats que tindran un suplement<\/p>\n\n\n\n<p class=\"has-text-align-center\"><\/p>\n<\/div>\n<\/div>\n\n\n\n<figure class=\"wp-block-image size-full\"><img loading=\"lazy\" decoding=\"async\" width=\"282\" height=\"109\" src=\"https:\/\/actef.es\/wp-content\/uploads\/2025\/08\/Que-es-cat-1.png\" alt=\"\" class=\"wp-image-4084\"\/><\/figure>\n\n\n\n<p>Aquest taller est\u00e0 dissenyat per a adolescents i es dur\u00e0 a terme tots els dissabtes a la tarda al local de&nbsp;ACTEF.<\/p>\n\n\n\n<p>S&#8217;oferiran diversos tallers sobre tem\u00e0tiques diferents amb la finalitat de crear un espai din\u00e0mic, segur i enriquidor on els joves puguin desenvolupar compet\u00e8ncies emocionals, personals i socials. A m\u00e9s, es tractaran temes actuals i rellevants tenint en compte l&#8217;etapa vital en qu\u00e8 es troben.<\/p>\n\n\n\n<p>Per tant, l&#8217;objectiu principal \u00e9s proporcionar un espai segur i enriquidor on els adolescents puguin explorar diverses disciplines, desenvolupar noves habilitats i afavorir el seu creixement personal i social.<\/p>\n\n\n\n<p>Cada dissabte s&#8217;activar\u00e0 un dels tres espais dissenyats especialment per a respondre a les inquietuds i necessitats de els\/as joves.<\/p>\n\n\n\n<ul class=\"wp-block-list\">\n<li>D&#8217;una banda, tenim la <strong>Zebra Explora<\/strong>, on es realitzaran tota una s\u00e8rie d&#8217;activitats relacionades amb la curiositat laboral, acompanyats per professionals de diversos \u00e0mbits. Tamb\u00e9 s&#8217;aprofitar\u00e0 per a fer sortides en grup, conviv\u00e8ncies, viatges i activitats culturals.<\/li>\n\n\n\n<li>A continuaci\u00f3, es presenta la <strong>Zebra\u2019s \u00c0gora<\/strong>, un espai dedicat a la reflexi\u00f3 individual i col\u00b7lectiva, mitjan\u00e7ant tallers de debat i activitats din\u00e0miques de grup, en les quals s&#8217;aprendr\u00e0 a expressar opinions pr\u00f2pies i a escoltar les dels companys.<\/li>\n\n\n\n<li>Finalment, s&#8217;ha creat un espai denominat la <strong>Zebra Zen<\/strong>, que ofereix una oportunitat als perfils m\u00e9s reflexius (o amb superdotaci\u00f3) per a trobar-se entre ells i fomentar l&#8217;autoconeixement de forma m\u00e9s profunda. Aix\u00ed, mitjan\u00e7ant la recerca aut\u00f2noma, les activitats proposades pels professionals i altres recursos, podran comprendre millor el seu funcionament intern (cervell, personalitat, reptes de l&#8217;adolesc\u00e8ncia, conviv\u00e8ncia,\u2026)<\/li>\n<\/ul>\n\n\n\n<figure class=\"wp-block-image size-full\"><img loading=\"lazy\" decoding=\"async\" width=\"177\" height=\"73\" src=\"https:\/\/actef.es\/wp-content\/uploads\/2025\/08\/Objetivos.png\" alt=\"\" class=\"wp-image-4092\"\/><\/figure>\n\n\n\n<ul class=\"wp-block-list\">\n<li>Fomentar una major confian\u00e7a, autonomia i coneixement d\u2019un mateix.<\/li>\n\n\n\n<li>Adquirir noves habilitats en diferents \u00e0mbits.<\/li>\n\n\n\n<li>Promoure la millora de les habilitats socials i de comunicaci\u00f3, l\u2019empatia i la col\u00b7laboraci\u00f3 dins d\u2019un grup.<\/li>\n\n\n\n<li>Crear un espai segur on cada jove se senti valorat i escoltat.<\/li>\n\n\n\n<li>Facilitar un espai de trobada i suport per als joves.<\/li>\n\n\n\n<li>Treballar el treball en equip, el pensament cr\u00edtic i la creativitat.<\/li>\n<\/ul>\n\n\n\n<hr class=\"wp-block-separator has-text-color has-vivid-cyan-blue-color has-alpha-channel-opacity has-vivid-cyan-blue-background-color has-background is-style-wide\"\/>\n\n\n\n<figure class=\"wp-block-gallery has-nested-images columns-3 is-cropped wp-block-gallery-3 is-layout-flex wp-block-gallery-is-layout-flex\">\n<figure class=\"wp-block-image\"><img loading=\"lazy\" decoding=\"async\" width=\"1280\" height=\"960\" data-id=\"3778\" src=\"https:\/\/actef.es\/wp-content\/uploads\/2025\/07\/821b698e-4b25-4457-a1b5-401d8987a976.jpeg\" alt=\"\" class=\"wp-image-3778\" srcset=\"https:\/\/actef.es\/wp-content\/uploads\/2025\/07\/821b698e-4b25-4457-a1b5-401d8987a976.jpeg 1280w, https:\/\/actef.es\/wp-content\/uploads\/2025\/07\/821b698e-4b25-4457-a1b5-401d8987a976-300x225.jpeg 300w, https:\/\/actef.es\/wp-content\/uploads\/2025\/07\/821b698e-4b25-4457-a1b5-401d8987a976-1024x768.jpeg 1024w, https:\/\/actef.es\/wp-content\/uploads\/2025\/07\/821b698e-4b25-4457-a1b5-401d8987a976-768x576.jpeg 768w\" sizes=\"auto, (max-width: 1280px) 100vw, 1280px\" \/><\/figure>\n\n\n\n<figure class=\"wp-block-image\"><img loading=\"lazy\" decoding=\"async\" width=\"2016\" height=\"1512\" data-id=\"3776\" src=\"https:\/\/actef.es\/wp-content\/uploads\/2025\/07\/d25debf9-a95e-4036-9165-7ad17bd281f1.jpeg\" alt=\"\" class=\"wp-image-3776\" srcset=\"https:\/\/actef.es\/wp-content\/uploads\/2025\/07\/d25debf9-a95e-4036-9165-7ad17bd281f1.jpeg 2016w, https:\/\/actef.es\/wp-content\/uploads\/2025\/07\/d25debf9-a95e-4036-9165-7ad17bd281f1-300x225.jpeg 300w, https:\/\/actef.es\/wp-content\/uploads\/2025\/07\/d25debf9-a95e-4036-9165-7ad17bd281f1-1024x768.jpeg 1024w, https:\/\/actef.es\/wp-content\/uploads\/2025\/07\/d25debf9-a95e-4036-9165-7ad17bd281f1-768x576.jpeg 768w, https:\/\/actef.es\/wp-content\/uploads\/2025\/07\/d25debf9-a95e-4036-9165-7ad17bd281f1-1536x1152.jpeg 1536w\" sizes=\"auto, (max-width: 2016px) 100vw, 2016px\" \/><\/figure>\n\n\n\n<figure class=\"wp-block-image\"><img loading=\"lazy\" decoding=\"async\" width=\"1440\" height=\"1440\" data-id=\"4062\" src=\"https:\/\/actef.es\/wp-content\/uploads\/2025\/08\/793efb18-6635-44bf-9e33-0fdcbc90d2e3.jpg\" alt=\"\" class=\"wp-image-4062\" srcset=\"https:\/\/actef.es\/wp-content\/uploads\/2025\/08\/793efb18-6635-44bf-9e33-0fdcbc90d2e3.jpg 1440w, https:\/\/actef.es\/wp-content\/uploads\/2025\/08\/793efb18-6635-44bf-9e33-0fdcbc90d2e3-300x300.jpg 300w, https:\/\/actef.es\/wp-content\/uploads\/2025\/08\/793efb18-6635-44bf-9e33-0fdcbc90d2e3-1024x1024.jpg 1024w, https:\/\/actef.es\/wp-content\/uploads\/2025\/08\/793efb18-6635-44bf-9e33-0fdcbc90d2e3-150x150.jpg 150w, https:\/\/actef.es\/wp-content\/uploads\/2025\/08\/793efb18-6635-44bf-9e33-0fdcbc90d2e3-768x768.jpg 768w\" sizes=\"auto, (max-width: 1440px) 100vw, 1440px\" \/><\/figure>\n<\/figure>\n\n\n<div class=\"wp-block-image\">\n<figure class=\"aligncenter size-full is-resized\"><a href=\"https:\/\/docs.google.com\/forms\/d\/e\/1FAIpQLSckJi74OdEzXVgrNjlJz4AEjnO4kehAQc8ajyO_9as1HdshJQ\/viewform?usp=header\"><img loading=\"lazy\" decoding=\"async\" width=\"782\" height=\"185\" src=\"https:\/\/actef.es\/wp-content\/uploads\/2025\/08\/24-cAT.png\" alt=\"\" class=\"wp-image-4100\" style=\"width:442px;height:auto\" srcset=\"https:\/\/actef.es\/wp-content\/uploads\/2025\/08\/24-cAT.png 782w, https:\/\/actef.es\/wp-content\/uploads\/2025\/08\/24-cAT-300x71.png 300w, https:\/\/actef.es\/wp-content\/uploads\/2025\/08\/24-cAT-768x182.png 768w\" sizes=\"auto, (max-width: 782px) 100vw, 782px\" \/><\/a><\/figure>\n<\/div>\n\n\n<hr class=\"wp-block-separator has-text-color has-vivid-cyan-blue-color has-alpha-channel-opacity has-vivid-cyan-blue-background-color has-background is-style-wide\"\/>\n\n\n\n<blockquote class=\"wp-block-stackable-blockquote stk-block-blockquote stk-block stk-873717d is-style-default\" data-v=\"2\" data-block-id=\"873717d\"><div class=\"has-text-align-left stk-block-blockquote__content stk-container stk-873717d-container stk-hover-parent\"><div class=\"stk-block-content stk-inner-blocks\">\n<div class=\"wp-block-stackable-icon stk-block-icon stk-block stk-99aff3c\" data-block-id=\"99aff3c\"><span class=\"stk--svg-wrapper\"><div class=\"stk--inner-svg\"><svg style=\"height:0;width:0\"><defs><linearGradient id=\"linear-gradient-99aff3c\" x1=\"0\" x2=\"100%\" y1=\"0\" y2=\"0\"><stop offset=\"0%\" style=\"stop-opacity:1;stop-color:var(--linear-gradient-99-aff-3-c-color-1)\"><\/stop><stop offset=\"100%\" style=\"stop-opacity:1;stop-color:var(--linear-gradient-99-aff-3-c-color-2)\"><\/stop><\/linearGradient><\/defs><\/svg><svg xmlns=\"http:\/\/www.w3.org\/2000\/svg\" viewBox=\"0 0 50 50\" aria-hidden=\"true\" width=\"32\" height=\"32\"><path d=\"M19.8 9.3C10.5 11.8 4.6 17 2.1 24.8c2.3-3.6 5.6-5.4 9.9-5.4 3.3 0 6 1.1 8.3 3.3 2.2 2.2 3.4 5 3.4 8.3 0 3.2-1.1 5.8-3.3 8-2.2 2.2-5.1 3.2-8.7 3.2-3.7 0-6.5-1.2-8.6-3.5C1 36.3 0 33.1 0 29 0 18.3 6.5 11.2 19.6 7.9l.2 1.4zm26.4 0C36.9 11.9 31 17 28.5 24.8c2.2-3.6 5.5-5.4 9.8-5.4 3.2 0 6 1.1 8.3 3.2 2.3 2.2 3.4 4.9 3.4 8.3 0 3.1-1.1 5.8-3.3 7.9-2.2 2.2-5.1 3.3-8.6 3.3-3.7 0-6.6-1.1-8.6-3.4-2.1-2.3-3.1-5.5-3.1-9.7 0-10.7 6.6-17.8 19.7-21.1l.1 1.4z\"><\/path><\/svg><\/div><\/span><\/div>\n\n\n\n<div class=\"wp-block-stackable-text stk-block-text stk-block stk-7cc8b2c\" data-block-id=\"7cc8b2c\"><p class=\"stk-block-text__text has-text-align-center\">Cap de nosaltres \u00e9s tan bo com tots nosaltres junts<br>KROC<\/p><\/div>\n<\/div><\/div><\/blockquote>\n\n\n\n<hr class=\"wp-block-separator has-text-color has-vivid-cyan-blue-color has-alpha-channel-opacity has-vivid-cyan-blue-background-color has-background is-style-wide\"\/>\n\n\n\n<figure class=\"wp-block-image size-full\"><img loading=\"lazy\" decoding=\"async\" width=\"970\" height=\"250\" src=\"https:\/\/actef.es\/wp-content\/uploads\/2025\/08\/8-cat.png\" alt=\"\" class=\"wp-image-4125\" srcset=\"https:\/\/actef.es\/wp-content\/uploads\/2025\/08\/8-cat.png 970w, https:\/\/actef.es\/wp-content\/uploads\/2025\/08\/8-cat-300x77.png 300w, https:\/\/actef.es\/wp-content\/uploads\/2025\/08\/8-cat-768x198.png 768w\" sizes=\"auto, (max-width: 970px) 100vw, 970px\" \/><\/figure>\n\n\n\n<hr class=\"wp-block-separator has-text-color has-vivid-cyan-blue-color has-alpha-channel-opacity has-vivid-cyan-blue-background-color has-background is-style-wide\"\/>\n\n\n\n<div class=\"wp-block-columns is-layout-flex wp-container-core-columns-is-layout-9d6595d7 wp-block-columns-is-layout-flex\">\n<div class=\"wp-block-column is-layout-flow wp-block-column-is-layout-flow\"><div class=\"wp-block-image\">\n<figure class=\"aligncenter size-full is-resized\"><img loading=\"lazy\" decoding=\"async\" width=\"282\" height=\"109\" src=\"https:\/\/actef.es\/wp-content\/uploads\/2025\/08\/HORARIO-cat.png\" alt=\"\" class=\"wp-image-4090\" style=\"width:181px;height:auto\"\/><\/figure>\n<\/div>\n\n\n<p class=\"has-text-align-center\">Correo consultanerea@gmail.com<\/p>\n\n\n\n<p class=\"has-text-align-center\">Lunes consulta directa con Nerea de 15 a 17:30 telefono 640 99 63 34<\/p>\n<\/div>\n\n\n\n<div class=\"wp-block-column is-layout-flow wp-block-column-is-layout-flow\"><div class=\"wp-block-image\">\n<figure class=\"aligncenter size-full is-resized\"><img loading=\"lazy\" decoding=\"async\" width=\"282\" height=\"109\" src=\"https:\/\/actef.es\/wp-content\/uploads\/2025\/08\/PROFE-cat.png\" alt=\"\" class=\"wp-image-4088\" style=\"width:172px;height:auto\"\/><\/figure>\n<\/div>\n\n\n<p class=\"has-text-align-center\">Nerea Fern\u00e1ndez<\/p>\n<\/div>\n\n\n\n<div class=\"wp-block-column is-layout-flow wp-block-column-is-layout-flow\"><div class=\"wp-block-image is-style-default\">\n<figure class=\"aligncenter size-full is-resized\"><img loading=\"lazy\" decoding=\"async\" width=\"282\" height=\"109\" src=\"https:\/\/actef.es\/wp-content\/uploads\/2025\/08\/PREU-cat.png\" alt=\"\" class=\"wp-image-4086\" style=\"width:133px;height:auto\"\/><\/figure>\n<\/div>\n\n\n<p class=\"has-text-align-center\">Gratuito<\/p>\n<\/div>\n<\/div>\n\n\n\n<div class=\"wp-block-stackable-subtitle stk-block-subtitle stk-block stk-26b74f0\" data-block-id=\"26b74f0\"><p class=\"stk-block-subtitle__text stk-subtitle has-text-align-center\"><strong>NOVES  PLACES AL CURS 2026\/2027<\/strong><\/p><\/div>\n\n\n\n<figure class=\"wp-block-image size-full\"><img loading=\"lazy\" decoding=\"async\" width=\"282\" height=\"109\" src=\"https:\/\/actef.es\/wp-content\/uploads\/2025\/08\/Que-es-cat-1.png\" alt=\"\" class=\"wp-image-4084\"\/><\/figure>\n\n\n\n<p>El taller es correspon amb una metodologia \u00fanica. Al comen\u00e7ament es desenvolupen t\u00e8cniques de calculo mental per a posteriorment realitzar una construcci\u00f3 axiom\u00e0tica adaptada. Amb la base exposada es procedeix a treballar tem\u00e0ticament els temes claus de la secund\u00e0ria, en cas de dubtes per part de l&#8217;alumnat es recorre a l&#8217;axiom\u00e0tica i a la demostraci\u00f3 matem\u00e0tica. Aquest desenvolupament estructurat dels coneixements matem\u00e0tics permet un tr\u00e0nsit divertit i sense les fronteres.&nbsp;<\/p>\n\n\n\n<p><\/p>\n\n\n\n<figure class=\"wp-block-image size-full\"><img loading=\"lazy\" decoding=\"async\" width=\"177\" height=\"73\" src=\"https:\/\/actef.es\/wp-content\/uploads\/2025\/08\/Objetivos.png\" alt=\"\" class=\"wp-image-4092\"\/><\/figure>\n\n\n\n<p>Realitzar un tractament sistem\u00e0tic i complet de l&#8217;Aritm\u00e8tica elemental, des del c\u00e0lcul mental fins a un tractament algebraic amb realitzaci\u00f3 de demostracions, superant el curr\u00edculum tradicional i permetent una exploraci\u00f3 \u00e0mplia i sistem\u00e0tica de l&#8217;\u00c0lgebra i la seva aplicabilitat en la resoluci\u00f3 de problemes.<\/p>\n\n\n\n<p><\/p>\n\n\n\n<p><\/p>\n\n\n\n<p><strong>APTITUS<\/strong><\/p>\n\n\n\n<ul class=\"wp-block-list\">\n<li>T\u00e8cniques de c\u00e0lcul mental.&nbsp;<\/li>\n\n\n\n<li>Axiomes de l&#8217;Aritm\u00e8tica.&nbsp;<\/li>\n\n\n\n<li>Demostracions.&nbsp;<\/li>\n\n\n\n<li>Resoluci\u00f3 d&#8217;equacions.&nbsp;<\/li>\n\n\n\n<li>Resoluci\u00f3 de problemes.&nbsp;<\/li>\n\n\n\n<li>Aprofundiment en altres branques matem\u00e0tiques a discreci\u00f3 de l&#8217;estudiant.&nbsp;<\/li>\n\n\n\n<li>Es presumeix inter\u00e8s i autonomia.<\/li>\n<\/ul>\n\n\n\n<p><\/p>\n\n\n\n<p><strong>OBSERVACI\u00d3NS<\/strong><\/p>\n\n\n\n<ul class=\"wp-block-list\">\n<li><strong>PER ALS NOUS ALUMNES S&#8217;HAUR\u00c0 DE REALITZAR UNA PROVA DE NIVELL<\/strong> aquesta prova \u00e9s per a formalitzar grups concorde als nivells individuals de cada alumne\/a, mai per a deixar fora a un alumne d&#8217;aquest taller.&nbsp;<\/li>\n\n\n\n<li>Es recomana alumnat amb talent Matem\u00e0tic&nbsp;<\/li>\n\n\n\n<li>\u00c9s necessari un COMPROM\u00cdS de pr\u00e0ctica perqu\u00e8 tot l&#8217;alumnat gaudeixi de l&#8217;activitat.<\/li>\n<\/ul>\n\n\n\n<p><\/p>\n\n\n\n<p><\/p>\n\n\n\n<hr class=\"wp-block-separator has-text-color has-vivid-cyan-blue-color has-alpha-channel-opacity has-vivid-cyan-blue-background-color has-background is-style-wide\"\/>\n\n\n\n<div class=\"wp-block-columns is-layout-flex wp-container-core-columns-is-layout-9d6595d7 wp-block-columns-is-layout-flex\">\n<div class=\"wp-block-column is-layout-flow wp-block-column-is-layout-flow\"><div class=\"wp-block-image\">\n<figure class=\"aligncenter size-full is-resized\"><img loading=\"lazy\" decoding=\"async\" width=\"282\" height=\"109\" src=\"https:\/\/actef.es\/wp-content\/uploads\/2025\/08\/HORARIO-cat.png\" alt=\"\" class=\"wp-image-4090\" style=\"width:181px;height:auto\"\/><\/figure>\n<\/div>\n\n\n<p class=\"has-text-align-center\">Dimars \u2013 Online<br><\/p>\n<\/div>\n\n\n\n<div class=\"wp-block-column is-layout-flow wp-block-column-is-layout-flow\"><div class=\"wp-block-image\">\n<figure class=\"aligncenter size-full is-resized\"><img loading=\"lazy\" decoding=\"async\" width=\"282\" height=\"109\" src=\"https:\/\/actef.es\/wp-content\/uploads\/2025\/08\/PROFE-cat.png\" alt=\"\" class=\"wp-image-4088\" style=\"width:188px;height:auto\"\/><\/figure>\n<\/div>\n\n\n<p class=\"has-text-align-center\">Javier Ruiz G\u00f3mez<\/p>\n<\/div>\n\n\n\n<div class=\"wp-block-column is-layout-flow wp-block-column-is-layout-flow\"><div class=\"wp-block-image is-style-default\">\n<figure class=\"aligncenter size-full is-resized\"><img loading=\"lazy\" decoding=\"async\" width=\"282\" height=\"109\" src=\"https:\/\/actef.es\/wp-content\/uploads\/2025\/08\/PREU-cat.png\" alt=\"\" class=\"wp-image-4086\" style=\"width:166px;height:auto\"\/><\/figure>\n<\/div>\n\n\n<p class=\"has-text-align-center\">Consultar en ACTEF<\/p>\n<\/div>\n<\/div>\n\n\n\n<hr class=\"wp-block-separator has-text-color has-vivid-cyan-blue-color has-alpha-channel-opacity has-vivid-cyan-blue-background-color has-background is-style-wide\"\/>\n\n\n\n<figure class=\"wp-block-embed is-type-video is-provider-youtube wp-block-embed-youtube wp-embed-aspect-16-9 wp-has-aspect-ratio\"><div class=\"wp-block-embed__wrapper\">\n<iframe loading=\"lazy\" title=\"Taller matematicas Javi Ruiz 1\" width=\"1200\" height=\"675\" src=\"https:\/\/www.youtube.com\/embed\/eGZnPxqrjCM?feature=oembed\" frameborder=\"0\" allow=\"accelerometer; autoplay; clipboard-write; encrypted-media; gyroscope; picture-in-picture; web-share\" referrerpolicy=\"strict-origin-when-cross-origin\" allowfullscreen><\/iframe>\n<\/div><\/figure>\n\n\n\n<hr class=\"wp-block-separator has-text-color has-vivid-cyan-blue-color has-alpha-channel-opacity has-vivid-cyan-blue-background-color has-background is-style-wide\"\/>\n\n\n\n<hr class=\"wp-block-separator has-text-color has-vivid-cyan-blue-color has-alpha-channel-opacity has-vivid-cyan-blue-background-color has-background is-style-wide\"\/>\n\n\n\n<blockquote class=\"wp-block-stackable-blockquote stk-block-blockquote stk-block stk-d1c3405 is-style-default\" data-v=\"2\" data-block-id=\"d1c3405\"><div class=\"has-text-align-left stk-block-blockquote__content stk-container stk-d1c3405-container stk-hover-parent\"><div class=\"stk-block-content stk-inner-blocks\">\n<div class=\"wp-block-stackable-icon stk-block-icon stk-block stk-0b19c44\" data-block-id=\"0b19c44\"><span class=\"stk--svg-wrapper\"><div class=\"stk--inner-svg\"><svg style=\"height:0;width:0\"><defs><linearGradient id=\"linear-gradient-0b19c44\" x1=\"0\" x2=\"100%\" y1=\"0\" y2=\"0\"><stop offset=\"0%\" style=\"stop-opacity:1;stop-color:var(--linear-gradient-0-b-19-c-44-color-1)\"><\/stop><stop offset=\"100%\" style=\"stop-opacity:1;stop-color:var(--linear-gradient-0-b-19-c-44-color-2)\"><\/stop><\/linearGradient><\/defs><\/svg><svg xmlns=\"http:\/\/www.w3.org\/2000\/svg\" viewBox=\"0 0 50 50\" aria-hidden=\"true\" width=\"32\" height=\"32\"><path d=\"M19.8 9.3C10.5 11.8 4.6 17 2.1 24.8c2.3-3.6 5.6-5.4 9.9-5.4 3.3 0 6 1.1 8.3 3.3 2.2 2.2 3.4 5 3.4 8.3 0 3.2-1.1 5.8-3.3 8-2.2 2.2-5.1 3.2-8.7 3.2-3.7 0-6.5-1.2-8.6-3.5C1 36.3 0 33.1 0 29 0 18.3 6.5 11.2 19.6 7.9l.2 1.4zm26.4 0C36.9 11.9 31 17 28.5 24.8c2.2-3.6 5.5-5.4 9.8-5.4 3.2 0 6 1.1 8.3 3.2 2.3 2.2 3.4 4.9 3.4 8.3 0 3.1-1.1 5.8-3.3 7.9-2.2 2.2-5.1 3.3-8.6 3.3-3.7 0-6.6-1.1-8.6-3.4-2.1-2.3-3.1-5.5-3.1-9.7 0-10.7 6.6-17.8 19.7-21.1l.1 1.4z\"><\/path><\/svg><\/div><\/span><\/div>\n\n\n\n<div class=\"wp-block-stackable-text stk-block-text stk-block stk-2ff5bbf\" data-block-id=\"2ff5bbf\"><p class=\"stk-block-text__text has-text-align-center\">Sota la pressi\u00f3 de Circuit bending, gaireb\u00e9 tots els dispositius d&#8217;\u00e0udio electr\u00f2nics que existeixen s\u00f3n instruments musicals experimentals, esperant ser descoberts.<br>REED GHAZALA<\/p><\/div>\n<\/div><\/div><\/blockquote>\n\n\n\n<hr class=\"wp-block-separator has-text-color has-vivid-cyan-blue-color has-alpha-channel-opacity has-vivid-cyan-blue-background-color has-background is-style-wide\"\/>\n\n\n\n<figure class=\"wp-block-image size-full\"><img loading=\"lazy\" decoding=\"async\" width=\"2560\" height=\"1816\" src=\"https:\/\/actef.es\/wp-content\/uploads\/2025\/12\/INt-4-cat-scaled.png\" alt=\"\" class=\"wp-image-5822\" srcset=\"https:\/\/actef.es\/wp-content\/uploads\/2025\/12\/INt-4-cat-scaled.png 2560w, https:\/\/actef.es\/wp-content\/uploads\/2025\/12\/INt-4-cat-300x213.png 300w, https:\/\/actef.es\/wp-content\/uploads\/2025\/12\/INt-4-cat-1024x726.png 1024w, https:\/\/actef.es\/wp-content\/uploads\/2025\/12\/INt-4-cat-768x545.png 768w, https:\/\/actef.es\/wp-content\/uploads\/2025\/12\/INt-4-cat-1536x1090.png 1536w, https:\/\/actef.es\/wp-content\/uploads\/2025\/12\/INt-4-cat-2048x1453.png 2048w\" sizes=\"auto, (max-width: 2560px) 100vw, 2560px\" \/><\/figure>\n\n\n\n<hr class=\"wp-block-separator has-text-color has-vivid-cyan-blue-color has-alpha-channel-opacity has-vivid-cyan-blue-background-color has-background is-style-wide\"\/>\n\n\n\n<figure class=\"wp-block-image size-full\" id=\"block-353aa2f9-c0b5-488c-ac9a-a00c426d6ba4\"><img loading=\"lazy\" decoding=\"async\" width=\"282\" height=\"109\" src=\"https:\/\/actef.es\/wp-content\/uploads\/2025\/08\/Que-es-cat-1.png\" alt=\"\" class=\"wp-image-4084\"\/><\/figure>\n\n\n\n<p>Descobreix l&#8217;illa com mai abans. A trav\u00e9s d&#8217;aquestes excursions pensades especialment per a adolescents, explorarem racons m\u00e0gics, paisatges que inspiren i llocs plens d&#8217;hist\u00f2ria i naturalesa. Aquesta experi\u00e8ncia va molt m\u00e9s all\u00e0 d&#8217;una simple sortida: \u00e9s una oportunitat per a desconnectar de les pantalles, sortir de la rutina i reconnectar amb l&#8217;entorn i amb els altres.<\/p>\n\n\n\n<p>En cada recorregut es fomentar\u00e0 la companyonia, la conversa cara a cara i el treball en equip. Ser\u00e0 un espai per a crear records compartits, refor\u00e7ar vincles i gaudir a l&#8217;aire lliure mentre s&#8217;aprenen coses noves sobre el lloc que habitem. Perqu\u00e8 quan sortim de casa i ens deixem sorprendre pel que ens envolta, alguna cosa en nosaltres canvia.<\/p>\n\n\n\n<figure class=\"wp-block-image size-full\" id=\"block-5d66cf7d-0065-407c-9cff-9b6540250027\"><img loading=\"lazy\" decoding=\"async\" width=\"177\" height=\"73\" src=\"https:\/\/actef.es\/wp-content\/uploads\/2025\/08\/Objetivos.png\" alt=\"\" class=\"wp-image-4092\"\/><\/figure>\n\n\n\n<ul class=\"wp-block-list\">\n<li>Fomentar el contacte amb la naturalesa: Explorar entorns naturals de l&#8217;illa per a despertar l&#8217;inter\u00e8s pel medi ambient i el respecte per l&#8217;entorn.<\/li>\n\n\n\n<li>Impulsar les habilitats socials: Promoure la comunicaci\u00f3, l&#8217;empatia i el treball en equip a trav\u00e9s d&#8217;activitats compartides fora de l&#8217;entorn digital.<\/li>\n\n\n\n<li>Reduir l&#8217;\u00fas de pantalles: Facilitar espais lliures de tecnologia que convidin a la desconnexi\u00f3 i a la pres\u00e8ncia plena.<\/li>\n\n\n\n<li>Descobrir llocs emblem\u00e0tics i amagats de l&#8217;illa: Con\u00e8ixer el patrimoni natural i cultural, fomentant el sentit de pertinen\u00e7a i la curiositat.<\/li>\n\n\n\n<li>Estimular el creixement personal: Viure experi\u00e8ncies enriquidores que potenci\u00efn l&#8217;autonomia, l&#8217;autoestima i la presa de decisions saludables.<\/li>\n<\/ul>\n\n\n\n<hr class=\"wp-block-separator has-text-color has-vivid-cyan-blue-color has-alpha-channel-opacity has-vivid-cyan-blue-background-color has-background is-style-wide\"\/>\n\n\n\n<div class=\"wp-block-columns is-layout-flex wp-container-core-columns-is-layout-9d6595d7 wp-block-columns-is-layout-flex\">\n<div class=\"wp-block-column is-layout-flow wp-block-column-is-layout-flow\"><div class=\"wp-block-image\">\n<figure class=\"aligncenter size-full is-resized\"><img loading=\"lazy\" decoding=\"async\" width=\"282\" height=\"109\" src=\"https:\/\/actef.es\/wp-content\/uploads\/2025\/08\/HORARIO-cat.png\" alt=\"\" class=\"wp-image-4090\" style=\"width:181px;height:auto\"\/><\/figure>\n<\/div>\n\n\n<p class=\"has-text-align-center\">Diumenges quinzenals<br>de <em>10h a 13.<\/em>00h<\/p>\n\n\n\n<p>Cada 3 setmanes es demanar\u00e9 a les fam\u00edlies que participin<\/p>\n\n\n\n<p>les dates poden veure&#8217;s alterades pel clima<\/p>\n\n\n\n<p class=\"has-text-align-center\"><strong>Dates 2025:<\/strong><\/p>\n\n\n\n<p class=\"has-text-align-center\">23 de novembre<\/p>\n\n\n\n<p class=\"has-text-align-center\"><strong>Dates 2026:<\/strong><br> 11 de gener<br>15 de febrer<br>8 y 22 de mar\u00e7<br>12 y 26 de abril<br>17 y 31 de maig<\/p>\n<\/div>\n\n\n\n<div class=\"wp-block-column is-layout-flow wp-block-column-is-layout-flow\"><div class=\"wp-block-image\">\n<figure class=\"aligncenter size-full is-resized\"><img loading=\"lazy\" decoding=\"async\" width=\"282\" height=\"109\" src=\"https:\/\/actef.es\/wp-content\/uploads\/2025\/08\/PROFE-cat.png\" alt=\"\" class=\"wp-image-4088\" style=\"width:148px;height:auto\"\/><\/figure>\n<\/div>\n\n\n<p class=\"has-text-align-center\">&nbsp;Oscar S\u00e1nchez<\/p>\n<\/div>\n\n\n\n<div class=\"wp-block-column is-layout-flow wp-block-column-is-layout-flow\"><div class=\"wp-block-image is-style-default\">\n<figure class=\"aligncenter size-full is-resized\"><img loading=\"lazy\" decoding=\"async\" width=\"282\" height=\"109\" src=\"https:\/\/actef.es\/wp-content\/uploads\/2025\/08\/PREU-cat.png\" alt=\"\" class=\"wp-image-4086\" style=\"width:159px;height:auto\"\/><\/figure>\n<\/div>\n\n\n<p class=\"has-text-align-center\">Consultar en ACTEF<\/p>\n<\/div>\n<\/div>\n\n\n<div class=\"wp-block-image\">\n<figure class=\"aligncenter size-full is-resized\"><a href=\"https:\/\/docs.google.com\/forms\/d\/e\/1FAIpQLSckJi74OdEzXVgrNjlJz4AEjnO4kehAQc8ajyO_9as1HdshJQ\/viewform?usp=header\"><img loading=\"lazy\" decoding=\"async\" width=\"782\" height=\"185\" src=\"https:\/\/actef.es\/wp-content\/uploads\/2025\/08\/24-cAT.png\" alt=\"\" class=\"wp-image-4100\" style=\"aspect-ratio:4.227619189956658;width:370px;height:auto\" srcset=\"https:\/\/actef.es\/wp-content\/uploads\/2025\/08\/24-cAT.png 782w, https:\/\/actef.es\/wp-content\/uploads\/2025\/08\/24-cAT-300x71.png 300w, https:\/\/actef.es\/wp-content\/uploads\/2025\/08\/24-cAT-768x182.png 768w\" sizes=\"auto, (max-width: 782px) 100vw, 782px\" \/><\/a><\/figure>\n<\/div>\n\n\n<figure class=\"wp-block-embed is-type-video is-provider-youtube wp-block-embed-youtube wp-embed-aspect-16-9 wp-has-aspect-ratio\"><div class=\"wp-block-embed__wrapper\">\n<iframe loading=\"lazy\" title=\"excursiones\" width=\"1200\" height=\"675\" src=\"https:\/\/www.youtube.com\/embed\/_Yguu3dd5ZI?feature=oembed\" frameborder=\"0\" allow=\"accelerometer; autoplay; clipboard-write; encrypted-media; gyroscope; picture-in-picture; web-share\" referrerpolicy=\"strict-origin-when-cross-origin\" allowfullscreen><\/iframe>\n<\/div><\/figure>\n\n\n\n<p><\/p>\n\n\n\n<hr class=\"wp-block-separator has-text-color has-vivid-cyan-blue-color has-alpha-channel-opacity has-vivid-cyan-blue-background-color has-background is-style-wide\"\/>\n\n\n\n<p>Amb la col\u00b7laboraci\u00f3 de:<\/p>\n\n\n\n<figure class=\"wp-block-gallery has-nested-images columns-default is-cropped wp-block-gallery-4 is-layout-flex wp-block-gallery-is-layout-flex\">\n<figure class=\"wp-block-image size-large\"><img loading=\"lazy\" decoding=\"async\" width=\"275\" height=\"182\" data-id=\"2302\" src=\"https:\/\/actef.es\/wp-content\/uploads\/2024\/02\/SAn-Antonio.png\" alt=\"\" class=\"wp-image-2302\"\/><\/figure>\n\n\n\n<figure class=\"wp-block-image size-medium\"><img loading=\"lazy\" decoding=\"async\" width=\"300\" height=\"200\" data-id=\"1656\" src=\"https:\/\/actef.es\/wp-content\/uploads\/2021\/08\/Santa-elu-trasp.-300x200.png\" alt=\"\" class=\"wp-image-1656\" srcset=\"https:\/\/actef.es\/wp-content\/uploads\/2021\/08\/Santa-elu-trasp.-300x200.png 300w, https:\/\/actef.es\/wp-content\/uploads\/2021\/08\/Santa-elu-trasp.-1024x683.png 1024w, https:\/\/actef.es\/wp-content\/uploads\/2021\/08\/Santa-elu-trasp.-768x512.png 768w, https:\/\/actef.es\/wp-content\/uploads\/2021\/08\/Santa-elu-trasp..png 1500w\" sizes=\"auto, (max-width: 300px) 100vw, 300px\" \/><\/figure>\n\n\n\n<figure class=\"wp-block-image size-medium\"><img loading=\"lazy\" decoding=\"async\" width=\"300\" height=\"163\" data-id=\"132\" src=\"https:\/\/actef.es\/wp-content\/uploads\/2020\/07\/colab_santjosep-300x163.png\" alt=\"\" class=\"wp-image-132\" srcset=\"https:\/\/actef.es\/wp-content\/uploads\/2020\/07\/colab_santjosep-300x163.png 300w, https:\/\/actef.es\/wp-content\/uploads\/2020\/07\/colab_santjosep.png 630w\" sizes=\"auto, (max-width: 300px) 100vw, 300px\" \/><\/figure>\n<\/figure>\n\n\n\n<hr class=\"wp-block-separator has-text-color has-vivid-cyan-blue-color has-alpha-channel-opacity has-vivid-cyan-blue-background-color has-background is-style-wide\"\/>\n\n\n\n<figure class=\"wp-block-gallery has-nested-images columns-default is-cropped wp-block-gallery-5 is-layout-flex wp-block-gallery-is-layout-flex\">\n<figure class=\"wp-block-image size-large\"><img loading=\"lazy\" decoding=\"async\" width=\"1024\" height=\"1024\" data-id=\"4968\" src=\"https:\/\/actef.es\/wp-content\/uploads\/2025\/11\/Promos-1-1-1024x1024.png\" alt=\"\" class=\"wp-image-4968\" srcset=\"https:\/\/actef.es\/wp-content\/uploads\/2025\/11\/Promos-1-1-1024x1024.png 1024w, https:\/\/actef.es\/wp-content\/uploads\/2025\/11\/Promos-1-1-300x300.png 300w, https:\/\/actef.es\/wp-content\/uploads\/2025\/11\/Promos-1-1-150x150.png 150w, https:\/\/actef.es\/wp-content\/uploads\/2025\/11\/Promos-1-1-768x768.png 768w, https:\/\/actef.es\/wp-content\/uploads\/2025\/11\/Promos-1-1-1536x1536.png 1536w, https:\/\/actef.es\/wp-content\/uploads\/2025\/11\/Promos-1-1.png 1890w\" sizes=\"auto, (max-width: 1024px) 100vw, 1024px\" \/><\/figure>\n\n\n\n<figure class=\"wp-block-image size-large\"><img loading=\"lazy\" decoding=\"async\" width=\"1024\" height=\"1024\" data-id=\"4741\" src=\"https:\/\/actef.es\/wp-content\/uploads\/2025\/10\/photo_2025-10-07_16-38-06-1024x1024.jpg\" alt=\"\" class=\"wp-image-4741\" srcset=\"https:\/\/actef.es\/wp-content\/uploads\/2025\/10\/photo_2025-10-07_16-38-06-1024x1024.jpg 1024w, https:\/\/actef.es\/wp-content\/uploads\/2025\/10\/photo_2025-10-07_16-38-06-300x300.jpg 300w, https:\/\/actef.es\/wp-content\/uploads\/2025\/10\/photo_2025-10-07_16-38-06-150x150.jpg 150w, https:\/\/actef.es\/wp-content\/uploads\/2025\/10\/photo_2025-10-07_16-38-06-768x768.jpg 768w, https:\/\/actef.es\/wp-content\/uploads\/2025\/10\/photo_2025-10-07_16-38-06.jpg 1080w\" sizes=\"auto, (max-width: 1024px) 100vw, 1024px\" \/><\/figure>\n\n\n\n<figure class=\"wp-block-image size-large\"><img loading=\"lazy\" decoding=\"async\" width=\"1024\" height=\"1024\" data-id=\"4737\" src=\"https:\/\/actef.es\/wp-content\/uploads\/2025\/10\/photo_2025-09-30_12-13-04-1024x1024.jpg\" alt=\"\" class=\"wp-image-4737\" srcset=\"https:\/\/actef.es\/wp-content\/uploads\/2025\/10\/photo_2025-09-30_12-13-04-1024x1024.jpg 1024w, https:\/\/actef.es\/wp-content\/uploads\/2025\/10\/photo_2025-09-30_12-13-04-300x300.jpg 300w, https:\/\/actef.es\/wp-content\/uploads\/2025\/10\/photo_2025-09-30_12-13-04-150x150.jpg 150w, https:\/\/actef.es\/wp-content\/uploads\/2025\/10\/photo_2025-09-30_12-13-04-768x768.jpg 768w, https:\/\/actef.es\/wp-content\/uploads\/2025\/10\/photo_2025-09-30_12-13-04.jpg 1080w\" sizes=\"auto, (max-width: 1024px) 100vw, 1024px\" \/><\/figure>\n<\/figure>\n\n\n\n<figure class=\"wp-block-gallery has-nested-images columns-default is-cropped wp-block-gallery-6 is-layout-flex wp-block-gallery-is-layout-flex\">\n<figure class=\"wp-block-image size-large\"><img loading=\"lazy\" decoding=\"async\" width=\"576\" height=\"1024\" data-id=\"4832\" src=\"https:\/\/actef.es\/wp-content\/uploads\/2025\/10\/Agendas-576x1024.png\" alt=\"\" class=\"wp-image-4832\" srcset=\"https:\/\/actef.es\/wp-content\/uploads\/2025\/10\/Agendas-576x1024.png 576w, https:\/\/actef.es\/wp-content\/uploads\/2025\/10\/Agendas-169x300.png 169w, https:\/\/actef.es\/wp-content\/uploads\/2025\/10\/Agendas-768x1365.png 768w, https:\/\/actef.es\/wp-content\/uploads\/2025\/10\/Agendas-864x1536.png 864w, https:\/\/actef.es\/wp-content\/uploads\/2025\/10\/Agendas.png 1080w\" sizes=\"auto, (max-width: 576px) 100vw, 576px\" \/><\/figure>\n\n\n\n<figure class=\"wp-block-image size-large\"><img loading=\"lazy\" decoding=\"async\" width=\"576\" height=\"1024\" data-id=\"4739\" src=\"https:\/\/actef.es\/wp-content\/uploads\/2025\/10\/photo_2025-10-02_10-08-11-576x1024.jpg\" alt=\"\" class=\"wp-image-4739\" srcset=\"https:\/\/actef.es\/wp-content\/uploads\/2025\/10\/photo_2025-10-02_10-08-11-576x1024.jpg 576w, https:\/\/actef.es\/wp-content\/uploads\/2025\/10\/photo_2025-10-02_10-08-11-169x300.jpg 169w, https:\/\/actef.es\/wp-content\/uploads\/2025\/10\/photo_2025-10-02_10-08-11.jpg 720w\" sizes=\"auto, (max-width: 576px) 100vw, 576px\" \/><\/figure>\n<\/figure>\n<style class=\"advgb-styles-renderer\">.stk-4011795 {margin-bottom:-7px !important;}.stk-4011795 .stk-block-blockquote__content{align-items:center !important;display:flex !important;}.stk-4eb8ed4 .stk-block-text__text{font-size:35px !important;}@media screen and (max-width: 1023px){.stk-4eb8ed4 .stk-block-text__text{font-size:35px !important;}}.stk-cf8c977 .stk-block-text__text{font-size:35px !important;}@media screen and (max-width: 1023px){.stk-cf8c977 .stk-block-text__text{font-size:35px !important;}}.stk-7cc8b2c .stk-block-text__text{font-size:35px !important;}@media screen and (max-width: 1023px){.stk-7cc8b2c .stk-block-text__text{font-size:35px !important;}}.stk-2ff5bbf .stk-block-text__text{font-size:35px !important;}@media screen and (max-width: 1023px){.stk-2ff5bbf .stk-block-text__text{font-size:35px !important;}}<\/style>","protected":false},"excerpt":{"rendered":"<p>Es tracta d&#8217;un servei ofert per ACTEF on es pret\u00e9n oferir un espai als joves i les seves fam\u00edlies al qual puguin acudir en cas de considerar-se embolicats en una situaci\u00f3 de risc o vulnerabilitat, ja sigui a la llar o en el centre educatiu. Per tant, es planteja com una oportunitat de brindar un &#8230; <a title=\"INTENSAMENT 4: nascuts en 2012-2013\" class=\"read-more\" href=\"https:\/\/actef.es\/web\/intensamente-4-nacidos-en-2013\/?lang=ca\" aria-label=\"Leer m\u00e1s sobre INTENSAMENT 4: nascuts en 2012-2013\">Leer m\u00e1s<\/a><\/p>\n","protected":false},"author":2,"featured_media":5752,"parent":0,"menu_order":0,"comment_status":"closed","ping_status":"closed","template":"","meta":{"advgb_blocks_editor_width":"","advgb_blocks_columns_visual_guide":"","footnotes":""},"class_list":["post-4158","page","type-page","status-publish","has-post-thumbnail"],"featured_image_urls_v2":{"full":["https:\/\/actef.es\/wp-content\/uploads\/2025\/12\/cat-4.png",1455,375,false],"thumbnail":["https:\/\/actef.es\/wp-content\/uploads\/2025\/12\/cat-4-150x150.png",150,150,true],"medium":["https:\/\/actef.es\/wp-content\/uploads\/2025\/12\/cat-4-300x77.png",300,77,true],"medium_large":["https:\/\/actef.es\/wp-content\/uploads\/2025\/12\/cat-4-768x198.png",768,198,true],"large":["https:\/\/actef.es\/wp-content\/uploads\/2025\/12\/cat-4-1024x264.png",1024,264,true],"1536x1536":["https:\/\/actef.es\/wp-content\/uploads\/2025\/12\/cat-4.png",1455,375,false],"2048x2048":["https:\/\/actef.es\/wp-content\/uploads\/2025\/12\/cat-4.png",1455,375,false]},"post_excerpt_stackable_v2":"<p>Es tracta d&#8217;un servei ofert per ACTEF on es pret\u00e9n oferir un espai als joves i les seves fam\u00edlies al qual puguin acudir en cas de considerar-se embolicats en una situaci\u00f3 de risc o vulnerabilitat, ja sigui a la llar o en el centre educatiu. Per tant, es planteja com una oportunitat de brindar un espai segur i confidencial per a l&#8217;orientaci\u00f3 i atenci\u00f3 dels usuaris, amb la intenci\u00f3 de desenvolupar una prevenci\u00f3 sobre conductes de risc i intervenci\u00f3 primerenca en casos de conflictivitat o de victimitzaci\u00f3. Aquest servei es dur\u00e0 a terme per una crimin\u00f2loga especialitzada en intervenci\u00f3 amb&hellip;<\/p>\n","category_list_v2":"","author_info_v2":{"name":"Esperanza Marqu\u00e8s","url":"https:\/\/actef.es\/web\/author\/esperanza\/"},"comments_num_v2":"0 comentarios","coauthors":[],"author_meta":{"author_link":"https:\/\/actef.es\/web\/author\/esperanza\/","display_name":"Esperanza Marqu\u00e8s"},"relative_dates":{"created":"Publicado 2 a\u00f1os hace","modified":"Actualizado 2 meses hace"},"absolute_dates":{"created":"Publicado el 13 septiembre 2024","modified":"Actualizado el 9 marzo 2026"},"absolute_dates_time":{"created":"Publicado el 13 septiembre 2024 20:26","modified":"Actualizado el 9 marzo 2026 11:22"},"featured_img_caption":"","featured_img":"https:\/\/actef.es\/wp-content\/uploads\/2025\/12\/cat-4.png","series_order":"","_links":{"self":[{"href":"https:\/\/actef.es\/web\/wp-json\/wp\/v2\/pages\/4158","targetHints":{"allow":["GET"]}}],"collection":[{"href":"https:\/\/actef.es\/web\/wp-json\/wp\/v2\/pages"}],"about":[{"href":"https:\/\/actef.es\/web\/wp-json\/wp\/v2\/types\/page"}],"author":[{"embeddable":true,"href":"https:\/\/actef.es\/web\/wp-json\/wp\/v2\/users\/2"}],"replies":[{"embeddable":true,"href":"https:\/\/actef.es\/web\/wp-json\/wp\/v2\/comments?post=4158"}],"version-history":[{"count":44,"href":"https:\/\/actef.es\/web\/wp-json\/wp\/v2\/pages\/4158\/revisions"}],"predecessor-version":[{"id":6261,"href":"https:\/\/actef.es\/web\/wp-json\/wp\/v2\/pages\/4158\/revisions\/6261"}],"wp:featuredmedia":[{"embeddable":true,"href":"https:\/\/actef.es\/web\/wp-json\/wp\/v2\/media\/5752"}],"wp:attachment":[{"href":"https:\/\/actef.es\/web\/wp-json\/wp\/v2\/media?parent=4158"}],"curies":[{"name":"wp","href":"https:\/\/api.w.org\/{rel}","templated":true}]}}