{"id":4214,"date":"2024-09-13T20:26:12","date_gmt":"2024-09-13T18:26:12","guid":{"rendered":"https:\/\/actef.es\/web\/?page_id=4214"},"modified":"2026-03-09T11:21:20","modified_gmt":"2026-03-09T09:21:20","slug":"intensamente-5-nacidos-antes-del-2012","status":"publish","type":"page","link":"https:\/\/actef.es\/web\/intensamente-5-nacidos-antes-del-2012\/?lang=ca","title":{"rendered":"INTENSAMENT 5: nascuts abans del 2012"},"content":{"rendered":"\n<figure class=\"wp-block-image size-large\"><img loading=\"lazy\" decoding=\"async\" width=\"1024\" height=\"576\" src=\"https:\/\/actef.es\/wp-content\/uploads\/2025\/12\/Catalan-2-1-1024x576.png\" alt=\"\" class=\"wp-image-5549\" srcset=\"https:\/\/actef.es\/wp-content\/uploads\/2025\/12\/Catalan-2-1-1024x576.png 1024w, https:\/\/actef.es\/wp-content\/uploads\/2025\/12\/Catalan-2-1-300x169.png 300w, https:\/\/actef.es\/wp-content\/uploads\/2025\/12\/Catalan-2-1-768x432.png 768w, https:\/\/actef.es\/wp-content\/uploads\/2025\/12\/Catalan-2-1-1536x864.png 1536w, https:\/\/actef.es\/wp-content\/uploads\/2025\/12\/Catalan-2-1.png 1920w\" sizes=\"auto, (max-width: 1024px) 100vw, 1024px\" \/><\/figure>\n\n\n\n<figure class=\"wp-block-image size-large\"><img loading=\"lazy\" decoding=\"async\" width=\"1024\" height=\"576\" src=\"https:\/\/actef.es\/wp-content\/uploads\/2025\/12\/Catalan-3-1024x576.png\" alt=\"\" class=\"wp-image-5546\" srcset=\"https:\/\/actef.es\/wp-content\/uploads\/2025\/12\/Catalan-3-1024x576.png 1024w, https:\/\/actef.es\/wp-content\/uploads\/2025\/12\/Catalan-3-300x169.png 300w, https:\/\/actef.es\/wp-content\/uploads\/2025\/12\/Catalan-3-768x432.png 768w, https:\/\/actef.es\/wp-content\/uploads\/2025\/12\/Catalan-3-1536x864.png 1536w, https:\/\/actef.es\/wp-content\/uploads\/2025\/12\/Catalan-3.png 1920w\" sizes=\"auto, (max-width: 1024px) 100vw, 1024px\" \/><\/figure>\n\n\n\n<figure class=\"wp-block-image size-full\"><img loading=\"lazy\" decoding=\"async\" width=\"970\" height=\"250\" src=\"https:\/\/actef.es\/wp-content\/uploads\/2025\/08\/SERVEI-V.CAT_.png\" alt=\"\" class=\"wp-image-4179\" srcset=\"https:\/\/actef.es\/wp-content\/uploads\/2025\/08\/SERVEI-V.CAT_.png 970w, https:\/\/actef.es\/wp-content\/uploads\/2025\/08\/SERVEI-V.CAT_-300x77.png 300w, https:\/\/actef.es\/wp-content\/uploads\/2025\/08\/SERVEI-V.CAT_-768x198.png 768w\" sizes=\"auto, (max-width: 970px) 100vw, 970px\" \/><\/figure>\n\n\n\n<figure class=\"wp-block-gallery has-nested-images columns-default is-cropped wp-block-gallery-1 is-layout-flex wp-block-gallery-is-layout-flex\">\n<figure class=\"wp-block-image size-large\"><a href=\"https:\/\/docs.google.com\/forms\/d\/e\/1FAIpQLSfheuQQzPAxxArGUfLNQx2J1oHy20TogWBYsLPNvtm1KUYUkw\/viewform?usp=header\"><img loading=\"lazy\" decoding=\"async\" width=\"940\" height=\"788\" data-id=\"5967\" src=\"https:\/\/actef.es\/wp-content\/uploads\/2026\/02\/1.png\" alt=\"\" class=\"wp-image-5967\" srcset=\"https:\/\/actef.es\/wp-content\/uploads\/2026\/02\/1.png 940w, https:\/\/actef.es\/wp-content\/uploads\/2026\/02\/1-300x251.png 300w, https:\/\/actef.es\/wp-content\/uploads\/2026\/02\/1-768x644.png 768w\" sizes=\"auto, (max-width: 940px) 100vw, 940px\" \/><\/a><\/figure>\n\n\n\n<figure class=\"wp-block-image size-large\"><img loading=\"lazy\" decoding=\"async\" width=\"1024\" height=\"1024\" data-id=\"5979\" src=\"https:\/\/actef.es\/wp-content\/uploads\/2026\/02\/Promos-1024x1024.png\" alt=\"\" class=\"wp-image-5979\" srcset=\"https:\/\/actef.es\/wp-content\/uploads\/2026\/02\/Promos-1024x1024.png 1024w, https:\/\/actef.es\/wp-content\/uploads\/2026\/02\/Promos-300x300.png 300w, https:\/\/actef.es\/wp-content\/uploads\/2026\/02\/Promos-150x150.png 150w, https:\/\/actef.es\/wp-content\/uploads\/2026\/02\/Promos-768x768.png 768w, https:\/\/actef.es\/wp-content\/uploads\/2026\/02\/Promos.png 1080w\" sizes=\"auto, (max-width: 1024px) 100vw, 1024px\" \/><\/figure>\n\n\n\n<figure class=\"wp-block-image size-large\"><img loading=\"lazy\" decoding=\"async\" width=\"1024\" height=\"1024\" data-id=\"5981\" src=\"https:\/\/actef.es\/wp-content\/uploads\/2026\/02\/Promos-1-1024x1024.png\" alt=\"\" class=\"wp-image-5981\" srcset=\"https:\/\/actef.es\/wp-content\/uploads\/2026\/02\/Promos-1-1024x1024.png 1024w, https:\/\/actef.es\/wp-content\/uploads\/2026\/02\/Promos-1-300x300.png 300w, https:\/\/actef.es\/wp-content\/uploads\/2026\/02\/Promos-1-150x150.png 150w, https:\/\/actef.es\/wp-content\/uploads\/2026\/02\/Promos-1-768x768.png 768w, https:\/\/actef.es\/wp-content\/uploads\/2026\/02\/Promos-1.png 1080w\" sizes=\"auto, (max-width: 1024px) 100vw, 1024px\" \/><\/figure>\n<\/figure>\n\n\n\n<figure class=\"wp-block-image size-large\"><img loading=\"lazy\" decoding=\"async\" width=\"1024\" height=\"1024\" src=\"https:\/\/actef.es\/wp-content\/uploads\/2026\/03\/Promos-1024x1024.png\" alt=\"\" class=\"wp-image-6205\" srcset=\"https:\/\/actef.es\/wp-content\/uploads\/2026\/03\/Promos-1024x1024.png 1024w, https:\/\/actef.es\/wp-content\/uploads\/2026\/03\/Promos-300x300.png 300w, https:\/\/actef.es\/wp-content\/uploads\/2026\/03\/Promos-150x150.png 150w, https:\/\/actef.es\/wp-content\/uploads\/2026\/03\/Promos-768x768.png 768w, https:\/\/actef.es\/wp-content\/uploads\/2026\/03\/Promos.png 1080w\" sizes=\"auto, (max-width: 1024px) 100vw, 1024px\" \/><\/figure>\n\n\n<div class=\"wp-block-image\">\n<figure class=\"aligncenter size-large is-resized\"><img loading=\"lazy\" decoding=\"async\" width=\"1024\" height=\"1024\" src=\"https:\/\/actef.es\/wp-content\/uploads\/2026\/03\/Catalan-1024x1024.png\" alt=\"\" class=\"wp-image-6258\" style=\"width:585px;height:auto\" srcset=\"https:\/\/actef.es\/wp-content\/uploads\/2026\/03\/Catalan-1024x1024.png 1024w, https:\/\/actef.es\/wp-content\/uploads\/2026\/03\/Catalan-300x300.png 300w, https:\/\/actef.es\/wp-content\/uploads\/2026\/03\/Catalan-150x150.png 150w, https:\/\/actef.es\/wp-content\/uploads\/2026\/03\/Catalan-768x768.png 768w, https:\/\/actef.es\/wp-content\/uploads\/2026\/03\/Catalan-1536x1536.png 1536w, https:\/\/actef.es\/wp-content\/uploads\/2026\/03\/Catalan.png 1620w\" sizes=\"auto, (max-width: 1024px) 100vw, 1024px\" \/><\/figure>\n<\/div>\n\n\n<div class=\"wp-block-columns is-layout-flex wp-container-core-columns-is-layout-9d6595d7 wp-block-columns-is-layout-flex\">\n<div class=\"wp-block-column is-layout-flow wp-block-column-is-layout-flow\"><div class=\"wp-block-image\">\n<figure class=\"aligncenter size-full is-resized\"><img loading=\"lazy\" decoding=\"async\" width=\"282\" height=\"109\" src=\"https:\/\/actef.es\/wp-content\/uploads\/2025\/08\/HORARIO-cat.png\" alt=\"\" class=\"wp-image-4090\" style=\"width:181px;height:auto\"\/><\/figure>\n<\/div>\n\n\n<p class=\"has-text-align-center\">Correo consultanerea@gmail.com<\/p>\n\n\n\n<p class=\"has-text-align-center\">Dilluns consulta directa amb Nerea de 15 a 17:30 telefon 640 99 63 34<\/p>\n<\/div>\n\n\n\n<div class=\"wp-block-column is-layout-flow wp-block-column-is-layout-flow\"><div class=\"wp-block-image\">\n<figure class=\"aligncenter size-full is-resized\"><img loading=\"lazy\" decoding=\"async\" width=\"282\" height=\"109\" src=\"https:\/\/actef.es\/wp-content\/uploads\/2025\/08\/PROFE-cat.png\" alt=\"\" class=\"wp-image-4088\" style=\"width:174px;height:auto\"\/><\/figure>\n<\/div>\n\n\n<p class=\"has-text-align-center\">Nerea Fern\u00e1ndez<\/p>\n<\/div>\n\n\n\n<div class=\"wp-block-column is-layout-flow wp-block-column-is-layout-flow\"><div class=\"wp-block-image is-style-default\">\n<figure class=\"aligncenter size-full is-resized\"><img loading=\"lazy\" decoding=\"async\" width=\"282\" height=\"109\" src=\"https:\/\/actef.es\/wp-content\/uploads\/2025\/08\/PREU-cat.png\" alt=\"\" class=\"wp-image-4086\" style=\"width:157px;height:auto\"\/><\/figure>\n<\/div>\n\n\n<p class=\"has-text-align-center\">Gratuit<\/p>\n<\/div>\n<\/div>\n\n\n\n<figure class=\"wp-block-image size-full\"><img loading=\"lazy\" decoding=\"async\" width=\"282\" height=\"109\" src=\"https:\/\/actef.es\/wp-content\/uploads\/2025\/08\/Que-es-cat-1.png\" alt=\"\" class=\"wp-image-4084\"\/><\/figure>\n\n\n<p>Es tracta d&#8217;un servei ofert per ACTEF on es pret\u00e9n oferir un espai als joves i les seves fam\u00edlies al qual puguin acudir en cas de considerar-se embolicats en una situaci\u00f3 de risc o vulnerabilitat, ja sigui a la llar o en el centre educatiu. Per tant, es planteja com una oportunitat de brindar un espai segur i confidencial per a l&#8217;orientaci\u00f3 i atenci\u00f3 dels usuaris, amb la intenci\u00f3 de desenvolupar una prevenci\u00f3 sobre conductes de risc i intervenci\u00f3 primerenca en casos de conflictivitat o de victimitzaci\u00f3.<\/p>\n<p>Aquest servei es dur\u00e0 a terme per una crimin\u00f2loga especialitzada en intervenci\u00f3 amb menors i delinq\u00fc\u00e8ncia juvenil, mostrant disponibilitat per via telef\u00f2nica o correu electr\u00f2nic. A trav\u00e9s d&#8217;aquest canal, els usuaris podran expressar les seves inquietuds, rebre assessorament i ser escoltats en un entorn segur i des de l&#8217;empatia.<\/p>\n<p>Aix\u00ed mateix, aquells casos que presentin una major gravetat, seran valorats i llocs a disposici\u00f3 directa amb el departament de psicologia, amb l&#8217;objectiu de dur a terme una intervenci\u00f3 m\u00e9s espec\u00edfic.<\/p>\n<p><strong>Dirigit:<\/strong> Als joves i les seves fam\u00edlies<\/p>\n<p><strong>Metodologia:<\/strong>\u00a0Es dur\u00e0 a terme per mitj\u00e0 d&#8217;una atenci\u00f3 personalitzada i confidencial, a trav\u00e9s de trucada telef\u00f2nica o correu electr\u00f2nic. S&#8217;avaluar\u00e0 cada cas de manera individual i es proporcionaran eines inicials. Es faran seguiments de cas i acompanyament. Finalment, si fos necessari, es derivaria a l&#8217;\u00e0rea de psicologia.<\/p>\n\n\n<figure class=\"wp-block-image size-full\"><img loading=\"lazy\" decoding=\"async\" width=\"177\" height=\"73\" src=\"https:\/\/actef.es\/wp-content\/uploads\/2025\/08\/Objetivos.png\" alt=\"\" class=\"wp-image-4092\"\/><\/figure>\n\n\n\n<ul class=\"wp-block-list\">\n<li>Atendre als joves i fam\u00edlies en situaci\u00f3 de conflicte o vulnerabilitat<\/li>\n\n\n\n<li>Oferir un espai d&#8217;escolta i assessorament<\/li>\n\n\n\n<li>Orientar les fam\u00edlies en la gesti\u00f3 de problem\u00e0tiques juvenils<\/li>\n<\/ul>\n\n\n\n<hr class=\"wp-block-separator has-text-color has-vivid-cyan-blue-color has-alpha-channel-opacity has-vivid-cyan-blue-background-color has-background is-style-wide\"\/>\n\n\n\n<figure class=\"wp-block-image size-full\"><img loading=\"lazy\" decoding=\"async\" width=\"940\" height=\"788\" src=\"https:\/\/actef.es\/wp-content\/uploads\/2026\/02\/Anuncio-talleres-1.png\" alt=\"\" class=\"wp-image-5926\" srcset=\"https:\/\/actef.es\/wp-content\/uploads\/2026\/02\/Anuncio-talleres-1.png 940w, https:\/\/actef.es\/wp-content\/uploads\/2026\/02\/Anuncio-talleres-1-300x251.png 300w, https:\/\/actef.es\/wp-content\/uploads\/2026\/02\/Anuncio-talleres-1-768x644.png 768w\" sizes=\"auto, (max-width: 940px) 100vw, 940px\" \/><\/figure>\n\n\n<div class=\"wp-block-image\">\n<figure class=\"aligncenter size-full is-resized\"><a href=\"https:\/\/docs.google.com\/forms\/d\/e\/1FAIpQLSckJi74OdEzXVgrNjlJz4AEjnO4kehAQc8ajyO_9as1HdshJQ\/viewform?usp=header\"><img loading=\"lazy\" decoding=\"async\" width=\"782\" height=\"185\" src=\"https:\/\/actef.es\/wp-content\/uploads\/2025\/08\/24-cAT.png\" alt=\"\" class=\"wp-image-4100\" style=\"width:390px;height:auto\" srcset=\"https:\/\/actef.es\/wp-content\/uploads\/2025\/08\/24-cAT.png 782w, https:\/\/actef.es\/wp-content\/uploads\/2025\/08\/24-cAT-300x71.png 300w, https:\/\/actef.es\/wp-content\/uploads\/2025\/08\/24-cAT-768x182.png 768w\" sizes=\"auto, (max-width: 782px) 100vw, 782px\" \/><\/a><\/figure>\n<\/div>\n\n\n<hr class=\"wp-block-separator has-text-color has-vivid-cyan-blue-color has-alpha-channel-opacity has-vivid-cyan-blue-background-color has-background is-style-wide\"\/>\n\n\n\n<figure class=\"wp-block-image size-full\"><img loading=\"lazy\" decoding=\"async\" width=\"970\" height=\"250\" src=\"https:\/\/actef.es\/wp-content\/uploads\/2025\/12\/ROBOTICA.png\" alt=\"\" class=\"wp-image-5565\" srcset=\"https:\/\/actef.es\/wp-content\/uploads\/2025\/12\/ROBOTICA.png 970w, https:\/\/actef.es\/wp-content\/uploads\/2025\/12\/ROBOTICA-300x77.png 300w, https:\/\/actef.es\/wp-content\/uploads\/2025\/12\/ROBOTICA-768x198.png 768w\" sizes=\"auto, (max-width: 970px) 100vw, 970px\" \/><\/figure>\n\n\n\n<hr class=\"wp-block-separator has-text-color has-vivid-cyan-blue-color has-alpha-channel-opacity has-vivid-cyan-blue-background-color has-background is-style-wide\"\/>\n\n\n\n<div class=\"wp-block-columns is-layout-flex wp-container-core-columns-is-layout-9d6595d7 wp-block-columns-is-layout-flex\">\n<div class=\"wp-block-column is-layout-flow wp-block-column-is-layout-flow\"><div class=\"wp-block-image\">\n<figure class=\"aligncenter size-full is-resized\"><img loading=\"lazy\" decoding=\"async\" width=\"282\" height=\"109\" src=\"https:\/\/actef.es\/wp-content\/uploads\/2025\/08\/HORARIO-cat.png\" alt=\"\" class=\"wp-image-4090\" style=\"width:181px;height:auto\"\/><\/figure>\n<\/div>\n\n\n<p class=\"has-text-align-center\"><strong><br>Dissabtes quinzenals<\/strong><br>de 10.00h a 12.00h<\/p>\n\n\n\n<p class=\"has-text-align-center\">Colegi Guillem de Montgr\u00ed<\/p>\n\n\n\n<p class=\"has-text-align-center\"><strong>Dades 2026:<\/strong><br>24 de gener<br>7 y 21 de febrer<br>14 y 28 de mar\u00e7<\/p>\n<\/div>\n\n\n\n<div class=\"wp-block-column is-layout-flow wp-block-column-is-layout-flow\"><div class=\"wp-block-image\">\n<figure class=\"aligncenter size-full is-resized\"><img loading=\"lazy\" decoding=\"async\" width=\"282\" height=\"109\" src=\"https:\/\/actef.es\/wp-content\/uploads\/2025\/08\/PROFE-cat.png\" alt=\"\" class=\"wp-image-4088\" style=\"width:188px;height:auto\"\/><\/figure>\n<\/div>\n\n\n<p class=\"has-text-align-center\">Steve Fern\u00e1ndez de Evilnoisyelectronics<\/p>\n\n\n\n<p><\/p>\n\n\n\n<p class=\"has-text-align-center\"><strong>Recomanat fins a 2 de l&#8217;ESO<\/strong><\/p>\n<\/div>\n\n\n\n<div class=\"wp-block-column is-layout-flow wp-block-column-is-layout-flow\"><div class=\"wp-block-image is-style-default\">\n<figure class=\"aligncenter size-full is-resized\"><img loading=\"lazy\" decoding=\"async\" width=\"282\" height=\"109\" src=\"https:\/\/actef.es\/wp-content\/uploads\/2025\/08\/PREU-cat.png\" alt=\"\" class=\"wp-image-4086\" style=\"width:173px;height:auto\"\/><\/figure>\n<\/div>\n\n\n<p class=\"has-text-align-center\">Consultar en ACTEF<\/p>\n<\/div>\n<\/div>\n\n\n\n<figure class=\"wp-block-image size-full\"><img loading=\"lazy\" decoding=\"async\" width=\"282\" height=\"109\" src=\"https:\/\/actef.es\/wp-content\/uploads\/2025\/08\/Que-es-cat-1.png\" alt=\"\" class=\"wp-image-4084\"\/><\/figure>\n\n\n<p style=\"text-align: justify;\">En este curso se explorar\u00e1n diferentes formas de generar y alterar sonidos por medio de la creaci\u00f3n de dispositivos sonoros e instrumentos musicales de car\u00e1cter experimental, de esta forma el alumno se introducir\u00e1 en el mundo de la electr\u00f3nica y se adquirir\u00e1n conocimientos b\u00e1sicos en la materia de un modo divertido y practico (que es una PCB, reconocer componentes de un circuito el\u00e9ctrico, soldado de componentes con esta\u00f1o, ETC) \u2026<\/p>\n<p style=\"text-align: justify;\">A lo largo del curso los introduciremos en distintas disciplinas dentro de la creaci\u00f3n de instrumentos sonoros como son el CircuitBending, el mundo del sintetizador DIY, la programaci\u00f3n con PureData, o la construcci\u00f3n de efectos de sonido con los que poder procesar instrumentos m\u00e1s tradicionales, de esta forma se pretende promover la curiosidad como motor para la adquisici\u00f3n de conocimientos y se fomenta el pensamiento creativo para la resoluci\u00f3n de problemas.<\/p>\n\n\n<p><strong>Recomanat fins a 2n de l&#8217;ESO<\/strong><\/p>\n\n\n\n<p><\/p>\n\n\n\n<figure class=\"wp-block-image size-full\"><img loading=\"lazy\" decoding=\"async\" width=\"177\" height=\"73\" src=\"https:\/\/actef.es\/wp-content\/uploads\/2025\/08\/Objetivos.png\" alt=\"\" class=\"wp-image-4092\"\/><\/figure>\n\n\n\n<ul class=\"wp-block-list\">\n<li>Favorecer el ocio educativo<\/li>\n\n\n\n<li>Fomentar la actividad en grupo y poner en contacto personas con similares&nbsp;<\/li>\n\n\n\n<li>Adquirir nociones b\u00e1sicas para poder seguir desarroll\u00e1ndose y explorando por su cuenta<\/li>\n\n\n\n<li>Desarrollar Habilidades Pr\u00e1cticas en Electr\u00f3nica B\u00e1sica<\/li>\n\n\n\n<li>Estimular la Creatividad y Experimentaci\u00f3n<\/li>\n\n\n\n<li>Creaci\u00f3n de Instrumentos Experimentales<br><br><br><\/li>\n<\/ul>\n\n\n\n<hr class=\"wp-block-separator has-text-color has-vivid-cyan-blue-color has-alpha-channel-opacity has-vivid-cyan-blue-background-color has-background is-style-wide\"\/>\n\n\n<div class=\"wp-block-image\">\n<figure class=\"aligncenter size-full is-resized\"><a href=\"https:\/\/docs.google.com\/forms\/d\/e\/1FAIpQLSckJi74OdEzXVgrNjlJz4AEjnO4kehAQc8ajyO_9as1HdshJQ\/viewform?usp=header\"><img loading=\"lazy\" decoding=\"async\" width=\"782\" height=\"185\" src=\"https:\/\/actef.es\/wp-content\/uploads\/2025\/08\/24-cAT.png\" alt=\"\" class=\"wp-image-4100\" style=\"width:390px;height:auto\" srcset=\"https:\/\/actef.es\/wp-content\/uploads\/2025\/08\/24-cAT.png 782w, https:\/\/actef.es\/wp-content\/uploads\/2025\/08\/24-cAT-300x71.png 300w, https:\/\/actef.es\/wp-content\/uploads\/2025\/08\/24-cAT-768x182.png 768w\" sizes=\"auto, (max-width: 782px) 100vw, 782px\" \/><\/a><\/figure>\n<\/div>\n\n\n<hr class=\"wp-block-separator has-text-color has-vivid-cyan-blue-color has-alpha-channel-opacity has-vivid-cyan-blue-background-color has-background is-style-wide\"\/>\n\n\n\n<figure class=\"wp-block-image size-full\"><img loading=\"lazy\" decoding=\"async\" width=\"210\" height=\"38\" src=\"https:\/\/actef.es\/wp-content\/uploads\/2024\/09\/observaciones-1.png\" alt=\"\" class=\"wp-image-2692\"\/><\/figure>\n\n\n\n<p><strong>RECOMANAT FINS A 2N DE L\u00b4ESO<\/strong><\/p>\n\n\n\n<p><strong>EN ALGUNES SESSIONS ES NECESSITAR\u00c0 UN ORDINADOR PORT\u00c0TIL<\/strong><\/p>\n\n\n\n<p><\/p>\n\n\n\n<hr class=\"wp-block-separator has-text-color has-vivid-cyan-blue-color has-alpha-channel-opacity has-vivid-cyan-blue-background-color has-background is-style-wide\"\/>\n\n\n\n<figure class=\"wp-block-embed is-type-video is-provider-youtube wp-block-embed-youtube wp-embed-aspect-16-9 wp-has-aspect-ratio\"><div class=\"wp-block-embed__wrapper\">\n<iframe loading=\"lazy\" title=\"Circuit Bending\" width=\"1200\" height=\"675\" src=\"https:\/\/www.youtube.com\/embed\/Z3ZYf3QgJ74?feature=oembed\" frameborder=\"0\" allow=\"accelerometer; autoplay; clipboard-write; encrypted-media; gyroscope; picture-in-picture; web-share\" referrerpolicy=\"strict-origin-when-cross-origin\" allowfullscreen><\/iframe>\n<\/div><\/figure>\n\n\n<div class=\"wp-block-image\">\n<figure class=\"aligncenter size-full is-resized\"><a href=\"https:\/\/docs.google.com\/forms\/d\/e\/1FAIpQLSckJi74OdEzXVgrNjlJz4AEjnO4kehAQc8ajyO_9as1HdshJQ\/viewform?usp=header\"><img loading=\"lazy\" decoding=\"async\" width=\"782\" height=\"185\" src=\"https:\/\/actef.es\/wp-content\/uploads\/2025\/08\/24-cAT.png\" alt=\"\" class=\"wp-image-4100\" style=\"width:332px;height:auto\" srcset=\"https:\/\/actef.es\/wp-content\/uploads\/2025\/08\/24-cAT.png 782w, https:\/\/actef.es\/wp-content\/uploads\/2025\/08\/24-cAT-300x71.png 300w, https:\/\/actef.es\/wp-content\/uploads\/2025\/08\/24-cAT-768x182.png 768w\" sizes=\"auto, (max-width: 782px) 100vw, 782px\" \/><\/a><\/figure>\n<\/div>\n\n\n<hr class=\"wp-block-separator has-text-color has-vivid-cyan-blue-color has-alpha-channel-opacity has-vivid-cyan-blue-background-color has-background is-style-wide\"\/>\n\n\n\n<div class=\"wp-block-stackable-text stk-block-text stk-block stk-cf8c977\" data-block-id=\"cf8c977\"><p class=\"stk-block-text__text has-text-align-center\">\u00abSota la pressi\u00f3 de&nbsp;Circuit&nbsp;bending, gaireb\u00e9 tots els dispositius d&#8217;\u00e0udio electr\u00f2nics que existeixen, s\u00f3n instruments musicals experimentals, esperant ser descoberts.\u00bb<br>REED GHAZALA<\/p><\/div>\n\n\n\n<hr class=\"wp-block-separator has-text-color has-vivid-cyan-blue-color has-alpha-channel-opacity has-vivid-cyan-blue-background-color has-background is-style-wide\"\/>\n\n\n\n<figure class=\"wp-block-image size-full\"><img loading=\"lazy\" decoding=\"async\" width=\"970\" height=\"250\" src=\"https:\/\/actef.es\/wp-content\/uploads\/2025\/08\/122-1CAT.png\" alt=\"\" class=\"wp-image-4114\" srcset=\"https:\/\/actef.es\/wp-content\/uploads\/2025\/08\/122-1CAT.png 970w, https:\/\/actef.es\/wp-content\/uploads\/2025\/08\/122-1CAT-300x77.png 300w, https:\/\/actef.es\/wp-content\/uploads\/2025\/08\/122-1CAT-768x198.png 768w\" sizes=\"auto, (max-width: 970px) 100vw, 970px\" \/><\/figure>\n\n\n\n<hr class=\"wp-block-separator has-text-color has-vivid-cyan-blue-color has-alpha-channel-opacity has-vivid-cyan-blue-background-color has-background is-style-wide\"\/>\n\n\n\n<figure class=\"wp-block-image size-full\"><img loading=\"lazy\" decoding=\"async\" width=\"123\" height=\"45\" src=\"https:\/\/actef.es\/wp-content\/uploads\/2024\/09\/que-es.png\" alt=\"\" class=\"wp-image-2618\"\/><\/figure>\n\n\n\n<div class=\"wp-block-columns is-layout-flex wp-container-core-columns-is-layout-9d6595d7 wp-block-columns-is-layout-flex\">\n<div class=\"wp-block-column is-layout-flow wp-block-column-is-layout-flow\"><div class=\"wp-block-image\">\n<figure class=\"aligncenter size-full is-resized\"><img loading=\"lazy\" decoding=\"async\" width=\"282\" height=\"109\" src=\"https:\/\/actef.es\/wp-content\/uploads\/2025\/08\/HORARIO-cat.png\" alt=\"\" class=\"wp-image-4090\" style=\"width:181px;height:auto\"\/><\/figure>\n<\/div>\n\n\n<p class=\"has-text-align-center\">Dissabtes quinzenals<br>de 11.30h a 12.30h<\/p>\n\n\n\n<p class=\"has-text-align-center\"><\/p>\n\n\n\n<p class=\"has-text-align-center\">Col\u00b7legi Guillem de Montgr\u00ed<\/p>\n\n\n\n<p class=\"has-text-align-center\"><strong>Dates 2026:<\/strong><br>10 y 31 de enero<br>14 de febrero<br>7 y 21 de marzo<br>18 de abril<br>9 y 23 de mayo<\/p>\n<\/div>\n\n\n\n<div class=\"wp-block-column is-layout-flow wp-block-column-is-layout-flow\"><div class=\"wp-block-image\">\n<figure class=\"aligncenter size-full is-resized\"><img loading=\"lazy\" decoding=\"async\" width=\"282\" height=\"109\" src=\"https:\/\/actef.es\/wp-content\/uploads\/2025\/08\/PROFE-cat.png\" alt=\"\" class=\"wp-image-4088\" style=\"width:172px;height:auto\"\/><\/figure>\n<\/div>\n\n\n<p class=\"has-text-align-center\">Rosa Mar\u00eda Vallejo Climent<\/p>\n<\/div>\n\n\n\n<div class=\"wp-block-column is-layout-flow wp-block-column-is-layout-flow\"><div class=\"wp-block-image is-style-default\">\n<figure class=\"aligncenter size-full is-resized\"><img loading=\"lazy\" decoding=\"async\" width=\"282\" height=\"109\" src=\"https:\/\/actef.es\/wp-content\/uploads\/2025\/08\/PREU-cat.png\" alt=\"\" class=\"wp-image-4086\" style=\"width:153px;height:auto\"\/><\/figure>\n<\/div>\n\n\n<p class=\"has-text-align-center\">Consultar en ACTEF<\/p>\n<\/div>\n<\/div>\n\n\n<p><strong>Taller de cant: expressa\u2019t, connecta i gaudeix amb la m\u00fasica!<\/strong><\/p>\n<p>Cantar \u00e9s molt m\u00e9s que fer m\u00fasica\u2014\u00e9s una manera de mostrar qui ets, de sentir-te millor i de connectar amb els altres.<\/p>\n<p>En aquest taller descobrir\u00e0s com el cant pot ajudar-te a expressar emocions, reduir l\u2019estr\u00e8s i augmentar la teva autoestima. A m\u00e9s, millorar\u00e0s la teva t\u00e8cnica vocal, aprendr\u00e0s a respirar millor i cuidar\u00e0s del teu cos mentre et diverteixes.<\/p>\n<p>Cantar en grup crea vincles, fomenta la col\u00b7laboraci\u00f3 i et fa sentir part d\u2019un equip. Cada sessi\u00f3 \u00e9s una oportunitat per compartir, aprendre i cr\u00e9ixer junts.<\/p>\n<p>No cal tenir experi\u00e8ncia\u2014nom\u00e9s ganes de cantar i passar-ho b\u00e9!<\/p>\n<p><em>Vine al taller i descobreix com la teva veu pot transformar-te. El teu ritme, la teva emoci\u00f3, la teva m\u00fasica!<\/em><\/p>\n\n\n<figure class=\"wp-block-image size-full\"><img loading=\"lazy\" decoding=\"async\" width=\"177\" height=\"73\" src=\"https:\/\/actef.es\/wp-content\/uploads\/2025\/08\/Objetivos.png\" alt=\"\" class=\"wp-image-4092\"\/><\/figure>\n\n\n\n<ul class=\"wp-block-list\">\n<li>Fomentar l&#8217;expressi\u00f3 emocional: Facilitar que els participants canalitzen i expressen les seues emocions a trav\u00e9s de la m\u00fasica i la interpretaci\u00f3 vocal.<\/li>\n\n\n\n<li>Millorar les habilitats socials: Promoure la comunicaci\u00f3, la col\u00b7laboraci\u00f3 i el treball en equip entre els participants mitjan\u00e7ant din\u00e0miques grupals de cant.<\/li>\n\n\n\n<li>Impulsar el benestar emocional i mental: Utilitzar el cant per a reduir l&#8217;estr\u00e9s, enfortir l&#8217;autoestima i millorar l&#8217;estat d&#8217;\u00e0nim general.<\/li>\n\n\n\n<li>Desenvolupar capacitats musicals: Potenciar la t\u00e8cnica vocal, l&#8217;o\u00efda musical i l&#8217;apreciaci\u00f3 art\u00edstica en un entorn participatiu.<\/li>\n\n\n\n<li>Enfortir el vincle social: Crear espais de connexi\u00f3 i suport mutu entre els participants a trav\u00e9s d&#8217;experi\u00e8ncies compartides en el cant.<\/li>\n<\/ul>\n\n\n<div class=\"wp-block-image\">\n<figure class=\"aligncenter size-full is-resized\"><a href=\"https:\/\/docs.google.com\/forms\/d\/e\/1FAIpQLSckJi74OdEzXVgrNjlJz4AEjnO4kehAQc8ajyO_9as1HdshJQ\/viewform?usp=header\"><img loading=\"lazy\" decoding=\"async\" width=\"782\" height=\"185\" src=\"https:\/\/actef.es\/wp-content\/uploads\/2025\/08\/24-cAT.png\" alt=\"\" class=\"wp-image-4100\" style=\"width:346px;height:auto\" srcset=\"https:\/\/actef.es\/wp-content\/uploads\/2025\/08\/24-cAT.png 782w, https:\/\/actef.es\/wp-content\/uploads\/2025\/08\/24-cAT-300x71.png 300w, https:\/\/actef.es\/wp-content\/uploads\/2025\/08\/24-cAT-768x182.png 768w\" sizes=\"auto, (max-width: 782px) 100vw, 782px\" \/><\/a><\/figure>\n<\/div>\n\n\n<hr class=\"wp-block-separator has-text-color has-vivid-cyan-blue-color has-alpha-channel-opacity has-vivid-cyan-blue-background-color has-background is-style-wide\"\/>\n\n\n\n<figure class=\"wp-block-image size-full\"><img loading=\"lazy\" decoding=\"async\" width=\"970\" height=\"250\" src=\"https:\/\/actef.es\/wp-content\/uploads\/2025\/08\/12-CAT.png\" alt=\"\" class=\"wp-image-4053\" srcset=\"https:\/\/actef.es\/wp-content\/uploads\/2025\/08\/12-CAT.png 970w, https:\/\/actef.es\/wp-content\/uploads\/2025\/08\/12-CAT-300x77.png 300w, https:\/\/actef.es\/wp-content\/uploads\/2025\/08\/12-CAT-768x198.png 768w\" sizes=\"auto, (max-width: 970px) 100vw, 970px\" \/><\/figure>\n\n\n\n<hr class=\"wp-block-separator has-text-color has-vivid-cyan-blue-color has-alpha-channel-opacity has-vivid-cyan-blue-background-color has-background is-style-wide\"\/>\n\n\n\n<figure class=\"wp-block-image size-full\"><img loading=\"lazy\" decoding=\"async\" width=\"282\" height=\"109\" src=\"https:\/\/actef.es\/wp-content\/uploads\/2025\/08\/Que-es-cat-1.png\" alt=\"\" class=\"wp-image-4084\"\/><\/figure>\n\n\n\n<p>Este taller est\u00e0 dissenyat per adolescents i es dur\u00e0 a terme dissabtes a la tarda al local d&#8217;ACTEF.<\/p>\n\n\n\n<p>S\u2019oferiran diversos tallers tem\u00e0tics amb la finalitat de crear un espai din\u00e0mic, segur i enriquidor, on els joves puguin desenvolupar compet\u00e8ncies emocionals, personals i socials. A m\u00e9s, es tractaran temes actuals i rellevants tenint en compte l\u2019etapa vital en qu\u00e8 es troben.<\/p>\n\n\n\n<p>Per tant, l\u2019objectiu principal \u00e9s proporcionar un espai segur i enriquidor on els adolescents puguin explorar diverses disciplines, desenvolupar noves habilitats i afavorir el seu creixement personal i social.<\/p>\n\n\n\n<p>Cada dissabte s\u2019activar\u00e0 un dels tres espais dissenyats especialment per respondre a les inquietuds i necessitats dels\/les joves.<\/p>\n\n\n\n<ul class=\"wp-block-list\">\n<li>Per uns banda, tenim la <strong>Zebra Explora<\/strong>, on es realitzaran tata una s\u00e8rie d&#8217;activitats relacionades amb la curiositat laboral, acompanyats per profesionals de diversos \u00e0mbits. Tamb\u00e9 s&#8217;aprofitar\u00e0 per fer sortides en grup, conviv\u00e8ncies, viatjes i activitats culturals.<\/li>\n\n\n\n<li>A continuaci\u00f3, es presenta la Zebra\u2019s \u00c0gora, un espai dedicat a la reflexi\u00f3 individual i col\u00b7lectiva, mitjan\u00e7ant tallers de debat i activitats din\u00e0miques de grup, en qu\u00e8 s\u2019aprendr\u00e0 a expressar opinions pr\u00f2pies i a escoltar les dels companys.<\/li>\n\n\n\n<li>Finalment, s\u2019ha creat un espai anomenat laZebra Zen, que ofereix una oportunitat als perfils m\u00e9s reflexius (o amb altes capacitats) per trobar-se entre ells i fomentar l\u2019autoconeixement de manera m\u00e9s profunda. Aix\u00ed, mitjan\u00e7ant la investigaci\u00f3 aut\u00f2noma, les activitats proposades pels professionals i altres recursos, podran comprendre millor el seu funcionament intern (cervell, personalitat, reptes de l\u2019adolesc\u00e8ncia, conviv\u00e8ncia, \u2026).<\/li>\n<\/ul>\n\n\n\n<p><\/p>\n\n\n\n<p><\/p>\n\n\n\n<p><strong>Tallers Zebra: dissabtes amb molt de flow a ACTEF!<\/strong><\/p>\n\n\n\n<p>Aquest taller est\u00e0 pensat per a adolescents com tu, i es far\u00e0 <strong>tots els dissabtes a la tarda<\/strong> al local d\u2019<strong>ACTEF<\/strong>.<br>Cada setmana t\u2019esperen activitats diferents, pensades per ajudar-te a cr\u00e9ixer, descobrir qui ets i passar-ho b\u00e9 amb gent com tu.<\/p>\n\n\n\n<p>L\u2019objectiu? Crear un espai segur, din\u00e0mic i enriquidor on puguis desenvolupar habilitats emocionals, socials i personals. Parlarem de temes actuals, que realment t\u2019afecten i t\u2019interessen, tenint en compte el moment vital en qu\u00e8 et trobes.<\/p>\n\n\n\n<p>Cada dissabte s\u2019activar\u00e0 un dels <strong>tres espais Zebra<\/strong>, dissenyats per respondre a les teves inquietuds i ganes d\u2019aprendre:<\/p>\n\n\n\n<p><strong>Zebra Explora<\/strong><br>Un espai per descobrir el m\u00f3n laboral i les teves passions.<br>Far\u00e0s activitats amb professionals de diferents \u00e0mbits, sortides en grup, conviv\u00e8ncies, viatges i propostes culturals.<br>Ideal si tens curiositat per saber qu\u00e8 vols fer en el futur!<\/p>\n\n\n\n<p><strong>Zebra\u2019s \u00c0gora<\/strong><br>Aqu\u00ed toca reflexionar i debatre.<br>Tallers per aprendre a expressar les teves opinions, escoltar les dels altres i cr\u00e9ixer com a persona.<br>Tot amb din\u00e0miques de grup que et faran pensar i connectar.<\/p>\n\n\n\n<p><strong>Zebra Zen<\/strong><br>Un espai m\u00e9s tranquil, per a perfils reflexius o amb altes capacitats.<br>Ideal per con\u00e8ixer-te millor, entendre com funciona el teu cervell, la teva personalitat i els reptes de l\u2019adolesc\u00e8ncia.<br>Amb activitats guiades, recerca aut\u00f2noma i recursos que t\u2019ajudaran a aprofundir en tu mateix\/a.<\/p>\n\n\n\n<p><em>Siguis com siguis, hi ha un espai Zebra per a tu.<\/em><br>Vine, descobreix, comparteix i creix. Dissabtes a ACTEF: no t\u2019ho perdis<\/p>\n\n\n\n<figure class=\"wp-block-image size-full\"><img loading=\"lazy\" decoding=\"async\" width=\"177\" height=\"73\" src=\"https:\/\/actef.es\/wp-content\/uploads\/2025\/08\/Objetivos.png\" alt=\"\" class=\"wp-image-4092\"\/><\/figure>\n\n\n\n<ul class=\"wp-block-list\">\n<li>Fomentar una major confian\u00e7a, autonomia i coneixement d\u2019un mateix.<\/li>\n\n\n\n<li>Adquirir noves habilitats en diferents \u00e0mbits.<\/li>\n\n\n\n<li>Promoure la millora dels habilitats socials i de comunicaci\u00f3, l\u2019empatia i la col\u00b7laboraci\u00f3 dins d\u2019un grup.<\/li>\n\n\n\n<li>Crear un espai destral on cada jove es senti valorat i escoltat.<\/li>\n\n\n\n<li>Facilitar un espai de trobada i suport per als joves.<\/li>\n\n\n\n<li>Treballar el treball en equip, el pensament cr\u00edtic i la creativitat.<\/li>\n<\/ul>\n\n\n\n<div class=\"wp-block-columns is-layout-flex wp-container-core-columns-is-layout-9d6595d7 wp-block-columns-is-layout-flex\">\n<div class=\"wp-block-column is-layout-flow wp-block-column-is-layout-flow\"><div class=\"wp-block-image\">\n<figure class=\"aligncenter size-full is-resized\"><img loading=\"lazy\" decoding=\"async\" width=\"282\" height=\"109\" src=\"https:\/\/actef.es\/wp-content\/uploads\/2025\/08\/HORARIO-cat.png\" alt=\"\" class=\"wp-image-4090\" style=\"width:181px;height:auto\"\/><\/figure>\n<\/div>\n\n\n<p class=\"has-text-align-center\">Dissabtes quinzenals<br>de 17.00h a 20.00h<br>Seu de ACTEF<\/p>\n\n\n\n<p class=\"has-text-align-center\"><\/p>\n<\/div>\n\n\n\n<div class=\"wp-block-column is-layout-flow wp-block-column-is-layout-flow\"><div class=\"wp-block-image\">\n<figure class=\"aligncenter size-full is-resized\"><img loading=\"lazy\" decoding=\"async\" width=\"282\" height=\"109\" src=\"https:\/\/actef.es\/wp-content\/uploads\/2025\/08\/PROFE-cat.png\" alt=\"\" class=\"wp-image-4088\" style=\"width:208px;height:auto\"\/><\/figure>\n<\/div>\n\n\n<p class=\"has-text-align-center\"><\/p>\n<\/div>\n\n\n\n<div class=\"wp-block-column is-layout-flow wp-block-column-is-layout-flow\"><div class=\"wp-block-image is-style-default\">\n<figure class=\"aligncenter size-full is-resized\"><img loading=\"lazy\" decoding=\"async\" width=\"282\" height=\"109\" src=\"https:\/\/actef.es\/wp-content\/uploads\/2025\/08\/PREU-cat.png\" alt=\"\" class=\"wp-image-4086\" style=\"width:177px;height:auto\"\/><\/figure>\n<\/div>\n\n\n<p class=\"has-text-align-center\">Gratu\u00eft<br><strong>Hi haur\u00e0 activitats que tindran un suplement<\/strong><\/p>\n\n\n\n<p class=\"has-text-align-center\"><\/p>\n<\/div>\n<\/div>\n\n\n<div class=\"wp-block-image\">\n<figure class=\"aligncenter size-full is-resized\"><a href=\"https:\/\/docs.google.com\/forms\/d\/e\/1FAIpQLSckJi74OdEzXVgrNjlJz4AEjnO4kehAQc8ajyO_9as1HdshJQ\/viewform?usp=header\"><img loading=\"lazy\" decoding=\"async\" width=\"782\" height=\"185\" src=\"https:\/\/actef.es\/wp-content\/uploads\/2025\/08\/24-cAT.png\" alt=\"\" class=\"wp-image-4100\" style=\"aspect-ratio:4.227619189956658;width:330px;height:auto\" srcset=\"https:\/\/actef.es\/wp-content\/uploads\/2025\/08\/24-cAT.png 782w, https:\/\/actef.es\/wp-content\/uploads\/2025\/08\/24-cAT-300x71.png 300w, https:\/\/actef.es\/wp-content\/uploads\/2025\/08\/24-cAT-768x182.png 768w\" sizes=\"auto, (max-width: 782px) 100vw, 782px\" \/><\/a><\/figure>\n<\/div>\n\n<div class=\"kb-gallery-wrap-id-4214_b7b589-3f alignnone wp-block-kadence-advancedgallery\"><ul class=\"kb-gallery-ul kb-gallery-non-static kb-gallery-type-grid kb-gallery-id-4214_b7b589-3f kb-gallery-caption-style-bottom-hover kb-gallery-filter-none\" data-image-filter=\"none\" data-item-selector=\".kadence-blocks-gallery-item\" data-lightbox-caption=\"true\" data-columns-xxl=\"3\" data-columns-xl=\"3\" data-columns-md=\"3\" data-columns-sm=\"2\" data-columns-xs=\"1\" data-columns-ss=\"1\"><li class=\"kadence-blocks-gallery-item\"><div class=\"kadence-blocks-gallery-item-inner\"><figure class=\"kb-gallery-figure kadence-blocks-gallery-item-hide-caption\" \"><div class=\"kb-gal-image-radius\"><div class=\"kb-gallery-image-contain kadence-blocks-gallery-intrinsic kb-gallery-image-ratio-land32 kb-has-image-ratio-land32\" ><img loading=\"lazy\" decoding=\"async\" src=\"https:\/\/actef.es\/wp-content\/uploads\/2025\/07\/821b698e-4b25-4457-a1b5-401d8987a976-1024x768.jpeg\" width=\"1024\" height=\"768\" alt=\"\" data-full-image=\"https:\/\/actef.es\/wp-content\/uploads\/2025\/07\/821b698e-4b25-4457-a1b5-401d8987a976.jpeg\" data-light-image=\"https:\/\/actef.es\/wp-content\/uploads\/2025\/07\/821b698e-4b25-4457-a1b5-401d8987a976.jpeg\" data-id=\"3778\" class=\"wp-image-3778\" srcset=\"https:\/\/actef.es\/wp-content\/uploads\/2025\/07\/821b698e-4b25-4457-a1b5-401d8987a976-1024x768.jpeg 1024w, https:\/\/actef.es\/wp-content\/uploads\/2025\/07\/821b698e-4b25-4457-a1b5-401d8987a976-300x225.jpeg 300w, https:\/\/actef.es\/wp-content\/uploads\/2025\/07\/821b698e-4b25-4457-a1b5-401d8987a976-768x576.jpeg 768w, https:\/\/actef.es\/wp-content\/uploads\/2025\/07\/821b698e-4b25-4457-a1b5-401d8987a976.jpeg 1280w\" sizes=\"auto, (max-width: 1024px) 100vw, 1024px\" \/><\/div><\/div><\/figure><\/div><\/li><li class=\"kadence-blocks-gallery-item\"><div class=\"kadence-blocks-gallery-item-inner\"><figure class=\"kb-gallery-figure kadence-blocks-gallery-item-hide-caption\" \"><div class=\"kb-gal-image-radius\"><div class=\"kb-gallery-image-contain kadence-blocks-gallery-intrinsic kb-gallery-image-ratio-land32 kb-has-image-ratio-land32\" ><img loading=\"lazy\" decoding=\"async\" src=\"https:\/\/actef.es\/wp-content\/uploads\/2025\/07\/d25debf9-a95e-4036-9165-7ad17bd281f1-1024x768.jpeg\" width=\"1024\" height=\"768\" alt=\"\" data-full-image=\"https:\/\/actef.es\/wp-content\/uploads\/2025\/07\/d25debf9-a95e-4036-9165-7ad17bd281f1.jpeg\" data-light-image=\"https:\/\/actef.es\/wp-content\/uploads\/2025\/07\/d25debf9-a95e-4036-9165-7ad17bd281f1.jpeg\" data-id=\"3776\" class=\"wp-image-3776\" srcset=\"https:\/\/actef.es\/wp-content\/uploads\/2025\/07\/d25debf9-a95e-4036-9165-7ad17bd281f1-1024x768.jpeg 1024w, https:\/\/actef.es\/wp-content\/uploads\/2025\/07\/d25debf9-a95e-4036-9165-7ad17bd281f1-300x225.jpeg 300w, https:\/\/actef.es\/wp-content\/uploads\/2025\/07\/d25debf9-a95e-4036-9165-7ad17bd281f1-768x576.jpeg 768w, https:\/\/actef.es\/wp-content\/uploads\/2025\/07\/d25debf9-a95e-4036-9165-7ad17bd281f1-1536x1152.jpeg 1536w, https:\/\/actef.es\/wp-content\/uploads\/2025\/07\/d25debf9-a95e-4036-9165-7ad17bd281f1.jpeg 2016w\" sizes=\"auto, (max-width: 1024px) 100vw, 1024px\" \/><\/div><\/div><\/figure><\/div><\/li><li class=\"kadence-blocks-gallery-item\"><div class=\"kadence-blocks-gallery-item-inner\"><figure class=\"kb-gallery-figure kadence-blocks-gallery-item-hide-caption\" \"><div class=\"kb-gal-image-radius\"><div class=\"kb-gallery-image-contain kadence-blocks-gallery-intrinsic kb-gallery-image-ratio-land32 kb-has-image-ratio-land32\" ><img loading=\"lazy\" decoding=\"async\" src=\"https:\/\/actef.es\/wp-content\/uploads\/2025\/08\/793efb18-6635-44bf-9e33-0fdcbc90d2e3-1024x1024.jpg\" width=\"1024\" height=\"1024\" alt=\"\" data-full-image=\"https:\/\/actef.es\/wp-content\/uploads\/2025\/08\/793efb18-6635-44bf-9e33-0fdcbc90d2e3.jpg\" data-light-image=\"https:\/\/actef.es\/wp-content\/uploads\/2025\/08\/793efb18-6635-44bf-9e33-0fdcbc90d2e3.jpg\" data-id=\"4062\" class=\"wp-image-4062\" srcset=\"https:\/\/actef.es\/wp-content\/uploads\/2025\/08\/793efb18-6635-44bf-9e33-0fdcbc90d2e3-1024x1024.jpg 1024w, https:\/\/actef.es\/wp-content\/uploads\/2025\/08\/793efb18-6635-44bf-9e33-0fdcbc90d2e3-300x300.jpg 300w, https:\/\/actef.es\/wp-content\/uploads\/2025\/08\/793efb18-6635-44bf-9e33-0fdcbc90d2e3-150x150.jpg 150w, https:\/\/actef.es\/wp-content\/uploads\/2025\/08\/793efb18-6635-44bf-9e33-0fdcbc90d2e3-768x768.jpg 768w, https:\/\/actef.es\/wp-content\/uploads\/2025\/08\/793efb18-6635-44bf-9e33-0fdcbc90d2e3.jpg 1440w\" sizes=\"auto, (max-width: 1024px) 100vw, 1024px\" \/><\/div><\/div><\/figure><\/div><\/li><\/ul><\/div>\n\n\n<hr class=\"wp-block-separator has-text-color has-vivid-cyan-blue-color has-alpha-channel-opacity has-vivid-cyan-blue-background-color has-background is-style-wide\"\/>\n\n\n\n<blockquote class=\"wp-block-stackable-blockquote stk-block-blockquote stk-block stk-cc14af5 is-style-default\" data-v=\"2\" data-block-id=\"cc14af5\"><div class=\"has-text-align-left stk-block-blockquote__content stk-container stk-cc14af5-container stk-hover-parent\"><div class=\"stk-block-content stk-inner-blocks\">\n<div class=\"wp-block-stackable-icon stk-block-icon stk-block stk-400af7f\" data-block-id=\"400af7f\"><span class=\"stk--svg-wrapper\"><div class=\"stk--inner-svg\"><svg style=\"height:0;width:0\"><defs><linearGradient id=\"linear-gradient-400af7f\" x1=\"0\" x2=\"100%\" y1=\"0\" y2=\"0\"><stop offset=\"0%\" style=\"stop-opacity:1;stop-color:var(--linear-gradient-400-af-7-f-color-1)\"><\/stop><stop offset=\"100%\" style=\"stop-opacity:1;stop-color:var(--linear-gradient-400-af-7-f-color-2)\"><\/stop><\/linearGradient><\/defs><\/svg><svg xmlns=\"http:\/\/www.w3.org\/2000\/svg\" viewBox=\"0 0 50 50\" aria-hidden=\"true\" width=\"32\" height=\"32\"><path d=\"M19.8 9.3C10.5 11.8 4.6 17 2.1 24.8c2.3-3.6 5.6-5.4 9.9-5.4 3.3 0 6 1.1 8.3 3.3 2.2 2.2 3.4 5 3.4 8.3 0 3.2-1.1 5.8-3.3 8-2.2 2.2-5.1 3.2-8.7 3.2-3.7 0-6.5-1.2-8.6-3.5C1 36.3 0 33.1 0 29 0 18.3 6.5 11.2 19.6 7.9l.2 1.4zm26.4 0C36.9 11.9 31 17 28.5 24.8c2.2-3.6 5.5-5.4 9.8-5.4 3.2 0 6 1.1 8.3 3.2 2.3 2.2 3.4 4.9 3.4 8.3 0 3.1-1.1 5.8-3.3 7.9-2.2 2.2-5.1 3.3-8.6 3.3-3.7 0-6.6-1.1-8.6-3.4-2.1-2.3-3.1-5.5-3.1-9.7 0-10.7 6.6-17.8 19.7-21.1l.1 1.4z\"><\/path><\/svg><\/div><\/span><\/div>\n\n\n\n<div class=\"wp-block-stackable-text stk-block-text stk-block stk-8e48f79\" data-block-id=\"8e48f79\"><p class=\"stk-block-text__text has-text-align-center\">Cap de nosaltres \u00e9s tan bo com tots nosaltres junts<br>KROC<\/p><\/div>\n<\/div><\/div><\/blockquote>\n\n\n\n<hr class=\"wp-block-separator has-text-color has-vivid-cyan-blue-color has-alpha-channel-opacity has-vivid-cyan-blue-background-color has-background is-style-wide\"\/>\n\n\n\n<figure class=\"wp-block-image size-full\"><img loading=\"lazy\" decoding=\"async\" width=\"970\" height=\"250\" src=\"https:\/\/actef.es\/wp-content\/uploads\/2025\/08\/ESTUDI-CAT.png\" alt=\"\" class=\"wp-image-4176\" srcset=\"https:\/\/actef.es\/wp-content\/uploads\/2025\/08\/ESTUDI-CAT.png 970w, https:\/\/actef.es\/wp-content\/uploads\/2025\/08\/ESTUDI-CAT-300x77.png 300w, https:\/\/actef.es\/wp-content\/uploads\/2025\/08\/ESTUDI-CAT-768x198.png 768w\" sizes=\"auto, (max-width: 970px) 100vw, 970px\" \/><\/figure>\n\n\n\n<hr class=\"wp-block-separator has-text-color has-vivid-cyan-blue-color has-alpha-channel-opacity has-vivid-cyan-blue-background-color has-background is-style-wide\"\/>\n\n\n\n<div class=\"wp-block-columns is-layout-flex wp-container-core-columns-is-layout-9d6595d7 wp-block-columns-is-layout-flex\">\n<div class=\"wp-block-column is-layout-flow wp-block-column-is-layout-flow\"><div class=\"wp-block-image\">\n<figure class=\"aligncenter size-full is-resized\"><img loading=\"lazy\" decoding=\"async\" width=\"282\" height=\"109\" src=\"https:\/\/actef.es\/wp-content\/uploads\/2025\/08\/HORARIO-cat.png\" alt=\"\" class=\"wp-image-4090\" style=\"width:181px;height:auto\"\/><\/figure>\n<\/div>\n\n\n<p class=\"has-text-align-center\">Dilluns i dimarts de 16.00 a 17.30 Seu de ACTEF, Sant Antonio<br>Mi\u00e9rcoles i dijous de 16 a 17.30 Auditori de Cas Serres<br><\/p>\n<\/div>\n\n\n\n<div class=\"wp-block-column is-layout-flow wp-block-column-is-layout-flow\"><div class=\"wp-block-image\">\n<figure class=\"aligncenter size-full is-resized\"><img loading=\"lazy\" decoding=\"async\" width=\"282\" height=\"109\" src=\"https:\/\/actef.es\/wp-content\/uploads\/2025\/08\/PROFE-cat.png\" alt=\"\" class=\"wp-image-4088\" style=\"width:170px;height:auto\"\/><\/figure>\n<\/div>\n\n\n<p class=\"has-text-align-center\">Dirigeix Mari\u00e0 Garc\u00eda i Nerea Fern\u00e1ndez<\/p>\n<\/div>\n\n\n\n<div class=\"wp-block-column is-layout-flow wp-block-column-is-layout-flow\"><div class=\"wp-block-image is-style-default\">\n<figure class=\"aligncenter size-full is-resized\"><img loading=\"lazy\" decoding=\"async\" width=\"282\" height=\"109\" src=\"https:\/\/actef.es\/wp-content\/uploads\/2025\/08\/PREU-cat.png\" alt=\"\" class=\"wp-image-4086\" style=\"width:143px;height:auto\"\/><\/figure>\n<\/div>\n\n\n<p class=\"has-text-align-center\">Consultar en ACTEF<\/p>\n<\/div>\n<\/div>\n\n\n<div class=\"wp-block-image\">\n<figure class=\"aligncenter size-full\"><img loading=\"lazy\" decoding=\"async\" width=\"280\" height=\"66\" src=\"https:\/\/actef.es\/wp-content\/uploads\/2025\/10\/IWEURIWQ.png\" alt=\"\" class=\"wp-image-4725\"\/><\/figure>\n<\/div>\n\n\n<figure class=\"wp-block-image size-full\"><img loading=\"lazy\" decoding=\"async\" width=\"282\" height=\"109\" src=\"https:\/\/actef.es\/wp-content\/uploads\/2025\/08\/Que-es-cat-1.png\" alt=\"\" class=\"wp-image-4084\"\/><\/figure>\n\n\n<p><strong>Apr\u00e8n a estudiar millor, sense morir en l\u2019intent<\/strong><\/p>\n<p>Vols treure m\u00e9s profit del teu temps d\u2019estudi? Et costa organitzar-te o recordar el que has llegit? Aquest espai \u00e9s per a tu.<\/p>\n<p>El <strong>Zebra Study<\/strong> \u00e9s un taller pensat per ajudar-te a millorar el teu rendiment acad\u00e8mic amb trucs, estrat\u00e8gies i eines que realment funcionen. Aprendr\u00e0s a organitzar-te, entendre millor la informaci\u00f3 i retenir-la sense haver de memoritzar com un robot.<\/p>\n<p>Durant el <strong>primer trimestre<\/strong>, farem sessions estructurades on descobrir\u00e0s diferents t\u00e8cniques d\u2019estudi adaptades al teu estil. Despr\u00e9s, durant els <strong>trimestres seg\u00fcents<\/strong>, tindr\u00e0s un seguiment per ajudar-te en els teus estudis i aconseguir els teus objectius.<\/p>\n<p>L\u2019enfocament \u00e9s totalment personal: es t\u00e9 en compte com aprens, qu\u00e8 necessites i cap a on vols anar.<\/p>\n<p>No \u00e9s nom\u00e9s estudiar millor\u2014\u00e9s <strong>estudiar a la teva manera<\/strong>.<\/p>\n<p><em>Estudiar pot ser m\u00e9s f\u00e0cil del que et penses. Vine i descobreix-ho!<\/em> .<\/p>\n\n\n<figure class=\"wp-block-image size-full\"><img loading=\"lazy\" decoding=\"async\" width=\"177\" height=\"73\" src=\"https:\/\/actef.es\/wp-content\/uploads\/2025\/08\/Objetivos.png\" alt=\"\" class=\"wp-image-4092\"\/><\/figure>\n\n\n\n<ul class=\"wp-block-list\">\n<li>Desenvolupar habilitats d&#8217;organitzaci\u00f3 i planificaci\u00f3<\/li>\n\n\n\n<li>Millorar la capacitat de comprensi\u00f3 lectora<\/li>\n\n\n\n<li>Enfortir la retenci\u00f3 de la informaci\u00f3<\/li>\n\n\n\n<li>Fomentar el pensament cr\u00edtic i l&#8217;an\u00e0lisi<\/li>\n\n\n\n<li>Desenvolupar h\u00e0bits d&#8217;estudi saludables i sostenibles<\/li>\n<\/ul>\n\n\n\n<p><\/p>\n\n\n<div class=\"wp-block-image\">\n<figure class=\"aligncenter size-full is-resized\"><a href=\"https:\/\/docs.google.com\/forms\/d\/e\/1FAIpQLSckJi74OdEzXVgrNjlJz4AEjnO4kehAQc8ajyO_9as1HdshJQ\/viewform?usp=header\"><img loading=\"lazy\" decoding=\"async\" width=\"782\" height=\"185\" src=\"https:\/\/actef.es\/wp-content\/uploads\/2025\/08\/24-cAT.png\" alt=\"\" class=\"wp-image-4100\" style=\"width:342px;height:auto\" srcset=\"https:\/\/actef.es\/wp-content\/uploads\/2025\/08\/24-cAT.png 782w, https:\/\/actef.es\/wp-content\/uploads\/2025\/08\/24-cAT-300x71.png 300w, https:\/\/actef.es\/wp-content\/uploads\/2025\/08\/24-cAT-768x182.png 768w\" sizes=\"auto, (max-width: 782px) 100vw, 782px\" \/><\/a><\/figure>\n<\/div>\n\n\n<hr class=\"wp-block-separator has-text-color has-vivid-cyan-blue-color has-alpha-channel-opacity has-vivid-cyan-blue-background-color has-background is-style-wide\"\/>\n\n\n\n<figure class=\"wp-block-image size-full\"><img loading=\"lazy\" decoding=\"async\" width=\"2560\" height=\"1816\" src=\"https:\/\/actef.es\/wp-content\/uploads\/2025\/12\/INt-4-cat-1-scaled.png\" alt=\"\" class=\"wp-image-5829\" srcset=\"https:\/\/actef.es\/wp-content\/uploads\/2025\/12\/INt-4-cat-1-scaled.png 2560w, https:\/\/actef.es\/wp-content\/uploads\/2025\/12\/INt-4-cat-1-300x213.png 300w, https:\/\/actef.es\/wp-content\/uploads\/2025\/12\/INt-4-cat-1-1024x726.png 1024w, https:\/\/actef.es\/wp-content\/uploads\/2025\/12\/INt-4-cat-1-768x545.png 768w, https:\/\/actef.es\/wp-content\/uploads\/2025\/12\/INt-4-cat-1-1536x1090.png 1536w, https:\/\/actef.es\/wp-content\/uploads\/2025\/12\/INt-4-cat-1-2048x1453.png 2048w\" sizes=\"auto, (max-width: 2560px) 100vw, 2560px\" \/><\/figure>\n\n\n\n<hr class=\"wp-block-separator has-text-color has-vivid-cyan-blue-color has-alpha-channel-opacity has-vivid-cyan-blue-background-color has-background is-style-wide\"\/>\n\n\n\n<figure class=\"wp-block-image size-full\" id=\"block-353aa2f9-c0b5-488c-ac9a-a00c426d6ba4\"><img loading=\"lazy\" decoding=\"async\" width=\"282\" height=\"109\" src=\"https:\/\/actef.es\/wp-content\/uploads\/2025\/08\/Que-es-cat-1.png\" alt=\"\" class=\"wp-image-4084\"\/><\/figure>\n\n\n\n<p>Descobreix l&#8217;illa com mai abans. A trav\u00e9s d&#8217;aquestes excursions pensades especialment per a adolescents, explorarem racons m\u00e0gics, paisatges que inspiren i llocs plens d&#8217;hist\u00f2ria i naturalesa. Aquesta experi\u00e8ncia va molt m\u00e9s all\u00e0 d&#8217;una simple sortida: \u00e9s una oportunitat per a desconnectar de les pantalles, sortir de la rutina i reconnectar amb l&#8217;entorn i amb els altres.<\/p>\n\n\n\n<p>En cada recorregut es fomentar\u00e0 la companyonia, la conversa cara a cara i el treball en equip. Ser\u00e0 un espai per a crear records compartits, refor\u00e7ar vincles i gaudir a l&#8217;aire lliure mentre s&#8217;aprenen coses noves sobre el lloc que habitem. Perqu\u00e8 quan sortim de casa i ens deixem sorprendre pel que ens envolta, alguna cosa en nosaltres canvia.<\/p>\n\n\n\n<figure class=\"wp-block-image size-full\" id=\"block-5d66cf7d-0065-407c-9cff-9b6540250027\"><img loading=\"lazy\" decoding=\"async\" width=\"177\" height=\"73\" src=\"https:\/\/actef.es\/wp-content\/uploads\/2025\/08\/Objetivos.png\" alt=\"\" class=\"wp-image-4092\"\/><\/figure>\n\n\n\n<ul class=\"wp-block-list\">\n<li>Fomentar el contacte amb la naturalesa: Explorar entorns naturals de l&#8217;illa per a despertar l&#8217;inter\u00e8s pel medi ambient i el respecte per l&#8217;entorn.<\/li>\n\n\n\n<li>Impulsar les habilitats socials: Promoure la comunicaci\u00f3, l&#8217;empatia i el treball en equip a trav\u00e9s d&#8217;activitats compartides fora de l&#8217;entorn digital.<\/li>\n\n\n\n<li>Reduir l&#8217;\u00fas de pantalles: Facilitar espais lliures de tecnologia que convidin a la desconnexi\u00f3 i a la pres\u00e8ncia plena.<\/li>\n\n\n\n<li>Descobrir llocs emblem\u00e0tics i amagats de l&#8217;illa: Con\u00e8ixer el patrimoni natural i cultural, fomentant el sentit de pertinen\u00e7a i la curiositat.<\/li>\n\n\n\n<li>Estimular el creixement personal: Viure experi\u00e8ncies enriquidores que potenci\u00efn l&#8217;autonomia, l&#8217;autoestima i la presa de decisions saludables.<\/li>\n<\/ul>\n\n\n\n<div class=\"wp-block-columns is-layout-flex wp-container-core-columns-is-layout-9d6595d7 wp-block-columns-is-layout-flex\">\n<div class=\"wp-block-column is-layout-flow wp-block-column-is-layout-flow\"><div class=\"wp-block-image\">\n<figure class=\"aligncenter size-full is-resized\"><img loading=\"lazy\" decoding=\"async\" width=\"282\" height=\"109\" src=\"https:\/\/actef.es\/wp-content\/uploads\/2025\/08\/HORARIO-cat.png\" alt=\"\" class=\"wp-image-4090\" style=\"width:181px;height:auto\"\/><\/figure>\n<\/div>\n\n\n<p class=\"has-text-align-center\">Diumenges quinzenals<br>de <em>10h a 13.<\/em>00h<\/p>\n\n\n\n<p>Cada 3 setmanes es demanar\u00e9 a les fam\u00edlies que participin<\/p>\n\n\n\n<p>les dates poden veure&#8217;s alterades pel clima<\/p>\n\n\n\n<p class=\"has-text-align-center\"><strong>Dates 2025:<\/strong><br>23 de novembre<\/p>\n\n\n\n<p class=\"has-text-align-center\"><strong>Dates 2026:<\/strong><br>11 de gener<br>15 de febrer<br>8 y 22 de mar\u00e7<br>12 y 26 de abril<br>17 y 31 de maig<\/p>\n\n\n\n<p class=\"has-text-align-center\"><\/p>\n<\/div>\n\n\n\n<div class=\"wp-block-column is-layout-flow wp-block-column-is-layout-flow\"><div class=\"wp-block-image\">\n<figure class=\"aligncenter size-full is-resized\"><img loading=\"lazy\" decoding=\"async\" width=\"282\" height=\"109\" src=\"https:\/\/actef.es\/wp-content\/uploads\/2025\/08\/PROFE-cat.png\" alt=\"\" class=\"wp-image-4088\" style=\"width:148px;height:auto\"\/><\/figure>\n<\/div>\n\n\n<p class=\"has-text-align-center\">&nbsp;Oscar S\u00e1nchez<\/p>\n<\/div>\n\n\n\n<div class=\"wp-block-column is-layout-flow wp-block-column-is-layout-flow\"><div class=\"wp-block-image is-style-default\">\n<figure class=\"aligncenter size-full is-resized\"><img loading=\"lazy\" decoding=\"async\" width=\"282\" height=\"109\" src=\"https:\/\/actef.es\/wp-content\/uploads\/2025\/08\/PREU-cat.png\" alt=\"\" class=\"wp-image-4086\" style=\"width:159px;height:auto\"\/><\/figure>\n<\/div>\n\n\n<p class=\"has-text-align-center\">Consultar en ACTEF<\/p>\n<\/div>\n<\/div>\n\n\n\n<figure class=\"wp-block-embed is-type-video is-provider-youtube wp-block-embed-youtube wp-embed-aspect-16-9 wp-has-aspect-ratio\"><div class=\"wp-block-embed__wrapper\">\n<iframe loading=\"lazy\" title=\"excursiones\" width=\"1200\" height=\"675\" src=\"https:\/\/www.youtube.com\/embed\/_Yguu3dd5ZI?feature=oembed\" frameborder=\"0\" allow=\"accelerometer; autoplay; clipboard-write; encrypted-media; gyroscope; picture-in-picture; web-share\" referrerpolicy=\"strict-origin-when-cross-origin\" allowfullscreen><\/iframe>\n<\/div><\/figure>\n\n\n<div class=\"wp-block-image\">\n<figure class=\"aligncenter size-full is-resized\"><a href=\"https:\/\/docs.google.com\/forms\/d\/e\/1FAIpQLSckJi74OdEzXVgrNjlJz4AEjnO4kehAQc8ajyO_9as1HdshJQ\/viewform?usp=header\"><img loading=\"lazy\" decoding=\"async\" width=\"782\" height=\"185\" src=\"https:\/\/actef.es\/wp-content\/uploads\/2025\/08\/24-cAT.png\" alt=\"\" class=\"wp-image-4100\" style=\"width:442px;height:auto\" srcset=\"https:\/\/actef.es\/wp-content\/uploads\/2025\/08\/24-cAT.png 782w, https:\/\/actef.es\/wp-content\/uploads\/2025\/08\/24-cAT-300x71.png 300w, https:\/\/actef.es\/wp-content\/uploads\/2025\/08\/24-cAT-768x182.png 768w\" sizes=\"auto, (max-width: 782px) 100vw, 782px\" \/><\/a><\/figure>\n<\/div>\n\n\n<hr class=\"wp-block-separator has-text-color has-vivid-cyan-blue-color has-alpha-channel-opacity has-vivid-cyan-blue-background-color has-background is-style-wide\"\/>\n\n\n\n<figure class=\"wp-block-image size-full\"><img loading=\"lazy\" decoding=\"async\" width=\"970\" height=\"250\" src=\"https:\/\/actef.es\/wp-content\/uploads\/2025\/08\/8-cat.png\" alt=\"\" class=\"wp-image-4125\" srcset=\"https:\/\/actef.es\/wp-content\/uploads\/2025\/08\/8-cat.png 970w, https:\/\/actef.es\/wp-content\/uploads\/2025\/08\/8-cat-300x77.png 300w, https:\/\/actef.es\/wp-content\/uploads\/2025\/08\/8-cat-768x198.png 768w\" sizes=\"auto, (max-width: 970px) 100vw, 970px\" \/><\/figure>\n\n\n\n<hr class=\"wp-block-separator has-text-color has-vivid-cyan-blue-color has-alpha-channel-opacity has-vivid-cyan-blue-background-color has-background is-style-wide\"\/>\n\n\n\n<div class=\"wp-block-stackable-subtitle stk-block-subtitle stk-block stk-5875a34\" data-block-id=\"5875a34\"><p class=\"stk-block-subtitle__text stk-subtitle has-text-align-center\"><strong>NOVES PLACES AL CURS 2026\/2027<\/strong><\/p><\/div>\n\n\n\n<figure class=\"wp-block-image size-full\"><img loading=\"lazy\" decoding=\"async\" width=\"282\" height=\"109\" src=\"https:\/\/actef.es\/wp-content\/uploads\/2025\/08\/Que-es-cat-1.png\" alt=\"\" class=\"wp-image-4084\"\/><\/figure>\n\n\n\n<p><strong>Taller de matem\u00e0tiques divertides: pensa, descobreix i ent\u00e9n!<\/strong><\/p>\n\n\n\n<p>Aquest taller \u00e9s una aventura per descobrir les matem\u00e0tiques d\u2019una manera <strong>diferent, divertida i molt creativa<\/strong>. Comen\u00e7arem amb jocs de <strong>c\u00e0lcul mental<\/strong> que ajuden a pensar r\u00e0pid i amb confian\u00e7a, i despr\u00e9s aprendrem a construir les idees pas a pas, com si fossin peces d\u2019un trencaclosques.<\/p>\n\n\n\n<p>Amb aquesta base, explorarem temes importants de les matem\u00e0tiques que es treballen a secund\u00e0ria, per\u00f2 <strong>adaptats perqu\u00e8 tothom els pugui entendre<\/strong>. Si hi ha dubtes, tornarem a les idees clau i les explicarem amb exemples i demostracions que fan que tot tingui sentit.<\/p>\n\n\n\n<p><\/p>\n\n\n\n<p>Les matem\u00e0tiques poden ser com un joc\u2026 i tu tens les peces per guanyar-lo!<\/p>\n\n\n\n<figure class=\"wp-block-image size-full\"><img loading=\"lazy\" decoding=\"async\" width=\"177\" height=\"73\" src=\"https:\/\/actef.es\/wp-content\/uploads\/2025\/08\/Objetivos.png\" alt=\"\" class=\"wp-image-4092\"\/><\/figure>\n\n\n\n<p>Realitzar un tractament sistem\u00e0tic i complet de l&#8217;Aritm\u00e8tica elemental, des del c\u00e0lcul mental fins a un tractament algebraic amb realitzaci\u00f3 de demostracions, superant el curr\u00edculum tradicional i permetent una exploraci\u00f3 \u00e0mplia i sistem\u00e0tica de l&#8217;\u00c0lgebra i la seva aplicabilitat en la resoluci\u00f3 de problemes.<\/p>\n\n\n\n<p><\/p>\n\n\n\n<p><strong>APTITUS<\/strong><\/p>\n\n\n\n<ul class=\"wp-block-list\">\n<li>T\u00e8cniques de c\u00e0lcul mental.&nbsp;<\/li>\n\n\n\n<li>Axiomes de l&#8217;Aritm\u00e8tica.&nbsp;<\/li>\n\n\n\n<li>Demostracions.&nbsp;<\/li>\n\n\n\n<li>Resoluci\u00f3 d&#8217;equacions.&nbsp;<\/li>\n\n\n\n<li>Resoluci\u00f3 de problemes.&nbsp;<\/li>\n\n\n\n<li>Aprofundiment en altres branques matem\u00e0tiques a discreci\u00f3 de l&#8217;estudiant.&nbsp;<\/li>\n\n\n\n<li>Es presumeix inter\u00e8s i autonomia.<\/li>\n<\/ul>\n\n\n\n<p><\/p>\n\n\n\n<p><strong>OBSERVACI\u00d3NS<\/strong><\/p>\n\n\n\n<ul class=\"wp-block-list\">\n<li>PER ALS NOUS ALUMNES S&#8217;HAUR\u00c0 DE REALITZAR UNA PROVA DE NIVELL aquesta prova \u00e9s per a formalitzar grups concorde als nivells individuals de cada alumne\/a, mai per a deixar fora a un alumne d&#8217;aquest taller.&nbsp;<\/li>\n\n\n\n<li>Es recomana alumnat amb talent Matem\u00e0tic&nbsp;<\/li>\n\n\n\n<li>\u00c9s necessari un COMPROM\u00cdS de pr\u00e0ctica perqu\u00e8 tot l&#8217;alumnat gaudeixi de l&#8217;activitat.<\/li>\n<\/ul>\n\n\n\n<p><\/p>\n\n\n\n<p><\/p>\n\n\n\n<div class=\"wp-block-columns is-layout-flex wp-container-core-columns-is-layout-9d6595d7 wp-block-columns-is-layout-flex\">\n<div class=\"wp-block-column is-layout-flow wp-block-column-is-layout-flow\"><div class=\"wp-block-image\">\n<figure class=\"aligncenter size-full is-resized\"><img loading=\"lazy\" decoding=\"async\" width=\"282\" height=\"109\" src=\"https:\/\/actef.es\/wp-content\/uploads\/2025\/08\/HORARIO-cat.png\" alt=\"\" class=\"wp-image-4090\" style=\"width:181px;height:auto\"\/><\/figure>\n<\/div>\n\n\n<p class=\"has-text-align-center\">Dimarts \u2013 Online<br><\/p>\n<\/div>\n\n\n\n<div class=\"wp-block-column is-layout-flow wp-block-column-is-layout-flow\"><div class=\"wp-block-image\">\n<figure class=\"aligncenter size-full is-resized\"><img loading=\"lazy\" decoding=\"async\" width=\"282\" height=\"109\" src=\"https:\/\/actef.es\/wp-content\/uploads\/2025\/08\/PROFE-cat.png\" alt=\"\" class=\"wp-image-4088\" style=\"width:188px;height:auto\"\/><\/figure>\n<\/div>\n\n\n<p class=\"has-text-align-center\">Javier Ruiz G\u00f3mez<\/p>\n<\/div>\n\n\n\n<div class=\"wp-block-column is-layout-flow wp-block-column-is-layout-flow\"><div class=\"wp-block-image is-style-default\">\n<figure class=\"aligncenter size-full is-resized\"><img loading=\"lazy\" decoding=\"async\" width=\"282\" height=\"109\" src=\"https:\/\/actef.es\/wp-content\/uploads\/2025\/08\/PREU-cat.png\" alt=\"\" class=\"wp-image-4086\" style=\"width:166px;height:auto\"\/><\/figure>\n<\/div>\n\n\n<p class=\"has-text-align-center\">Consultar en ACTEF<\/p>\n<\/div>\n<\/div>\n\n\n<div class=\"wp-block-image\">\n<figure class=\"aligncenter size-full is-resized\"><img loading=\"lazy\" decoding=\"async\" width=\"280\" height=\"66\" src=\"https:\/\/actef.es\/wp-content\/uploads\/2025\/10\/IWEURIWQ.png\" alt=\"\" class=\"wp-image-4725\" style=\"aspect-ratio:4.244197063003316;width:344px;height:auto\"\/><\/figure>\n<\/div>\n\n<div class=\"wp-block-image\">\n<figure class=\"aligncenter size-full is-resized\"><a href=\"https:\/\/docs.google.com\/forms\/d\/e\/1FAIpQLSckJi74OdEzXVgrNjlJz4AEjnO4kehAQc8ajyO_9as1HdshJQ\/viewform?usp=header\"><img loading=\"lazy\" decoding=\"async\" width=\"782\" height=\"185\" src=\"https:\/\/actef.es\/wp-content\/uploads\/2025\/08\/24-cAT.png\" alt=\"\" class=\"wp-image-4100\" style=\"width:350px;height:auto\" srcset=\"https:\/\/actef.es\/wp-content\/uploads\/2025\/08\/24-cAT.png 782w, https:\/\/actef.es\/wp-content\/uploads\/2025\/08\/24-cAT-300x71.png 300w, https:\/\/actef.es\/wp-content\/uploads\/2025\/08\/24-cAT-768x182.png 768w\" sizes=\"auto, (max-width: 782px) 100vw, 782px\" \/><\/a><\/figure>\n<\/div>\n\n\n<hr class=\"wp-block-separator has-text-color has-vivid-cyan-blue-color has-alpha-channel-opacity has-vivid-cyan-blue-background-color has-background is-style-wide\"\/>\n\n\n\n<figure class=\"wp-block-embed is-type-video is-provider-youtube wp-block-embed-youtube wp-embed-aspect-16-9 wp-has-aspect-ratio\"><div class=\"wp-block-embed__wrapper\">\n<iframe loading=\"lazy\" title=\"Taller matematicas Javi Ruiz 1\" width=\"1200\" height=\"675\" src=\"https:\/\/www.youtube.com\/embed\/eGZnPxqrjCM?feature=oembed\" frameborder=\"0\" allow=\"accelerometer; autoplay; clipboard-write; encrypted-media; gyroscope; picture-in-picture; web-share\" referrerpolicy=\"strict-origin-when-cross-origin\" allowfullscreen><\/iframe>\n<\/div><\/figure>\n\n\n\n<hr class=\"wp-block-separator has-text-color has-vivid-cyan-blue-color has-alpha-channel-opacity has-vivid-cyan-blue-background-color has-background is-style-wide\"\/>\n\n\n\n<blockquote class=\"wp-block-stackable-blockquote stk-block-blockquote stk-block stk-351e2a4 is-style-default\" data-v=\"2\" data-block-id=\"351e2a4\"><div class=\"has-text-align-left stk-block-blockquote__content stk-container stk-351e2a4-container stk-hover-parent\"><div class=\"stk-block-content stk-inner-blocks\">\n<div class=\"wp-block-stackable-icon stk-block-icon stk-block stk-cf2aa38\" data-block-id=\"cf2aa38\"><span class=\"stk--svg-wrapper\"><div class=\"stk--inner-svg\"><svg style=\"height:0;width:0\"><defs><linearGradient id=\"linear-gradient-cf2aa38\" x1=\"0\" x2=\"100%\" y1=\"0\" y2=\"0\"><stop offset=\"0%\" style=\"stop-opacity:1;stop-color:var(--linear-gradient-cf-2-aa-38-color-1)\"><\/stop><stop offset=\"100%\" style=\"stop-opacity:1;stop-color:var(--linear-gradient-cf-2-aa-38-color-2)\"><\/stop><\/linearGradient><\/defs><\/svg><svg xmlns=\"http:\/\/www.w3.org\/2000\/svg\" viewBox=\"0 0 50 50\" aria-hidden=\"true\" width=\"32\" height=\"32\"><path d=\"M19.8 9.3C10.5 11.8 4.6 17 2.1 24.8c2.3-3.6 5.6-5.4 9.9-5.4 3.3 0 6 1.1 8.3 3.3 2.2 2.2 3.4 5 3.4 8.3 0 3.2-1.1 5.8-3.3 8-2.2 2.2-5.1 3.2-8.7 3.2-3.7 0-6.5-1.2-8.6-3.5C1 36.3 0 33.1 0 29 0 18.3 6.5 11.2 19.6 7.9l.2 1.4zm26.4 0C36.9 11.9 31 17 28.5 24.8c2.2-3.6 5.5-5.4 9.8-5.4 3.2 0 6 1.1 8.3 3.2 2.3 2.2 3.4 4.9 3.4 8.3 0 3.1-1.1 5.8-3.3 7.9-2.2 2.2-5.1 3.3-8.6 3.3-3.7 0-6.6-1.1-8.6-3.4-2.1-2.3-3.1-5.5-3.1-9.7 0-10.7 6.6-17.8 19.7-21.1l.1 1.4z\"><\/path><\/svg><\/div><\/span><\/div>\n\n\n\n<div class=\"wp-block-stackable-text stk-block-text stk-block stk-cf5c70a\" data-block-id=\"cf5c70a\"><p class=\"stk-block-text__text has-text-align-center\">La ci\u00e8ncia es compon d&#8217;errors, que, al seu torn s\u00f3n passos cap a la veritat<br>JULIO VERNE<\/p><\/div>\n<\/div><\/div><\/blockquote>\n\n\n\n<hr class=\"wp-block-separator has-text-color has-vivid-cyan-blue-color has-alpha-channel-opacity has-vivid-cyan-blue-background-color has-background is-style-wide\"\/>\n\n\n\n<p>Amb la col\u00b7laboraci\u00f3 de:<\/p>\n\n\n\n<figure class=\"wp-block-gallery has-nested-images columns-default is-cropped wp-block-gallery-2 is-layout-flex wp-block-gallery-is-layout-flex\">\n<figure class=\"wp-block-image size-large\"><img loading=\"lazy\" decoding=\"async\" width=\"275\" height=\"182\" data-id=\"2302\" src=\"https:\/\/actef.es\/wp-content\/uploads\/2024\/02\/SAn-Antonio.png\" alt=\"\" class=\"wp-image-2302\"\/><\/figure>\n\n\n\n<figure class=\"wp-block-image size-medium\"><img loading=\"lazy\" decoding=\"async\" width=\"300\" height=\"200\" data-id=\"1656\" src=\"https:\/\/actef.es\/wp-content\/uploads\/2021\/08\/Santa-elu-trasp.-300x200.png\" alt=\"\" class=\"wp-image-1656\" srcset=\"https:\/\/actef.es\/wp-content\/uploads\/2021\/08\/Santa-elu-trasp.-300x200.png 300w, https:\/\/actef.es\/wp-content\/uploads\/2021\/08\/Santa-elu-trasp.-1024x683.png 1024w, https:\/\/actef.es\/wp-content\/uploads\/2021\/08\/Santa-elu-trasp.-768x512.png 768w, https:\/\/actef.es\/wp-content\/uploads\/2021\/08\/Santa-elu-trasp..png 1500w\" sizes=\"auto, (max-width: 300px) 100vw, 300px\" \/><\/figure>\n\n\n\n<figure class=\"wp-block-image size-medium\"><img loading=\"lazy\" decoding=\"async\" width=\"300\" height=\"163\" data-id=\"132\" src=\"https:\/\/actef.es\/wp-content\/uploads\/2020\/07\/colab_santjosep-300x163.png\" alt=\"\" class=\"wp-image-132\" srcset=\"https:\/\/actef.es\/wp-content\/uploads\/2020\/07\/colab_santjosep-300x163.png 300w, https:\/\/actef.es\/wp-content\/uploads\/2020\/07\/colab_santjosep.png 630w\" sizes=\"auto, (max-width: 300px) 100vw, 300px\" \/><\/figure>\n<\/figure>\n\n\n\n<figure class=\"wp-block-gallery has-nested-images columns-default is-cropped wp-block-gallery-3 is-layout-flex wp-block-gallery-is-layout-flex\">\n<figure class=\"wp-block-image size-large\"><img loading=\"lazy\" decoding=\"async\" width=\"1024\" height=\"1024\" data-id=\"4968\" src=\"https:\/\/actef.es\/wp-content\/uploads\/2025\/11\/Promos-1-1-1024x1024.png\" alt=\"\" class=\"wp-image-4968\" srcset=\"https:\/\/actef.es\/wp-content\/uploads\/2025\/11\/Promos-1-1-1024x1024.png 1024w, https:\/\/actef.es\/wp-content\/uploads\/2025\/11\/Promos-1-1-300x300.png 300w, https:\/\/actef.es\/wp-content\/uploads\/2025\/11\/Promos-1-1-150x150.png 150w, https:\/\/actef.es\/wp-content\/uploads\/2025\/11\/Promos-1-1-768x768.png 768w, https:\/\/actef.es\/wp-content\/uploads\/2025\/11\/Promos-1-1-1536x1536.png 1536w, https:\/\/actef.es\/wp-content\/uploads\/2025\/11\/Promos-1-1.png 1890w\" sizes=\"auto, (max-width: 1024px) 100vw, 1024px\" \/><\/figure>\n\n\n\n<figure class=\"wp-block-image size-large\"><img loading=\"lazy\" decoding=\"async\" width=\"1024\" height=\"1024\" data-id=\"4741\" src=\"https:\/\/actef.es\/wp-content\/uploads\/2025\/10\/photo_2025-10-07_16-38-06-1024x1024.jpg\" alt=\"\" class=\"wp-image-4741\" srcset=\"https:\/\/actef.es\/wp-content\/uploads\/2025\/10\/photo_2025-10-07_16-38-06-1024x1024.jpg 1024w, https:\/\/actef.es\/wp-content\/uploads\/2025\/10\/photo_2025-10-07_16-38-06-300x300.jpg 300w, https:\/\/actef.es\/wp-content\/uploads\/2025\/10\/photo_2025-10-07_16-38-06-150x150.jpg 150w, https:\/\/actef.es\/wp-content\/uploads\/2025\/10\/photo_2025-10-07_16-38-06-768x768.jpg 768w, https:\/\/actef.es\/wp-content\/uploads\/2025\/10\/photo_2025-10-07_16-38-06.jpg 1080w\" sizes=\"auto, (max-width: 1024px) 100vw, 1024px\" \/><\/figure>\n\n\n\n<figure class=\"wp-block-image size-large\"><img loading=\"lazy\" decoding=\"async\" width=\"1024\" height=\"1024\" data-id=\"4737\" src=\"https:\/\/actef.es\/wp-content\/uploads\/2025\/10\/photo_2025-09-30_12-13-04-1024x1024.jpg\" alt=\"\" class=\"wp-image-4737\" srcset=\"https:\/\/actef.es\/wp-content\/uploads\/2025\/10\/photo_2025-09-30_12-13-04-1024x1024.jpg 1024w, https:\/\/actef.es\/wp-content\/uploads\/2025\/10\/photo_2025-09-30_12-13-04-300x300.jpg 300w, https:\/\/actef.es\/wp-content\/uploads\/2025\/10\/photo_2025-09-30_12-13-04-150x150.jpg 150w, https:\/\/actef.es\/wp-content\/uploads\/2025\/10\/photo_2025-09-30_12-13-04-768x768.jpg 768w, https:\/\/actef.es\/wp-content\/uploads\/2025\/10\/photo_2025-09-30_12-13-04.jpg 1080w\" sizes=\"auto, (max-width: 1024px) 100vw, 1024px\" \/><\/figure>\n<\/figure>\n\n\n\n<figure class=\"wp-block-gallery has-nested-images columns-default is-cropped wp-block-gallery-4 is-layout-flex wp-block-gallery-is-layout-flex\">\n<figure class=\"wp-block-image size-large\"><img loading=\"lazy\" decoding=\"async\" width=\"576\" height=\"1024\" data-id=\"4832\" src=\"https:\/\/actef.es\/wp-content\/uploads\/2025\/10\/Agendas-576x1024.png\" alt=\"\" class=\"wp-image-4832\" srcset=\"https:\/\/actef.es\/wp-content\/uploads\/2025\/10\/Agendas-576x1024.png 576w, https:\/\/actef.es\/wp-content\/uploads\/2025\/10\/Agendas-169x300.png 169w, https:\/\/actef.es\/wp-content\/uploads\/2025\/10\/Agendas-768x1365.png 768w, https:\/\/actef.es\/wp-content\/uploads\/2025\/10\/Agendas-864x1536.png 864w, https:\/\/actef.es\/wp-content\/uploads\/2025\/10\/Agendas.png 1080w\" sizes=\"auto, (max-width: 576px) 100vw, 576px\" \/><\/figure>\n\n\n\n<figure class=\"wp-block-image size-large\"><img loading=\"lazy\" decoding=\"async\" width=\"576\" height=\"1024\" data-id=\"4739\" src=\"https:\/\/actef.es\/wp-content\/uploads\/2025\/10\/photo_2025-10-02_10-08-11-576x1024.jpg\" alt=\"\" class=\"wp-image-4739\" srcset=\"https:\/\/actef.es\/wp-content\/uploads\/2025\/10\/photo_2025-10-02_10-08-11-576x1024.jpg 576w, https:\/\/actef.es\/wp-content\/uploads\/2025\/10\/photo_2025-10-02_10-08-11-169x300.jpg 169w, https:\/\/actef.es\/wp-content\/uploads\/2025\/10\/photo_2025-10-02_10-08-11.jpg 720w\" sizes=\"auto, (max-width: 576px) 100vw, 576px\" \/><\/figure>\n<\/figure>\n\n\n\n<p><\/p>\n<style class=\"advgb-styles-renderer\">.stk-cf8c977 .stk-block-text__text{font-size:35px !important;}@media screen and (max-width: 1023px){.stk-cf8c977 .stk-block-text__text{font-size:35px !important;}}.wp-block-kadence-advancedgallery .kb-gallery-type-grid.kb-gallery-id-4214_b7b589-3f{margin:-5px;}.kb-gallery-type-grid.kb-gallery-id-4214_b7b589-3f .kadence-blocks-gallery-item{padding:5px;}.kb-gallery-id-4214_b7b589-3f .kadence-blocks-gallery-item .kb-gal-image-radius, .kb-gallery-id-4214_b7b589-3f .kb-slide-item .kb-gal-image-radius img{border-radius:0px 0px 0px 0px;;}.stk-8e48f79 .stk-block-text__text{font-size:35px !important;}@media screen and (max-width: 1023px){.stk-8e48f79 .stk-block-text__text{font-size:35px !important;}}.stk-cf5c70a .stk-block-text__text{font-size:35px !important;}@media screen and (max-width: 1023px){.stk-cf5c70a .stk-block-text__text{font-size:35px !important;}}<\/style>","protected":false},"excerpt":{"rendered":"<p>Correo consultanerea@gmail.com Dilluns consulta directa amb Nerea de 15 a 17:30 telefon 640 99 63 34 Nerea Fern\u00e1ndez Gratuit Es tracta d&#8217;un servei ofert per ACTEF on es pret\u00e9n oferir un espai als joves i les seves fam\u00edlies al qual puguin acudir en cas de considerar-se embolicats en una situaci\u00f3 de risc o vulnerabilitat, ja &#8230; <a title=\"INTENSAMENT 5: nascuts abans del 2012\" class=\"read-more\" href=\"https:\/\/actef.es\/web\/intensamente-5-nacidos-antes-del-2012\/?lang=ca\" aria-label=\"Leer m\u00e1s sobre INTENSAMENT 5: nascuts abans del 2012\">Leer m\u00e1s<\/a><\/p>\n","protected":false},"author":2,"featured_media":5740,"parent":0,"menu_order":0,"comment_status":"closed","ping_status":"closed","template":"","meta":{"advgb_blocks_editor_width":"","advgb_blocks_columns_visual_guide":"","footnotes":""},"class_list":["post-4214","page","type-page","status-publish","has-post-thumbnail"],"featured_image_urls_v2":{"full":["https:\/\/actef.es\/wp-content\/uploads\/2025\/12\/cat-5-1.png",1455,375,false],"thumbnail":["https:\/\/actef.es\/wp-content\/uploads\/2025\/12\/cat-5-1-150x150.png",150,150,true],"medium":["https:\/\/actef.es\/wp-content\/uploads\/2025\/12\/cat-5-1-300x77.png",300,77,true],"medium_large":["https:\/\/actef.es\/wp-content\/uploads\/2025\/12\/cat-5-1-768x198.png",768,198,true],"large":["https:\/\/actef.es\/wp-content\/uploads\/2025\/12\/cat-5-1-1024x264.png",1024,264,true],"1536x1536":["https:\/\/actef.es\/wp-content\/uploads\/2025\/12\/cat-5-1.png",1455,375,false],"2048x2048":["https:\/\/actef.es\/wp-content\/uploads\/2025\/12\/cat-5-1.png",1455,375,false]},"post_excerpt_stackable_v2":"<p>Correo consultanerea@gmail.com Dilluns consulta directa amb Nerea de 15 a 17:30 telefon 640 99 63 34 Nerea Fern\u00e1ndez Gratuit Es tracta d&#8217;un servei ofert per ACTEF on es pret\u00e9n oferir un espai als joves i les seves fam\u00edlies al qual puguin acudir en cas de considerar-se embolicats en una situaci\u00f3 de risc o vulnerabilitat, ja sigui a la llar o en el centre educatiu. Per tant, es planteja com una oportunitat de brindar un espai segur i confidencial per a l&#8217;orientaci\u00f3 i atenci\u00f3 dels usuaris, amb la intenci\u00f3 de desenvolupar una prevenci\u00f3 sobre conductes de risc i intervenci\u00f3 primerenca en&hellip;<\/p>\n","category_list_v2":"","author_info_v2":{"name":"Esperanza Marqu\u00e8s","url":"https:\/\/actef.es\/web\/author\/esperanza\/"},"comments_num_v2":"0 comentarios","coauthors":[],"author_meta":{"author_link":"https:\/\/actef.es\/web\/author\/esperanza\/","display_name":"Esperanza Marqu\u00e8s"},"relative_dates":{"created":"Publicado 2 a\u00f1os hace","modified":"Actualizado 2 meses hace"},"absolute_dates":{"created":"Publicado el 13 septiembre 2024","modified":"Actualizado el 9 marzo 2026"},"absolute_dates_time":{"created":"Publicado el 13 septiembre 2024 20:26","modified":"Actualizado el 9 marzo 2026 11:21"},"featured_img_caption":"","featured_img":"https:\/\/actef.es\/wp-content\/uploads\/2025\/12\/cat-5-1.png","series_order":"","_links":{"self":[{"href":"https:\/\/actef.es\/web\/wp-json\/wp\/v2\/pages\/4214","targetHints":{"allow":["GET"]}}],"collection":[{"href":"https:\/\/actef.es\/web\/wp-json\/wp\/v2\/pages"}],"about":[{"href":"https:\/\/actef.es\/web\/wp-json\/wp\/v2\/types\/page"}],"author":[{"embeddable":true,"href":"https:\/\/actef.es\/web\/wp-json\/wp\/v2\/users\/2"}],"replies":[{"embeddable":true,"href":"https:\/\/actef.es\/web\/wp-json\/wp\/v2\/comments?post=4214"}],"version-history":[{"count":34,"href":"https:\/\/actef.es\/web\/wp-json\/wp\/v2\/pages\/4214\/revisions"}],"predecessor-version":[{"id":6260,"href":"https:\/\/actef.es\/web\/wp-json\/wp\/v2\/pages\/4214\/revisions\/6260"}],"wp:featuredmedia":[{"embeddable":true,"href":"https:\/\/actef.es\/web\/wp-json\/wp\/v2\/media\/5740"}],"wp:attachment":[{"href":"https:\/\/actef.es\/web\/wp-json\/wp\/v2\/media?parent=4214"}],"curies":[{"name":"wp","href":"https:\/\/api.w.org\/{rel}","templated":true}]}}